{"id":97,"date":"2014-06-20T07:50:30","date_gmt":"2014-06-20T07:50:30","guid":{"rendered":"https:\/\/iprberlin.com\/de\/?page_id=97"},"modified":"2014-06-20T08:55:22","modified_gmt":"2014-06-20T08:55:22","slug":"oeffentlichkeitsarbeit","status":"publish","type":"page","link":"https:\/\/iprberlin.com\/de\/oeffentlichkeitsarbeit\/","title":{"rendered":"\u00d6ffentlichkeitsarbeit"},"content":{"rendered":"<p><strong><span style=\"font-size: 12pt; font-family: arial, helvetica, sans-serif;\"><em>Mitteilungen und Veranstaltungen<\/em><\/span><\/strong><\/p>\n<p><span style=\"color: #000000;\"><a title=\"Aufruf zur Protestaktion gegen die undemokratischen Pr\u00e4sidentschaftswahlen im Iran!\" href=\"https:\/\/iprberlin.com\/de\/?p=98\"><span style=\"font-size: 12pt; font-family: arial, helvetica, sans-serif; color: #000000;\">Aufruf zur Protestaktion gegen die undemokratischen Pr\u00e4sidentschaftswahlen im Iran!<\/span><\/a><\/span><\/p>\n<p><span style=\"color: #000000;\"><a href=\"http:\/\/iprberlin.com\/pics\/nowrouz88.jpg\" target=\"_blank\"><span style=\"font-size: 12pt; font-family: arial, helvetica, sans-serif; color: #000000;\">Iranisches Neujahrsfest 1388( M\u00e4rz 2009 )<\/span><\/a><\/span><\/p>\n<p><span style=\"color: #000000;\"><a href=\"http:\/\/iprberlin.com\/pics\/Gedenkveranstaltung-1212200.jpg\" target=\"_blank\"><span style=\"font-size: 12pt; font-family: arial, helvetica, sans-serif; color: #000000;\">Gedenkveranstaltung &#8211; 10 Jahre nach politischen Morden an Schriftstellern und PolitikerInnen im Iran (Dez.2008)<\/span><\/a><\/span><\/p>\n<p><span style=\"color: #000000;\"><a href=\"http:\/\/www.labournet.de\/internationales\/iran\/vahed5.html\" target=\"_blank\"><span style=\"font-size: 12pt; font-family: arial, helvetica, sans-serif; color: #000000;\">Aufruf zur Soli-Kundgubung mit den iranischen Gewerkschaftlern am Dienstag 07.02.2006, vor DGB- Zentrale in Berlin<\/span><\/a><\/span><\/p>\n<p><span style=\"color: #000000;\"><a href=\"http:\/\/www.gegen-al-quds-tag.de\/presseerklaerung05.html\" target=\"_blank\"><span style=\"font-size: 12pt; font-family: arial, helvetica, sans-serif; color: #000000;\">Vernichtungsdrohung gegen Israel im Rahmen des morgigen Al-Quds-Tags<\/span><\/a><\/span><\/p>\n<p><span style=\"font-size: 12pt; font-family: arial, helvetica, sans-serif; color: #000000;\"><a href=\"http:\/\/www.geblieben.net\/aktuelles\/2007\/07_06_06b.html\" target=\"_blank\"><span style=\"color: #000000;\">Tag X ist der 14. Juni 2007, Kundgebung in Berlin gegen die Versch\u00e4rfungen im Zuwanderungsgesetz<\/span><\/a><\/span><\/p>\n<p><span style=\"color: #000000;\"><a href=\"http:\/\/www.aviva-berlin.de\/aviva\/content_Public%20Affairs.php?id=3905\" target=\"_blank\"><span style=\"font-size: 12pt; font-family: arial, helvetica, sans-serif; color: #000000;\">Aufruf zur Protestaktion am 16.02.2005<\/span><\/a><\/span><\/p>\n<p><span style=\"color: #000000;\"><a href=\"http:\/\/www.elternkongress-berlin.de\/?id=c8d4f&amp;s=elternkongress\" target=\"_blank\"><span style=\"font-size: 12pt; font-family: arial, helvetica, sans-serif; color: #000000;\">Elternkongress Berlin 2006<\/span><\/a><\/span><\/p>\n<p style=\"text-align: center;\">__________________________________________________<\/p>\n<p style=\"text-align: center;\"><a href=\"http:\/\/iprberlin.com\/pdf\/20131213_Staatsterrors-1998_SW.pdf\" target=\"_blank\"><span style=\"font-size: 12pt; font-family: arial, helvetica, sans-serif;\">Gedenkveranstatlung:<\/span><\/a><\/p>\n<p style=\"text-align: center;\"><span style=\"font-size: 12pt; font-family: arial, helvetica, sans-serif;\">15 Jahre nach den politischen Morden an Schriftstellern und PolitikerInnen in Iran<\/span><\/p>\n<p style=\"text-align: center;\"><a href=\"http:\/\/iprberlin.com\/pics\/20131213_Staatsterrors-1998_A4.jpg\" target=\"_blank\"><span style=\"font-size: 12pt; font-family: arial, helvetica, sans-serif;\">(hier Klicken um das Programm zu sehen)<\/span><\/a><\/p>\n<p style=\"text-align: center;\">__________________________________________________<\/p>\n<p style=\"text-align: center;\"><span style=\"font-size: 12pt; font-family: arial, helvetica, sans-serif;\"><strong>Aufruf zum internationalen<\/strong><strong>\u00a0<\/strong><strong>Tag der Menschenrechte!<\/strong><\/span><\/p>\n<p style=\"text-align: center;\"><span style=\"font-size: 12pt; font-family: arial, helvetica, sans-serif;\"><strong>\u00a0<\/strong><\/span><strong>Protestkundgebung vor der iranischen Botschaft in Berlin,<\/strong><\/p>\n<p style=\"text-align: center;\"><span style=\"font-size: 12pt; font-family: arial, helvetica, sans-serif;\"><strong>gegen Hinrichtungen und systematische Menschenrechtsverletzungen in der Islamischen Republik Iran!<\/strong><\/span><\/p>\n<p><span style=\"font-size: 12pt; font-family: arial, helvetica, sans-serif;\">\u00a0<\/span><\/p>\n<p><span style=\"font-size: 12pt; font-family: arial, helvetica, sans-serif;\">Hinrichtungen geh\u00f6ren zum Tagesgesch\u00e4ft der Islamischen Republik. Im Iran werden Menschen wegen ihrer Bekleidung, Meinung, ihres Glaubens, ihrer ethnischen oder politischen\u00a0 Zugeh\u00f6rigkeit schikaniert und in menschenverachtenden Gerichtsverfahren, unter dem Vorwand \u201eBeleidigung des Gottes\u201c,\u00a0 \u201eSt\u00f6rung der Gemeinschaftsordnung\u201c oder \u201ekrimineller Delikte\u201c\u00a0 zu harten Haftstrafen bis zu Hinrichtungen verurteilt.\u00a0Die Meinungs- und Pressefreiheit und Menschenrechte waren und sind im Iran nie gew\u00e4hrleistet gewesen.\u00a0Nirgendwo sind so viele Menschen hingerichtet und exekutiert worden wie im Iran.<\/span><\/p>\n<p><span style=\"font-size: 12pt; font-family: arial, helvetica, sans-serif;\">In den ersten 100 Regierungstagen des neu gew\u00e4hlten Pr\u00e4sidenten Rohani, der sich mit \u201eM\u00e4\u00dfigung und Hoffnung nach innen\u201c und \u201eFlexibilit\u00e4t\u201c nach au\u00dfen pr\u00e4sentierte, wurden mehr als 200 Menschen hingerichtet. Laut nicht offizieller Angaben wurden in diesem Jahr \u00fcber 400 Menschen im Iran hingerichtet, darunter mehrere JournalistInnen, BloggerInnen sowie GewerkschaftsvertreterInnen .\u00a0Das Regime hat im September dieses Jahres 52 Anh\u00e4nger der Volksmojahedin im Ashraf-Camp brutal get\u00f6tet, viele Bahai verhaftet, einen Bahai Aktivisten aus Bandarabbas umgebracht.Im Oktober 2013 wurden 4 kurdische Aktivistin,\u00a0in einer Racheaktion 16 belutschische Gefangene und am 04.Dez. vier arabische Aktivisten hingerichtet.\u00a0Die tats\u00e4chliche Anzahl ist unbekannt.<\/span><\/p>\n<p><span style=\"font-size: 12pt; font-family: arial, helvetica, sans-serif;\">Die Gr\u00fcnde f\u00fcr Hinrichtungen sind vielf\u00e4ltig und reichen von Zugeh\u00f6rigkeit zu oppositionellen Gruppen, religi\u00f6sen Minderheiten, ethnischer Zugeh\u00f6rigkeit, feindseliger Gesinnung gegen\u00fcber Gott bis hin zu Ehebruch, Homosexualit\u00e4t oder \u201eunmoralischem Verhalten\u201c.<\/span><\/p>\n<p><span style=\"font-size: 12pt; font-family: arial, helvetica, sans-serif;\">Die Islamische Republik Iran verfolgt eine doppelte Politik: sanfte Au\u00dfenpolitik mit Wiederaufnahme von diplomatischen Beziehungen mit den USA und dem Westen und nach innen Versch\u00e4rfung der Repression. Rohani wollte \u201eleere Gef\u00e4ngnisse\u201c haben, k\u00fcndigte er Ende September in New York an. Aber die Islamische Republik Iran missachtet und verletzt die Menschenrechte nach wie vor systematisch und schwerwiegend. Die neue Hinrichtungswelle ist aber ein Zeichen daf\u00fcr, dass unter Rohani die Schikane gegen Andersdenkende weiterhin in voller H\u00e4rte weitergeht. Wir d\u00fcrfen nicht zulassen, dass sich das Regime hinter seinen \u201esanften diplomatischen \u00c4u\u00dferungen\u201c versteckt und parallel dazu die Menschenrechte mit voller H\u00e4rte weiterhin verletzt. Es gibt keine Anzeichen f\u00fcr eine Abkehr von der Todesstrafe, bei deren Vollstreckung, bezogen auf die Bev\u00f6lkerungszahl, Iran weltweit an der Spitze steht. Die iranische Justiz ist weiterhin ein Instrument gegen Andersdenkende und Oppositionelle. Rohani und Chamanei,\u00a0 aber auch der religi\u00f6se Klerus, sind pers\u00f6nlich f\u00fcr diese Hinrichtungen\u00a0 verantwortlich.<\/span><\/p>\n<p><span style=\"font-size: 12pt; font-family: arial, helvetica, sans-serif;\">Wir rufen alle freiheitsliebenden Menschen auf an unserer Protestaktion teilzunehmen. Wir sind:<\/span><\/p>\n<p><span style=\"font-size: 12pt; font-family: arial, helvetica, sans-serif;\">F\u00fcr die Freiheit aller politischen Gefangenen<\/span><\/p>\n<p><span style=\"font-size: 12pt; font-family: arial, helvetica, sans-serif;\">Gegen die Todesstrafe, Folter und Steinigungen und Zwangsverschleierung\u00a0<\/span><\/p>\n<p><span style=\"font-size: 12pt; font-family: arial, helvetica, sans-serif;\">F\u00fcr uneingeschr\u00e4nkte politische Freiheit, Versammlungs- und Organisationsrecht<\/span><\/p>\n<p><span style=\"font-size: 12pt; font-family: arial, helvetica, sans-serif;\">F\u00fcr die Gleichbehandlung der Geschlechter und Ethnien<\/span><\/p>\n<p><span style=\"font-size: 12pt; font-family: arial, helvetica, sans-serif;\">F\u00fcr die Verurteilung der\u00a0 Iranischen Machthaber wegen des Verbrechens gegen die Menschlichkeit<\/span><\/p>\n<p><span style=\"font-size: 12pt; font-family: arial, helvetica, sans-serif;\">Zahlreich und zeitgleich mit anderen Menschen in Europa und Nordamerika protestieren wir gegen die systematischen Menschenrechtsverletzungen in der Islamischen Republik Iran.<\/span><\/p>\n<p><span style=\"font-size: 12pt; font-family: arial, helvetica, sans-serif;\">\u00a0<\/span><\/p>\n<p><em><span style=\"font-size: 12pt; font-family: arial, helvetica, sans-serif;\">NEIN ZUR ISLAMISCHEN REPUBLIK IRAN!<\/span><\/em><br \/>\n<em><span style=\"font-size: 12pt; font-family: arial, helvetica, sans-serif;\">NEIN ZU HINRICHTUNGEN!<\/span><\/em><\/p>\n<p><span style=\"font-size: 12pt; font-family: arial, helvetica, sans-serif;\"><strong>\u00a0<\/strong><\/span><\/p>\n<p><span style=\"font-size: 12pt; font-family: arial, helvetica, sans-serif;\">Zeit und Ort: Dienstag 10.12.2013, 15 Uhr,\u00a0vor der iranischen Botschaft,\u00a0Podbielskiallee 67, Berlin Dahlem, U3-\u00a0Podbielskiallee.<\/span><\/p>\n<p><span style=\"font-size: 12pt; font-family: arial, helvetica, sans-serif;\">Veranstalter:<\/span><\/p>\n<p><span style=\"font-size: 12pt; font-family: arial, helvetica, sans-serif;\">Komitee zur Unterst\u00fctzung von politischen Gefangenen im Iran-Berlin e.V.<\/span><\/p>\n<p><span style=\"font-size: 12pt; font-family: arial, helvetica, sans-serif;\">Verein iranischer Fl\u00fcchtlinge in Berlin e.V.\u00a0\u00a0\u00a0\u00a0\u00a0\u00a0\u00a0\u00a0\u00a0\u00a0\u00a0\u00a0<strong>\u00a0<\/strong><strong>\u00a0\u00a0\u00a0\u00a0\u00a0\u00a0\u00a0\u00a0\u00a0\u00a0 \u00a0 \u00a0 \u00a0<\/strong><\/span><\/p>\n<p><span style=\"font-size: 12pt; font-family: arial, helvetica, sans-serif;\"><strong>&#8212;&#8212;&#8212;&#8212;&#8212;&#8212;&#8212;&#8212;&#8212;&#8212;&#8212;&#8212;&#8212;&#8212;&#8212;&#8212;&#8212;&#8212;&#8212;&#8212;&#8212;&#8212;-<\/strong><\/span><\/p>\n<p><span style=\"font-size: 12pt; font-family: arial, helvetica, sans-serif;\"><strong>Asyl-Monologe Spezial<\/strong><\/span><\/p>\n<p><span style=\"font-size: 12pt; font-family: arial, helvetica, sans-serif;\">Donnerstag, 5. Dezember 2013, 19:30 Uhr<\/span><\/p>\n<p><span style=\"font-size: 12pt; font-family: arial, helvetica, sans-serif;\">Heimathafen Neuk\u00f6lln<\/span><\/p>\n<p><span style=\"font-size: 12pt; font-family: arial, helvetica, sans-serif;\">Karl-Marx-Stra\u00dfe 141<\/span><\/p>\n<p><span style=\"font-size: 12pt; font-family: arial, helvetica, sans-serif;\">12043 Berlin<\/span><\/p>\n<p><span style=\"font-size: 12pt; font-family: arial, helvetica, sans-serif;\">Theater und Gespr\u00e4che zur Fl\u00fcchtlingspolitik im Gro\u00dfen Saal<\/span><\/p>\n<p><span style=\"font-size: 12pt; font-family: arial, helvetica, sans-serif;\">Nach dem St\u00fcck DIE ASYL-MONOLOGE wird der Themen-Parcours rund um das B\u00fcffet im gro\u00dfen Saal er\u00f6ffnet: An den Stationen erz\u00e4hlen Expert_innen mit und ohne Fluchterfahrung. Die Themen sind unter anderem: Asylrecht, Lampedusa, Asylbewerberheime in Berlin, pers\u00f6nliches Engagement, Asylpolitik in Theorie und Praxis. Ein Abend, um Fragen zu stellen, Menschen zu begegnen und gemeinsam neue Perspektiven zu wagen.<\/span><\/p>\n<p><span style=\"font-size: 12pt; font-family: arial, helvetica, sans-serif;\"><strong>Die Expert_innen im Themen-Parcours<\/strong><\/span><\/p>\n<p><span style=\"font-size: 12pt; font-family: arial, helvetica, sans-serif;\">Martina Mauer, Fl\u00fcchtlingsrat Berlin<\/span><\/p>\n<p><span style=\"font-size: 12pt; font-family: arial, helvetica, sans-serif;\">Inigo Valdenebro, Rechtsanwalt und Aktivist<\/span><\/p>\n<p><span style=\"font-size: 12pt; font-family: arial, helvetica, sans-serif;\">Canan Bayram, Rechtsanw\u00e4ltin, Fl\u00fcchtlingspolitische Sprecherin B90\/Gr\u00fcne im Berliner Abgeordnetenhaus<\/span><\/p>\n<p><span style=\"font-size: 12pt; font-family: arial, helvetica, sans-serif;\">Hamid Nowzari, Verein iranischer Fl\u00fcchtlinge<\/span><\/p>\n<p><span style=\"font-size: 12pt; font-family: arial, helvetica, sans-serif;\">J\u00fcrgen Schulte, Britzer Initiative Hufeisern gegen Rechts<\/span><\/p>\n<p><span style=\"font-size: 12pt; font-family: arial, helvetica, sans-serif;\">Napuli Paul Langa, Protestcamp Oranienplatz<\/span><\/p>\n<p><span style=\"font-size: 12pt; font-family: arial, helvetica, sans-serif;\">Turgay Ulu, Protestcamp Oranienplatz<\/span><\/p>\n<p><span style=\"font-size: 12pt; font-family: arial, helvetica, sans-serif;\">Betty M. Ngari, Women in Exile<\/span><\/p>\n<p><span style=\"font-size: 12pt; font-family: arial, helvetica, sans-serif;\">Elettra Griesi, Borderline Europe<\/span><\/p>\n<p><span style=\"font-size: 12pt; font-family: arial, helvetica, sans-serif;\">Christel Gbaguidi, Schauspieler\/Theaterp\u00e4dagoge, Arts Vagabonds Rezo Afrik Benin<\/span><\/p>\n<p><span style=\"font-size: 12pt; font-family: arial, helvetica, sans-serif;\">Ghlam Vali, Refugee Struggle for Freedom<\/span><\/p>\n<p><span style=\"font-size: 12pt; font-family: arial, helvetica, sans-serif;\">Chadi Bahouth, Neue Deutsche Medienmacher<\/span><\/p>\n<p><span style=\"font-size: 12pt; font-family: arial, helvetica, sans-serif;\">Nora Brezger, Fl\u00fcchtlingsrat Berlin &amp; Kontakt- und Beratungsstelle f\u00fcr Fl\u00fcchtlinge und MigrantInnen<\/span><\/p>\n<p><span style=\"font-size: 12pt; font-family: arial, helvetica, sans-serif;\">Gruppe \u201aLampedusa in Berlin\u2019<\/span><\/p>\n<p><span style=\"font-size: 12pt; font-family: arial, helvetica, sans-serif;\">Amnesty international Asyl-Gruppe Berlin<\/span><\/p>\n<p><span style=\"font-size: 12pt; font-family: arial, helvetica, sans-serif;\">Erg\u00e4nzt wird der Parcours durch die Ausstellung von Bildern aus dem Projekt &#8222;Migration und Ich&#8220;, die unter der Leitung von Christel Gbaguidi u.a. im Camp am Oranienplatz entstanden sind. Einige der K\u00fcnstler werden anwesend sein, um \u00fcber ihre Bilder zu sprechen.<\/span><\/p>\n<p><span style=\"font-size: 12pt; font-family: arial, helvetica, sans-serif;\">Asyl-Monologe &#8211; Dokumentarisches Theater<\/span><\/p>\n<p><span style=\"font-size: 12pt; font-family: arial, helvetica, sans-serif;\">Buch und Regie: Michael Ruf<\/span><\/p>\n<p><span style=\"font-size: 12pt; font-family: arial, helvetica, sans-serif;\">mit Asad Schwarz-Msesilamba, Eray Egilmez und Anika Lehmann\/Katarina Gaub<\/span><\/p>\n<p style=\"text-align: center;\"><span style=\"font-size: 12pt; font-family: arial, helvetica, sans-serif;\">&#8212;&#8212;&#8212;&#8212;&#8212;&#8212;&#8212;&#8212;&#8212;&#8212;&#8212;&#8212;&#8212;&#8212;&#8212;&#8212;&#8212;&#8212;&#8212;&#8212;&#8212;&#8212;&#8212;&#8212;&#8212;&#8212;&#8212;&#8212;&#8212;&#8212;&#8212;&#8212;&#8212;&#8212;&#8212;&#8212;&#8212;-<\/span><\/p>\n<p style=\"text-align: center;\"><strong><span style=\"font-size: 12pt; font-family: arial, helvetica, sans-serif;\">Aufruf zur Protestkundgebung<\/span><\/strong><\/p>\n<p style=\"text-align: center;\"><strong><span style=\"font-size: 12pt; font-family: arial, helvetica, sans-serif;\">am 01.11.2013<\/span><\/strong><\/p>\n<p style=\"text-align: center;\"><strong><span style=\"font-size: 12pt; font-family: arial, helvetica, sans-serif;\">Der Hinrichtungswahn der Islamischen Republik nimmt zu!<\/span><\/strong><\/p>\n<p style=\"text-align: center;\"><span style=\"font-size: 12pt; font-family: arial, helvetica, sans-serif;\"><strong>Gegen die Hinrichtung von politischen Gefangenen und weiteren 16 belutschischen Gefangenen!<\/strong><\/span><\/p>\n<p><span style=\"font-size: 12pt; font-family: arial, helvetica, sans-serif;\">Die neue iranische Regierung von Pr\u00e4sident Rouhani, der mit den Worten \u201eM\u00e4\u00dfigung und Hoffnung\u201c an die Macht gekommen ist, verfolgt in der Au\u00dfenpolitik\u00a0 eine \u201eHeldenhafte Flexibilit\u00e4t\u201c gegen \u00fcber den USA und in der Innenpolitik die Massenhinrichtung von Gegnern und Andersdenkenden. In den letzten Monaten hat das Regime mehr als 200 Personen hingerichtet, darunter einen 18 J\u00e4hrigen, der zur Tatzeit 14 Jahre alt war. Das Regime hat 52 Anh\u00e4nger der Volksmojahedin im Ashraf-Camp brutal get\u00f6tet, viele Bahai verhaftet, einen Bahai Aktivisten aus Bandarabbas umgebracht, viele Homosexuelle verhaftet, Frauen wegen \u201eschlechte islamische Bekleidung\u201c bedr\u00e4ngt und allein in letzter Woche 18 Personen hingerichtet.<\/span><\/p>\n<p><span style=\"font-size: 12pt; font-family: arial, helvetica, sans-serif;\">Habib Golparipour und Reza Esmaili, zwei kurdische Aktivisten sind am 26. Oktober in der Stadt Orumieh hingerichtet worden. Au\u00dferdem hat das Regime in einer Racheaktion 16 belutschische Gefangene hingerichtet. Rahim Ya\u2018labi, ein politischer Aktivist, wurde am 23. Oktober in Oroumieh gekidnappt, sein von Folter gezeichneter K\u00f6rper wurde zwei Tage sp\u00e4ter am Stra\u00dfenrand aufgefunden. Das alles zeigt, dass das iranische Regime Gefangene wie Geisel behandelt.<\/span><\/p>\n<p><span style=\"font-size: 12pt; font-family: arial, helvetica, sans-serif;\">Die Islamische Republik verfolgt mal wieder eine doppelte Politik: der Wiederaufnahme von diplomatischen Beziehungen mit den USA und der westlichen Welt als sanfte Au\u00dfenpolitik stehen Repression, Niederschlagung und Gewalt als Innenpolitik entgegen. Wir d\u00fcrfen nicht zulassen, dass das Regime sich hinter seinen diplomatischen Bem\u00fchungen f\u00fcr die Normalisierung der Verh\u00e4ltnisse mit dem Westen versteckt, das Schweigen der Welt\u00f6ffentlichkeit ausnutzt und Gegner und Andersdenkende beseitigt.<\/span><\/p>\n<p><span style=\"font-size: 12pt; font-family: arial, helvetica, sans-serif;\">Wir verurteilen die Hinrichtungen der letzten Zeit und rufen alle Verteidiger der Menschenrechte auf, gegen diese Hinrichtungswelle zu protestieren. Wir d\u00fcrfen nicht zulassen, dass das Regime wieder die \u201eLeerung\u201c der Gef\u00e4ngnisse vorbereitet, wie es im Jahr 1988 geschehen ist. Das Leben von vielen politischen Gefangenen ist noch in Gefahr.<\/span><\/p>\n<p><span style=\"font-size: 12pt; font-family: arial, helvetica, sans-serif;\">Nein zu Hinrichtungen, nein zur Islamischen Republik Iran.<\/span><\/p>\n<p><span style=\"font-size: 12pt; font-family: arial, helvetica, sans-serif;\">Ort: Freitag, 01.11.2013, 14.00 bis 15:30 Uhr<\/span><\/p>\n<p><span style=\"font-size: 12pt; font-family: arial, helvetica, sans-serif;\">Ort:\u00a0 vor Botschaft der Islamischen Republik Iran<\/span><\/p>\n<p><span style=\"font-size: 12pt; font-family: arial, helvetica, sans-serif;\">Podbielskialle 67, Berlin Dahlem, U3\u00a0Podbielskiallee\u00a0\u00a0<\/span><\/p>\n<p><span style=\"font-size: 12pt; font-family: arial, helvetica, sans-serif;\"><strong>\u00a0<\/strong><\/span><\/p>\n<p><span style=\"font-size: 12pt; font-family: arial, helvetica, sans-serif;\">Veranstalter:<\/span><\/p>\n<p><span style=\"font-size: 12pt; font-family: arial, helvetica, sans-serif;\">Komitee zur Unterst\u00fctzung von politischen Gefangenen \u2013 Berlin<\/span><\/p>\n<p><span style=\"font-size: 12pt; font-family: arial, helvetica, sans-serif;\">Verein Iranischer Fl\u00fcchtlinge in Berlin e.V.<\/span><\/p>\n<p style=\"text-align: center;\"><span style=\"font-size: 12pt; font-family: arial, helvetica, sans-serif;\">_____________________________________________________<\/span><\/p>\n<p style=\"text-align: center;\"><strong><span style=\"font-size: 12pt; font-family: arial, helvetica, sans-serif;\">Aufruf zur Kundgebung am 10. Oktober, dem internationalen Tag f\u00fcr die Abschaffung der Todesstrafe<\/span><\/strong><\/p>\n<p><span style=\"font-size: 12pt; font-family: arial, helvetica, sans-serif;\">Die Islamische Republik Iran hat im September 2013 und kurz vor dem internationalen Tag f\u00fcr die Abschaffung der Todesstrafe einen 18 j\u00e4hrigen Jungen hingerichtet. Das Regime in Iran belegt mit mehr als 300 Hinrichtungen in diesem Jahr weiterhin den besch\u00e4menden ersten Rang in der Welt bei Hinrichtungen.<\/span><\/p>\n<p><span style=\"font-size: 12pt; font-family: arial, helvetica, sans-serif;\">In den letzten 34 Jahren geh\u00f6rten die Todesstrafe und Massenhinrichtungen der politischen Gefangenen zu den Methoden des Regimes. Die erschreckenden Ma\u00dfen der Massenhinrichtung von politischen Gefangenen in den 1980er Jahren und speziell im Sommer 1988 sind der Welt\u00f6ffentlichkeit noch unbekannt.<\/span><\/p>\n<p><span style=\"font-size: 12pt; font-family: arial, helvetica, sans-serif;\">Die folgende Liste ist nur ein kleiner Teil in der besch\u00e4menden Politik des Regimes im letzten Jahr, auf die die Welt\u00f6ffentlichkeit bisher leider nicht ernsthaft reagiert hat:<\/span><\/p>\n<ul>\n<li><span style=\"font-size: 12pt; font-family: arial, helvetica, sans-serif;\">Mehr als 300 Hinrichtungen im laufenden Jahr (2013)<\/span><\/li>\n<li><span style=\"font-size: 12pt; font-family: arial, helvetica, sans-serif;\">Die heimliche Hinrichtung des politischen Gefangenen\u00a0<em>Mohammad Garib Moradi<\/em>\u00a0in Kermanshah am 4.09.2013<\/span><\/li>\n<li><span style=\"font-size: 12pt; font-family: arial, helvetica, sans-serif;\">Die Hinrichtung eines 18 j\u00e4hrigen im September 2013, der zur Tatzeit 14 Jahre alt war.<\/span><\/li>\n<li><span style=\"font-size: 12pt; font-family: arial, helvetica, sans-serif;\">Die T\u00f6tung von mindestens drei poltischen Gefangenen in den Gef\u00e4ngnissen des Regimes:\u00a0<em>Sattar Beheshti, Khebat Moradi und Afshin Osanlou.<\/em><\/span><\/li>\n<li><span style=\"font-size: 12pt; font-family: arial, helvetica, sans-serif;\">Die Best\u00e4tigung des Steinigungsurteils gegen\u00a0<em>Zahra Poursaii<\/em>\u00a0wegen Ehebruchs.<\/span><\/li>\n<li><span style=\"font-size: 12pt; font-family: arial, helvetica, sans-serif;\">Todesurteile gegen 5 arabischen Kultur-Aktivisten aus Ahvaz am 29.01.2013 und die Best\u00e4tigung der Todesurteile durch das h\u00f6chste Gericht.<\/span><\/li>\n<li><span style=\"font-size: 12pt; font-family: arial, helvetica, sans-serif;\">Massenhinrichtungen von 27 Personen in verschiedenen Gef\u00e4ngnissen in Iran und die heimliche Hinrichtung von 11 Personen in Karaj und 5 Personen in Oroumieh am 22.08.2013.<\/span><\/li>\n<li><span style=\"font-size: 12pt; font-family: arial, helvetica, sans-serif;\">Todesurteile gegen mehr als 20 politischen Gefangenen.<\/span><\/li>\n<li><span style=\"font-size: 12pt; font-family: arial, helvetica, sans-serif;\">T\u00f6dliches Attentat auf\u00a0<em>Attaollah Rezvani<\/em>, Anh\u00e4nger der Bahai Religion in Bandarabbas am 04.09.2013,<\/span><\/li>\n<li><span style=\"font-size: 12pt; font-family: arial, helvetica, sans-serif;\">Und die T\u00f6tung von 52 M\u00e4nnern und Frauen im Ashraf-Lager (Angeh\u00f6rigen der Volksmojahedin-Iran) in Irak im September 2013.<\/span><\/li>\n<\/ul>\n<p><span style=\"font-size: 12pt; font-family: arial, helvetica, sans-serif;\">Der 10. Oktober, der internationale Tag f\u00fcr die Abschaffung der Todesstrafe, ist ein willkommener Anlass, um das Regime in Teheran wegen seiner Praktiken bez\u00fcglich der Todesstrafe blo\u00df zu stellen. Das Regime betreibt T\u00f6tung seitens des Staates und spricht seinen B\u00fcrgern so das Recht auf Leben ab. Wir d\u00fcrfen nicht zulassen, dass die systematische Verletzung von Menschenrechten in Iran in Vergessenheit ger\u00e4t.<\/span><\/p>\n<p><span style=\"font-size: 12pt; font-family: arial, helvetica, sans-serif;\">Wir sorgen uns um das Leben von politischen Gefangenen und speziell von Menschen, gegen die Todesurteile ausgesprochen worden sind. Die Freilassung und Begnadigung von einigen politischen Gefangenen in den letzten Wochen ist unserer Meinung nach nur eine Show, die die internationale \u00d6ffnung des Regimes gegen\u00fcber dem Westen flankieren soll. Solange Rechte wie Meinungs- und Versammlungsfreiheit und Prinzipien wie die Trennung von Staat und Religion oder die Gleichbehandlung von M\u00e4nnern und Frauen nicht institutionell in Iran verankert sind, reproduziert sich das System von Gef\u00e4ngnis, Todesstrafe und Folter.<\/span><\/p>\n<p><span style=\"font-size: 12pt; font-family: arial, helvetica, sans-serif;\">Am 10. Oktober fordern wir abermals die Abschaffung der Todesstrafe und die Freilassung aller politischen Gefangenen in Iran.<\/span><\/p>\n<p><span style=\"font-size: 12pt; font-family: arial, helvetica, sans-serif;\">Wir fordern alle Menschen, denen die Menschenrechte am Herzen liegen, auf, anl\u00e4sslich des 10. Oktobers mit uns gegen die Todesstrafe zu protestieren.<\/span><\/p>\n<p><span style=\"font-size: 12pt; font-family: arial, helvetica, sans-serif;\">Zeit: Donnerstag, 10.10.2013, um 17 Uhr<\/span><\/p>\n<p><span style=\"font-size: 12pt; font-family: arial, helvetica, sans-serif;\">Ort: Am Breitscheidplatz (Ged\u00e4chtniskirche)<\/span><\/p>\n<p><span style=\"font-size: 12pt; font-family: arial, helvetica, sans-serif;\">Veranstalter:<\/span><\/p>\n<p><span style=\"font-size: 12pt; font-family: arial, helvetica, sans-serif;\">Komitee zur Unterst\u00fctzung der politischen Gefangenen in Iran- Berlin<\/span><\/p>\n<p><span style=\"font-size: 12pt; font-family: arial, helvetica, sans-serif;\">Verein Iranischer Fl\u00fcchtlinge in Berlin e.V.<\/span><\/p>\n<p><em><span style=\"font-size: 12pt; font-family: arial, helvetica, sans-serif;\">Die Aktion wird mit Live-Musik und einer Foto-Ausstellung begleitet<\/span><\/em><\/p>\n<p style=\"text-align: center;\"><span style=\"font-size: 12pt; font-family: arial, helvetica, sans-serif;\">\u00a0_____________________________________________________<\/span><\/p>\n<p style=\"text-align: center;\"><strong><span style=\"font-size: 12pt; font-family: arial, helvetica, sans-serif;\">Offener Brief Berliner Migrant*innenorganisationen<\/span><\/strong><\/p>\n<p><span style=\"font-size: 12pt; font-family: arial, helvetica, sans-serif;\">In Berlin existiert eine lebendige Vielfalt an\u00a0<\/span><span style=\"font-size: 12pt; font-family: arial, helvetica, sans-serif;\">Migrant*innenselbstorganisationen (MSO), die der Tatsache Rechnung\u00a0<\/span><span style=\"font-size: 12pt; font-family: arial, helvetica, sans-serif;\">tragen, dass die Menschen mit Migrationsgeschichte keine homogene Gruppe\u00a0<\/span><br \/>\n<span style=\"font-size: 12pt; font-family: arial, helvetica, sans-serif;\">sind. Durch diese Vielfalt k\u00f6nnen konkrete Problemlagen und spezifische\u00a0<\/span><span style=\"font-size: 12pt; font-family: arial, helvetica, sans-serif;\">Zielgruppen unter den Berliner*innen mit Migrationsgeschichte\u00a0<\/span><span style=\"font-size: 12pt; font-family: arial, helvetica, sans-serif;\">angesprochen werden.<\/span><br \/>\n<span style=\"font-size: 12pt; font-family: arial, helvetica, sans-serif;\">Die Berliner Politik trug dieser Vielfalt bisher damit Rechnung, dass <\/span><span style=\"font-size: 12pt; font-family: arial, helvetica, sans-serif;\">das Themenfeld Integration und Partizipation als politisches\u00a0<\/span><span style=\"font-size: 12pt; font-family: arial, helvetica, sans-serif;\">Querschnittsthema in Verantwortung einer Senatorin f\u00fcr Integration\u00a0<\/span><br \/>\n<span style=\"font-size: 12pt; font-family: arial, helvetica, sans-serif;\">ma\u00dfgeblich durch einen Beauftragten f\u00fcr Integration und Migration\u00a0<\/span><span style=\"font-size: 12pt; font-family: arial, helvetica, sans-serif;\">gestaltet wurde, der verwaltungs\u00fcbergreifend die Koordination f\u00fcr eine\u00a0<\/span><span style=\"font-size: 12pt; font-family: arial, helvetica, sans-serif;\">strukturierte, strategisch ausgerichtete Integrationspolitik des Landes\u00a0<\/span><span style=\"font-size: 12pt; font-family: arial, helvetica, sans-serif;\">\u00fcbernahm.<\/span><\/p>\n<p><span style=\"font-size: 12pt; font-family: arial, helvetica, sans-serif;\">In diese Rahmen und aus diesem Verst\u00e4ndnis entstanden in den letzten\u00a0<\/span><span style=\"font-size: 12pt; font-family: arial, helvetica, sans-serif;\">10 Jahren zwei Integrationskonzepte, es wurde ein Landesbeirat f\u00fcr\u00a0<\/span><span style=\"font-size: 12pt; font-family: arial, helvetica, sans-serif;\">Integration eingerichtet, ein Landesaktionsplan gegen Rassismus und\u00a0<\/span><span style=\"font-size: 12pt; font-family: arial, helvetica, sans-serif;\">ethnische Diskriminierung erstellt und ein Partizipations- und\u00a0<\/span><span style=\"font-size: 12pt; font-family: arial, helvetica, sans-serif;\">Integrationsgesetz in Zusammenarbeit mit den MSO auf den Weg gebracht.\u00a0<\/span><\/p>\n<p><span style=\"font-size: 12pt; font-family: arial, helvetica, sans-serif;\">Diese positive Entwicklung f\u00f6rderte eine aktive und fachkompetente\u00a0<\/span><span style=\"font-size: 12pt; font-family: arial, helvetica, sans-serif;\">Beteiligung von MSO am politischen Prozess, verst\u00e4rkte Kommunikation und\u00a0<\/span><span style=\"font-size: 12pt; font-family: arial, helvetica, sans-serif;\">Fachaustausch unter ihnen.<\/span><br \/>\n<span style=\"font-size: 12pt; font-family: arial, helvetica, sans-serif;\">Die grundlegenden Voraussetzungen daf\u00fcr bot unter anderem das\u00a0<\/span><span style=\"font-size: 12pt; font-family: arial, helvetica, sans-serif;\">Integrationsf\u00f6rderprogramm des Senats. Verglichen mit den Aufgaben, die\u00a0<\/span><span style=\"font-size: 12pt; font-family: arial, helvetica, sans-serif;\">MSO integrationspolitisch \u00fcbernommen haben, war dieses F\u00f6rderprogramm\u00a0<\/span><span style=\"font-size: 12pt; font-family: arial, helvetica, sans-serif;\">zwar immer schon bescheiden ausgestattet, bot aber zugleich Raum f\u00fcr die\u00a0<\/span><span style=\"font-size: 12pt; font-family: arial, helvetica, sans-serif;\">Umsetzung von Projekten, die den Bedarfslagen in allen Handlungsfeldern\u00a0<\/span><span style=\"font-size: 12pt; font-family: arial, helvetica, sans-serif;\">einer strategisch begr\u00fcndete Integrationspolitik entsprachen.<\/span><\/p>\n<p><span style=\"font-size: 12pt; font-family: arial, helvetica, sans-serif;\">Was geschieht nun mit dieser Berliner Integrations- und\u00a0<\/span><span style=\"font-size: 12pt; font-family: arial, helvetica, sans-serif;\">Partizipationspolitik nach dem politischen Halbwechsel?<\/span><\/p>\n<p><span style=\"font-size: 12pt; font-family: arial, helvetica, sans-serif;\">Zuerst wird durch eine Ver\u00e4nderung des Status auch die Funktion der\u00a0<\/span><span style=\"font-size: 12pt; font-family: arial, helvetica, sans-serif;\">Beauftragten des Senats im Sinne der verwaltungs\u00fcbergreifenden\u00a0<\/span><span style=\"font-size: 12pt; font-family: arial, helvetica, sans-serif;\">Koordination und Gesamtverantwortung f\u00fcr das Politikfeld Integration\u00a0<\/span><span style=\"font-size: 12pt; font-family: arial, helvetica, sans-serif;\">quasi abgeschafft.<\/span><\/p>\n<p><span style=\"font-size: 12pt; font-family: arial, helvetica, sans-serif;\">Diese Tatsache wird auch u.a. im neuen Partizipations- und\u00a0<\/span><span style=\"font-size: 12pt; font-family: arial, helvetica, sans-serif;\">Integrationsprogramm erkennbar: dort ist festgeschrieben, dass eine\u00a0<\/span><span style=\"font-size: 12pt; font-family: arial, helvetica, sans-serif;\">F\u00f6rderung nur nachrangig zur F\u00f6rderung aus entsprechenden Programmen der\u00a0<\/span><span style=\"font-size: 12pt; font-family: arial, helvetica, sans-serif;\">Fachsenatsverwaltungen erfolgen kann. Die Beauftragte ist f\u00fcr keines der\u00a0<\/span><span style=\"font-size: 12pt; font-family: arial, helvetica, sans-serif;\">partizipations- und integrationspolitisch wichtigen Handlungsfelder\u00a0<\/span><span style=\"font-size: 12pt; font-family: arial, helvetica, sans-serif;\">zust\u00e4ndig. Bedeutet dies, dass an die Stelle einer strategisch\u00a0<\/span><span style=\"font-size: 12pt; font-family: arial, helvetica, sans-serif;\">ausgerichteten Berliner Partizipations- und Integrationspolitik eine\u00a0<\/span><span style=\"font-size: 12pt; font-family: arial, helvetica, sans-serif;\">\u201eneue Vielfalt\u201c der Politikverst\u00e4ndnisse in den Fachverwaltungen tritt,\u00a0<\/span><span style=\"font-size: 12pt; font-family: arial, helvetica, sans-serif;\">die zugleich \u00fcber eine Summe im dreistelligen Millionenbereich f\u00fcr\u00a0<\/span><span style=\"font-size: 12pt; font-family: arial, helvetica, sans-serif;\">Integrationsaufgaben verf\u00fcgen, wobei die Integrationsbeauftragte des\u00a0<\/span><span style=\"font-size: 12pt; font-family: arial, helvetica, sans-serif;\">Senats im Partizipations- und Integrationsprogramm gerade einmal 1,2\u00a0<\/span><span style=\"font-size: 12pt; font-family: arial, helvetica, sans-serif;\">Mio. Euro an MSO (deren Definition im Programm uneindeutig gehalten\u00a0<\/span><span style=\"font-size: 12pt; font-family: arial, helvetica, sans-serif;\">wird) aber auch an andere \u201eintegrationspolitisch\u201c relevante\u00a0<\/span><span style=\"font-size: 12pt; font-family: arial, helvetica, sans-serif;\">Antragsteller vergeben darf.<\/span><\/p>\n<p><span style=\"font-size: 12pt; font-family: arial, helvetica, sans-serif;\">Steht nicht schon lange auf der politischen Tagesordnung die\u00a0<\/span><span style=\"font-size: 12pt; font-family: arial, helvetica, sans-serif;\">Notwendigkeit, das Programm entsprechend den gesellschaftlichen\u00a0<\/span><span style=\"font-size: 12pt; font-family: arial, helvetica, sans-serif;\">Entwicklungen und Erfordernissen, den neuen Bedarfen und dem Verst\u00e4ndnis\u00a0<\/span><span style=\"font-size: 12pt; font-family: arial, helvetica, sans-serif;\">von Integrationspolitik als Partizipationspolitik nicht nur inhaltlich\u00a0<\/span><span style=\"font-size: 12pt; font-family: arial, helvetica, sans-serif;\">sondern auch finanziell anzupassen?<\/span><\/p>\n<p><span style=\"font-size: 12pt; font-family: arial, helvetica, sans-serif;\">Das im Mai von der Senatorin vorgestellte Partizipations- und \u00a0<\/span><span style=\"font-size: 12pt; font-family: arial, helvetica, sans-serif;\">Integrationsprogramm, das aus Sicht des Senats \u201edie \u2026gleichberechtigte\u00a0<\/span><span style=\"font-size: 12pt; font-family: arial, helvetica, sans-serif;\">gesellschaftliche Teilhabe von Menschen mit eigener oder famili\u00e4rer\u00a0<\/span><span style=\"font-size: 12pt; font-family: arial, helvetica, sans-serif;\">Zuwanderungsgeschichte unter Ber\u00fccksichtigung der Vielfalt ihrer\u00a0<\/span><span style=\"font-size: 12pt; font-family: arial, helvetica, sans-serif;\">Lebenswelten zu verbessern sowie Migrantenorganisationen und ihre\u00a0<\/span><span style=\"font-size: 12pt; font-family: arial, helvetica, sans-serif;\">Netzwerke &#8230;st\u00e4rken\u201c soll, wirft aus unserer Sicht eine Reihe von\u00a0<\/span><span style=\"font-size: 12pt; font-family: arial, helvetica, sans-serif;\">weiteren wichtigen Fragen auf.<\/span><\/p>\n<p><span style=\"font-size: 12pt; font-family: arial, helvetica, sans-serif;\">Wie soll eine partizipationspolitische Strategie f\u00fcr Berlin praktisch\u00a0<\/span><span style=\"font-size: 12pt; font-family: arial, helvetica, sans-serif;\">umgesetzt werden, wenn die tats\u00e4chlichen Handlungsfelder, die in\u00a0<\/span><span style=\"font-size: 12pt; font-family: arial, helvetica, sans-serif;\">Beziehung mit den Bedarfslagen von Menschen mit Migrationsgeschichte\u00a0<\/span><span style=\"font-size: 12pt; font-family: arial, helvetica, sans-serif;\">verschiedenen Alters und in verschiedenen kulturellen Kontexten stehen,\u00a0<\/span><span style=\"font-size: 12pt; font-family: arial, helvetica, sans-serif;\">wie Bildung, Integration im Sozialraum, Integration in den Arbeitsmarkt,\u00a0<\/span><span style=\"font-size: 12pt; font-family: arial, helvetica, sans-serif;\">Betreuung von \u00c4lteren usw. durch drei politische Zielmaximen ersetzt\u00a0<\/span><span style=\"font-size: 12pt; font-family: arial, helvetica, sans-serif;\">werden.<\/span><\/p>\n<p><span style=\"font-size: 12pt; font-family: arial, helvetica, sans-serif;\">Warum ist in die Erarbeitung des Partizipationsprogramms nicht eine\u00a0<\/span><span style=\"font-size: 12pt; font-family: arial, helvetica, sans-serif;\">mehrfach von den MSO angemahnte Bedarfsanalyse in den Berliner\u00a0<\/span><span style=\"font-size: 12pt; font-family: arial, helvetica, sans-serif;\">Migrant*innencommunities eingeflossen?<\/span><\/p>\n<p><span style=\"font-size: 12pt; font-family: arial, helvetica, sans-serif;\">Warum wird die M\u00f6glichkeit einer strukturellen F\u00f6rderung ausschlie\u00dflich\u00a0<\/span><span style=\"font-size: 12pt; font-family: arial, helvetica, sans-serif;\">f\u00fcr eine dem Sinn nach nicht zum Programm geh\u00f6rende Einrichtung\u00a0<\/span><span style=\"font-size: 12pt; font-family: arial, helvetica, sans-serif;\">(Werkstatt der Kulturen) gew\u00e4hrt und behauptet, dass MSO, angeblich aus\u00a0<\/span><span style=\"font-size: 12pt; font-family: arial, helvetica, sans-serif;\">haushaltsrechtlichen Gr\u00fcnden, nicht institutionell gef\u00f6rdert werden\u00a0<\/span><span style=\"font-size: 12pt; font-family: arial, helvetica, sans-serif;\">k\u00f6nnen?<\/span><\/p>\n<p><span style=\"font-size: 12pt; font-family: arial, helvetica, sans-serif;\">Sollte nicht ein Programm, das ausdr\u00fccklich auf die F\u00f6rderung der\u00a0<\/span><span style=\"font-size: 12pt; font-family: arial, helvetica, sans-serif;\">Partizipation von MSO zielt, inhaltliche (und nicht nur formelle)\u00a0<\/span><span style=\"font-size: 12pt; font-family: arial, helvetica, sans-serif;\">Kriterien, zur besonderen Bewertung von Antr\u00e4gen von MSO enthalten?<\/span><\/p>\n<p><span style=\"font-size: 12pt; font-family: arial, helvetica, sans-serif;\">Was geschieht mit all den Berliner*innen mit Migrationsgeschichte, die\u00a0<\/span><span style=\"font-size: 12pt; font-family: arial, helvetica, sans-serif;\">jetzt noch Rat, Unterst\u00fctzung, reelle Hilfe bei MSO bekommen, wenn die\u00a0<\/span><span style=\"font-size: 12pt; font-family: arial, helvetica, sans-serif;\">entsprechenden Angebote dieser Organisationen ab dem 1.1.2014 nicht mehr\u00a0<\/span><span style=\"font-size: 12pt; font-family: arial, helvetica, sans-serif;\">aufrecht erhalten werden k\u00f6nnen, weil weder aus den\u00a0<\/span><span style=\"font-size: 12pt; font-family: arial, helvetica, sans-serif;\">Senatsfachverwaltungen (f\u00fcr das Jahr 2014 sowieso) noch im\u00a0<\/span><span style=\"font-size: 12pt; font-family: arial, helvetica, sans-serif;\">Partizipationsprogramm F\u00f6rderung m\u00f6glich ist?<\/span><\/p>\n<p><span style=\"font-size: 12pt; font-family: arial, helvetica, sans-serif;\">Voraussichtlich wird es ab 2014 auch Angebote nicht mehr geben, die\u00a0<\/span><span style=\"font-size: 12pt; font-family: arial, helvetica, sans-serif;\">bislang aus Bundes- und EU-Mitteln unter Einsatz von Kofinanzierung aus\u00a0<\/span><span style=\"font-size: 12pt; font-family: arial, helvetica, sans-serif;\">dem Senatsprogramm getragen wurden. Die bisher gef\u00f6rderten Tr\u00e4ger wurden\u00a0<\/span><span style=\"font-size: 12pt; font-family: arial, helvetica, sans-serif;\">vom Senat lediglich aufgefordert, alle Vertr\u00e4ge, die im Zusammenhang mit\u00a0<\/span><span style=\"font-size: 12pt; font-family: arial, helvetica, sans-serif;\">der F\u00f6rderung stehen, zum 31.12.2013 zu k\u00fcndigen. Warum erfolgt kein\u00a0<\/span><span style=\"font-size: 12pt; font-family: arial, helvetica, sans-serif;\">gesteuerter \u00dcbergang durch die zust\u00e4ndige Senatsverwaltung von der alten\u00a0<\/span><span style=\"font-size: 12pt; font-family: arial, helvetica, sans-serif;\">F\u00f6rderung zum neuen Partizipationsprogramm?<\/span><\/p>\n<p><span style=\"font-size: 12pt; font-family: arial, helvetica, sans-serif;\">Wir bef\u00fcrchten, dass die Neuausrichtung der Berliner\u00a0<\/span><span style=\"font-size: 12pt; font-family: arial, helvetica, sans-serif;\">\u201ePartizipationspolitik\u201c im Ergebnis weder eine st\u00e4rkere Partizipation\u00a0<\/span><span style=\"font-size: 12pt; font-family: arial, helvetica, sans-serif;\">von Berliner*innen mit Migrationsgeschichte und ihren\u00a0<\/span><br \/>\n<span style=\"font-size: 12pt; font-family: arial, helvetica, sans-serif;\">Selbstorganisationen bringt, noch in der Lage sein wird, die\u00a0<\/span><span style=\"font-size: 12pt; font-family: arial, helvetica, sans-serif;\">erforderlichen Dienstleistungen an Menschen entsprechend der\u00a0<\/span><span style=\"font-size: 12pt; font-family: arial, helvetica, sans-serif;\">Bedarfslagen in Berlin zur Verf\u00fcgung zu stellen.<\/span><br \/>\n<span style=\"font-size: 12pt; font-family: arial, helvetica, sans-serif;\">Wir tragen gro\u00dfe Sorge, dass es zu einem radikalen Wegbrechen von\u00a0<\/span><span style=\"font-size: 12pt; font-family: arial, helvetica, sans-serif;\">notwendigen Versorgungsangeboten kommt und dass schlie\u00dflich auch die\u00a0<\/span><span style=\"font-size: 12pt; font-family: arial, helvetica, sans-serif;\">positiven Leistungen der Berliner Integrations- und\u00a0<\/span><br \/>\n<span style=\"font-size: 12pt; font-family: arial, helvetica, sans-serif;\">Partizipationspolitik in den letzten zehn Jahren zunichte gemacht\u00a0<\/span><span style=\"font-size: 12pt; font-family: arial, helvetica, sans-serif;\">werden.<\/span><\/p>\n<p><strong><span style=\"font-size: 12pt; font-family: arial, helvetica, sans-serif;\">Berlin, August 2013<\/span><\/strong><\/p>\n<p><span style=\"font-size: 12pt; font-family: arial, helvetica, sans-serif;\">Unterzeicher*innen:<\/span><br \/>\n<span style=\"font-size: 12pt; font-family: arial, helvetica, sans-serif;\">VIA-Regionalverband Berlin\/Brandenburg e.V.; Club Dialog e.V.;\u00a0<\/span><br \/>\n<span style=\"font-size: 12pt; font-family: arial, helvetica, sans-serif;\">Kontakt-und Beratungsstelle f\u00fcr Fl\u00fcchtlinge und Migrant*innen KUB e.V.;\u00a0<\/span><br \/>\n<span style=\"font-size: 12pt; font-family: arial, helvetica, sans-serif;\">Verein iranischer Fl\u00fcchtlinge Berlin e.V.; Migrationsrat Berlin \u2013\u00a0<\/span><br \/>\n<span style=\"font-size: 12pt; font-family: arial, helvetica, sans-serif;\">Brandenburg e.V.; Kurdische Demokratische Gemeinde zu Berlin-Brandenburg\u00a0<\/span><br \/>\n<span style=\"font-size: 12pt; font-family: arial, helvetica, sans-serif;\">e.V.; T\u00fcrkischer Bund in Berlin-Brandenburg e.V.; Polnischer Sozialrat\u00a0<\/span><br \/>\n<span style=\"font-size: 12pt; font-family: arial, helvetica, sans-serif;\">e.V.; Oromo \u2013 Horn von Afrika Zentrum e.V.<\/span><\/p>\n<p><span style=\"font-size: 12pt; font-family: arial, helvetica, sans-serif;\">\u00a0<\/span><\/p>\n<p style=\"text-align: center;\"><span style=\"font-size: 12pt; font-family: arial, helvetica, sans-serif;\">_____________________________________________________<\/span><\/p>\n<p style=\"text-align: center;\"><strong><span style=\"font-size: 12pt; font-family: arial, helvetica, sans-serif;\">Aufruf zur Kundgebung zum Jahrestag der Studentenbewegung in Iran!<\/span><\/strong><\/p>\n<p style=\"text-align: center;\"><strong><span style=\"font-size: 12pt; font-family: arial, helvetica, sans-serif;\">\u00a0Di. 09.07.2013, 18.00\u00a0 Uhr Ged\u00e4chtniskirche am Breitscheidplatz-Berlin<\/span><\/strong><\/p>\n<p style=\"text-align: center;\"><span style=\"font-size: 12pt; font-family: arial, helvetica, sans-serif;\">\u00a0<strong>\u00a0F\u00fcr die Freilassung von inhaftierten StudentInnen und\u00a0<\/strong><strong>allen politischen Gefangenen in Iran!<\/strong><\/span><\/p>\n<p><span style=\"font-size: 12pt; font-family: arial, helvetica, sans-serif;\">\u00a0Am 7. Juli 1999 versammelten sich viele Stunden in ihren Wohnheimen auf dem Teheraner Universit\u00e4tsgel\u00e4nde, um gegen die Schlie\u00dfung der Zeitung \u201eSalam\u201c und gegen die Verabschiedung eines neuen, repressiven Mediengesetztes zu protestieren. Auf Befehl von Oberst Nejat, Befehlshaber der Revolutionsgarden, und mit Unterst\u00fctzung von den Obersten Naghdi und Zolghadr attackierten Sicherheitskr\u00e4fte die Wohnheime und verletzten viele Studenten. In den n\u00e4chsten Tagen weiteten sich die Studentenproteste in Teheran und anderen Gro\u00dfst\u00e4dten aus, man protestierte nun auf den Stra\u00dfen. Die Hisbollah-Anh\u00e4nger attackierten daraufhin im Morgengrauen das Universit\u00e4tsgel\u00e4nge und die Studentenwohnheime in Teheran. Sie zerst\u00f6rten viele Gegenst\u00e4nde und schlugen brutal auf die Studenten ein. In diesen Attacken kamen sieben Studenten ums Leben, hunderte trugen ersthafte Verletzungen davon, mehr als 300 wurden verhaftet und gefoltert. Einige der Verhafteten wie Ahmad Batebi, Akbar Mohammadi und Meysam Lotfi wurden zu langj\u00e4hrigen Gef\u00e4ngnisstrafen verurteilt. Das Regime der Islamischen Republik hat diesen Protest unterdr\u00fcckt, doch die Proteste der Studentenbewegung gingen in den folgenden Jahren weiter. Die Studenten nahmen jedes Jahr den Jahrestag der Proteste zum Anlass, um an den Aufstand und seine Forderungen zu erinnern. Und jedes Jahr verhaftet das Regime viele studentische Aktivisten, um den Protest zum Verstummen zu bringen. Mohammad-Bagher Ghalibaf, der im Jahr 1999 vom religi\u00f6sen F\u00fchrer Ali Khamenei zum Chef der gesamten Sicherheitskr\u00e4fte ernannt wurde, und im Jahr 2013 als Pr\u00e4sidentschaftskandidat auftrat, sagte in einer Wahlveranstaltung: \u201eIch habe die Erlaubnis zum milit\u00e4rischen Eingreifen auf dem Universit\u00e4tsgel\u00e4nde und den Schie\u00dfbefehl erhalten\u201c. Ghalibaf hat den milit\u00e4rischen Angriff auf die Studenten organisiert und daf\u00fcr gesorgt, dass der Angriff vom Nationalen Sicherheitsrat der Islamischen Republik abgesegnet wurde. Hasan Rouhani, der designierte Pr\u00e4sident Irans, hat ebenfalls im TV-Duell der Pr\u00e4sidentschaftskandidaten den Beschluss des Nationalen Sicherheitsrates zum \u201eZangenangriff\u201c auf die Studentenproteste best\u00e4tigt. Ein Angriff, bei dem viele Studenten verletzt und verhaftet wurden. Am 21. April 2012 haben zwei iranischen Studentenorganisationen (Daftar-e tahkim-e vahdat und daneshamukhtegan-e advar-e daftar-e tahkim-e vahdat) eine Kampagne namens \u201eLasst uns die Stimme der verhafteten Studenten sein\u201c initiiert. Die Mitglieder dieser Kampagne haben einen Bericht zu den verhafteten Studenten in Iran ver\u00f6ffentlicht. Nach Angaben dieses Berichts sind seit M\u00e4rz 2009 436 Studenten verhaftet, 254 verurteilt und 364 der Universit\u00e4t verwiesen worden.\u00a0 In dieser Zeit sind mindestens 144 Studenten verh\u00f6rt worden, 13 Studentenzeitungen sind geschlossen worden. 25 Studenten verbringen z.Z. lange Haftstrafen: Bahareh Hedayat, Emad Bahavar, Misagh Yazdannejad, Ziah Nabavi (10 Jahre Haft), Hamed Rouhinejad (11 Jahre). Gegen zwei Studenten namens Habibollah Latefi und Vahid Ashgari sind Todesurteile ausgesprochen worden. Trotzdem bleiben die Studenten bei ihren Forderungen: Aufgabe von Geschlechtertrennung in Universit\u00e4ten, das Recht auf Studieren f\u00fcr alle Studenten, Annullierung von Disziplinarverfahren gegen Studenten und die Einrichtung einer Wahrheitskommission zur Kl\u00e4rung der Ereignisse von Juli 1999.<\/span><\/p>\n<p><span style=\"font-size: 12pt; font-family: arial, helvetica, sans-serif;\">\u00a0Die Islamische Republik hat seit ihren Anf\u00e4ngen die Rechte der Bev\u00f6lkerung mit F\u00fc\u00dfen getreten. Die Praktiken, Zielen und Verhaltensweisen der Islamischen Republik erf\u00fcllen den Tatbestand des Verbrechens gegen die Menschlichkeit. Die Studentenbewegung wurde ebenso unterdr\u00fcckt wie die Frauenbewegung, Arbeiter- und Lehrerbewegung, Homosexuellen oder die Proteste der Bev\u00f6lkerung in Kurdistan, Azarbayjan, Khouzestan und Baluchestan gegen ethnische Diskriminierung. Anh\u00e4nger verschiedener Religionsgruppen wie die Bahai, Christen, Sunniten oder Derwische wurden verhaftet,\u00a0weil sie ihre religi\u00f6sen Riten ausf\u00fchren oder f\u00fcr ihre Religion missionieren. Afghanische Mitb\u00fcrger werden massenweise verhaftet und auf unmenschliche Art und Weise des Landes verwiesen.\u00a0 Frauen werden aufgrund der Missachtung der Kleidervorschriften verhaftet. Viele Zeitungen, Zeitschriften und Web-Blogs sowie das Kino\u00e4user wurden geschlossen und verboten. Journalisten, Blogger, Mitglieder des Schriftsteller-Verbandes, Mitglieder von Menschenrechtsgruppen, Anwaltsvereine (Abdolfattah Soltani, Nasrin Setoudeh, Houtan Kian, Mohammad Seyfzadeh, Mahammadali Dadkhah, und und und) wurden verhaftet. Viele politischen inhaftierte wie Mohammadreza Pourshajari, Mohammad-sadigh Kaboudvand, Hosseion Maleki Rounaghi und Arash Sadeghi leiden unter Krankheiten und unertr\u00e4glichen Umst\u00e4nden. Viele politische Gefangene wie Sattar Beheshti, Alireza Kheirabadi, Mansour Radpur oder zuletzt Afshin Eshanlou, Aktivist der Arbeiterbewegung, sind in den Gef\u00e4ngnissen des Regimes auf mysteri\u00f6se Weise verstorben, offiziell wegen \u201eHirnschlags\u201c oder \u201eHerzstillstandes\u201c.<\/span><\/p>\n<p><span style=\"font-size: 12pt; font-family: arial, helvetica, sans-serif;\">Freiheitsliebende!<\/span><\/p>\n<p><span style=\"font-size: 12pt; font-family: arial, helvetica, sans-serif;\">Nimmt zahlreich an dieser Kundgebung teil, um<\/span><\/p>\n<p><span style=\"font-size: 12pt; font-family: arial, helvetica, sans-serif;\">gegen die systematische Verletzung der Menschenrechte in Iran<\/span><\/p>\n<p><span style=\"font-size: 12pt; font-family: arial, helvetica, sans-serif;\">\u00a0f\u00fcr die Freilassung von studentischen und allen politischen Gefangenen<\/span><\/p>\n<p><span style=\"font-size: 12pt; font-family: arial, helvetica, sans-serif;\">\u00a0f\u00fcr die Abschaffung der Todesstrafe und Steinigung<\/span><\/p>\n<p><span style=\"font-size: 12pt; font-family: arial, helvetica, sans-serif;\">\u00a0f\u00fcr die Abschaffung der Zwangsverschleierung\u00a0 und die Gleichbehandlung von M\u00e4nnern und Frauen<\/span><\/p>\n<p><span style=\"font-size: 12pt; font-family: arial, helvetica, sans-serif;\">\u00a0f\u00fcr die Trennung von Religion und Staat<\/span><\/p>\n<p><span style=\"font-size: 12pt; font-family: arial, helvetica, sans-serif;\">\u00a0f\u00fcr das Recht auf Versammlungs- und Organisationsfreiheit sowie andere politische Freiheiten<\/span><\/p>\n<p><span style=\"font-size: 12pt; font-family: arial, helvetica, sans-serif;\">\u00a0gegen die Straflosigkeit der Verantwortlichen der Verbrechen in den letzten 35 Jahren<\/span><\/p>\n<p><span style=\"font-size: 12pt; font-family: arial, helvetica, sans-serif;\">\u00a0zu protestieren.<\/span><\/p>\n<p><span style=\"font-size: 12pt; font-family: arial, helvetica, sans-serif;\"><em>An dieser Kundgebung werden die jungen Aktivisten Hazhir Pelaschi und Sepehr Msakeni\u00a0 \u00fcber die Lage der StudentInnen berichten.<\/em><\/span><\/p>\n<p><span style=\"font-size: 12pt; font-family: arial, helvetica, sans-serif;\">Zeit: Dienstag 9 Juli 2012, um 18 Uhr<\/span><\/p>\n<p><span style=\"font-size: 12pt; font-family: arial, helvetica, sans-serif;\">\u00a0Ort: Ged\u00e4chtniskirche am Breitscheidplatz- Berlin<\/span><\/p>\n<p><span style=\"font-size: 12pt; font-family: arial, helvetica, sans-serif;\"><em>Veranstalter:<\/em><\/span><\/p>\n<p><span style=\"font-size: 12pt; font-family: arial, helvetica, sans-serif;\"><em>Komitee zur Unterst\u00fctzung von politischen Gefangenen in Iran \u2013 Berlin e.V.<\/em><\/span><\/p>\n<p><span style=\"font-size: 12pt; font-family: arial, helvetica, sans-serif;\">\u00a0<em>Verein Iranischer Fl\u00fcchtlinge in Berlin e.V.<\/em><\/span><\/p>\n<p style=\"text-align: center;\"><span style=\"font-size: 12pt; font-family: arial, helvetica, sans-serif;\">_____________________________________________________<\/span><\/p>\n<p style=\"text-align: center;\"><span style=\"font-size: 12pt; font-family: arial, helvetica, sans-serif;\"><strong>Aufruf zur Protestaktion\u00a0<\/strong><strong>gegen die undemokratischen Pr\u00e4sidentschaftswahlen\u00a0<\/strong><strong>im Iran!<\/strong><\/span><\/p>\n<p style=\"text-align: center;\"><span style=\"font-size: 12pt; font-family: arial, helvetica, sans-serif;\"><strong>Freiheit f\u00fcr alle politischen und andersgl\u00e4ubigen Gefangenen!<\/strong><\/span><\/p>\n<p style=\"text-align: center;\"><span style=\"font-size: 12pt; font-family: arial, helvetica, sans-serif;\"><strong>Nein zur Islamischen Republik Iran!<\/strong><strong>\u00a0<\/strong><\/span><\/p>\n<p style=\"text-align: center;\"><span style=\"font-size: 12pt; font-family: arial, helvetica, sans-serif;\"><strong>\u00a0Berlin, 14.06.2013, um 14.00Uhr, vor iranischer Botschaft<\/strong><\/span><\/p>\n<p><span style=\"font-size: 12pt; font-family: arial, helvetica, sans-serif;\">Im System der Islamischen Republik Iran sind freie Wahlen aufgrund der Geschlechter Apartheid, Ausschluss der Andersdenkenden und der reaktion\u00e4ren Verfassung v\u00f6llig ausgeschlossen<strong>.\u00a0<\/strong>Die Kandidaten, die vom W\u00e4chter f\u00fcr die diesj\u00e4hrigen Pr\u00e4sidentschaftswahlen best\u00e4tigt wurden, geh\u00f6ren den hochrangigen Machthabern an, die an den systematischen Verbrechen in den letzten 35 Jahren beteiligt waren. Die Konstellation, der best\u00e4tigten Kandidaten und der Ausschluss einiger\u00a0 Kandidaten, zeigt den internen Machtkampf auf und die Konflikte, die innerhalb der verschiedenen Fl\u00fcgel des Regimes vorhanden sind. Zum Beispiel\u00a0<em>Ali Akbar Hashemi Rafsanjani<\/em>, ein Mitbegr\u00fcnder des Systems, Ex- Staatspr\u00e4sidenten und der Vorsitzende des Schlichtungsrats, ist einer der m\u00e4chtigsten Machthaber des Regimes.\u00a0Diese Kandidaten sind f\u00fcr Tausende von Hinrichtungen, die brutalen Menschenrechtsverletzungen und den Staatsterrorismus verantwortlich gewesen.<\/span><\/p>\n<p><span style=\"font-size: 12pt; font-family: arial, helvetica, sans-serif;\">Es ist ganz gleich, wer die Wahl zum Pr\u00e4sidenten gewinnt. Die Verhaftung der Frauenrechtlerinnen, JournalistInnen, die Hinrichtungen, Unterdr\u00fcckung der ethnischen und religi\u00f6sen Gruppen, so wie die, der Homosexuellen werden fortgesetzt. Die Repressionen gegen die Politik- und MenschenrechtsaktivistInnen haben in den letzten Monaten zugenommen. Aufgrund der Wirtschaftskrise lebt die Mehrheit der Bev\u00f6lkerung unter der Armutsgrenze.\u00a0\u00a0Iran steht in der Statistik f\u00fcr die umgesetzten Todesurteile an zweiter Stelle weltweit.\u00a0Das neue islamische Strafrecht erlaubt dem Regime wieder Strafen; wie Steinigungen und Hinrichtungen durchzuf\u00fchren. Von diesen unmenschlichen Grausamkeiten sind auch Minderj\u00e4hrige nicht ausgenommen.<\/span><\/p>\n<p><span style=\"font-size: 12pt; font-family: arial, helvetica, sans-serif;\">Laut Amnesty international wurden 580 Menschen im Jahr 2012 hingerichtet, und mindestens 8 Menschen zu Tode gefoltert worden. Seit Mai 2011 sind mindestens 11 politische Gefangene, in der iranischen Provinz\u00a0\u00a0<em>Khusestan<\/em>, hingerichtet worden. Das Todesurteil von 6 politischen Gefangenen in dieser Provinz und das gegen 20 politische Gefangene in der iranische Provinz\u00a0<em>Kurdistan<\/em>\u00a0kann jeder Zeit vollstreckt werden. Mehrere GewerkschaftsaktivistenIn, Frauenrechtlerinnen, StudentInnen und Anw\u00e4ltInnen sind inhaftiert.<\/span><\/p>\n<p><span style=\"font-size: 12pt; font-family: arial, helvetica, sans-serif;\">Wir protestieren gegen die undemokratischen und unfreien Pr\u00e4sidentschaftswahlen, so wie die permanenten und massiven Menschenrechtsverletzungen in der Islamischen Republik Iran. Diese undemokratische Wahl hat keine Legitimation. Jede Hoffnung auf demokratische Ver\u00e4nderungen innerhalb dieses Systems ist nur eine Fiktion.<\/span><\/p>\n<p><span style=\"font-size: 12pt; font-family: arial, helvetica, sans-serif;\"><em>Was fordern wir?<\/em><\/span><\/p>\n<p><span style=\"font-size: 12pt; font-family: arial, helvetica, sans-serif;\">\u00a0Nein zu undemokratischen Wahlen im Iran<\/span><\/p>\n<p><span style=\"font-size: 12pt; font-family: arial, helvetica, sans-serif;\">\u00a0Freiheit f\u00fcr alle politischen und andersgl\u00e4ubigen Gefangenen<\/span><\/p>\n<p><span style=\"font-size: 12pt; font-family: arial, helvetica, sans-serif;\">\u00a0Abschaffung der Todesstrafe, Steinigung und Folter<\/span><\/p>\n<p><span style=\"font-size: 12pt; font-family: arial, helvetica, sans-serif;\">\u00a0Uneingeschr\u00e4nkte Meinungs- und Pressefreiheit, Versammlungs- und Organisationsrecht<\/span><\/p>\n<p><span style=\"font-size: 12pt; font-family: arial, helvetica, sans-serif;\">\u00a0Abschaffung der Zwangsverschleierung und Geschlechterapartheid<\/span><\/p>\n<p><span style=\"font-size: 12pt; font-family: arial, helvetica, sans-serif;\">\u00a0Trennung von Staat und Religion<\/span><\/p>\n<p><span style=\"font-size: 12pt; font-family: arial, helvetica, sans-serif;\">\u00a0Unterst\u00fctzung der demokratischen sozialen Bewegungen im Iran<\/span><\/p>\n<p><span style=\"font-size: 12pt; font-family: arial, helvetica, sans-serif;\">\u00a0Gegen Straflosigkeit der Verantwortlichen von Verbrechen in den letzten 35 Jahren<\/span><\/p>\n<p><span style=\"font-size: 12pt; font-family: arial, helvetica, sans-serif;\">\u00a0Nein zur Islamischen Republik Iran.\u00a0<\/span><\/p>\n<p><span style=\"font-size: 12pt; font-family: arial, helvetica, sans-serif;\">Zeit und Ort:\u00a0 Freitag 14. Juni 2013 um 14.00 Uhr, vor der Iranischen Botschaft, Podbielskiallee 67, Berlin Dahlem, U3-Podbielskiallee<\/span><\/p>\n<p><span style=\"font-size: 12pt; font-family: arial, helvetica, sans-serif;\"><em>Mit Redebeitr\u00e4gen einiger jungen AktivistInnen\u00a0 \u00fcber die Lage der Frauen, der Homosexelle, politischer Gefangenen etc.<\/em>\u00a0<\/span><\/p>\n<p><span style=\"font-size: 12pt; font-family: arial, helvetica, sans-serif;\">Veranstalter:<\/span><\/p>\n<p><span style=\"font-size: 12pt; font-family: arial, helvetica, sans-serif;\">\u00a0<em>Komitee zur Unterst\u00fctzung der politischen Gefangenen im Iran-Berlin e.V.<\/em><\/span><\/p>\n<p><span style=\"font-size: 12pt; font-family: arial, helvetica, sans-serif;\"><em>Verein iranischer Fl\u00fcchtlinge in Berlin e.V.<\/em><\/span><\/p>\n<p style=\"text-align: center;\"><span style=\"font-size: 12pt; font-family: arial, helvetica, sans-serif;\">_____________________________________________________<\/span><\/p>\n<h1 style=\"text-align: center;\"><span style=\"font-size: 12pt; font-family: arial, helvetica, sans-serif;\">Aufruf zum 10. Dezember, internationalen Tag der Menschenrechte<\/span><\/h1>\n<p><span style=\"font-size: 12pt; font-family: arial, helvetica, sans-serif;\">Gegen die systematischen Menschenrechtsverletzungen in der Islamischen Republik Iran\u00a0<\/span><\/p>\n<p><span style=\"font-size: 12pt; font-family: arial, helvetica, sans-serif;\">F\u00fcr Freiheit aller politischen Gefangenen in Iran und Solidarit\u00e4t mit ihrem Widerstand\u00a0<\/span><\/p>\n<p><span style=\"font-size: 12pt; font-family: arial, helvetica, sans-serif;\">Gegen Misshandlungen, Folter und Hinrichtungen der Gefangenen!\u00a0<\/span><\/p>\n<p><span style=\"font-size: 12pt; font-family: arial, helvetica, sans-serif;\">Zeit und Ort: Montag 10.12.2012, um 13 Uhr, vor iranischer Botschaft in Berlin<\/span><\/p>\n<p><span style=\"font-size: 12pt; font-family: arial, helvetica, sans-serif;\">Podbieskiallee 67, 14195 Berlin,U3- Podbieskiallee \u00a0<\/span><\/p>\n<p><span style=\"font-size: 12pt; font-family: arial, helvetica, sans-serif;\"><em>Redebeitr\u00e4ge:<\/em><strong>\u00a0<\/strong>RAin.\u00a0Berenice B\u00f6hlo, Vorstand von RAV<\/span><\/p>\n<p><span style=\"font-size: 12pt; font-family: arial, helvetica, sans-serif;\">\u00a0Rezwan Moghadam, Frauenaktivist<\/span><\/p>\n<p><span style=\"font-size: 12pt; font-family: arial, helvetica, sans-serif;\">\u2026\u2026 \u00a0 \u00a0 \u00a0 \u00a0 \u00a0 \u00a0 \u00a0 \u00a0 \u00a0 \u00a0 \u00a0 \u00a0\u00a0<\/span><\/p>\n<p><em><span style=\"font-size: 12pt; font-family: arial, helvetica, sans-serif;\">Veranstalter:<\/span><\/em><\/p>\n<p><span style=\"font-size: 12pt; font-family: arial, helvetica, sans-serif;\">Komitee zur Unterst\u00fctzung von politischen Gefangenen in Iran-Berlin<\/span><\/p>\n<p><span style=\"font-size: 12pt; font-family: arial, helvetica, sans-serif;\">Verein iranischer Fl\u00fcchtlinge in Berlin e.V.<\/span><\/p>\n<p style=\"text-align: center;\"><span style=\"font-size: 12pt; font-family: arial, helvetica, sans-serif;\">\u00a0_____________________________________________________<\/span><\/p>\n<p style=\"text-align: center;\"><span style=\"font-size: 12pt; font-family: arial, helvetica, sans-serif;\"><strong>Aufruf zur Aktion f\u00fcr die Unterst\u00fctzung der Studentenbewegung und Freiheit f\u00fcr alle politischen Gefangenen im Iran<br \/>\nam 8. Juli 2012 um 14.00 Uhr vor der iranischen Botschaft in Berlin!<\/strong><\/span><\/p>\n<p><span style=\"font-size: 12pt; font-family: arial, helvetica, sans-serif;\">Freiheitsliebende Menschen, lasst uns zusammenkommen und unsere Forderungen zum Ausdruck bringen:<\/span><\/p>\n<p><span style=\"font-size: 12pt; font-family: arial, helvetica, sans-serif;\">Freiheit aller politischen Gefangenen!<\/span><\/p>\n<p><span style=\"font-size: 12pt; font-family: arial, helvetica, sans-serif;\">Abschaffung der Todesstrafe und Steinigung, f\u00fcr Abschaffung der Zwangsverschleierung, f\u00fcr Trennung von Staat und Religion!<\/span><\/p>\n<p><span style=\"font-size: 12pt; font-family: arial, helvetica, sans-serif;\">Uneingeschr\u00e4nkte politische Freiheiten und Organisations- und Versammlungsrecht!<\/span><\/p>\n<p><span style=\"font-size: 12pt; font-family: arial, helvetica, sans-serif;\">Unterst\u00fctzung der Demokratiebewegung, und f\u00fcr die Verurteilung der Verantwortlichen der Verbrechen in den letzten 33 Jahren in Iran!<\/span><\/p>\n<p><span style=\"font-size: 12pt; font-family: arial, helvetica, sans-serif;\">Veranstalter:<\/span><br \/>\n<span style=\"font-size: 12pt; font-family: arial, helvetica, sans-serif;\">Komitee zur unterst\u00fctzung der politischen Gefangenen im Iran- Berlin e.V.<\/span><br \/>\n<span style=\"font-size: 12pt; font-family: arial, helvetica, sans-serif;\">Verein iranischer Fl\u00fcchtlinge- Berlin e.V.<\/span><\/p>\n<p><span style=\"font-size: 12pt; font-family: arial, helvetica, sans-serif;\">Zeit: Sonntag, 08. Juli 2012 um 14:00 Uhr Ort: Vor der iranischer Botschaft, Podbielskialle 67, Berlin Dahlem, U-3- Podbielskialle<\/span><\/p>\n<p style=\"text-align: center;\"><span style=\"font-size: 12pt; font-family: arial, helvetica, sans-serif;\">_____________________________________________________<\/span><\/p>\n<h1 style=\"text-align: center;\"><span style=\"font-size: 12pt; font-family: arial, helvetica, sans-serif;\">Aufruf zur Protestaktion am 29.07.2012, um 13 Uhr, vor iranischer Botschaft in Berlin<\/span><\/h1>\n<p style=\"text-align: center;\"><span style=\"font-size: 12pt; font-family: arial, helvetica, sans-serif;\"><strong>Wir verurteilen die rassistischen Angriffe auf afghanische Staatsb\u00fcrger im Iran.<\/strong><\/span><\/p>\n<p><span style=\"font-size: 12pt; font-family: arial, helvetica, sans-serif;\">Afghanische Staatsb\u00fcrger in Iran wurden zuletzt im Juni durch die Sicherheitskr\u00e4fte des iranischen islamistischen Regimes angegriffen. W\u00e4hrend dieser wilden Jagd auf die Afghanen sind ihre H\u00e4user in Brand gesetzt und viele Frauen, Kinder, \u00e4ltere und jugendliche Afghanen auf der Stra\u00dfe bel\u00e4stigt oder der Gewalt zum Opfer gefallen.<\/span><\/p>\n<p><span style=\"font-size: 12pt; font-family: arial, helvetica, sans-serif;\">Einige der Opfer sind verletzt und mussten\u00a0im Freien schlafen, da ihr Heim abgebrannt\u00a0wurde.<\/span><\/p>\n<p><span style=\"font-size: 12pt; font-family: arial, helvetica, sans-serif;\">Anfang Juli 2012 wurden dar\u00fcber hinaus einige Afghanen, die auf dem Transitweg in die T\u00fcrkei waren von der Armee der islamischen Republik unter Beschuss genommen.\u00a0Es kamen 18 Menschen ums Leben.\u00a05 wurden schwer verletzt.<\/span><\/p>\n<p><span style=\"font-size: 12pt; font-family: arial, helvetica, sans-serif;\">Im letzten Monat wurde in \u00fcber 40 St\u00e4dten den Afghanen das Wohnrecht verweigert. Transportunternehmen wurden angewiesen, keine Afghanen aufzunehmen, die keinen festen Wohnsitz haben.<\/span><\/p>\n<p><span style=\"font-size: 12pt; font-family: arial, helvetica, sans-serif;\">F\u00fcr\u00a0Verurteilung dieser menschenverachtenden und rassistischen Politik des iranischen Regimes und\u00a0gleiche Rechte f\u00fcr alle B\u00fcrger im Iran rufen wir zu Protestaktion auf.<\/span><\/p>\n<p><span style=\"font-size: 12pt; font-family: arial, helvetica, sans-serif;\">Zeit und Ort:<\/span><\/p>\n<p><span style=\"font-size: 12pt; font-family: arial, helvetica, sans-serif;\">Sonntag 29.07.2012, um 13.00 Uhr, vor iranischer Botschaft in Berlin- Dahlem<\/span><\/p>\n<p><span style=\"font-size: 12pt; font-family: arial, helvetica, sans-serif;\">Podbieskiallee 67,\u00a014195 Berlin, U3-\u00a0Podbieskiallee<\/span><\/p>\n<p><span style=\"font-size: 12pt; font-family: arial, helvetica, sans-serif;\">Veranstalter:<\/span><\/p>\n<p><span style=\"font-size: 12pt; font-family: arial, helvetica, sans-serif;\">Afghanisches Kommunikations- und Kulturzentrum in Berlin e.V.<\/span><\/p>\n<p><span style=\"font-size: 12pt; font-family: arial, helvetica, sans-serif;\">Komitee zur Unterst\u00fctzung der politischen Gefangenen im Iran-Berlin e.V.<\/span><\/p>\n<p><span style=\"font-size: 12pt; font-family: arial, helvetica, sans-serif;\">Verein iranischer Fl\u00fcchtlinge in Berlin e.V.<\/span><\/p>\n<h2 style=\"text-align: center;\"><span style=\"font-size: 12pt; font-family: arial, helvetica, sans-serif;\">_______________________________________________________________<\/span><\/h2>\n<h2 style=\"text-align: center;\"><span style=\"font-size: 12pt; font-family: arial, helvetica, sans-serif;\">Fl\u00fcchtlinge fordern Bildungsrecht: Kampagne BILDUNG(S)LOS! startet zur KMK in Berlin<\/span><\/h2>\n<p style=\"text-align: center;\"><span style=\"font-size: 12pt; font-family: arial, helvetica, sans-serif;\"><strong>08.\/09. M\u00e4rz 2012 | Berlin: Junge Fl\u00fcchtlinge fordern anl\u00e4sslich der Kultusminister-konferenz (KMK) ein gleiches Recht auf Bildung und gesellschaftliche Teilhabe.<\/strong><\/span><\/p>\n<p><span style=\"font-size: 12pt; font-family: arial, helvetica, sans-serif;\">Donnerstag, den 08. M\u00e4rz 2012 von 10.00 \u2013 11. 00 Uhr<\/span><br \/>\n<span style=\"font-size: 12pt; font-family: arial, helvetica, sans-serif;\">Aktion und Kundgebung: Bildungslotterie beim Tagungsort der KMK<\/span><br \/>\n<span style=\"font-size: 12pt; font-family: arial, helvetica, sans-serif;\">Ort: Sekretariat der St\u00e4ndigen Konferenz der Kultusminister, Taubenstr. 10, 10117 Berlin<\/span><\/p>\n<p><span style=\"font-size: 12pt; font-family: arial, helvetica, sans-serif;\">Donnerstag, den 08. M\u00e4rz 2012 von 11.00 \u2013 12. 00 Uhr<\/span><br \/>\n<span style=\"font-size: 12pt; font-family: arial, helvetica, sans-serif;\">Pressegespr\u00e4ch zum Kampagnenstart<\/span><br \/>\n<span style=\"font-size: 12pt; font-family: arial, helvetica, sans-serif;\">mit betroffenen Jugendlichen, Prof. Dr. Lothar Krappmann (ehem. Mitglied im UN-Kinderrechtsausschuss), Sigrid Baumgardt (Vorsitzende der GEW Berlin), Rena Huseinova (JOG) und Tobias Klaus (BFR)<\/span><br \/>\n<span style=\"font-size: 12pt; font-family: arial, helvetica, sans-serif;\">Ort: Humboldt Universit\u00e4t, Unter den Linden 6, H\u00f6rsaal 2002, (S-\/U-Bhf. Friedrichstra\u00dfe)<\/span><\/p>\n<p><span style=\"font-size: 12pt; font-family: arial, helvetica, sans-serif;\">Donnerstag, den 08. M\u00e4rz 2012 von 18.00 \u2013 20. 00 Uhr<\/span><\/p>\n<p><em><span style=\"font-size: 12pt; font-family: arial, helvetica, sans-serif;\">Podiumsdiskussion: BILDUNG(S)LOS &#8211; Fl\u00fcchtlinge als Bildungsb\u00fcrger zweiter Klasse?<\/span><\/em><\/p>\n<p><span style=\"font-size: 12pt; font-family: arial, helvetica, sans-serif;\">u.a. mit Prof. Dr. J\u00f6rg Maywald und VertreterInnen von GEW Berlin, ISIS Institut, JOG und dem Bildungsministerium Rheinland-Pfalz (angefragt)<\/span><br \/>\n<span style=\"font-size: 12pt; font-family: arial, helvetica, sans-serif;\">Ort: Humboldt Universit\u00e4t, Unter den Linden 6, H\u00f6rsaal 2002, (S-\/U-Bhf. Friedrichstra\u00dfe)<\/span><br \/>\n<span style=\"font-size: 12pt; font-family: arial, helvetica, sans-serif;\">F\u00fcr ca. 170.000 Fl\u00fcchtlinge, darunter 47. 000 Kinder und Heranwachsende gibt es aufgrund ihres Aufenthaltsstatus verschiedene rechtliche Bildungsbarrieren, die bis zu vollst\u00e4ndigen Ausbildungs- und Studienverboten reichen k\u00f6nnen. Diese Menschen werden nicht nur von der Sprachf\u00f6rderung, Berufsausbildungsbeihilfe (BAB) und BAf\u00f6G ausgeschlossen, sondern unterliegen auch indirekten Diskriminierungen. So ist zum Beispiel durch Wohnsitzauflagen und die Residenzpflicht der r\u00e4umliche Zugang zu Bildungseinrichtungen erschwert oder komplett verhindert.<\/span><\/p>\n<p><span style=\"font-size: 12pt; font-family: arial, helvetica, sans-serif;\">Die Fl\u00fcchtlingsjugendinitative \u201eJugendliche Ohne Grenzen\u201c (JOG) startet daher anl\u00e4sslich der Kultusministerkonferenz in Berlin die Kampagne\u00a0 \u201eBILDUNG(S)LOS! &#8211; Grenzenlos Bedingungslos auch f\u00fcr Fl\u00fcchtlinge\u201c. Mit einer eigenen Jugendkonferenz, einer Podiumsdiskussion, Politikergespr\u00e4chen und einer Bildungslotterie bei der KMK fordern sie ein gleiches Recht auf Bildung. Mit dabei sind auch Qawa Mohamed und Abdul Karim. Qawa erhielt nach der Schule ein Ausbildungsverbot und durfte seine Ausbildung als KFZ-Mechatroniker nicht anfangen. Abdul Karim kam mit 18 Jahren in ein Fl\u00fcchtlingslager in einem bayrischen Dorf, ein Schulbesuch war unm\u00f6glich nicht einmal ein Sprachkurs wurde gew\u00e4hrt.<\/span><\/p>\n<p><span style=\"font-size: 12pt; font-family: arial, helvetica, sans-serif;\">Unterst\u00fctzt werden die Jugendlichen bei ihrer Kampagne unter anderem von der GEW, dem Bundesfachverband UMF, der Gr\u00fcnen Jugend, den Jusos, Studentvertretungen, PRO ASYL, den Landesfl\u00fcchtlingsr\u00e4ten, dem GRIPS-Theater Berlin, Migrantenselbstorganisationen und Bildungsexperten wie dem ehemaligen Mitglied im UN-Ausschuss f\u00fcr die Rechte des Kindes Prof. Dr. Lothar Krappmann und Prof. Dr. J\u00f6rg Maywald.<\/span><\/p>\n<p><span style=\"font-size: 12pt; font-family: arial, helvetica, sans-serif;\">Jugendliche Ohne Grenzen<\/span><\/p>\n<p><span style=\"font-size: 12pt; font-family: arial, helvetica, sans-serif;\">facebook:\u00a0<b><a href=\"https:\/\/service.gmx.net\/de\/cgi\/derefer?TYPE=3&amp;DEST=http%3A%2F%2Fwww.facebook.com%2Fjogspace\">\/jogspace<\/a><\/b><\/span><\/p>\n<p><span style=\"font-size: 12pt; font-family: arial, helvetica, sans-serif;\">twitter:\u00a0<b><a href=\"https:\/\/service.gmx.net\/de\/cgi\/derefer?TYPE=3&amp;DEST=http%3A%2F%2Ftwitter.com%2Fjogspace\">@jogspace<\/a><\/b><\/span><\/p>\n<p><span style=\"font-size: 12pt; font-family: arial, helvetica, sans-serif;\">email:\u00a0<b><a href=\"mailto:jog@jogspace.net\">jog@jogspace.net<\/a><\/b><\/span><\/p>\n<p><span style=\"font-size: 12pt; font-family: arial, helvetica, sans-serif;\">Blog:\u00a0<b><a href=\"https:\/\/service.gmx.net\/de\/cgi\/derefer?TYPE=3&amp;DEST=http%3A%2F%2Fplanet.jogspace.net%2F\">jogspace.net<\/a><\/b><\/span><\/p>\n<p style=\"text-align: center;\"><span style=\"font-size: 12pt; font-family: arial, helvetica, sans-serif;\">_____________________________________________________________________________<\/span><\/p>\n<h2 style=\"text-align: center;\"><span style=\"font-size: 12pt; font-family: arial, helvetica, sans-serif;\"><strong>Aufruf zum Tag der Menschenrechte am 10. Dezember<\/strong><\/span><\/h2>\n<h2 style=\"text-align: center;\"><span style=\"font-size: 12pt; font-family: arial, helvetica, sans-serif;\"><strong>Protestversammlung gegen Menschenrechtsverletzungen in der Islamischen Republik Iran!<\/strong><\/span><\/h2>\n<p><span style=\"font-size: 12pt; font-family: arial, helvetica, sans-serif;\">\u00a0<\/span><\/p>\n<p><span style=\"font-size: 12pt; font-family: arial, helvetica, sans-serif;\">An Freiheitsliebende Menschen;<\/span><\/p>\n<p><span style=\"font-size: 12pt; font-family: arial, helvetica, sans-serif;\">Das Zeugnis des Regimes der Islamischen Republik Iran fing von Anbeginn seiner Machtergreifung mit willk\u00fcrlichen Verhaftungen, Folterungen, Morde, Hinrichtungen, Steinigungen, Terrorismus, Amputationen, Peitschenhieben, Unterdr\u00fcckung der unterdr\u00fcckten iranischen V\u00f6lkern, der religi\u00f6sen Minderheiten und der geschlechtsspezifischen Unterdr\u00fcckung von Frauen. Ferner ging die Machtergreifung einher mit der Unterdr\u00fcckung der Arbeiterbewegung, der Studenten und Lehrerproteste. Es gibt keinen Tag an dem wir nicht Zeugen von Menschenrechtsverletzungen sind. Die iranische Verfassung und die zivilrechtliche Gesetzgebung sind im fundamentalen Widerspruch mit der Allgemeinen Erkl\u00e4rung der Menschenrechte.<\/span><\/p>\n<p><span style=\"font-size: 12pt; font-family: arial, helvetica, sans-serif;\">Nur im letzten Jahr bestand das sch\u00e4ndliche Zeugnis f\u00fcr die Islamische Republik aus noch mehr \u00f6ffentlichen Hinrichtungen, Hinrichtungen der politischen Gefangenen, insbesondere der kurdischen Gefangenen, Hinrichtung von Jugendlichen, von Homosexuellen, Hinrichtungen von afghanischen B\u00fcrgern, Zensur und Auspeitschungen und die Verhaftung von Kritikern und von Protestierenden, wie unter anderem in Azarbaijan und die Erh\u00f6hung des Drucks auf Bahai&#8217;s und Frauen&#8230;.<\/span><\/p>\n<p><span style=\"font-size: 12pt; font-family: arial, helvetica, sans-serif;\">Freiheitsliebende!<\/span><\/p>\n<p><span style=\"font-size: 12pt; font-family: arial, helvetica, sans-serif;\">Lassen Sie uns am Tag der Menschenrechte in Berlin versammeln:<\/span><\/p>\n<p><span style=\"font-size: 12pt; font-family: arial, helvetica, sans-serif;\">\u00a0<\/span><\/p>\n<p><span style=\"font-size: 12pt; font-family: arial, helvetica, sans-serif;\"><em>F\u00fcr Freiheit aller politischen Gefangenen und Menschen, die wegen ihres Glaubens in Haft sind<\/em><\/span><\/p>\n<p><span style=\"font-size: 12pt; font-family: arial, helvetica, sans-serif;\">Abschaffung der Todesstrafe, von Folter und Steinigung<\/span><\/p>\n<p><span style=\"font-size: 12pt; font-family: arial, helvetica, sans-serif;\"><em>Trennung von Staat und Religion<\/em><\/span><\/p>\n<p><span style=\"font-size: 12pt; font-family: arial, helvetica, sans-serif;\"><em>F\u00fcr uneingeschr\u00e4nkte Freiheit, f\u00fcr Meinungsfreiheit und f\u00fcr Versammlungsfreiheit<\/em><\/span><\/p>\n<p><span style=\"font-size: 12pt; font-family: arial, helvetica, sans-serif;\"><em>F\u00fcr die Abschaffung von Zwangsverschleierung und f\u00fcr Gleichberechtigung von Frauen<\/em><\/span><\/p>\n<p><span style=\"font-size: 12pt; font-family: arial, helvetica, sans-serif;\"><em>F\u00fcr die Verteidigung der Freiheitsbewegung der iranischen Bev\u00f6lkerung<\/em><\/span><\/p>\n<p><span style=\"font-size: 12pt; font-family: arial, helvetica, sans-serif;\"><em>F\u00fcr die Abschaffung der Unterdr\u00fcckung und geschlechtsspezifische Diskriminierung<\/em><\/span><\/p>\n<p><span style=\"font-size: 12pt; font-family: arial, helvetica, sans-serif;\"><em>F\u00fcr gerechte und \u00f6ffentliche Prozesse gegen die Verantwortlichen der Verbrechen in den letzten 32 Jahren<\/em><\/span><\/p>\n<p><span style=\"font-size: 12pt; font-family: arial, helvetica, sans-serif;\">Freiheitsliebende,<\/span><\/p>\n<p><span style=\"font-size: 12pt; font-family: arial, helvetica, sans-serif;\">In letzten Jahren ist leider der Blick der Welt\u00f6ffentlichkeit auf das Atomprogramm des Regimes gerichtet. Dadurch ist das Problem der systematischen Menschenrechtsverletzung, die t\u00e4glich in der Islamischen Republik Iran stattfinden in die Peripherie ger\u00fcckt worden. Wir gehen davon aus, dass nicht ein milit\u00e4rischer Angriff auf die Islamische Republik Iran, sondern die K\u00e4mpfe der Iraner f\u00fcr die Errichtung eines demokratischen Regimes, das auf Menschenrechte und sozialer Gerechtigkeit beruht, sowohl f\u00fcr die Iraner als auch f\u00fcr die V\u00f6lker der Region Frieden mit sich bringen wird.<\/span><\/p>\n<p><span style=\"font-size: 12pt; font-family: arial, helvetica, sans-serif;\">Lassen Sie uns gleichzeitig mit vielen Verteidigern der Menschenrechte in den europ\u00e4ischen und US-amerikanischen St\u00e4dten gegen die systematischen Menschenrechtsverletzungen in der Islamischen Republik Iran protestieren.<\/span><\/p>\n<p><span style=\"font-size: 12pt; font-family: arial, helvetica, sans-serif;\">Zeit: Samstag, 10. Dezember 2011, 15.00 Uhr<\/span><\/p>\n<p><span style=\"font-size: 12pt; font-family: arial, helvetica, sans-serif;\">Brandenburger Tor,\u00a010117 Berlin-Mitte<\/span><\/p>\n<p><span style=\"font-size: 12pt; font-family: arial, helvetica, sans-serif;\">Veranstalter:<\/span><\/p>\n<p><span style=\"font-size: 12pt; font-family: arial, helvetica, sans-serif;\">Komitee zur Verteidigung der politischen Gefangenen in Iran-Berlin e.V<\/span><\/p>\n<p><span style=\"font-size: 12pt; font-family: arial, helvetica, sans-serif;\">Verein iranischer Fl\u00fcchtlinge in Berlin e.V.<\/span><\/p>\n<p><em><span style=\"font-size: 12pt; font-family: arial, helvetica, sans-serif;\">Auch folgende Organisationen haben zu dieser Aktion aufgerufen:<\/span><\/em><\/p>\n<p><span style=\"font-size: 12pt; font-family: arial, helvetica, sans-serif;\">Hamgami- Vereinigung der Vereine und Initiativen zur Solidarit\u00e4t mit der Kampf der Bev\u00f6lkerung in Iran<\/span><\/p>\n<p><span style=\"font-size: 12pt; font-family: arial, helvetica, sans-serif;\">Afghanisches Kommunikations- und Kulturzentrum e.V.<\/span><\/p>\n<p><span style=\"font-size: 12pt; font-family: arial, helvetica, sans-serif;\">Einige kurdischen Organisationen in Berlin<\/span><\/p>\n<p style=\"text-align: center;\"><span style=\"font-size: 12pt; font-family: arial, helvetica, sans-serif;\">_______________________________________________________________<\/span><\/p>\n<h2 style=\"text-align: center;\"><span style=\"font-size: 12pt; font-family: arial, helvetica, sans-serif;\"><strong>AUFRUF ZUR DEMO: B\u00fcndnis gegen Rassismus<\/strong><\/span><\/h2>\n<h2 style=\"text-align: center;\"><span style=\"font-size: 12pt; font-family: arial, helvetica, sans-serif;\"><strong>\u2022 Termin: Samstag, den 10. Dezember 2011 (Internationaler Tag der Menschenrechte)<\/strong>\u00a0<strong><br \/>\n<strong>\u2022 Auftakt: 11 Uhr, Karl-Liebknecht-Stra\u00dfe am Alexanderplatz &#8211; Marx-Engels Forum<\/strong><br \/>\n<strong>\u2022 Ende: 13:30 Uhr, Platz des 18. M\u00e4rz<\/strong><\/strong><\/span><\/h2>\n<p style=\"text-align: center;\"><span style=\"font-size: 12pt; font-family: arial, helvetica, sans-serif;\"><strong>Jetzt auf die Stra\u00dfe gehen!<\/strong><\/span><\/p>\n<p style=\"text-align: left;\"><span style=\"font-size: 12pt; font-family: arial, helvetica, sans-serif;\">Enver \u015eimsek, Abdurrahim \u00d6z\u00fcdo\u011fru, S\u00fcleyman Ta\u015fk\u00f6pr\u00fc, Habil K\u0131l\u0131\u00e7, Yunus Turgut, \u0130smail Ya\u015far, Theodoros Boulgarides, Mehmet Kuba\u015f\u0131k und Halit Yozgat wurden zwischen 2000 und 2006 von Neofaschisten kaltbl\u00fctig ermordet.<\/span><\/p>\n<p><span style=\"font-size: 12pt; font-family: arial, helvetica, sans-serif;\">Es ist an der Zeit Tacheles zu reden!\u00a0<\/span><\/p>\n<p><span style=\"font-size: 12pt; font-family: arial, helvetica, sans-serif;\">Die Tatsache, dass hinter den Morden die \u201erechtsextremistische&#8220; Gruppe \u201eNationalsozialistischer Untergrund&#8220; (NSU) stand, wird von Politiker_innen dazu genutzt, das Problem des Rassismus einmal mehr auf extremrechte Randgruppen zu verweisen.\u00a0<\/span><\/p>\n<p><span style=\"font-size: 12pt; font-family: arial, helvetica, sans-serif;\">Eine m\u00f6rderische Verflechtung aus Neonazis und Sicherheitsorgane konnte ungest\u00f6rt ihr Unheil treiben, ohne dass es nach rechtsextremen und rassistischen Hintergr\u00fcnden ermittelt wurde.\u00a0<\/span><br \/>\n<span style=\"font-size: 12pt; font-family: arial, helvetica, sans-serif;\">Um Rassismus als Alltagsph\u00e4nomen zu erkennen, muss sich mit den Strukturen auseinandergesetzt werden, die dieses erm\u00f6glichen und still schweigend auf Kosten von Anderen ausgelebt werden.<\/span><\/p>\n<p><span style=\"font-size: 12pt; font-family: arial, helvetica, sans-serif;\">W\u00e4hrend die Bundes- und Landesregierung anhand der Extremismusklausel, Ma\u00dfnahmen gegen den vermeintlichen linken oder islamistischen Terror verabschiedet, werden Menschen in Deutschland aus rassistischen Gr\u00fcnden ermordet. Aus diesem Hintergrund dient die angemahnte Verteidigung der freiheitlich-demokratischen Grundordnung gegen \u201eExtremisten&#8220; dazu, Rassismus zu einem Problem von Einzelt\u00e4tern abzustufen.\u00a0<\/span><\/p>\n<p><span style=\"font-size: 12pt; font-family: arial, helvetica, sans-serif;\">Wir wollen Gegenwehr gegen diese Politik!\u00a0<\/span><\/p>\n<p><span style=\"font-size: 12pt; font-family: arial, helvetica, sans-serif;\">Nicht nur die Politiker_innen haben versagt, sondern der Staat und sein ganzer Apparat. Der institutionelle Rassismus herrscht in den Fluren der Verwaltungen, der allt\u00e4gliche Rassismus dr\u00fcckt sich in unserer Sprache und unseren Denkstrukturen aus. Rassismus hat nicht erst mit den Morden der NSU begonnen, seine Wurzeln sind tief in den K\u00f6pfen verankert.\u00a0<\/span><\/p>\n<p><span style=\"font-size: 12pt; font-family: arial, helvetica, sans-serif;\">Es besteht Handlungsbedarf!\u00a0<\/span><\/p>\n<p><span style=\"font-size: 12pt; font-family: arial, helvetica, sans-serif;\">Wir wehren uns gegen Entsolidarisierung und Spaltung, gemeinsam k\u00f6nnen wir uns organisieren!\u00a0<\/span><\/p>\n<p><span style=\"font-family: arial, helvetica, sans-serif; font-size: 12pt;\">NEIN zu RASSISMUS und SOLIDARIT\u00c4T mit den Opfern!\u00a0<\/span><\/p>\n<p><span style=\"font-family: arial, helvetica, sans-serif; font-size: 12pt;\">Schluss mit dem institutionellen Rassismus! Schluss mit dem allt\u00e4glichen Rassismus!\u00a0<\/span><\/p>\n<p><span style=\"font-family: arial, helvetica, sans-serif; font-size: 12pt;\">Mischen Sie sich ein, denn Rassismus geht uns alle an!<\/span><\/p>\n<p><span style=\"font-family: arial, helvetica, sans-serif; font-size: 12pt;\">Beteiligt euch auch an der Demo!<\/span><\/p>\n<p><span style=\"font-size: 12pt; font-family: arial, helvetica, sans-serif;\">Wir werden als Symbol f\u00fcr Trauer und Widerstand eine wei\u00dfe Armbinde tragen.\u00a0<\/span><\/p>\n<p><span style=\"font-size: 12pt; font-family: arial, helvetica, sans-serif;\">Ansprechpartnerin: Sanchita Basu\u00a0<\/span><\/p>\n<p><span style=\"font-size: 12pt; font-family: arial, helvetica, sans-serif;\">Andere Veranstaltungen am Internationalen Tag der Menschenrechte:\u00a0<\/span><\/p>\n<p><span style=\"font-size: 12pt; font-family: arial, helvetica, sans-serif;\">Internationale EU-Roma-Konferenz im Abgeordnetenhaus, 09:30 Uhr bis 20:00 Uhr\u00a0<\/span><br \/>\n<span style=\"font-size: 12pt; font-family: arial, helvetica, sans-serif;\">Demonstration zum Abschiebeknast Berlin-Gr\u00fcnau, 15 Uhr, S-Bhf Spindlersfeld<\/span><br \/>\n<span style=\"font-size: 12pt; font-family: arial, helvetica, sans-serif;\">Demonstration gegen die Menschenrechtsverletzungen in Iran, 15 Uhr am Brandenburger Tor<\/span><\/p>\n<p><span style=\"font-size: 12pt; font-family: arial, helvetica, sans-serif;\">Bitte leiten Sie den Aufruf weiter. Um den Aufruf und die Demonstrationen zu unterst\u00fctzen bitte eine Mail senden an:\u00a0<b><a href=\"mailto:info@mrbb.de\">info@mrbb.de<\/a><\/b><\/span><\/p>\n<p><span style=\"font-size: 12pt; font-family: arial, helvetica, sans-serif;\">Mit freundlichen Gr\u00fc\u00dfen\u00a0<\/span><br \/>\n<span style=\"font-size: 12pt; font-family: arial, helvetica, sans-serif;\">elena brandalise<\/span><\/p>\n<p style=\"text-align: center;\"><span style=\"font-size: 12pt; font-family: arial, helvetica, sans-serif;\">_____________________________________________________<\/span><\/p>\n<p style=\"text-align: center;\"><span style=\"font-size: 12pt; font-family: arial, helvetica, sans-serif;\"><strong>Protest\u00a0<\/strong><strong>gegen die Todesstrafe<\/strong><strong>\u00a0<\/strong><strong>in Iran am 10.Okt.2011, dem internationalen Tag f\u00fcr die Abschaffung der Todesstrafe!<\/strong><\/span><\/p>\n<p><span style=\"font-size: 12pt; font-family: arial, helvetica, sans-serif;\">\u00a0<\/span><\/p>\n<p><span style=\"font-size: 12pt; font-family: arial, helvetica, sans-serif;\">Anl\u00e4sslich des Internationalen Tages gegen die Todesstrafe protestieren wir gegen die zunehmenden Hinrichtungen im Iran.<\/span><\/p>\n<p><span style=\"font-size: 12pt; font-family: arial, helvetica, sans-serif;\">Am 21. September dieses Jahres wurde der 4. Jugendliche im Alter von 17 Jahren in Iran erh\u00e4ngt. Die Islamische Republik steht in der Statistik f\u00fcr die umgesetzten Todesurteile gegen\u00a0 Minderj\u00e4hrige an erster Stelle. Iran schreckt nicht davor zur\u00fcck Minderj\u00e4hrige hinzurichten. 130 Jugendliche, die zur Tatzeit minderj\u00e4hrig waren, sind zum Tode verurteilt.<\/span><\/p>\n<p><span style=\"font-size: 12pt; font-family: arial, helvetica, sans-serif;\">Hinrichtungen und Massenhinrichtungen stehen seit 32 Jahren auf der Tagesordnung der islamischen Republik Iran. In den 80er Jahren und im Sommer 1988 wurden mehrere Tausend politische Gefangene hingerichtet, wor\u00fcber die Welt\u00f6ffentlichkeit wenig wei\u00df.<\/span><\/p>\n<p><span style=\"font-size: 12pt; font-family: arial, helvetica, sans-serif;\">*\u00a0\u00a0\u00a0\u00a0 Hinrichtung von \u00fcber 500 Menschen in diesem Jahr,<\/span><\/p>\n<p><span style=\"font-size: 12pt; font-family: arial, helvetica, sans-serif;\">*\u00a0\u00a0\u00a0\u00a0 Hinrichtung von 4 Minderj\u00e4hrigen und Todesurteile gegen 130 weitere Minderj\u00e4hrige,<\/span><\/p>\n<p><span style=\"font-size: 12pt; font-family: arial, helvetica, sans-serif;\">*\u00a0\u00a0\u00a0\u00a0 Massenhinrichtung von \u00fcber 70 Menschen\u00a0 in der Stadt Meschhad,<\/span><\/p>\n<p><span style=\"font-size: 12pt; font-family: arial, helvetica, sans-serif;\">*\u00a0\u00a0\u00a0\u00a0 Hinrichtung und Ermordung von \u00fcber 20 politischen Gefangenen,<\/span><\/p>\n<p><span style=\"font-size: 12pt; font-family: arial, helvetica, sans-serif;\">*\u00a0\u00a0\u00a0\u00a0 Mehr als 50 politische Gefangene sitzen mit Todesurteil in den iranischen Gef\u00e4ngnissen,<\/span><\/p>\n<p><span style=\"font-size: 12pt; font-family: arial, helvetica, sans-serif;\">*\u00a0\u00a0\u00a0\u00a0 bestehende Todesurteil durch Steinigung gegen Sakineh Mohamadi Aschtiani und 14 weitere M\u00e4nner und Frauen,<\/span><\/p>\n<p><span style=\"font-size: 12pt; font-family: arial, helvetica, sans-serif;\">* \u00a0\u00a0\u00a0 dutzende Hinrichtungen von afghanischen Mitb\u00fcrgern in Iran,<\/span><\/p>\n<p><span style=\"font-size: 12pt; font-family: arial, helvetica, sans-serif;\">*\u00a0\u00a0\u00a0\u00a0 Hinrichtungsgefahr f\u00fcr den 32 j\u00e4hrigen Pastor Yousef\u00a0 Nadarkhani,<\/span><\/p>\n<p><span style=\"font-size: 12pt; font-family: arial, helvetica, sans-serif;\">*\u00a0\u00a0\u00a0\u00a0 Hinrichtung des 29 j\u00e4hrigen politischen Gefangenen Aziz Khakzadeh in der Stadt Kerman, am 4.Okt. dieses Jahres,<\/span><\/p>\n<p><span style=\"font-size: 12pt; font-family: arial, helvetica, sans-serif;\">dies ist nur ein kleiner Teil der Hinrichtungsf\u00e4lle in Iran in diesem Jahr.<\/span><\/p>\n<p><span style=\"font-size: 12pt; font-family: arial, helvetica, sans-serif;\">Der 10. Oktober, der Internationale Tag gegen die Todesstrafe, ist ein eine gute Gelegenheit die Welt\u00f6ffentlichkeit auf die Todesstrafe in Iran aufmerksam zu machen.<\/span><\/p>\n<p><span style=\"font-size: 12pt; font-family: arial, helvetica, sans-serif;\">Wir treten f\u00fcr die Abschaffung der Todesstrafe weltweit ein und werden weder schweigen noch tatenlos zusehen! Lasst uns gemeinsam gegen die Hinrichtungen, Steinigungen und Repressalien gegen die Menschen im Iran protestieren. Wir wollen verhindern, dass die systematischen Menschenrechtsverletzungen in Iran im Windschatten des Atomkonfliktes und der Weltsicherheitspolitik in Vergessenheit geraten.<\/span><\/p>\n<p><span style=\"font-size: 12pt; font-family: arial, helvetica, sans-serif;\">Freiheit f\u00fcr alle politischen Gefangenen!<\/span><\/p>\n<p><span style=\"font-size: 12pt; font-family: arial, helvetica, sans-serif;\">Abschaffung von Todesstrafe, Steinigung und Verbot der Folter!<\/span><\/p>\n<p><span style=\"font-size: 12pt; font-family: arial, helvetica, sans-serif;\">Nein zur Islamischen Republik Iran!<\/span><\/p>\n<p><span style=\"font-size: 12pt; font-family: arial, helvetica, sans-serif;\">Ort:\u00a0 Breitscheidplatz<\/span><\/p>\n<p><span style=\"font-size: 12pt; font-family: arial, helvetica, sans-serif;\">Zeit: Montag, 10. Oktober 2011,18.00 Uhr<\/span><\/p>\n<p><span style=\"font-size: 12pt; font-family: arial, helvetica, sans-serif;\">Veranstalter:<\/span><\/p>\n<p><span style=\"font-size: 12pt; font-family: arial, helvetica, sans-serif;\">Komitee zur Unterst\u00fctzung der Pol. Gefangenen im Iran-Berlin e.V. (<a href=\"mailto: &lt;script language='JavaScript' type='text\/javascript'&gt; &lt;!-- var prefix = 'mailto:'; var suffix = ''; var attribs = ''; var path = 'hr' + 'ef' + '='; var addy31054 = 'kupg_iran' + '@'; addy31054 = addy31054 + 'yahoo' + '.' + 'de'; document.write( '&lt;a ' + path + '\\'' + prefix + addy31054 + suffix + '\\'' + attribs + '&gt;' ); document.write( addy31054 ); document.write( '&lt;\\\/a&gt;' ); \/\/--&gt; &lt;\/script&gt;&lt;script language='JavaScript' type='text\/javascript'&gt; &lt;!-- document.write( '&lt;span style=\\'display: none;\\'&gt;' ); \/\/--&gt; &lt;\/script&gt;Diese E-Mail-Adresse ist gegen Spambots gesch%C3%BCtzt! Sie m%C3%BCssen JavaScript aktivieren, damit Sie sie sehen k%C3%B6nnen. &lt;script language='JavaScript' type='text\/javascript'&gt; &lt;!-- document.write( '&lt;\/' ); document.write( 'span&gt;' ); \/\/--&gt; &lt;\/script&gt;\">\u00a0<\/a><a href=\"mailto:kupg_iran@yahoo.de\">kupg_iran@yahoo.de<\/a>)\u00a00049-(0)179-23 68 157<\/span><\/p>\n<p><span style=\"font-size: 12pt; font-family: arial, helvetica, sans-serif;\">Verein Iranischer Fl\u00fcchtlinge in Berlin e.V. (<a href=\"mailto:Vereiniranischerfluechtlinge@gmx.de\">Vereiniranischerfluechtlinge@gmx.de<\/a>),\u00a00049-(0)172-1647761<\/span><\/p>\n<p style=\"text-align: center;\">_______________________________________________________________<\/p>\n<p style=\"text-align: center;\"><span style=\"font-size: 12pt; font-family: arial, helvetica, sans-serif;\"><strong>Gedenkveranstaltung<br \/>\nSolidarit\u00e4tsabend mit politischen Gefangenen im Iran<br \/>\n23 Jahre nach Hinrichtungswellen in iranischen Gef\u00e4ngnissen (Sommer 1988)<br \/>\n<em>f\u00fcr weitere informationen, Klicken Sie bitte<span style=\"color: #0000ff;\">\u00a0<a href=\"http:\/\/iprberlin.com\/pdf\/Iranveranstaltung-28.09.2011.pdf\" target=\"_blank\"><span style=\"color: #0000ff;\">hier<\/span><\/a><\/span><\/em><\/strong><\/span><\/p>\n<p style=\"text-align: center;\">_______________________________________________________________<\/p>\n<p style=\"text-align: center;\"><img loading=\"lazy\" decoding=\"async\" class=\"alignnone wp-image-105 size-full\" src=\"https:\/\/iprberlin.com\/de\/wp-content\/uploads\/2014\/06\/18Tir2011_Flyer.jpg\" alt=\"18Tir2011_Flyer\" width=\"495\" height=\"572\" srcset=\"https:\/\/iprberlin.com\/de\/wp-content\/uploads\/2014\/06\/18Tir2011_Flyer.jpg 495w, https:\/\/iprberlin.com\/de\/wp-content\/uploads\/2014\/06\/18Tir2011_Flyer-259x300.jpg 259w, https:\/\/iprberlin.com\/de\/wp-content\/uploads\/2014\/06\/18Tir2011_Flyer-47x55.jpg 47w\" sizes=\"auto, (max-width: 495px) 100vw, 495px\" \/><\/p>\n<p style=\"text-align: center;\">________________________________________________________<\/p>\n<p style=\"text-align: center;\"><span style=\"font-size: 12pt; font-family: arial, helvetica, sans-serif;\"><strong>Aufruf zur Kundgebung vor dem Ausw\u00e4rtigen Amt !<\/strong><\/span><\/p>\n<p style=\"text-align: center;\"><span style=\"font-size: 12pt; font-family: arial, helvetica, sans-serif;\"><strong>21. April 2011 um 16:00 Uhr<\/strong><\/span><\/p>\n<p><span style=\"font-size: 12pt; font-family: arial, helvetica, sans-serif;\">Wir verurteilen die milit\u00e4rischen Angriffe auf\u00a0<em>Camp Ashraf<\/em>im\u00a0<strong>Irak<\/strong>\u00a0und protestieren gegen die bevorstehenden Hinrichtungen von zwei politischen Gefangenen in\u00a0<strong>Iran<\/strong><em>Shirkooh Maaroufi und Mostafa Salimi<\/em>!<\/span><\/p>\n<p><span style=\"font-size: 12pt; font-family: arial, helvetica, sans-serif;\">Das irakische Milit\u00e4r hat am 8. April\u00a0 wieder einmal ein Massaker an die Bewohner und Bewohnerinnen des\u00a0<em>Camp Ashraf<\/em>\u00a0ausge\u00fcbt. W\u00e4hrend und nach der milit\u00e4rischen Angriffe sind 34 Mitglieder der Volksmudjahedin ermordet und Hunderten schwer verletzt worden. Dieser brutaler Angriff ist als Gewalt gegen alle iranische Oppositionellen im Ausland zu betrachten.<\/span><\/p>\n<p><span style=\"font-size: 12pt; font-family: arial, helvetica, sans-serif;\">Das irakische Regime verbietet die Berichterstattung der unabh\u00e4ngigen und ausl\u00e4ndischen Journalisten vor Ort.\u00a0 Auch im Juli 2009 attackierten die Sicherheitskr\u00e4fte Iraks die Bewohner dieses<em>Camps<\/em>.<\/span><\/p>\n<p><span style=\"font-size: 12pt; font-family: arial, helvetica, sans-serif;\">Wir verurteilen auf Sch\u00e4rfste diese brutalen Angriffe. Wir fordern die deutsche und europ\u00e4ische Au\u00dfenpolitik auf, durch politischen Druck auf irakische Regierung alle milit\u00e4rische Operationen gegen das<em>Camp<\/em>\u00a0sofort zu stoppen und den Schutz f\u00fcr die Bewohner des\u00a0<em>Camps<\/em>und die Versorgung der Verwundeten sicher zu stellen.<\/span><\/p>\n<p><span style=\"font-size: 12pt; font-family: arial, helvetica, sans-serif;\">UN-Hochkommissariat f\u00fcr Fl\u00fcchtlinge (UNHCR) muss f\u00fcr die Aufnahme der\u00a0<em>Camp Ashraf<\/em>-Bewohner in sicheren und aufnahmebereiten L\u00e4ndenr sorgen, in denen sie nicht von Abschiebungen in den Iran bedroht sind.<\/span><\/p>\n<p><span style=\"font-size: 12pt; font-family: arial, helvetica, sans-serif;\">Desweiteren fordern wir die deutsche Au\u00dfenpolitik auf, gegen die bevorstehenden Hinrichtungen von zwei politischen Gefangenen\u00a0<em>Shirkooh Maaroufi<\/em>\u00a0und<em>\u00a0Mostafa Salimi\u00a0<\/em>und die systematischen Menschenrechtsverletzungen im Iran zu protestieren.<\/span><\/p>\n<p><span style=\"font-size: 12pt; font-family: arial, helvetica, sans-serif;\">Wann: am Do., 21. April 2011 um 16.00 Uhr<\/span><\/p>\n<p><span style=\"font-size: 12pt; font-family: arial, helvetica, sans-serif;\">Wo: Vor dem Ausw\u00e4rtigen Amt, Werderscher Markt 1, Berlin-Mitte ,\u00a0U2 &#8211; Hausvogteiplatz<\/span><\/p>\n<p><span style=\"font-size: 12pt; font-family: arial, helvetica, sans-serif;\"><em>Veranstalter:<\/em><\/span><\/p>\n<p><span style=\"font-size: 12pt; font-family: arial, helvetica, sans-serif;\">Komitee zur Unterst\u00fctzung der pol. Gefangenen im Iran-Berlin e.V.<\/span><\/p>\n<p><span style=\"font-size: 12pt; font-family: arial, helvetica, sans-serif;\">(\u00a0<a href=\"mailto:kupg_iran@yahoo.de\">kupg_iran@yahoo.de<\/a>)<\/span><\/p>\n<p style=\"text-align: center;\"><span style=\"font-size: 12pt; font-family: arial, helvetica, sans-serif;\">Verein iranischer Fl\u00fcchtlinge in Berlin e.V.\u00a0<strong><br \/>\n<\/strong><strong>_____________________________________<\/strong><\/span><\/p>\n<p style=\"text-align: center;\"><strong><span style=\"font-size: 12pt; font-family: arial, helvetica, sans-serif;\">Auruf zur\u00a0Protestaktion vor\u00a0Hotel Maritim<br \/>\nDonnerstag, 24.03.2011, 15:30 Uhr<\/span><\/strong><\/p>\n<p><span style=\"font-size: 12pt; font-family: arial, helvetica, sans-serif;\">W\u00e4hrend in Iran die traditionellen Feierlichkeiten zum neuen Jahr (Nouruz) durch das Regime mit allen m\u00f6glichen und unm\u00f6glichen Methoden gest\u00f6rt werden (ein Zusammentreffen\u00a0der Angeh\u00f6rigen von politischen Gefangenen wurde verboten, Neujahr-Versammlung der Angeh\u00f6rigen von hingerichteten politischen\u00a0Gefangenen\u00a0 wurde gesprengt, usw.)\u00a0versucht die iranische Botschaft in Berlin mit einigen anderen Botschafts-Vertretungen\u00a0auch diesen Anlass zu instrumentalisieren, um sich in der \u00d6ffentlichkeit zu pr\u00e4sentieren.<\/span><br \/>\n<span style=\"font-size: 12pt; font-family: arial, helvetica, sans-serif;\">Wir sagen Nein zu diesem Unrechtsystem in Iran, und protestieren gegen die systematischen Menschenrechtsverletzungen in Iran.<\/span><\/p>\n<p><span style=\"font-size: 12pt; font-family: arial, helvetica, sans-serif;\">Ort:\u00a0Hotel Maritim, Stauffenbergstr.26, 10785 Berlin<br \/>\nBus M29, Haltestelle Gedenkst\u00e4tte dt. Widerstand<\/span><\/p>\n<p><span style=\"font-size: 12pt; font-family: arial, helvetica, sans-serif;\">Zeit:\u00a0Donnerstag, 24.03.2011, 15:30<\/span><\/p>\n<p><em><span style=\"font-size: 12pt; font-family: arial, helvetica, sans-serif;\">Veranstalter:\u00a0<\/span><\/em><\/p>\n<p><span style=\"font-size: 12pt; font-family: arial, helvetica, sans-serif;\">Komitee zur Unterst\u00fctzung der politischen Gefangenen im Iran-Berlin e.V.<\/span><\/p>\n<p><span style=\"font-size: 12pt; font-family: arial, helvetica, sans-serif;\">Verein iranischer Fl\u00fcchtlinge in Berlin e.V.<\/span><\/p>\n<p style=\"text-align: center;\">_______________________________________________________________<\/p>\n<p style=\"text-align: center;\"><span style=\"font-size: 12pt; font-family: arial, helvetica, sans-serif;\"><strong><a href=\"http:\/\/iprberlin.com\/pdf\/Einladung_Diskussionsveranstaltung_iranische+Fluechtlinge+im+lsvd.pdf\" target=\"_blank\"><strong><em>Einladung:<\/em>\u00a0&#8222;Religi\u00f6se und sexuelle Selbstbestimmung iranischer Fl\u00fcchtlinge&#8220;<br \/>\nDonnerstag, 24. Februar 2011, 18.30 Uhr<br \/>\nLSVD Berlin-Brandenburg, Kleiststra\u00dfe 35, 10787 Berlin<\/strong><\/a><\/strong><\/span><\/p>\n<p style=\"text-align: center;\"><span style=\"font-size: 12pt; font-family: arial, helvetica, sans-serif;\">_______________________________________________________________<\/span><\/p>\n<h3 style=\"text-align: center;\"><span style=\"font-size: 12pt; font-family: arial, helvetica, sans-serif;\"><strong>Aufruf f\u00fcr die Unterst\u00fctzung der inhaftierten K\u00fcnstlerInnen in Iran<\/strong><\/span><\/h3>\n<h3 style=\"text-align: center;\"><span style=\"font-size: 12pt; font-family: arial, helvetica, sans-serif;\"><strong>F\u00fcr Freiheit aller politischen Gefangenen in Iran<\/strong><\/span><\/h3>\n<p><span style=\"font-size: 12pt; font-family: arial, helvetica, sans-serif;\">Im Rahm der Berlinale 2011 findet eine Podiumsdiskussion zur Lage der Zensur in Iran statt.<\/span><\/p>\n<p><span style=\"font-size: 12pt; font-family: arial, helvetica, sans-serif;\">Vor Beginn der Veranstaltung werden iransche Opposition die \u00d6ffentlichkeit \u00fcber 32 Jahre Unterdr\u00fcckung in Iran informieren.<\/span><\/p>\n<p><span style=\"font-size: 12pt; font-family: arial, helvetica, sans-serif;\">Ort: Hebeltheater am Ufer , Stresemann Str.29 ; 10117 &#8211; Berlin<\/span><\/p>\n<p><span style=\"font-size: 12pt; font-family: arial, helvetica, sans-serif;\">U-Bahn: M\u00f6ckernbr\u00fccke ; S-Bahn: Anhalter Bahnhof<\/span><\/p>\n<p><span style=\"font-size: 12pt; font-family: arial, helvetica, sans-serif;\">Beginn der Informationskundgebung 17 Feb. 2011, um12:30 Uhr<\/span><\/p>\n<p style=\"text-align: center;\"><span style=\"font-size: 12pt; font-family: arial, helvetica, sans-serif;\">Beginn der\u00a0Podiumsdiskussion: 14:00 Uhr<\/span><br \/>\n<span style=\"font-size: 12pt; font-family: arial, helvetica, sans-serif;\"><strong>_____________________________________<\/strong><\/span><\/p>\n<p style=\"text-align: center;\"><span style=\"font-size: 12pt; font-family: arial, helvetica, sans-serif;\"><strong>Herzlich Wilkommen zu iranischem Neujahrsfest mit Kinderprogramm ab 18.00 Uhr<\/strong><\/span><\/p>\n<p style=\"text-align: center;\"><img loading=\"lazy\" decoding=\"async\" class=\"aligncenter size-full wp-image-106\" src=\"https:\/\/iprberlin.com\/de\/wp-content\/uploads\/2014\/06\/Nowrooz90.jpg\" alt=\"Nowrooz90\" width=\"426\" height=\"601\" srcset=\"https:\/\/iprberlin.com\/de\/wp-content\/uploads\/2014\/06\/Nowrooz90.jpg 426w, https:\/\/iprberlin.com\/de\/wp-content\/uploads\/2014\/06\/Nowrooz90-212x300.jpg 212w, https:\/\/iprberlin.com\/de\/wp-content\/uploads\/2014\/06\/Nowrooz90-38x55.jpg 38w\" sizes=\"auto, (max-width: 426px) 100vw, 426px\" \/><\/p>\n<p style=\"text-align: center;\"><span style=\"font-size: 12pt; font-family: arial, helvetica, sans-serif;\"><strong>_____________________________________<\/strong><\/span><\/p>\n<p style=\"text-align: center;\"><span style=\"font-size: 12pt; font-family: arial, helvetica, sans-serif;\"><strong>Dienstag 15.03.2011, 19.00 Uhr, Breitscheidplatz<\/strong><\/span><\/p>\n<p style=\"text-align: center;\"><span style=\"font-size: 12pt; font-family: arial, helvetica, sans-serif;\"><strong>Solidarot\u00e4t mit demokratischen Bewegung in Iran!<\/strong><\/span><\/p>\n<p><span style=\"font-size: 12pt; font-family: arial, helvetica, sans-serif;\">Nein zur Islamischen Republik Iran!<\/span><\/p>\n<p><span style=\"font-size: 12pt; font-family: arial, helvetica, sans-serif;\">Zum traditionellen\u00a0 Abend zum letzten Mittwoch des iranischen Jahres (Charshanbehsoori), und gleichzeitig mit Iranern im In- und Ausland, rufen wir zu<\/span><\/p>\n<p><span style=\"font-size: 12pt; font-family: arial, helvetica, sans-serif;\">Solodarit\u00e4t mit demokratischen Bewegung in Iran<\/span><\/p>\n<p><span style=\"font-size: 12pt; font-family: arial, helvetica, sans-serif;\">Freiheit aller politischen Gefangen<\/span><\/p>\n<p><span style=\"font-size: 12pt; font-family: arial, helvetica, sans-serif;\">Trennung von Religion und Staat<\/span><\/p>\n<p><span style=\"font-size: 12pt; font-family: arial, helvetica, sans-serif;\">Geleichstellung von Frauen, Abschaffung von Zwangsverschleierung<\/span><\/p>\n<p><span style=\"font-size: 12pt; font-family: arial, helvetica, sans-serif;\">Presse, Meinung und Versammlungsfreiheiten<\/span><\/p>\n<p><span style=\"font-size: 12pt; font-family: arial, helvetica, sans-serif;\">-Bringt bitte Kerzen mit!<\/span><\/p>\n<p style=\"text-align: center;\"><span style=\"font-size: 12pt; font-family: arial, helvetica, sans-serif;\"><strong>_____________________________________<\/strong><\/span><\/p>\n<p style=\"text-align: center;\"><span style=\"font-size: 12pt; font-family: arial, helvetica, sans-serif;\"><strong>Aufruf zum Protest gegen die neue Hinrichtungswelle in Iran<\/strong><\/span><\/p>\n<p style=\"text-align: center;\"><span style=\"font-size: 12pt; font-family: arial, helvetica, sans-serif;\"><strong>Samstag 05.02.2011, 14.00 Uhr vor iranischer Botschaft!<\/strong><\/span><\/p>\n<p style=\"text-align: center;\"><span style=\"font-size: 12pt; font-family: arial, helvetica, sans-serif;\"><strong>Die Nachrichten waren kurz: Jafar Kazemi, Mohamad-Ali Haj-Aghai, Faharad Taram und Zahra Bahrami sind in letzten Tagen hingerichtet worden. So wurden in den letzten vier Wochen sieben politische und duzende andere Gefangene hingerichtet! Wer ist morgen dran?<\/strong><\/span><\/p>\n<p><span style=\"font-size: 12pt; font-family: arial, helvetica, sans-serif;\">Das islamische Regime in Iran hat eine neue Hinrichtungswelle im gesamten iranischen Gebiet losgetreten, um zu verhindern, dass der Kampf des iranischen Volkes f\u00fcr die Freiheit sich verst\u00e4rkt. Alle Acht Stunden wird ein Mensch in Iran hingerichtet. Zurzeit erwarten duzende politische und Gesinnungsgefangene die Vollstreckung des Todesurteils. Doch trotz Folter und Hinrichtungsgefahr sind wir Zeuge davon, wie diese Gefangene in den mittelalterlichen Gef\u00e4ngnissen des Regimes Widerstand leisten. Das Regime versucht, durch Repression und Hinrichtung die politischen Gefangenen zu zerst\u00f6ren. Lasst uns deren gerechtigkeitsfordernde Stimme in die Welt tragen.<\/span><\/p>\n<p><span style=\"font-size: 12pt; font-family: arial, helvetica, sans-serif;\">Um einen Stopp der Hinrichtungen zu erreichen und den Freiheitskampf des iranischen Volkes zu unterst\u00fctzen, m\u00fcssen wir und weltweit Aktionen ausf\u00fchren und so einen weitfl\u00e4chigen internationalen Protest der Welt\u00f6ffentlichkeit organisieren, der sich gegen die zunehmenden Repressionen und die neue Hinrichtungswelle richtet und die sofortige Abschaffung der Todesstrafe und Steinigungen, das Verbot von Folter und die bedingungslose Freilassung aller politischen und Gesinnungsgefangenen fordert.<\/span><\/p>\n<p><span style=\"font-size: 12pt; font-family: arial, helvetica, sans-serif;\">Wir versammeln uns am 05.02.2011 vor der Botschaft der islamischen Republik, um gegen die neue Hinrichtungswelle in Iran zu protestieren. Als n\u00e4chsten Termin f\u00fcr eine Versammlung schlagen wir den 11.02.2011, den Jahrestag der Revolution von 1979 vor. Wir hoffen, dass wir durch diese zeitgleichen, weltweiten Aktionen\u00a0 einen besser organisierten Protest gegen das islamische Regime in Iran erreichen k\u00f6nnen.<\/span><\/p>\n<p><span style=\"font-size: 12pt; font-family: arial, helvetica, sans-serif;\">Die F\u00fchrer des islamischen Regimes in Iran m\u00fcssen wegen Verbrechen gegen die Menschlichkeit vor Gericht gestellt werden.<\/span><\/p>\n<p><span style=\"font-size: 12pt; font-family: arial, helvetica, sans-serif;\">Zeit: Samstag, 05. Februar 2011, um 14 Uhr<\/span><\/p>\n<p><span style=\"font-size: 12pt; font-family: arial, helvetica, sans-serif;\">Ort: Vor der Botschaft der Islamischen Republik Iran,<\/span><\/p>\n<p><span style=\"font-size: 12pt; font-family: arial, helvetica, sans-serif;\">Podbielskiallee 67, Berlin Dahlem, U3- Podbielskiallee<\/span><\/p>\n<p><span style=\"font-size: 12pt; font-family: arial, helvetica, sans-serif;\">Veranstalter:<\/span><\/p>\n<p><span style=\"font-size: 12pt; font-family: arial, helvetica, sans-serif;\">Komitee zur Unterst\u00fctzung der politischen Gefangenen im Iran-Berlin e.V.<\/span><\/p>\n<p><span style=\"font-size: 12pt; font-family: arial, helvetica, sans-serif;\">Verein iranischer Fl\u00fcchtlinge in Berlin e.V.<\/span><\/p>\n<p><span style=\"font-size: 12pt; font-family: arial, helvetica, sans-serif;\"><strong>_____________________________________<\/strong><\/span><\/p>\n<p><span style=\"font-size: 12pt; font-family: arial, helvetica, sans-serif;\"><strong>Rechtliche Info-Veranstaltung f\u00fcr iranische und afghanische Fl\u00fcchtlinge<br \/>\n<\/strong>Liebe FreundInnen, am Freitag dem 17.12.2010, um 18.00 Uhr findet im Verein iranischer Fl\u00fcchtlinge eine Info-Veranstaltung zu Bleiberecht, Asylfragen, Familienzusammenf\u00fchrung &#8230; f\u00fcr die iranischen und afghanischen Fl\u00fcchtlinge statt. Die Veranstaltung ist in persischer Sprache mit Rechtsanw\u00e4lten Ramin und Amir Lingnau.<\/span><br \/>\n<span style=\"font-size: 12pt; font-family: arial, helvetica, sans-serif;\">Falls Sie in Ihren Einrichtungen iranische oder afghanischen Fl\u00fcchtlinge oder Asylbewerber haben, die zu diesen Thmen Fragen haben, sind sie herzlich willkommen.<\/span><\/p>\n<p><span style=\"font-size: 12pt; font-family: arial, helvetica, sans-serif;\">Freitag 17.12.2010, 18.00 Uhr<\/span><br \/>\n<span style=\"font-size: 12pt; font-family: arial, helvetica, sans-serif;\">Verein iranischer Fl\u00fcchtlinge in Berlin e.V.<\/span><br \/>\n<span style=\"font-size: 12pt; font-family: arial, helvetica, sans-serif;\">Ruter Str. 52, 12047 Berlin (U- Hermmanplatz)<\/span><\/p>\n<p style=\"text-align: center;\"><span style=\"font-size: 12pt; font-family: arial, helvetica, sans-serif;\">_______________________________________________________________<\/span><\/p>\n<p style=\"text-align: center;\"><span style=\"font-size: 12pt; font-family: arial, helvetica, sans-serif;\"><strong>Aufruf zum Tag der Menschenrechte<\/strong><\/span><\/p>\n<p style=\"text-align: center;\"><span style=\"font-size: 12pt; font-family: arial, helvetica, sans-serif;\"><strong>Protestkundgebung gegen die islamische Republik Iran<\/strong><\/span><\/p>\n<p style=\"text-align: center;\"><span style=\"font-size: 12pt; font-family: arial, helvetica, sans-serif;\"><strong>Protest gegen Hinrichtung, Steinigung und systematische Verletzung der Menschenrechte!<\/strong><\/span><\/p>\n<p><span style=\"font-size: 12pt; font-family: arial, helvetica, sans-serif;\">Die Geschichte der islamischen Republik Iran ist seit der Machtergreifung des Regimes mit Repressionen, Verhaftungen, Folter, Hinrichtungen, Steinigungen, Terror und drakonische Strafen wie Abtrennung von K\u00f6rperteilen und Auspeitschungen eng verbunden. An kaum einem Tag werden die Menschenrechte nicht verletzt, sogar die Hinrichtung von Minderj\u00e4hrigen Straft\u00e4tern geh\u00f6rt zu den Vorgehensweisen des Regimes.<\/span><\/p>\n<p><span style=\"font-size: 12pt; font-family: arial, helvetica, sans-serif;\">Ein wichtiger Bestandteil des Kampfes und des Widerstands in Iran in den letzten 18 Monaten ist der fortdauernde Schrei von freiheitsliebenden Menschen, die in den letzten 31 Jahren Nein zu islamischen Regime gesagt haben und sich trotz Folter, Gef\u00e4ngnis und Hinrichtungen immer mehr f\u00fcr die Freiheit von politischen Gefangenen, Versammlungs- und Organisationsfreiheit, die Trennung von Staat und Religion und die Befreiung von Frauen einsetzen.<\/span><\/p>\n<p><span style=\"font-size: 12pt; font-family: arial, helvetica, sans-serif;\">Wir fordern alle freiheitsliebenden Menschen auf,<\/span><\/p>\n<ul>\n<li><span style=\"font-size: 12pt; font-family: arial, helvetica, sans-serif;\">F\u00fcr die Freiheit f\u00fcr alle politische Gefangenen,<\/span><\/li>\n<li><span style=\"font-size: 12pt; font-family: arial, helvetica, sans-serif;\">Gegen die Todesstrafe und Steinigungen,<\/span><\/li>\n<li><span style=\"font-size: 12pt; font-family: arial, helvetica, sans-serif;\">F\u00fcr uneingeschr\u00e4nkte politische Freiheiten, Versammlungs- und Organisationsfreiheit<\/span><\/li>\n<li><span style=\"font-size: 12pt; font-family: arial, helvetica, sans-serif;\">F\u00fcr ein Tribunal gegen die Verantwortlichen der Verbrechen der letzten 31 Jahre in Iran<\/span><\/li>\n<li><span style=\"font-size: 12pt; font-family: arial, helvetica, sans-serif;\">und als Unterst\u00fctzung der Protestbewegung des iranischen Volkes<\/span><\/li>\n<\/ul>\n<p><span style=\"font-size: 12pt; font-family: arial, helvetica, sans-serif;\">zahlreich und zeitgleich mit anderen Menschen, die in Br\u00fcssel und andere St\u00e4dten in Europa und Nordamerika, an unsere Protestkundgebung teilzunehmen, um gegen die systematische Verletzung der Menschenrechte in der Islamischen Republik Iran zu demonstrieren.<\/span><\/p>\n<p><span style=\"font-size: 12pt; font-family: arial, helvetica, sans-serif;\"><em>Gastrednerin:<\/em> Pari Rafi, Liga zur Verteidigung der Menschenrechte in Iran<\/span><\/p>\n<p><em><span style=\"font-size: 12pt; font-family: arial, helvetica, sans-serif;\">Veranstalter:<\/span><\/em><\/p>\n<p><span style=\"font-size: 12pt; font-family: arial, helvetica, sans-serif;\">Komitee zur Unterst\u00fctzung der politischen Gefangenen im Iran-Berlin e.V.<\/span><\/p>\n<p><span style=\"font-size: 12pt; font-family: arial, helvetica, sans-serif;\">Verein iranischer Fl\u00fcchtlinge in Berlin e.V.<\/span><\/p>\n<p><span style=\"font-size: 12pt; font-family: arial, helvetica, sans-serif;\">Zeit:\u00a0Freitag, 10.12.2010, um 14 Uhr<\/span><\/p>\n<p><span style=\"font-size: 12pt; font-family: arial, helvetica, sans-serif;\">Ort: Vor der iranischen Botschaft in Berlin<\/span><\/p>\n<p><span style=\"font-size: 12pt; font-family: arial, helvetica, sans-serif;\">Podbielskiallee 67, Berlin Dahlem, U3- Podbielskiallee<\/span><\/p>\n<p><span style=\"font-size: 12pt; font-family: arial, helvetica, sans-serif;\">Unterst\u00fctzer: CODE e.V.<\/span><\/p>\n<p style=\"text-align: center;\"><span style=\"font-size: 12pt; font-family: arial, helvetica, sans-serif;\"><strong>________________________________________________<\/strong><\/span><\/p>\n<p style=\"text-align: center;\"><span style=\"font-size: 12pt; font-family: arial, helvetica, sans-serif;\"><strong>Der Verein IRanischer Fl\u00fcchtlinge in Berlin e.V. unterst\u00fctzt folgenden Aufruf:<\/strong><\/span><\/p>\n<p style=\"text-align: center;\"><span style=\"font-size: 12pt; font-family: arial, helvetica, sans-serif;\"><strong>Integration braucht Partizipation!<\/strong><\/span><\/p>\n<p><span style=\"font-size: 12pt; font-family: arial, helvetica, sans-serif;\">In Berlin leben Menschen aus mehr als 180 L\u00e4ndern zusammen. Etwa ein Viertel der Berliner und Berlinerinnen hat eine Einwanderungsgeschichte. Diese kulturelle Vielfalt betrachten wir als St\u00e4rke und als Chance, um das Zusammenleben in unserer Stadt gemeinsam zu gestalten. Aber daf\u00fcr brauchen wir die Teilhabe m\u00f6glichst vieler Berlinerinnen und Berliner, unabh\u00e4ngig von Herkunft, Pass, Alter, Lebensweise oder sozialem Status. Die Vielfalt unserer Stadt muss sich auch in ihren Institutionen und Einrichtungen widerspiegeln &#8211; deshalb brauchen wir die interkulturelle \u00d6ffnung von Staat und Gesellschaft.<\/span><\/p>\n<p><span style=\"font-size: 12pt; font-family: arial, helvetica, sans-serif;\">Integration gr\u00fcndet sich nicht auf Anpassung oder gar Assimilation, sondern auf das produktive Zusammenspiel von unterschiedlichen Menschen auf der Grundlage von Partizipation, gleichen Zugangsrechten und den f\u00fcr alle geltenden Grund- und Menschenrechten.<\/span><\/p>\n<p><span style=\"font-size: 12pt; font-family: arial, helvetica, sans-serif;\">Integration ist ein Prozess, der die Verschiedenheiten von Kultur, Weltanschauungen, Religionen und Lebensvorstellungen respektiert.<\/span><\/p>\n<p><span style=\"font-size: 12pt; font-family: arial, helvetica, sans-serif;\">Integration ist ein Prozess der gegenseitigen Anerkennung und Ver\u00e4nderung. Er l\u00e4sst sich nicht gesetzlich verordnen, aber er l\u00e4sst sich gesetzlich mitgestalten. Das Berliner Partizipations- und Integrationsgesetz ist ein Schritt in die richtige Richtung zu mehr Teilhabe und Demokratie in unserer Stadt.<\/span><\/p>\n<p><span style=\"font-size: 12pt; font-family: arial, helvetica, sans-serif;\">UnterzeichnerInnen (Stand 19. November):<\/span><\/p>\n<p><span style=\"font-size: 12pt; font-family: arial, helvetica, sans-serif;\">Ren\u00e9e\u00a0<em>Abul<\/em>&#8211;<em>Ella<\/em>\u00a0(Gesch\u00e4ftsf\u00fchrerin des Vereins\u00a0<em>Al-Dar e.V.)<\/em><\/span><\/p>\n<p><span style=\"font-size: 12pt; font-family: arial, helvetica, sans-serif;\">Yasemin Aktay<\/span><\/p>\n<p><span style=\"font-size: 12pt; font-family: arial, helvetica, sans-serif;\">Dr. Heidemarie Arnhold (Vorstandsvorsitzende Arbeitskreis Neue Erziehung e. V.)<\/span><\/p>\n<p><span style=\"font-size: 12pt; font-family: arial, helvetica, sans-serif;\">Lila Aslan (Verein iranischer Fl\u00fcchtlinge e.V.)<\/span><\/p>\n<p><span style=\"font-size: 12pt; font-family: arial, helvetica, sans-serif;\">\u00c7i\u00e7ek BACIK (Gesch\u00e4ftsf\u00fchrender Vorstand TBB-T\u00fcrkischer Bund in Berlin-Brandenburg)<\/span><\/p>\n<p><span style=\"font-size: 12pt; font-family: arial, helvetica, sans-serif;\">Riza Baran (Vorsitzender Kurdische Gemeinde)<\/span><\/p>\n<p><span style=\"font-size: 12pt; font-family: arial, helvetica, sans-serif;\">Meltem Ba\u015fkaya<\/span><\/p>\n<p><span style=\"font-size: 12pt; font-family: arial, helvetica, sans-serif;\">Biplab Basu (ReachOut)<\/span><\/p>\n<p><span style=\"font-size: 12pt; font-family: arial, helvetica, sans-serif;\">Samir\u00a0<em>Biberovic (Amaro Drom<\/em>\u00a0e.V.)<\/span><\/p>\n<p><span style=\"font-size: 12pt; font-family: arial, helvetica, sans-serif;\">Sylvia Braband-Alkabir (wellcome &#8211; Nachbarschaftsheim Sch\u00f6neberg e. V.)<\/span><\/p>\n<p><span style=\"font-size: 12pt; font-family: arial, helvetica, sans-serif;\">Walid Charour (Fl\u00fcchtlingsrat Berlin e. V.)<\/span><\/p>\n<p><span style=\"font-size: 12pt; font-family: arial, helvetica, sans-serif;\">Gert Cramer<\/span><\/p>\n<p><span style=\"font-size: 12pt; font-family: arial, helvetica, sans-serif;\">G\u00f6k\u00e7en\u00a0<em>Demiragli<\/em>\u00a0(Nachbarschaftsheim Sch\u00f6neberg e. V.)<\/span><\/p>\n<p><span style=\"font-size: 12pt; font-family: arial, helvetica, sans-serif;\">Hannah Drexel (Al Nadi &#8211; Nachbarschaftsheim Sch\u00f6neberg e. V.)<\/span><\/p>\n<p><span style=\"font-size: 12pt; font-family: arial, helvetica, sans-serif;\">Mahmoud El-Hussein (Gesch\u00e4ftsf\u00fchrer Arabische Eltern Union e. V.)<\/span><\/p>\n<p><span style=\"font-size: 12pt; font-family: arial, helvetica, sans-serif;\">Holger F\u00f6rster (Verband f\u00fcr interkulturelle Arbeit Berlin\/Brandenburg e. V.)<\/span><\/p>\n<p><span style=\"font-size: 12pt; font-family: arial, helvetica, sans-serif;\">Tatjana Forner (Leiterin Club Dialog e. V.)<\/span><br \/>\n<span style=\"font-size: 12pt; font-family: arial, helvetica, sans-serif;\">Ronald Franke (Gesch\u00e4ftsf\u00fchrer publicata e. V.)<\/span><\/p>\n<p><span style=\"font-size: 12pt; font-family: arial, helvetica, sans-serif;\">Lina Ganama (Al Nadi &#8211; Nachbarschaftsheim Sch\u00f6neberg e. V.)<\/span><\/p>\n<p><span style=\"font-size: 12pt; font-family: arial, helvetica, sans-serif;\">Mustafa Gumrok, (Vorsitzender Deutsch-Syrischer Verein Berlin e.V.)<\/span><\/p>\n<p><span style=\"font-size: 12pt; font-family: arial, helvetica, sans-serif;\">Mohammed Herzog (Islamische Gemeinschaft deutschsprachiger Muslime und Freunde des Islam e.V.)<\/span><br \/>\n<span style=\"font-size: 12pt; font-family: arial, helvetica, sans-serif;\">Witold Kaminski (Polnischer Sozialrat e.V.)<\/span><\/p>\n<p><span style=\"font-size: 12pt; font-family: arial, helvetica, sans-serif;\">Cumali Kangal (Gesch\u00e4ftsf\u00fchrender Vorstand TBB-T\u00fcrkischer Bund in Berlin-Brandenburg)<\/span><\/p>\n<p><span style=\"font-size: 12pt; font-family: arial, helvetica, sans-serif;\">Co\u015far Karada\u015f (Sprecher Migrationsrat Berlin-Brandenburg e. V.)<\/span><\/p>\n<p><span style=\"font-size: 12pt; font-family: arial, helvetica, sans-serif;\"><em>Burhan<\/em>\u00a0Kesici (Vizepr\u00e4sident Islamische F\u00f6deration in Berlin)<\/span><\/p>\n<p><span style=\"font-size: 12pt; font-family: arial, helvetica, sans-serif;\">Heidi Knake-Werner (Senatorin f\u00fcr Integration, Arbeit und Soziales in Berlin a.D.)<\/span><\/p>\n<p><span style=\"font-size: 12pt; font-family: arial, helvetica, sans-serif;\">Lucyna Jachymiak\u00a0<em>Kr\u00f3likowska (NIKE e.V.)<\/em><\/span><\/p>\n<p><span style=\"font-size: 12pt; font-family: arial, helvetica, sans-serif;\">Thomas Kugler (KomBi &#8211; Kommunikation und Bildung e. V.)<\/span><\/p>\n<p><span style=\"font-size: 12pt; font-family: arial, helvetica, sans-serif;\">Astrid Landero (Gesch\u00e4ftsf\u00fchrerin Paula Panke e. V.)<\/span><\/p>\n<p><span style=\"font-size: 12pt; font-family: arial, helvetica, sans-serif;\">Achilleas\u00a0<em>Lykos<\/em>\u00a0(Vorsitzender der\u00a0<em>Hellenischen Gemeinde<\/em>\u00a0zu Berlin)<\/span><\/p>\n<p><span style=\"font-size: 12pt; font-family: arial, helvetica, sans-serif;\">Prof. Dr. Wolf-Dieter Narr (Politikwissenschaftler)<\/span><\/p>\n<p><span style=\"font-size: 12pt; font-family: arial, helvetica, sans-serif;\">Nuran Marasli (Journalistin)<\/span><\/p>\n<p><span style=\"font-size: 12pt; font-family: arial, helvetica, sans-serif;\">Elena Marburg (Integrationsbeauftragte Marzahn-Hellerdorf)<\/span><\/p>\n<p><span style=\"font-size: 12pt; font-family: arial, helvetica, sans-serif;\">Thuy Nonnemann (H\u00e4rtefallkommission, MRBB-Migrationsrat Berlin-Brandenburg e. V.)<\/span><\/p>\n<p><span style=\"font-size: 12pt; font-family: arial, helvetica, sans-serif;\">Stefanie Nordt (KomBi &#8211; Kommunikation und Bildung e. V.)<\/span><\/p>\n<p><span style=\"font-size: 12pt; font-family: arial, helvetica, sans-serif;\"><em>Stefan Nowack (Projektleiter Arbeit &amp; Bildung e. V.)<\/em><\/span><\/p>\n<p><span style=\"font-size: 12pt; font-family: arial, helvetica, sans-serif;\"><em>Hamid Nowzari<\/em>\u00a0(Gesch\u00e4ftsf\u00fchrer des Vereins Iranischer Fl\u00fcchtlinge in Berlin e. V.)<\/span><\/p>\n<p><span style=\"font-size: 12pt; font-family: arial, helvetica, sans-serif;\"><em>Ibrahim<\/em>\u00a0Okuduci (Kurdisches Zentrum e. V.)<\/span><\/p>\n<p><span style=\"font-size: 12pt; font-family: arial, helvetica, sans-serif;\">Alp Otman (Lehrbeauftragter Alice-Salomon-Hochschule Berlin)<\/span><\/p>\n<p><span style=\"font-size: 12pt; font-family: arial, helvetica, sans-serif;\">H\u00fcsn\u00fc \u00d6zkanli(Vorsitzender T\u00fcrkisch-Deutsche Unternehmervereinigung Berlin-Brandenburg e.V. &#8211; TDU)<\/span><\/p>\n<p><span style=\"font-size: 12pt; font-family: arial, helvetica, sans-serif;\">Donato Pl\u00f6gert (Entertainer)<\/span><\/p>\n<p><span style=\"font-size: 12pt; font-family: arial, helvetica, sans-serif;\">Max Pl\u00f6gert<\/span><\/p>\n<p><span style=\"font-size: 12pt; font-family: arial, helvetica, sans-serif;\">Cornelia Reinauer (B\u00fcrgermeisterin Friedrichshain-Kreuzberg a.D.)<\/span><\/p>\n<p><span style=\"font-size: 12pt; font-family: arial, helvetica, sans-serif;\">Erika Ritter (Landesfachbereichsleiterin Handel ver.di Berlin-Brandenburg)<\/span><\/p>\n<p><span style=\"font-size: 12pt; font-family: arial, helvetica, sans-serif;\"><em>Mitra Sadatgousheh (LesMigraS, Lesbenberatung Berlin e. V.)<\/em><\/span><\/p>\n<p><span style=\"font-size: 12pt; font-family: arial, helvetica, sans-serif;\">Arash Sarkohi (Verein iranischer Fl\u00fcchtlinge e.V.)<\/span><\/p>\n<p><span style=\"font-size: 12pt; font-family: arial, helvetica, sans-serif;\"><em>Selcuk Sazak<\/em>\u00a0(<em>T\u00fcrkische Filmwoche Berlin)<\/em><\/span><\/p>\n<p><span style=\"font-size: 12pt; font-family: arial, helvetica, sans-serif;\">Bosiljka Schedlich (Gesch\u00e4ftsf\u00fchrerin s\u00fcdost Europa Kultur e.V.)<\/span><\/p>\n<p><span style=\"font-size: 12pt; font-family: arial, helvetica, sans-serif;\">Eberhard Schultz (Menschenrechtsanwalt)<\/span><\/p>\n<p><span style=\"font-size: 12pt; font-family: arial, helvetica, sans-serif;\">Franziska Schwarzer (Verband f\u00fcr interkulturelle Arbeit Berlin\/Brandenburg e. V.)<\/span><\/p>\n<p><span style=\"font-size: 12pt; font-family: arial, helvetica, sans-serif;\">Nguyen\u00a0<em>Son Thach<\/em>\u00a0(Vereinigung der Vietnamesen in Berlin-Brandenburg)<\/span><\/p>\n<p><span style=\"font-size: 12pt; font-family: arial, helvetica, sans-serif;\"><em>Nihat Sorgec<\/em>\u00a0(Gesch\u00e4ftsf\u00fchrer des Bildungswerks in Kreuzberg &#8211;<em>BWK<\/em>)<\/span><\/p>\n<p><span style=\"font-size: 12pt; font-family: arial, helvetica, sans-serif;\">J\u00f6rg Steinert (Gesch\u00e4ftsf\u00fchrer Lesben- und Schwulenverband Berlin-Brandenburg e. V.)<\/span><\/p>\n<p><span style=\"font-size: 12pt; font-family: arial, helvetica, sans-serif;\">Umed Suhr (Awadani e. V. &#8211; Kurdisches Forum in Deutschland)<\/span><\/p>\n<p><span style=\"font-size: 12pt; font-family: arial, helvetica, sans-serif;\">Azize Tank (Integrationsbeauftragte Charlottenburg-Wilmersdorf)<\/span><\/p>\n<p><span style=\"font-size: 12pt; font-family: arial, helvetica, sans-serif;\">Gabriele G\u00fcn Tank (Integrationsbeauftragte Tempelhof-Sch\u00f6neberg, Migrationsausschuss IG Metall Berlin-Brandenburg-Sachsen)<\/span><\/p>\n<p><span style=\"font-size: 12pt; font-family: arial, helvetica, sans-serif;\">Roland Tremper (stellv. Landesbezirksleiter ver.di Berlin-Brandenburg)<\/span><\/p>\n<p><span style=\"font-size: 12pt; font-family: arial, helvetica, sans-serif;\">Hilmi Kaya Turan (stellv. Vorsitzender T\u00fcrkische Gemeinde in Deutschland)<\/span><\/p>\n<p><span style=\"font-size: 12pt; font-family: arial, helvetica, sans-serif;\"><em>T\u00fclay Usta<\/em>\u00a0(<em>TEVBB<\/em>\u00a0&#8211; T\u00fcrkischer Elternverein in Berlin-Brandenburg e.V.)<\/span><\/p>\n<p><span style=\"font-size: 12pt; font-family: arial, helvetica, sans-serif;\">Peter Wagenknecht<\/span><\/p>\n<p><span style=\"font-size: 12pt; font-family: arial, helvetica, sans-serif;\">Dr. Wolfgang Vortkamp<\/span><\/p>\n<p><span style=\"font-size: 12pt; font-family: arial, helvetica, sans-serif;\">Karin W\u00fcsten (Integrationsbeauftragte Bezirksamt Pankow)<\/span><\/p>\n<p><span style=\"font-size: 12pt; font-family: arial, helvetica, sans-serif;\">Nuran Yigit (Sprecherin Migrationsrat Berlin-Brandenburg e. V.)<\/span><\/p>\n<p><span style=\"font-size: 12pt; font-family: arial, helvetica, sans-serif;\">M\u00fcrt\u00fcz Yolcu (Schauspieler)<\/span><\/p>\n<p><span style=\"font-size: 12pt; font-family: arial, helvetica, sans-serif;\">Ulrika Zabel<\/span><\/p>\n<p><span style=\"font-size: 12pt; font-family: arial, helvetica, sans-serif;\">Prof. Bodo Zeuner (Politikwissenschaftler)<\/span><\/p>\n<p style=\"text-align: center;\"><span style=\"font-size: 12pt; font-family: arial, helvetica, sans-serif;\"><strong>________________________________________________<\/strong><\/span><\/p>\n<p style=\"text-align: center;\"><span style=\"font-size: 12pt; font-family: arial, helvetica, sans-serif;\"><strong>Aufruf<\/strong><\/span><\/p>\n<h1 style=\"text-align: center;\"><span style=\"font-size: 12pt; font-family: arial, helvetica, sans-serif;\">Zum internationalen Tag gegen die Todesstrafe<\/span><\/h1>\n<p style=\"text-align: center;\"><span style=\"font-size: 12pt; font-family: arial, helvetica, sans-serif;\"><strong>Protest\u00a0<\/strong><strong>gegen die Todesstrafe<\/strong><strong>\u00a0<\/strong><strong>in der Islamischen Republik Iran am 9.Okt.2010!<\/strong><\/span><\/p>\n<p style=\"text-align: center;\"><span style=\"font-size: 12pt; font-family: arial, helvetica, sans-serif;\"><strong>F\u00fcr die Abschaffung der Todesstrafe weltweit!<\/strong><\/span><\/p>\n<p><span style=\"font-size: 12pt; font-family: arial, helvetica, sans-serif;\">An die wachsame und freiheitsliebende Gesellschaft und Welt\u00f6ffentlichkeit!<\/span><\/p>\n<p><span style=\"font-size: 12pt; font-family: arial, helvetica, sans-serif;\">Anl\u00e4sslich des Internationalen Tages gegen die Todesstrafe, dem 10. Oktober, protestieren wir gegen die zunehmenden Hinrichtungen im Iran.<\/span><\/p>\n<p><span style=\"font-size: 12pt; font-family: arial, helvetica, sans-serif;\">Die Islamische Republik steht in der Statistik f\u00fcr die umgesetzten Todesurteile im Jahr 2009 an zweiter Stelle weltweit. Laut Amnesty International sind im letzten Jahr im Iran 388 Personen hingerichtet worden. Die Zahl der Hinrichtungen ist h\u00f6her als offiziell angegeben. Allein ein drittel der Hingerichteten sind vor und nach der Massenproteste gegen das Regime vollzogen worden. Iran schreckt auch nicht davor zur\u00fcck, Minderj\u00e4hrige, die vor dem 18. Lebensjahr eine Strafe begangen haben, hinzurichten. 130 Jugendliche, die zur Tatzeit minderj\u00e4hrig waren, sind zum Tode verurteilt.<\/span><\/p>\n<p><span style=\"font-size: 12pt; font-family: arial, helvetica, sans-serif;\">Sieben politische Gefangenen wurden trotz der internationalen Proteste in diesem Jahres hingerichtet.<\/span><\/p>\n<p><span style=\"font-size: 12pt; font-family: arial, helvetica, sans-serif;\">Mehrere Dutzend politischer Gefangenen sind zum Tode verurteilt\u00a0 worden.<\/span><\/p>\n<p><span style=\"font-size: 12pt; font-family: arial, helvetica, sans-serif;\">Sakineh Mohammadi Ashtiani und 14 Personen, die zum Tode durch Steinigung verurteilt sind, sitzen in Gef\u00e4ngnissen.<\/span><\/p>\n<p><span style=\"font-size: 12pt; font-family: arial, helvetica, sans-serif;\">Hunderte Hinrichtung der Afghanische Mitb\u00fcrger im Iran<\/span><\/p>\n<p><span style=\"font-size: 12pt; font-family: arial, helvetica, sans-serif;\">Wir werden weder schweigen noch tatenlos zusehen! Lasst uns gemeinsam gegen die Hinrichtungen, Steinigungen und Repressalien gegen die Menschen im Iran protestieren. Wir wollen es verhindern, dass die systematischen Menschenrechtsverletzungen im Iran im Windschatten des Atomkonfliktes in Vergessenheit geraten.<\/span><\/p>\n<p><span style=\"font-size: 12pt; font-family: arial, helvetica, sans-serif;\">Freiheit f\u00fcr alle politischen Gefangenen,<\/span><\/p>\n<p><span style=\"font-size: 12pt; font-family: arial, helvetica, sans-serif;\">Abschaffung der Todesstrafe, Steinigung und Verbot der Folter!<\/span><\/p>\n<p><span style=\"font-size: 12pt; font-family: arial, helvetica, sans-serif;\">Nein zur Islamischen Republik Iran!<\/span><\/p>\n<p><span style=\"font-size: 12pt; font-family: arial, helvetica, sans-serif;\">Ort:Breitscheidplatz<\/span><\/p>\n<p><span style=\"font-size: 12pt; font-family: arial, helvetica, sans-serif;\">Zeit: Samstag, 9. Oktober 2010, 15.00 -17.00 Uhr,<\/span><\/p>\n<p><span style=\"font-size: 12pt; font-family: arial, helvetica, sans-serif;\">Veranstalter:<\/span><\/p>\n<p><span style=\"font-size: 12pt; font-family: arial, helvetica, sans-serif;\">Komitee zur Unterst\u00fctzung der Pol. Gefangenen im Iran-Berlin e.V. (\u00a0<a href=\"mailto:kupg_iran@yahoo.de\">kupg_iran@yahoo.de<\/a>)\u00a00049-(0)179-23 68 157<\/span><\/p>\n<p><span style=\"font-size: 12pt; font-family: arial, helvetica, sans-serif;\">Verein Iranischer Fl\u00fcchtlinge in Berlin e.V. (<a href=\"mailto:Vereiniranischerfluechtlinge@gmx.de\">Vereiniranischerfluechtlinge@gmx.de<\/a>), www.iprberlin.com<\/span><\/p>\n<p><span style=\"font-size: 12pt; font-family: arial, helvetica, sans-serif;\">0049-(0)172-1647761<\/span><\/p>\n<p><span style=\"font-size: 12pt; font-family: arial, helvetica, sans-serif;\">Unters\u00fctzer: Color of Democratic Election e.V.(Code)<\/span><\/p>\n<p style=\"text-align: center;\"><span style=\"font-size: 12pt; font-family: arial, helvetica, sans-serif;\"><strong>________________________________________________<\/strong><\/span><\/p>\n<p style=\"text-align: center;\"><span style=\"font-size: 12pt; font-family: arial, helvetica, sans-serif;\"><strong><em>\u00a0<\/em>Gedenkveranstaltung, Solidarit\u00e4tsabend mit politischen Gefangenen im Iran (11. Sep. 2010, Werkstatt der Kulturen in Berlin)<\/strong><\/span><\/p>\n<p><span style=\"font-size: 12pt; font-family: arial, helvetica, sans-serif;\">Fl\u00fcchtlingsrat Berlin e.V.<\/span><\/p>\n<p><span style=\"font-size: 12pt; font-family: arial, helvetica, sans-serif;\">Georgenkirchstra\u00dfe 69\/70, 10249 Berlin<\/span><\/p>\n<p><span style=\"font-size: 12pt; font-family: arial, helvetica, sans-serif;\">Tel.: 030\/ 24344-5762,\u00a0<b><a href=\"mailto:buero@fl%C3%BCchtlingsrat-berlin.de\">buero@fl\u00fcchtlingsrat-berlin.de<\/a><\/b><\/span><\/p>\n<p><span style=\"font-size: 12pt; font-family: arial, helvetica, sans-serif;\">Save me! &#8211; Gruppe Berlin,\u00a0<b><a href=\"http:\/\/www.save-me-berlin.de\/\">www.save-me-berlin.de<\/a><\/b><\/span><\/p>\n<p><img loading=\"lazy\" decoding=\"async\" class=\"aligncenter size-full wp-image-107\" src=\"https:\/\/iprberlin.com\/de\/wp-content\/uploads\/2014\/06\/save-me.jpg\" alt=\"save-me\" width=\"276\" height=\"139\" srcset=\"https:\/\/iprberlin.com\/de\/wp-content\/uploads\/2014\/06\/save-me.jpg 276w, https:\/\/iprberlin.com\/de\/wp-content\/uploads\/2014\/06\/save-me-109x55.jpg 109w\" sizes=\"auto, (max-width: 276px) 100vw, 276px\" \/><\/p>\n<p><span style=\"font-size: 12pt; font-family: arial, helvetica, sans-serif;\">Verein iranischer Fl\u00fcchtlinge in Berlin e.V.<\/span><\/p>\n<p><span style=\"font-size: 12pt; font-family: arial, helvetica, sans-serif;\">Reuterstr. 52, 12047 Berlin<\/span><\/p>\n<p><span style=\"font-family: arial, helvetica, sans-serif; font-size: 12pt;\">Tel. : 030\/ 6298 1530,\u00a0<a href=\"http:\/\/www.iprberlin.com\/\">www.iprberlin.com<\/a><\/span><\/p>\n<p style=\"text-align: center;\">_____________________________________________________________<\/p>\n<h5><\/h5>\n<h1 style=\"text-align: center;\"><span style=\"font-size: 12pt; font-family: arial, helvetica, sans-serif;\">Einladung zur Informationsveranstaltung<\/span><\/h1>\n<p style=\"text-align: center;\"><span style=\"font-size: 12pt; font-family: arial, helvetica, sans-serif;\"><strong>&#8222;Fl\u00fcchtlingsschutz oder Abwehr? &#8211; Zur Situation von Fl\u00fcchtlingen an den Grenzen Europas (T\u00fcrkei)&#8220;<\/strong><\/span><\/p>\n<p><span style=\"font-size: 12pt; font-family: arial, helvetica, sans-serif;\">am:<\/span><\/p>\n<p><span style=\"font-size: 12pt; font-family: arial, helvetica, sans-serif;\">\u2192 30. September 2010 von 19.00 &#8211; 21.00 Uhr\u00a0<\/span><\/p>\n<p><span style=\"font-size: 12pt; font-family: arial, helvetica, sans-serif;\">\u2192 im Haus der Demokratie und Menschenrechte, Greifswalder Stra\u00dfe 4, 10405 Berlin-Friedrichshain, Robert &#8211; Havemann &#8211; Saal<\/span><\/p>\n<p><span style=\"font-size: 12pt; font-family: arial, helvetica, sans-serif;\">Auf der Veranstaltung werden sprechen:<\/span><\/p>\n<p><span style=\"font-size: 12pt; font-family: arial, helvetica, sans-serif;\">Monika Bergen, Fl\u00fcchtlingsrat Berlin<\/span><\/p>\n<p><span style=\"font-size: 12pt; font-family: arial, helvetica, sans-serif;\">Peter Marhofer, Senatsverwaltung f\u00fcr Inneres und Sport<\/span><\/p>\n<p><span style=\"font-size: 12pt; font-family: arial, helvetica, sans-serif;\">Hamid Nowzari, Verein Iranischer Fl\u00fcchtlinge<\/span><\/p>\n<p><span style=\"font-size: 12pt; font-family: arial, helvetica, sans-serif;\">Norbert Trosien, UNHCR Berlin<\/span><\/p>\n<p><span style=\"font-size: 12pt; font-family: arial, helvetica, sans-serif;\">Charlotte Annigh\u00f6fer, Berliner \u201eSave &#8211; me &#8211; Kampagne&#8220;<\/span><\/p>\n<p><span style=\"font-size: 12pt; font-family: arial, helvetica, sans-serif;\">Aus Anlass des Tages des Fl\u00fcchtlings am 01. Oktober 2010 laden die Veranstalter zur Diskussion \u00fcber die M\u00f6glichkeiten und Perspektiven einer regelm\u00e4\u00dfigen Aufnahme von Fl\u00fcchtlingen durch die Bundesrepublik ein. Im Fr\u00fchjahr dieses Jahres kamen die letzten irakischen Fl\u00fcchtlinge in Deutschland an. Damit wurde die Aufnahme von 2.501 irakischen Fl\u00fcchtlingen aus Syrien und Jordanien, die vor einem Jahr begonnen hatte, abgeschlossen.<\/span><\/p>\n<p><span style=\"font-size: 12pt; font-family: arial, helvetica, sans-serif;\">Die Bilanz des Aufnahmeverfahrens der irakischen Fl\u00fcchtlinge, die M\u00f6glichkeiten ihrer Unterst\u00fctzung aber auch die politischen Chancen f\u00fcr weitere Aufnahmeprogramme von Fl\u00fcchtlingen &#8211; insbesondere von Fl\u00fcchtlingen aus der T\u00fcrkei &#8211; werden daher im Mittelpunkt der geplanten Veranstaltung stehen. Die Grundlage f\u00fcr die Diskussion wird neben Bewertung des Aufnahmeverfahrens der irakischen Fl\u00fcchtlinge ein Bericht zur Lebenssituation von Fl\u00fcchtlingen in der T\u00fcrkei sein. Hierbei wird es prim\u00e4r um afghanische und iranische Geflohene gehen, wobei andere Gruppen, beispielsweise Sudanesen, aber nicht aus dem Fokus geraten sollen. Au\u00dferdem wird die Lage an der Grenze zu Griechenland &#8211; dem \u201eT\u00fcrsteher&#8220; der EU &#8211; thematisiert werden. In Berlin lebende Fl\u00fcchtlinge, die \u00fcber die Fluchtroute T\u00fcrkei\/ Griechenland nach Berlin kamen, werden zu Wort kommen.<\/span><\/p>\n<p><span style=\"font-size: 12pt; font-family: arial, helvetica, sans-serif;\">Ziel der Veranstaltung wird es sein, die \u00d6ffentlichkeit f\u00fcr die Lebensumst\u00e4nde der Fl\u00fcchtlinge an den Grenzen Europas zu sensibilisieren und auf Berliner Ebene Handlungsm\u00f6glichkeiten f\u00fcr die weitere Aufnahme von Fl\u00fcchtlingen sowie f\u00fcr einen Abschiebestopp nach Griechenland zu erschlie\u00dfen.<\/span><\/p>\n<p style=\"text-align: center;\"><span style=\"font-size: 12pt; font-family: arial, helvetica, sans-serif;\"><strong>________________________________________________<\/strong><\/span><\/p>\n<p style=\"text-align: center;\"><span style=\"font-size: 12pt; font-family: arial, helvetica, sans-serif;\"><strong><em>Gedenkveranstaltung<\/em><\/strong><\/span><\/p>\n<p style=\"text-align: center;\"><span style=\"font-size: 12pt; font-family: arial, helvetica, sans-serif;\"><strong><em>Solidarit\u00e4tsabend mit politischen Gefangenen im Iran<\/em><\/strong><\/span><\/p>\n<p><span style=\"font-size: 12pt; font-family: arial, helvetica, sans-serif;\">\u00a0<\/span><\/p>\n<p><span style=\"font-size: 12pt; font-family: arial, helvetica, sans-serif;\">22 Jahre nach<\/span><\/p>\n<p><span style=\"font-size: 12pt; font-family: arial, helvetica, sans-serif;\">Hinrichtungswellen in iranischen Gef\u00e4ngnissen (Sommer 1988)<\/span><\/p>\n<p><span style=\"font-size: 12pt; font-family: arial, helvetica, sans-serif;\">18 Jahre nach Mykonosattentat<\/span><\/p>\n<p><span style=\"font-size: 12pt; font-family: arial, helvetica, sans-serif;\">(Berlin, Sep.1992)<\/span><\/p>\n<p><span style=\"font-size: 12pt; font-family: arial, helvetica, sans-serif;\">F\u00fcr Unterst\u00fctzung der demokratischen Bewegung im Iran<\/span><\/p>\n<p><span style=\"font-size: 12pt; font-family: arial, helvetica, sans-serif;\">Gegen Todesstrafe und Folter<\/span><\/p>\n<p><em><span style=\"font-size: 12pt; font-family: arial, helvetica, sans-serif;\">Programm:<\/span><\/em><\/p>\n<p><span style=\"font-size: 12pt; font-family: arial, helvetica, sans-serif;\">&#8211; Er\u00f6ffnungsrede:<\/span><\/p>\n<p><span style=\"font-size: 12pt; font-family: arial, helvetica, sans-serif;\">Barbara Lochbihler<\/span><\/p>\n<p><span style=\"font-size: 12pt; font-family: arial, helvetica, sans-serif;\">Europaparlament, Sprecherin der Irangruppe)<\/span><\/p>\n<p><span style=\"font-size: 12pt; font-family: arial, helvetica, sans-serif;\">Europ\u00e4ische Iranpolitik und die Rolle der Menschenrechte<\/span><\/p>\n<p><span style=\"font-size: 12pt; font-family: arial, helvetica, sans-serif;\">&#8211; Mehdi Aslani<\/span><\/p>\n<p><span style=\"font-size: 12pt; font-family: arial, helvetica, sans-serif;\">(ehe. politischer Gefangene)<\/span><\/p>\n<p><span style=\"font-size: 12pt; font-family: arial, helvetica, sans-serif;\">Massenhinrichtungen in 80er Jahren und Heute<\/span><\/p>\n<p><span style=\"font-size: 12pt; font-family: arial, helvetica, sans-serif;\">&#8211;\u00a0Sepehr Masakeni,<strong>\u00a0<\/strong>(Aktivist in Teheraner Universit\u00e4t)<\/span><\/p>\n<p><span style=\"font-size: 12pt; font-family: arial, helvetica, sans-serif;\">Zwischen Vergangenheit und Zukunft<\/span><\/p>\n<p><span style=\"font-size: 12pt; font-family: arial, helvetica, sans-serif;\">&#8211;\u00a0G\u00e4ste des Abends:<\/span><\/p>\n<p><span style=\"font-size: 12pt; font-family: arial, helvetica, sans-serif;\">Ensemble Setarnawazan<\/span><\/p>\n<p><span style=\"font-size: 12pt; font-family: arial, helvetica, sans-serif;\">M. Ramezani und G. Jahangiri<\/span><\/p>\n<p><span style=\"font-size: 12pt; font-family: arial, helvetica, sans-serif;\">Zeit:\u00a0Sa. 11. Sep. 2010, 19.00 Uhr<\/span><\/p>\n<p><span style=\"font-size: 12pt; font-family: arial, helvetica, sans-serif;\">Ort: Werkstatt der Kulturen,\u00a0Wissmannstr. 32<\/span><\/p>\n<p><span style=\"font-size: 12pt; font-family: arial, helvetica, sans-serif;\">( U- Hermannplatz )<\/span><\/p>\n<h1><span style=\"font-size: 12pt; font-family: arial, helvetica, sans-serif;\"><strong><strong><a href=\"http:\/\/iprberlin.com\/pdf\/Gedenkveranstaltung-11Sep2010.pdf\" target=\"_blank\"><em><em>weiterlesen&#8230;. (als PDF)<\/em><\/em><\/a><\/strong><\/strong><\/span><\/h1>\n<p><span style=\"font-family: arial, helvetica, sans-serif; font-size: 12pt;\">Verein iranischer Fl\u00fcchtlinge in Berlin e.V.<\/span><\/p>\n<p><span style=\"font-size: 12pt; font-family: arial, helvetica, sans-serif;\">Reuterstr. 52, 12047 Berlin<\/span><\/p>\n<p><span style=\"font-size: 12pt; font-family: arial, helvetica, sans-serif;\">Tel. : 0172-1647761,E-Mail:<\/span>\u00a0<a href=\"mailto:Vereiniranischerfluechtlinge@gmx.de\">Vereiniranischerfluechtlinge@gmx.de<\/a><\/p>\n<p><span style=\"font-size: 12pt; font-family: arial, helvetica, sans-serif;\">Komitee zur Unterst\u00fctzung der politischen Gefangenen im Iran-Berlin e.V.<\/span><\/p>\n<p><span style=\"font-size: 12pt; font-family: arial, helvetica, sans-serif;\">Greifswalder Str. 4, D-10405 Berlin<\/span><\/p>\n<p><span style=\"font-size: 12pt; font-family: arial, helvetica, sans-serif;\">Tel. : +4930-42023399<strong>\/<\/strong>Fax: +4930-41936868,<\/span><\/p>\n<p><span style=\"font-size: 12pt; font-family: arial, helvetica, sans-serif;\"> E-Mail:<b><a href=\"mailto:kupg_iran@yahoo.de\">kupg_iran@yahoo.de<\/a><\/b><\/span><\/p>\n<p><span style=\"font-size: 12pt; font-family: arial, helvetica, sans-serif;\">\u00a0<\/span><\/p>\n<p style=\"text-align: center;\"><span style=\"font-size: 12pt; font-family: arial, helvetica, sans-serif;\">\u00a0_________________________________________________________<\/span><\/p>\n<p><span style=\"font-size: 12pt; font-family: arial, helvetica, sans-serif;\">\u00a0<\/span><\/p>\n<p style=\"text-align: center;\"><span style=\"font-size: 12pt; font-family: arial, helvetica, sans-serif;\"><strong>Fl\u00fcchtlinge in Griechenland: Gestrandet, entrechtet und ohne Schutz!<\/strong><\/span><\/p>\n<p style=\"text-align: center;\"><span style=\"font-size: 12pt; font-family: arial, helvetica, sans-serif;\"><strong>Presseerkl\u00e4rung zur Kundgebung am Di. 24.08.2010, 16.00 Uhr vor der Vertretung Griechenlands\u00a0 in Berlin<\/strong><\/span><\/p>\n<p style=\"text-align: left;\"><em><span style=\"font-size: 12pt; font-family: arial, helvetica, sans-serif;\">Wittenbergplatz 3a<\/span><\/em><\/p>\n<p><span style=\"font-size: 12pt; font-family: arial, helvetica, sans-serif;\">Griechenland ist f\u00fcr Tausende schutzsuchender Menschen zum Tor nach Europa geworden. Auf der Flucht vor Krieg und Verfolgung kommen vor allem Fl\u00fcchtlinge aus Afghanistan, Iran und Somalia.<\/span><\/p>\n<p><span style=\"font-size: 12pt; font-family: arial, helvetica, sans-serif;\">Die griechischen Beh\u00f6rden sind offensichtlich \u00fcberfordert:<\/span><\/p>\n<p><span style=\"font-size: 12pt; font-family: arial, helvetica, sans-serif;\">Die Zust\u00e4nde sind unhaltbar. Asylantr\u00e4ge werden nicht bearbeitet, Tausende Fl\u00fcchtlinge und Migranten leben auf der Stra\u00dfe oder hausen mittellos in notd\u00fcrftigen Unterk\u00fcnften und ziehen als Binnenfl\u00fcchtlinge durchs Land, wo sie vor einer wachsenden Zahl rassistischer \u00dcbergriffe nicht sicher sind.<\/span><\/p>\n<p><em><span style=\"font-size: 12pt; font-family: arial, helvetica, sans-serif;\">Um auf diese katastrophale Situation aufmerksam zu machen, befindet sich\u00a0 eine Gruppe iranischer Fl\u00fcchtlinge seit Wochen vor der UNHCR- Vertretung in Athen im Hungerstreik.<\/span><\/em><\/p>\n<p><img loading=\"lazy\" decoding=\"async\" class=\"aligncenter size-full wp-image-108\" src=\"https:\/\/iprberlin.com\/de\/wp-content\/uploads\/2014\/06\/younan-panahandegan-1.jpg\" alt=\"younan-panahandegan (1)\" width=\"480\" height=\"174\" srcset=\"https:\/\/iprberlin.com\/de\/wp-content\/uploads\/2014\/06\/younan-panahandegan-1.jpg 480w, https:\/\/iprberlin.com\/de\/wp-content\/uploads\/2014\/06\/younan-panahandegan-1-300x108.jpg 300w, https:\/\/iprberlin.com\/de\/wp-content\/uploads\/2014\/06\/younan-panahandegan-1-151x55.jpg 151w\" sizes=\"auto, (max-width: 480px) 100vw, 480px\" \/><\/p>\n<p><span style=\"font-size: 12pt; font-family: arial, helvetica, sans-serif;\">Als Protest gegen diese unmenschliche Behandlung von Fl\u00fcchtlingen, und Solidarit\u00e4t mit den im Hungerstreik befindlichen Fl\u00fcchtlingen rufen wir zu einer Protestkundgebung auf.<\/span><\/p>\n<p><span style=\"font-size: 12pt; font-family: arial, helvetica, sans-serif;\">Wir fordern die griechische Regierung auf, ihre Fl\u00fcchtlingspolitik im Sinne einer humanen Politik grunds\u00e4tzlich zu \u00e4ndern. Griechenland als \u201eT\u00fcrsteher&#8220; der Europ\u00e4ischen Union darf sich nicht seiner Verantwortung f\u00fcr den Fl\u00fcchtlingsschutz und die Menschenrechte entziehen.<\/span><\/p>\n<p><span style=\"font-size: 12pt; font-family: arial, helvetica, sans-serif;\">Aber auch die Europ\u00e4ische Union und die Bundesrepublik sind in der Verantwortung.<\/span><\/p>\n<p><span style=\"font-size: 12pt; font-family: arial, helvetica, sans-serif;\">Die Dublin II Vereinbarung, die die Zust\u00e4ndigkeit f\u00fcr Asylverfahren in der EU regelt, bedarf einer grunds\u00e4tzlichen Revision. Der \u201eVerschiebebahnhof&#8220; in der EU sollte geschlossen werden.<\/span><\/p>\n<p><span style=\"font-size: 12pt; font-family: arial, helvetica, sans-serif;\">Wir fordern die Bundesregierung und das Bundesamt f\u00fcr Migration und Fl\u00fcchtlinge auf, solange die Fl\u00fcchtlinge in Griechenland keinen Schutz erhalten k\u00f6nnen, auf Abschiebungen nach Griechenland zu verzichten.<\/span><\/p>\n<p><span style=\"font-size: 12pt; font-family: arial, helvetica, sans-serif;\">Mit Unterst\u00fctzung von:<\/span><\/p>\n<p><span style=\"font-size: 12pt; font-family: arial, helvetica, sans-serif;\">Fl\u00fcchtlingsrat Berlin<\/span><\/p>\n<p><span style=\"font-size: 12pt; font-family: arial, helvetica, sans-serif;\">CODE e.V.<\/span><\/p>\n<p style=\"text-align: center;\"><span style=\"font-size: 12pt; font-family: arial, helvetica, sans-serif;\"><strong>______________________________________________<\/strong><\/span><\/p>\n<p><span style=\"font-size: 12pt; font-family: arial, helvetica, sans-serif;\">\u00a0<a href=\"https:\/\/iprberlin.com\/de\/wp-content\/uploads\/2014\/06\/Sommerfest-2010.jpg\"><img loading=\"lazy\" decoding=\"async\" class=\"aligncenter size-full wp-image-109\" src=\"https:\/\/iprberlin.com\/de\/wp-content\/uploads\/2014\/06\/Sommerfest-2010.jpg\" alt=\"Sommerfest-2010\" width=\"480\" height=\"679\" srcset=\"https:\/\/iprberlin.com\/de\/wp-content\/uploads\/2014\/06\/Sommerfest-2010.jpg 480w, https:\/\/iprberlin.com\/de\/wp-content\/uploads\/2014\/06\/Sommerfest-2010-212x300.jpg 212w, https:\/\/iprberlin.com\/de\/wp-content\/uploads\/2014\/06\/Sommerfest-2010-38x55.jpg 38w\" sizes=\"auto, (max-width: 480px) 100vw, 480px\" \/><\/a><\/span><\/p>\n<p style=\"text-align: center;\"><span style=\"font-size: 12pt; font-family: arial, helvetica, sans-serif;\">_______________________________________________________________<\/span><\/p>\n<p style=\"text-align: center;\"><strong><span style=\"font-size: 12pt; font-family: arial, helvetica, sans-serif;\">Aufruf zur Kundgebung<\/span><\/strong><\/p>\n<p style=\"text-align: center;\"><strong><span style=\"font-size: 12pt; font-family: arial, helvetica, sans-serif;\">11 Jahre nach Studentenprotesten im Iran!<\/span><\/strong><\/p>\n<p><span style=\"font-size: 12pt; font-family: arial, helvetica, sans-serif;\">\u00a0<\/span><\/p>\n<p><span style=\"font-size: 12pt; font-family: arial, helvetica, sans-serif;\">F\u00fcr Unterst\u00fctzung demokratischer Bewegung im Iran<\/span><\/p>\n<p><span style=\"font-size: 12pt; font-family: arial, helvetica, sans-serif;\">F\u00fcr Freilassung inhaftierter StudentInnen\u00a0<\/span><\/p>\n<p><span style=\"font-size: 12pt; font-family: arial, helvetica, sans-serif;\">F\u00fcr Freilassung aller politischen Gfangenen, gegen die Todesstrafe<\/span><\/p>\n<p><span style=\"font-size: 12pt; font-family: arial, helvetica, sans-serif;\">F\u00fcr mehr Aufnahme iranischer Fl\u00fcchtlinge in Deutschland!<\/span><\/p>\n<p><span style=\"font-size: 12pt; font-family: arial, helvetica, sans-serif;\">Freitag 09.07.2010,ab 18.00 Uhr, vorm Bundestag<\/span><\/p>\n<p style=\"text-align: center;\"><span style=\"font-size: 12pt; font-family: arial, helvetica, sans-serif;\">_______________________________________________________________<\/span><\/p>\n<p style=\"text-align: center;\"><span style=\"font-size: 12pt; font-family: arial, helvetica, sans-serif;\"><strong>Ein Jahr nach Massendemonstrationen im Iran<\/strong><\/span><\/p>\n<p style=\"text-align: center;\"><strong><span style=\"font-size: 12pt; font-family: arial, helvetica, sans-serif;\">Aufruf zu Solidarit\u00e4tsdemonstration mit Demokratiebewegung im Iran!<\/span><br \/>\n<\/strong><\/p>\n<p><span style=\"font-size: 12pt; font-family: arial, helvetica, sans-serif;\">Gleichzeitig mit iranischer Opposition im Lande und mehr als 70 St\u00e4dten weltweit werden in Berlin mehrere iranischen Gruppierungen f\u00fcr Unterst\u00fctzung\u00a0der Demokratiebewegung, f\u00fcr die Freiheit aller politischer Gefangenen, Abschaffung von Todesstrafen, Gleichstellung von Mann und Frau, Meinungs- Rede- und Versammlungsfreiheit, Abschaffung der Zwangsverschleierung und Trennung von Staat und Religion im Iran\u00a0demonstrieren.<\/span><\/p>\n<p><span style=\"font-size: 12pt; font-family: arial, helvetica, sans-serif;\">Samstag 12.06.2010, 17.00 Uhr, Adenauerplatz<\/span><\/p>\n<p style=\"text-align: center;\"><span style=\"font-size: 12pt; font-family: arial, helvetica, sans-serif;\">_______________________________________________________________<\/span><\/p>\n<p style=\"text-align: center;\"><span style=\"font-size: 12pt; font-family: arial, helvetica, sans-serif;\"><strong>Aufruf zur Demo 16. Mai um 13:00 Uhr in Berlin!<\/strong><\/span><\/p>\n<p style=\"text-align: center;\"><span style=\"font-size: 12pt; font-family: arial, helvetica, sans-serif;\"><strong>\u00a0<img loading=\"lazy\" decoding=\"async\" class=\"aligncenter size-full wp-image-110\" src=\"https:\/\/iprberlin.com\/de\/wp-content\/uploads\/2014\/06\/aktion-edame-kordha.jpg\" alt=\"aktion-edame-kordha\" width=\"359\" height=\"83\" srcset=\"https:\/\/iprberlin.com\/de\/wp-content\/uploads\/2014\/06\/aktion-edame-kordha.jpg 359w, https:\/\/iprberlin.com\/de\/wp-content\/uploads\/2014\/06\/aktion-edame-kordha-300x69.jpg 300w, https:\/\/iprberlin.com\/de\/wp-content\/uploads\/2014\/06\/aktion-edame-kordha-237x55.jpg 237w\" sizes=\"auto, (max-width: 359px) 100vw, 359px\" \/><\/strong><\/span><\/p>\n<p><span style=\"font-size: 12pt; font-family: arial, helvetica, sans-serif;\"><strong>Wir protestieren gemeinsam gegen die Hinrichtung von 5 iranischen Oppositionellen und gegen die drohenden Hinrichtungen der politischen Gefangenen landesweit im Iran!<\/strong><\/span><\/p>\n<p><span style=\"font-size: 12pt; font-family: arial, helvetica, sans-serif;\">Das iranische Regime hat am 10. Mai f\u00fcnf Freiheitsaktivsten Hingerichtet.<\/span><\/p>\n<p><span style=\"font-size: 12pt; font-family: arial, helvetica, sans-serif;\">F\u00fcnf Kurdische Gefangenen: Farzad Kamangar, Shirin Alam Hooli , Ali Heydarian, Farhad Vakili und Mahdi Eslamian wurden in einer Eil- und Nebelaktion geh\u00e4ngt, um durch Verbreitung vom Angst und Schrecken einer Ausweitung des berechtigten Kampfes des iranischen Bev\u00f6lkerung gegen die islamische Republik entgegen zu treten.<\/span><\/p>\n<p><span style=\"font-size: 12pt; font-family: arial, helvetica, sans-serif;\">Diese Verbrechen, die die Weiterf\u00fchrung von 31 Jahren Politik der Unterdr\u00fcckung, Folter, Steinigung und Massenhinrichtungen an Politischen Gefangenen in den 80.er Jahren ist, hat im Iran und weltweit viele Menschen aufgebracht, so dass das Regime aus Angst vor Protesten sich geweigert hat die Leichnamen der Hingerichteten an deren Familien zur\u00fcck zu geben.<\/span><\/p>\n<p><span style=\"font-size: 12pt; font-family: arial, helvetica, sans-serif;\">Wir wollen mit unserer Protestaktion unser Mitgef\u00fchl f\u00fcr die Hinterbliebenen der Hingerichteten Ausdruck verleihen und sie bei ihrer Bem\u00fchung f\u00fcr die Gerechtigkeit zu unterst\u00fctzen.<\/span><\/p>\n<p><span style=\"font-size: 12pt; font-family: arial, helvetica, sans-serif;\">Wir fordern einen sofortigen Stopp alle geplanten Hinrichtungen und Freilassung aller Politischen Gefangenen. Wir protestieren gegen die verh\u00e4ngten Todesurteile an die Afghanischen Staatsb\u00fcrger im Iran.<\/span><\/p>\n<p><span style=\"font-size: 12pt; font-family: arial, helvetica, sans-serif;\">Demoroute: von der U3- Podbielskiallee zur iranischen Botschaft, Podbielskiallee 67, Berlin- Dahlem,<\/span><\/p>\n<p><span style=\"font-size: 12pt; font-family: arial, helvetica, sans-serif;\">ZEIT: Sonntag, 16. Mai 2010, 13.00 Uhr<\/span><br \/>\n<span style=\"font-size: 12pt; font-family: arial, helvetica, sans-serif;\"><em>Veranstalter:<\/em><\/span><\/p>\n<p><span style=\"font-size: 12pt; font-family: arial, helvetica, sans-serif;\">Code e.V.<\/span><\/p>\n<p><span style=\"font-size: 12pt; font-family: arial, helvetica, sans-serif;\">Gesellschaft zur Unterst\u00fctzung der demokratischen Bewegung im Iran- Berlin<\/span><\/p>\n<p><span style=\"font-size: 12pt; font-family: arial, helvetica, sans-serif;\">Komitee zur Unterst\u00fctzung der politischen Gefangenen im Iran- Berlin e.V.<\/span><\/p>\n<p><span style=\"font-size: 12pt; font-family: arial, helvetica, sans-serif;\">Netzwerk junger Iraner in Berlin<\/span><\/p>\n<p><span style=\"font-size: 12pt; font-family: arial, helvetica, sans-serif;\">S\u00e4kulare IranerInnen f\u00fcr Freiheit und Demokratie<\/span><\/p>\n<p><span style=\"font-size: 12pt; font-family: arial, helvetica, sans-serif;\">Verein iranischer Fl\u00fcchtlinge in Berlin e.V.<\/span><\/p>\n<p style=\"text-align: center;\"><span style=\"font-size: 12pt; font-family: arial, helvetica, sans-serif;\">_______________________________________________________________<\/span><\/p>\n<p style=\"text-align: center;\"><span style=\"font-size: 12pt; font-family: arial, helvetica, sans-serif;\"><strong>Kein \u201ekritischer Dialog\u201c mit den Vertretern<\/strong><\/span><\/p>\n<p style=\"text-align: center;\"><span style=\"font-size: 12pt; font-family: arial, helvetica, sans-serif;\"><strong>der Islamischen Republik Iran!<\/strong><\/span><\/p>\n<p><span style=\"font-size: 12pt; font-family: arial, helvetica, sans-serif;\">Deutsche Atlantische Gesellschaft hat zu einer Veranstaltung am 5 Mai 2010 um 19:00 Uhr mit dem iranischen Botschafter und Omid Nouripour, dem sicherheitspolitischen Sprecher der Fraktion B\u00fcndnis 90\/Die Gr\u00fcnen und Vorstandmitglied der o. g. Gesellschaft im \u00f6ffentlich- rechtlichen ARD- Hauptstadtstudio eingeladen.<\/span><\/p>\n<p><span style=\"font-size: 12pt; font-family: arial, helvetica, sans-serif;\">Wir verurteilen auf sch\u00e4rfsten diese unw\u00fcrdige Veranstaltung.\u00a0Die islamische Republik Iran muss wegen den anhaltenden schweren Menschenrechtsverletzungen, zahlreichen Hinrichtungen und Erschie\u00dfungen, Folter, Diskriminierung von Frauen und Minderheiten, Unterdr\u00fcckung von Meinungs-, Presse- und Versammlungsfreiheit zur Rechenschaft gezogen werden.<\/span><\/p>\n<p><span style=\"font-size: 12pt; font-family: arial, helvetica, sans-serif;\">Der iranische Botschafter, Ali Reza Sheikh Attar, hat in den letzten Jahren unmisverst\u00e4ndnis und in wiederholten Stellungnahmen alle Verbrechen des iranischen Regimes gerechtfertigt. Er ist selbst f\u00fcr Verbrechens in iranischen Kurdestan in Jahr 1980 -1985 verantwortlich. Daher ist ihn als Vertreter eines Verbrecherregimes hoff\u00e4hig zu machen, ein falsches Signal in Richtung Demokratie, Menschenrechte und Sicherheit im Iran<\/span><\/p>\n<p><span style=\"font-size: 12pt; font-family: arial, helvetica, sans-serif;\"><strong>Bitte schlie\u00dfen Sie sich an unsere Protestaktion am 5. Mai um 18:00 vor dem\u00a0ARD- Hauptstadtstudio\u00a0<\/strong><strong>in Berlin.\u00a0<\/strong>Schreiben Sie Protesbrief an Veranstallter dieser Veranstaltung oder rufen Sie sie an. Wir sind der Meinung, dass nicht die islamische Republik Iran, sondern allein ein demokratischer und freier Iran in der Lage ist, die Sicherheit in der Region zu erm\u00f6glichen und sie zu garantieren.<\/span><\/p>\n<p><span style=\"font-size: 12pt; font-family: arial, helvetica, sans-serif;\">Bitte schreiben Sie Ihre Protestbriefe oder Mails an fogende Adressen:<\/span><\/p>\n<p><span style=\"font-size: 12pt; font-family: arial, helvetica, sans-serif;\">Deutschen Atlantische Gesellschaft e.V<\/span><br \/>\n<span style=\"font-size: 12pt; font-family: arial, helvetica, sans-serif;\">Dorotheenstra\u00dfe 84\u00a0<\/span><br \/>\n<span style=\"font-size: 12pt; font-family: arial, helvetica, sans-serif;\">10117 Berlin<\/span><\/p>\n<p><span style=\"font-size: 12pt; font-family: arial, helvetica, sans-serif;\">Telefon: 030 \/ 206 49 134 \/ -135\u00a0<\/span><br \/>\n<span style=\"font-size: 12pt; font-family: arial, helvetica, sans-serif;\">Telefax: 030 \/ 206 49 136<\/span><\/p>\n<p><span style=\"font-size: 12pt; font-family: arial, helvetica, sans-serif;\"><strong><a href=\"mailto:info@dtatlges.de\">info@dtatlges.de<\/a><\/strong>\u00a0<\/span><\/p>\n<p><span style=\"font-size: 12pt; font-family: arial, helvetica, sans-serif;\">*****************************<\/span><\/p>\n<p><span style=\"font-size: 12pt; font-family: arial, helvetica, sans-serif;\">ARD-Hauptstadtstudio<\/span><\/p>\n<p><span style=\"font-size: 12pt; font-family: arial, helvetica, sans-serif;\">Kommunikation EvaWoyte<\/span><br \/>\n<span style=\"font-size: 12pt; font-family: arial, helvetica, sans-serif;\">10117 Berlin<\/span><\/p>\n<p><span style=\"font-size: 12pt; font-family: arial, helvetica, sans-serif;\">Telefon: 030 \/ 22 88-11 01<\/span><br \/>\n<span style=\"font-size: 12pt; font-family: arial, helvetica, sans-serif;\">Fax: 030 \/ 22 88-11 09<\/span><\/p>\n<p><span style=\"font-size: 12pt; font-family: arial, helvetica, sans-serif;\"><strong><a href=\"mailto:pressestelle@ard.de\">pressestelle@ard.de<\/a><\/strong><\/span><\/p>\n<p><span style=\"font-size: 12pt; font-family: arial, helvetica, sans-serif;\"><strong><a href=\"mailto:kontakt@ard-hauptstadtstudio.de\">kontakt@ard-hauptstadtstudio.de<\/a><\/strong><\/span><\/p>\n<p><span style=\"font-size: 12pt; font-family: arial, helvetica, sans-serif;\"><strong><a href=\"mailto:chefredaktion@ard-hauptstadtstudio.de\">chefredaktion@ard-hauptstadtstudio.de<\/a><\/strong><\/span><\/p>\n<p style=\"text-align: center;\"><span style=\"font-size: 12pt; font-family: arial, helvetica, sans-serif;\">_______________________________________________________________<\/span><\/p>\n<p style=\"text-align: center;\"><span style=\"font-size: 12pt; font-family: arial, helvetica, sans-serif;\"><strong>Aufruf zur Demo.: Zum Jahrestag der Revolution Solidarit\u00e4t mit demokratischer Bewegung im Iran!<\/strong><\/span><\/p>\n<p><span style=\"font-size: 12pt; font-family: arial, helvetica, sans-serif;\">Merhrere iranische Oppositionsgruppen rufen als Solidarit\u00e4t mit demokratischer Bewegung im Iran, und Untest\u00fctzung ihrer\u00a0demokratischen Forderungen zu einer\u00a0Demo. auf.<\/span><\/p>\n<p><span style=\"font-size: 12pt; font-family: arial, helvetica, sans-serif;\">Donnerstag 11.02.2010, 18.00 Uhr<\/span><\/p>\n<p><span style=\"font-size: 12pt; font-family: arial, helvetica, sans-serif;\">Wilmersdorferstr.\/Kantstr. (U 7-Wilmersdorferstr.)<\/span><\/p>\n<p><span style=\"font-size: 12pt; font-family: arial, helvetica, sans-serif;\">Unsere Stimme gegen\u00a0die Verbrecher der Islamischen Republik Iran wird \u00fcberall laut sein.<\/span><\/p>\n<p style=\"text-align: center;\"><span style=\"font-size: 12pt; font-family: arial, helvetica, sans-serif;\">_______________________________________________________________<\/span><\/p>\n<p style=\"text-align: center;\"><span style=\"font-size: 12pt; font-family: arial, helvetica, sans-serif;\"><strong>Aufruf zur Protestaktion<\/strong><\/span><\/p>\n<p style=\"text-align: center;\"><span style=\"font-size: 12pt; font-family: arial, helvetica, sans-serif;\"><strong>\u201eNein zum Feiern des iranischen Verbrecherregimes \u00a0in Berlin!&#8220;<\/strong><\/span><\/p>\n<p style=\"text-align: center;\"><span style=\"font-size: 12pt; font-family: arial, helvetica, sans-serif;\"><strong>Schluss mit den Hinrichtungen im Iran!<\/strong><\/span><\/p>\n<p><span style=\"font-size: 12pt; font-family: arial, helvetica, sans-serif;\">Am 9. Februar 2010 will wieder die iranische Botschaft in Berlin die Machtergreifung des islamischen Regimes vor 31 Jahren im Hotel Maritim feiern.<\/span><\/p>\n<p><span style=\"font-size: 12pt; font-family: arial, helvetica, sans-serif;\">Seit 31 Jahren stehen permanente massive Menschenrechtsverletzungen auf der Tagesordnung der islamischen Republik Iran. Der Erhalt dieses Regimes basiert auf brutalen Verst\u00f6\u00dfen gegen die Menschenrechte und die Menschlichkeit. Dazu geh\u00f6ren Hinrichtungen, Steinigungen, Folter, Vergewaltigungen, sowie Repressionen im politischen, kulturellen und allt\u00e4glichen Leben der Menschen. Allein seit Ausbruch der massiven Proteste im Iran im Juni letzen Jahres sind mehr als 100 Menschen auf den offenen Stra\u00dfen get\u00f6tet, in den Gef\u00e4ngnissen zum Tode gefoltert und vergewaltigt. Vier politische Gefangenen wurden hingerichtet, und mehr als 63 politische Gefangenen sind als \u201eGottes Feinde&#8220; in akuter Hinrichtungsgefahr.<\/span><\/p>\n<p><span style=\"font-size: 12pt; font-family: arial, helvetica, sans-serif;\">Mehrere Tausend politische Gefangenen sind mittelalterlichen Foltermethoden ausgeliefert, um sie zu Gest\u00e4ndnisse zu zwingen. Ihnen werden tagt\u00e4glich Schauprozesse gemacht. Die Menschenrechtsverletzungen im Iran d\u00fcrfen nicht den wirtschaftlichen und diplomatischen Beziehungen geopfert oder im Zuge des Kampfes gegen die iranische Atompolitik in Vergessenheit zu geraten.<\/span><\/p>\n<p><span style=\"font-size: 12pt; font-family: arial, helvetica, sans-serif;\">Wir fordern die \u00d6ffentlichkeit auf, sich nicht nur dieser Veranstaltung, bei der die Entstehung eines menschenverachtenden Regimes gefeiert wird, fernzuhalten, sondern \u00f6ffentlich die katastrophale Menschenrechtslage im Iran zu verurteilen. Gemeinsam sind wir stark.<\/span><\/p>\n<p><span style=\"font-size: 12pt; font-family: arial, helvetica, sans-serif;\">31 Jahre permanente und massive Menschenrechtsverletzungen der Islamischen Republik Iran reicht:\u00a0Nein zu Islamischer Republik Iran.<\/span><\/p>\n<p><span style=\"font-size: 12pt; font-family: arial, helvetica, sans-serif;\">Freilassung aller politischen Gefangenen im Iran!<\/span><\/p>\n<p><span style=\"font-size: 12pt; font-family: arial, helvetica, sans-serif;\">Stoppt die Hinrichtungswelle im Iran!<\/span><\/p>\n<p><span style=\"font-size: 12pt; font-family: arial, helvetica, sans-serif;\">\u00a0<\/span><\/p>\n<p><span style=\"font-size: 12pt; font-family: arial, helvetica, sans-serif;\">Zeit und Ort:\u00a0Dienstag, 09. Februar 2010 um 17.00 Uhr,<\/span><\/p>\n<p><span style=\"font-size: 12pt; font-family: arial, helvetica, sans-serif;\">vor dem Hotel Maritim,<strong>\u00a0<\/strong>Stauffenbergstra\u00dfe 26, 10785 Berlin, Bus 200, Station: Michelangelo, in der N\u00e4he Philharmonie<\/span><\/p>\n<p style=\"text-align: center;\"><span style=\"font-size: 12pt; font-family: arial, helvetica, sans-serif;\">_______________________________________________________________<\/span><\/p>\n<p style=\"text-align: center;\"><span style=\"font-size: 12pt; font-family: arial, helvetica, sans-serif;\"><strong>Aufruf zur Protestaktion in Berlin!<\/strong><\/span><\/p>\n<p style=\"text-align: center;\"><span style=\"font-size: 12pt; font-family: arial, helvetica, sans-serif;\"><strong>Warnung: Stoppt den Wahnsinn der Hinrichtungen in den iranischen Gef\u00e4ngnissen!<\/strong><\/span><\/p>\n<p><span style=\"font-size: 12pt; font-family: arial, helvetica, sans-serif;\">Wir protestieren am 29. Januar um 15.00 Uhr gegen die Hinrichtung von zwei\u00a0 iranischen Oppositionellen, Mohammad Reza Zamani und Arash Rahmani, die als &#8222;Feinde Gottes (Mohareb)&#8220;\u00a0 am 28. Januar in einer Eil- und Nebelaktion im Teheran am Strang hingerichtet worden. Beide waren vor den massiven Protesten im Juni vergangenen Jahr festgenommen.<\/span><\/p>\n<p><span style=\"font-size: 12pt; font-family: arial, helvetica, sans-serif;\">Es sind gegen 9 weiteren Personen Todesurteil wegen der Teilnahme an den Demonstrationen erlassen worden, um die Proteste der Menschen gegen das Regime zu stoppen, und sie in einer Atmosph\u00e4re der Angst zu versetzen, und sie im Keim zu sticken. Allein in iranischem Kurdistan sind auch 21 Menschen zum Tode verurteilt worden.<\/span><\/p>\n<p><span style=\"font-size: 12pt; font-family: arial, helvetica, sans-serif;\">Wir sollen nicht zulassen, dass die Massenhinrichtungen wie im achtziger Jahren im Iran noch mal geschehen.\u00a0<\/span><\/p>\n<p><span style=\"font-size: 12pt; font-family: arial, helvetica, sans-serif;\">ORT: Vor der iranischen Botschaft, Podbielskiallee 67, Berlin- Dahlem, U3- Podbielskiallee<\/span><\/p>\n<p><span style=\"font-size: 12pt; font-family: arial, helvetica, sans-serif;\">ZEIT: Freitag, 29. Januar 2010, 15.00 Uhr<\/span><\/p>\n<p><span style=\"font-size: 12pt; font-family: arial, helvetica, sans-serif;\">Veranstalter: Verein iranischer Fl\u00fcchtlinge in Berlin (0172 1647761)<\/span><\/p>\n<p><span style=\"font-size: 12pt; font-family: arial, helvetica, sans-serif;\">Komitee zur Unterst\u00fctzung politischer Gefangenen im Iran-Berlin ( 01792368157)<\/span><\/p>\n<p style=\"text-align: center;\"><span style=\"font-size: 12pt; font-family: arial, helvetica, sans-serif;\">_______________________________________________________________<\/span><\/p>\n<p style=\"text-align: center;\"><span style=\"font-size: 12pt; font-family: arial, helvetica, sans-serif;\">L<strong>et\u00b4s do it! Weg mit der Residenzpflicht!<\/strong><\/span><br \/>\n<span style=\"font-size: 12pt; font-family: arial, helvetica, sans-serif;\">Bewegungsfreiheit ist ein Menschenrecht! In Deutschland jedoch gilt seit 1982 die &#8222;Residenzpflicht&#8220;. Fl\u00fcchtlinge d\u00fcrfen den ihnen zugewiesenen Landkreis ohne Erlaubnis nicht verlassen. Tun sie es doch, werden sie mit Bu\u00dfgeldern oder Gef\u00e4ngnisstrafen bis hin zu einem Jahr Knast bestraft. Tausende Fl\u00fcchtlinge sind davon betroffen, etwa 100 sind jedes Jahr im Gef\u00e4ngnis, nur weil sie von ihrem Menschenrecht auf Bewegungsfreiheit Gebrauch gemacht haben.<\/span><\/p>\n<p><span style=\"font-size: 12pt; font-family: arial, helvetica, sans-serif;\">Ziel der Residenzpflicht ist es, das Leben f\u00fcr Fl\u00fcchtlinge in Deutschland so schwer wie m\u00f6glich zu machen. Nur in Deutschland existiert solch ein rassistisches Sondergesetz. Residenzpflicht bedeutet Isolation in entlegenen Lagern, rassistische Polizeikontrollen und Kriminalisierung.<\/span><\/p>\n<p><span style=\"font-size: 12pt; font-family: arial, helvetica, sans-serif;\">Die Landesregierung von Brandenburg hat eine Erleichterung der Residenzpflicht angek\u00fcndigt. Asylsuchende im laufenden Verfahren sollen sich zwischen Berlin und Brandenburg bewegen d\u00fcrfen. F\u00fcr Fl\u00fcchtlinge mit Duldung soll sich aber nicht viel \u00e4ndern.<\/span><br \/>\n<span style=\"font-size: 12pt; font-family: arial, helvetica, sans-serif;\">Diese \u00c4nderungen gehen nicht weit genug! Die Residenzpflicht selbst muss abgeschafft werden, ohne Wenn und Aber! Es ist h\u00f6chste Zeit zu handeln!<\/span><\/p>\n<p><span style=\"font-size: 12pt; font-family: arial, helvetica, sans-serif;\">Kundgebung und Performance<\/span><br \/>\n<span style=\"font-size: 12pt; font-family: arial, helvetica, sans-serif;\">12.12.2009 | 12 Uhr | Weltzeituhr, Alexanderplatz<\/span><\/p>\n<p><span style=\"font-size: 12pt; font-family: arial, helvetica, sans-serif;\">AufruferInnen:<\/span><br \/>\n<span style=\"font-size: 12pt; font-family: arial, helvetica, sans-serif;\">B\u00fcndnis gegen Lager &#8211; Berlin\/Brandenburg<\/span><br \/>\n<span style=\"font-size: 12pt; font-family: arial, helvetica, sans-serif;\">Fl\u00fcchtlingsrat Brandenburg<\/span><br \/>\n<span style=\"font-size: 12pt; font-family: arial, helvetica, sans-serif;\">Fl\u00fcchtlingsrat Berlin<\/span><br \/>\n<span style=\"font-size: 12pt; font-family: arial, helvetica, sans-serif;\">Fl\u00fcchtlingsinitiative Brandenburg<\/span><br \/>\n<span style=\"font-size: 12pt; font-family: arial, helvetica, sans-serif;\">Internationale Liga f\u00fcr Menschenrechte<\/span><br \/>\n<span style=\"font-size: 12pt; font-family: arial, helvetica, sans-serif;\">FelS (F\u00fcr eine linke Str\u00f6mung)<\/span><br \/>\n<span style=\"font-size: 12pt; font-family: arial, helvetica, sans-serif;\">Initiative gegen das Chipkartensystem<\/span><br \/>\n<span style=\"font-size: 12pt; font-family: arial, helvetica, sans-serif;\">Antirassistische Initiative Berlin (ARI)<\/span><br \/>\n<span style=\"font-size: 12pt; font-family: arial, helvetica, sans-serif;\">KUB (Kontakt- und Beratungsstelle f\u00fcr Fl\u00fcchtlinge und MigrantInnen)<\/span><br \/>\n<span style=\"font-size: 12pt; font-family: arial, helvetica, sans-serif;\">CORASOL (contre le racisme show solidarity)<\/span><br \/>\n<span style=\"font-size: 12pt; font-family: arial, helvetica, sans-serif;\">u.r.i. (United against Racism and Isolation, Hennigsdorf)<\/span><br \/>\n<span style=\"font-size: 12pt; font-family: arial, helvetica, sans-serif;\">Initiative TogoActionPlus<\/span><br \/>\n<span style=\"font-size: 12pt; font-family: arial, helvetica, sans-serif;\">u.a.<\/span><\/p>\n<p style=\"text-align: center;\"><span style=\"font-size: 12pt; font-family: arial, helvetica, sans-serif;\">____________________________________________________________<\/span><\/p>\n<p style=\"text-align: center;\"><span style=\"font-size: 12pt; font-family: arial, helvetica, sans-serif;\"><strong>Aufruf zur Protestaktion am 10. Dezember, dem internationalen Tag der Menschenrechte in Berlin!<\/strong><\/span><\/p>\n<p style=\"text-align: center;\"><span style=\"font-size: 12pt; font-family: arial, helvetica, sans-serif;\"><strong>Stoppt den Wahnsinn der Hinrichtungen, Folter und Vergewaltigungen in den iranischen Gef\u00e4ngnissen!<\/strong><\/span><\/p>\n<p><span style=\"font-size: 12pt; font-family: arial, helvetica, sans-serif;\">Infolge der Proteste nach den Wahlmanipulationen werden tagt\u00e4glich Frauen und M\u00e4nner, die f\u00fcr ihre demokratischen Forderungen gegen das islamische Regime im Iran protestieren, festgenommen. Der Protest gegen die Wahlergebnisse ist schon als \u201eSt\u00f6rung der Staatssicherheit&#8220; von dem politischen F\u00fchrer deklariert worden. Es gibt keine genaue Zahl \u00fcber die Verhafteten und Ermordeten der Proteste in den letzten 6 Monaten.<\/span><\/p>\n<p><span style=\"font-size: 12pt; font-family: arial, helvetica, sans-serif;\">Die Festgenommenen sind brutalsten physischen und psychischen Folterungen und sexuellen Vergewaltigungen ausgesetzt, um sie zu \u201eGest\u00e4ndnissen&#8220; zu zwingen.\u00a0 Als das\u00a0<em>Kahrizak-Gef\u00e4ngnis<\/em>, als einer der geheimen Folterkn\u00e4ste entlarvt wurde, hat die Welt\u00f6ffentlichkeit \u00fcber einen kleinen Teil der Verbrechen, die seit \u00fcber Dreijahrzehnten im Iran passieren, erfahren. Es ist zu erw\u00e4hnen, dass das\u00a0<em>Kahrizak<\/em>nicht zu dem einzigen geheimen der Folterkn\u00e4ste im Iran z\u00e4hlt.<\/span><\/p>\n<p><span style=\"font-size: 12pt; font-family: arial, helvetica, sans-serif;\">Bis jetzt sind gegen 5 Personen ein Todesurteil und gegen mehr als 100 Personen lange Haftstrafe erh\u00e4ngt worden, um die Proteste der Menschen gegen das Regime zu stoppen und sie in eine Atmosph\u00e4re der Angst und des Gehorsam zu versetzen. Die iranischen MenschenrechtsaktivistInnen\u00a0 berichten \u00fcber die mehr als 400 Festnahmen allein am 4. November in Teheran.<\/span><\/p>\n<p><span style=\"font-size: 12pt; font-family: arial, helvetica, sans-serif;\">Am 11. November wurde der kurdische politische Aktivist,\u00a0 Ehsan Fattahian ,der der Organisation\u00a0<em>Komala<\/em>\u00a0angeh\u00f6rte, in einer Eil- und Nebelaktion im Zentralgef\u00e4ngnis der iranischen Stadt Sanadaj durch den Strang hingerichtet. Er war zuerst<strong>\u00a0<\/strong>von einem Revolutionsgericht wegen \u201eHandlungen gegen die nationale Sicherheit&#8220; zu zehn Jahren Haft verurteilt worden. Das Urteil wurde von einem Berufungsgericht wegen \u201eAbfall vom Islam&#8220; und angeblicher Beteiligung am bewaffneten Kampf in ein Todesurteil umgewandelt. Noch sind mehrere kurdische politische AktivistInnen in Hinrichtungsgefahr.<\/span><\/p>\n<p><span style=\"font-size: 12pt; font-family: arial, helvetica, sans-serif;\">Das islamische Regime im Iran ist entschlossen die Opposition zu vernichten. Der Internationale Tag der Menschenrechte ist eine Gelegenheit f\u00fcr die Welt\u00f6ffentlichkeit sich daf\u00fcr einzusetzen, dass die Verbrechen im Iran nicht im Schatten der umstrittenen iranischen Atompolitik in Vergessenheit geraten.<\/span><\/p>\n<p><span style=\"font-size: 12pt; font-family: arial, helvetica, sans-serif;\">Wir laden alle Freiheitsliebenden und Menschenrechtsaktivistinnen ein, gemeinsam mit uns f\u00fcr die politischen Gefangenen, die in Hinrichtungsgefahr sind, f\u00fcr die Freilassung aller\u00a0 Festgenommenen AktivistInnen der Frauen-, Studenten- und Arbeiterbewegungen und f\u00fcr die Abschaffung der Todesstrafe zu protestieren.<\/span><\/p>\n<p><span style=\"font-size: 12pt; font-family: arial, helvetica, sans-serif;\">Freiheit f\u00fcr alle politischen Gefangenen, Abschaffung des Terror, Folter- und Hinrichtungssystems im Iran!<\/span><\/p>\n<p><span style=\"font-size: 12pt; font-family: arial, helvetica, sans-serif;\">Zeit und Ort:\u00a0Donnerstag, 10. Dezember 2009 um 14.00 Uhr, vor der Iranischen Botschaft Podbielskiallee\u00a067, Berlin Dahlem, U3-Podbielskiallee<\/span><\/p>\n<p><span style=\"font-size: 12pt; font-family: arial, helvetica, sans-serif;\">Es sprechen u.a.: Ulla Jelpke (MdB, Linke), Martin Forberg (Internationale Liga f\u00fcr Menschenrechte)<\/span><\/p>\n<p><span style=\"font-size: 12pt; font-family: arial, helvetica, sans-serif;\">Veranstalter:<\/span><\/p>\n<p><span style=\"font-size: 12pt; font-family: arial, helvetica, sans-serif;\">Verein iranischer Fl\u00fcchtlinge in Berlin e.V.<\/span><\/p>\n<p><span style=\"font-size: 12pt; font-family: arial, helvetica, sans-serif;\">Reuterstr. 52, 12047 Berlin<\/span><\/p>\n<p><span style=\"font-size: 12pt; font-family: arial, helvetica, sans-serif;\">Tel. : 0172-1647761,E-Mail:\u00a0<\/span><a href=\"mailto:Vereiniranischerfluechtlinge@gmx.de\">Vereiniranischerfluechtlinge@gmx.de<\/a><\/p>\n<p><span style=\"font-size: 12pt; font-family: arial, helvetica, sans-serif;\">Komitee zur Unterst\u00fctzung der politischen Gefangenen im Iran-Berlin e.V.<\/span><\/p>\n<p><span style=\"font-size: 12pt; font-family: arial, helvetica, sans-serif;\">Greifswalder Str. 4, D-10405 Berlin<\/span><\/p>\n<p><span style=\"font-size: 12pt; font-family: arial, helvetica, sans-serif;\">Tel. : +4930-42023399<strong>\/<\/strong>Fax: +4930-41936868, E-Mail:<b><a href=\"mailto:kupg_iran@yahoo.de\">kupg_iran@yahoo.de<\/a><\/b><\/span><\/p>\n<p style=\"text-align: center;\"><span style=\"font-size: 12pt; font-family: arial, helvetica, sans-serif;\">_______________________________________________________________<\/span><\/p>\n<p style=\"text-align: center;\"><span style=\"font-size: 12pt; font-family: arial, helvetica, sans-serif;\"><strong><em>Gedenkveranstaltung<\/em><\/strong><\/span><\/p>\n<p style=\"text-align: center;\"><span style=\"font-size: 12pt; font-family: arial, helvetica, sans-serif;\"><strong>21 Jahre nach<\/strong><\/span><\/p>\n<p style=\"text-align: center;\"><span style=\"font-size: 12pt; font-family: arial, helvetica, sans-serif;\"><strong>Hinrichtungswellen in iranischen Gef\u00e4ngnissen (Sommer 1988)<\/strong><\/span><\/p>\n<p style=\"text-align: center;\"><span style=\"font-size: 12pt; font-family: arial, helvetica, sans-serif;\"><strong>17 Jahre nach Mykonosattentat<\/strong><\/span><\/p>\n<p style=\"text-align: center;\"><span style=\"font-size: 12pt; font-family: arial, helvetica, sans-serif;\"><strong>(Berlin, Sep.1992)<\/strong><\/span><\/p>\n<p style=\"text-align: center;\"><em><span style=\"font-size: 12pt; font-family: arial, helvetica, sans-serif;\">F\u00fcr Unterst\u00fctzung der demokratischen Bewegung im Iran<\/span><\/em><\/p>\n<p style=\"text-align: center;\"><em><span style=\"font-size: 12pt; font-family: arial, helvetica, sans-serif;\">Gegen Hinrichtungen und Folter<\/span><\/em><\/p>\n<p><em><span style=\"font-size: 12pt; font-family: arial, helvetica, sans-serif;\"><img loading=\"lazy\" decoding=\"async\" class=\"aligncenter size-full wp-image-111\" src=\"https:\/\/iprberlin.com\/de\/wp-content\/uploads\/2014\/06\/Khavaran.jpg\" alt=\"Khavaran\" width=\"400\" height=\"285\" srcset=\"https:\/\/iprberlin.com\/de\/wp-content\/uploads\/2014\/06\/Khavaran.jpg 400w, https:\/\/iprberlin.com\/de\/wp-content\/uploads\/2014\/06\/Khavaran-300x213.jpg 300w, https:\/\/iprberlin.com\/de\/wp-content\/uploads\/2014\/06\/Khavaran-77x55.jpg 77w\" sizes=\"auto, (max-width: 400px) 100vw, 400px\" \/><\/span><\/em><\/p>\n<p><span style=\"font-size: 12pt; font-family: arial, helvetica, sans-serif;\">\u00a0<\/span><\/p>\n<p><span style=\"font-size: 12pt; font-family: arial, helvetica, sans-serif;\">\u00a0<\/span><\/p>\n<p><em><span style=\"font-size: 12pt; font-family: arial, helvetica, sans-serif;\">Programm:<\/span><\/em><\/p>\n<p><span style=\"font-size: 12pt; font-family: arial, helvetica, sans-serif;\">&#8211; Er\u00f6ffnungsrede: Prof. Dr. Heiner Bielefeldt<\/span><\/p>\n<p><span style=\"font-size: 12pt; font-family: arial, helvetica, sans-serif;\">Direktor des Deutschen Institut f\u00fcr Menschenrechte<\/span><\/p>\n<p><span style=\"font-size: 12pt; font-family: arial, helvetica, sans-serif;\">&#8211; Rezvan Moghadam<\/span><\/p>\n<p><span style=\"font-size: 12pt; font-family: arial, helvetica, sans-serif;\">Zerst\u00f6rung des Khavaran- Friedhofes und Widerstand der Angeh\u00f6rigen der politischen Gefangenen im Iran<\/span><\/p>\n<p><span style=\"font-size: 12pt; font-family: arial, helvetica, sans-serif;\">\u00a0<\/span><\/p>\n<p><span style=\"font-size: 12pt; font-family: arial, helvetica, sans-serif;\">&#8211;\u00a0Mojdeh Arasi,<strong>\u00a0<\/strong>ehe. politische Gefangene<\/span><\/p>\n<p><span style=\"font-size: 12pt; font-family: arial, helvetica, sans-serif;\">Zwangsbekenntnisse in iranischen Gef\u00e4ngnissen<\/span><\/p>\n<p><span style=\"font-size: 12pt; font-family: arial, helvetica, sans-serif;\">&#8211;\u00a0Gast des Abends:<\/span><\/p>\n<p><span style=\"font-size: 12pt; font-family: arial, helvetica, sans-serif;\">Ute Aminikhah-Bergmann<\/span><\/p>\n<p><span style=\"font-size: 12pt; font-family: arial, helvetica, sans-serif;\"><strong>(<\/strong>Mardome Donya) , Gesang<\/span><\/p>\n<p><span style=\"font-size: 12pt; font-family: arial, helvetica, sans-serif;\">Zeit:<\/span><\/p>\n<p><span style=\"font-size: 12pt; font-family: arial, helvetica, sans-serif;\">Sa. 12. Sep. 2009, 19.00 Uhr<\/span><\/p>\n<p><span style=\"font-size: 12pt; font-family: arial, helvetica, sans-serif;\">Ort:<\/span><\/p>\n<p><span style=\"font-size: 12pt; font-family: arial, helvetica, sans-serif;\">Werkstatt der Kulturen, Wissmannstr. 32<\/span><\/p>\n<p><span style=\"font-size: 12pt; font-family: arial, helvetica, sans-serif;\">( U- Hermannplatz )<\/span><\/p>\n<p><em><span style=\"font-size: 12pt; font-family: arial, helvetica, sans-serif;\">Veranstalter:<\/span><\/em><\/p>\n<p><span style=\"font-size: 12pt; font-family: arial, helvetica, sans-serif;\">Komitee zur Unterst\u00fctzung der politischen Gefangenen im Iran-Berlin e.V.<\/span><\/p>\n<p><span style=\"font-size: 12pt; font-family: arial, helvetica, sans-serif;\">Verein iranischer Fl\u00fcchtlinge in Berlin e.V.<\/span><\/p>\n<p><span style=\"font-size: 12pt; font-family: arial, helvetica, sans-serif;\">Unterst\u00fctzer: Internationale Liga f\u00fcr Menschenrechte, Angeh\u00f6rige der Opfer und ehemalige politische Gefangene, Netzwerk der MenschenrechtsaktivistInnen in Europa und Nordamerika<\/span><\/p>\n<p><span style=\"font-size: 12pt; font-family: arial, helvetica, sans-serif;\">&gt;&gt;<b><a href=\"http:\/\/iprberlin.com\/pdf\/Gedenkveranschtaltung-12Sep.2009.pdf\" target=\"_blank\">\u00a0Bitte klicken Sie hier zum Download als PDF-Datei mit Details<\/a><\/b><\/span><\/p>\n<p style=\"text-align: center;\"><span style=\"font-size: 12pt; font-family: arial, helvetica, sans-serif;\">_______________________________________________________________<\/span><\/p>\n<p style=\"text-align: center;\"><span style=\"font-size: 12pt; font-family: arial, helvetica, sans-serif;\"><strong>Aufruf zum 10. Oktober 2007!<\/strong><\/span><\/p>\n<p style=\"text-align: center;\"><span style=\"font-size: 12pt; font-family: arial, helvetica, sans-serif;\"><strong>F\u00fcr die weltweite Abschaffung der Todesstrafe!<\/strong><\/span><\/p>\n<p style=\"text-align: center;\"><span style=\"font-size: 12pt; font-family: arial, helvetica, sans-serif;\"><strong>Gegen die Massenhinrichtungen in der Islamischen Republik Iran!<\/strong><\/span><\/p>\n<p><span style=\"font-size: 12pt; font-family: arial, helvetica, sans-serif;\">Mit der Zahl der Hinrichtungen liegt die Islamische Republik Iran seit Jahren nach China weltweit an der zweiten Stelle. Die islamische Republik Iran hat schon heute ihren Rekord in Hinrichtungen von 2006 mit bisher 177 vollstreckten Todesurteilen \u00fcberschritten. Dies sind allerdings nur die offiziellen Angaben, die tats\u00e4chlichen Zahlen liegen mit Sicherheit h\u00f6her. Laut amnesty international sind im Iran in 2007 bisher schon \u00fcber 210 Menschen hingerichtet worden. Iran schreckt auch nicht davor zur\u00fcck, Minderj\u00e4hrige vor dem 18. Lebensjahr hinzurichten. Seit 2004 sind 16 Jugendlichen hingerichtet worden.<\/span><\/p>\n<p><span style=\"font-size: 12pt; font-family: arial, helvetica, sans-serif;\">In den letzten 28 Jahren standen Hinrichtungen und Massenhinrichtungen von politischen Gefangenen immer auf der Tagesordnung des iranischen Regimes. Vor allem Anfang und Ende der 80er Jahre sind tausende von politischen Gefangenen im Iran hingerichtet worden, von denen die Welt\u00f6ffentlichkeit bis heute nichts erfahren hat.<\/span><\/p>\n<p><span style=\"font-size: 12pt; font-family: arial, helvetica, sans-serif;\">Dies sind die aktuellen Zahlen:<\/span><\/p>\n<ul>\n<li><span style=\"font-size: 12pt; font-family: arial, helvetica, sans-serif;\">210 Hinrichtungen im Jahr 2007.<\/span><\/li>\n<li><span style=\"font-size: 12pt; font-family: arial, helvetica, sans-serif;\">71 Jugendliche sitzen zum Tode verurteilt in Todeszellen und warten auf die Vollstreckung ihres Urteils, die zur Tatzeit alle noch minderj\u00e4hrig.<\/span><\/li>\n<li><span style=\"font-size: 12pt; font-family: arial, helvetica, sans-serif;\">181 Personen sind 2007 zum Tode verurteilt worden.<\/span><\/li>\n<li><span style=\"font-size: 12pt; font-family: arial, helvetica, sans-serif;\">Nach Angaben des Regimes sitzen 40 politische Gefangene noch im Todestrakt.<\/span><\/li>\n<li><span style=\"font-size: 12pt; font-family: arial, helvetica, sans-serif;\">Im Juni 2007 wurde ein Mann im Iran gesteinigt.<\/span><\/li>\n<li><span style=\"font-size: 12pt; font-family: arial, helvetica, sans-serif;\">8 Frauen warten auf den Tod durch Steinigung.<\/span><\/li>\n<li><span style=\"font-size: 12pt; font-family: arial, helvetica, sans-serif;\">5 Menschen sind nach dem islamischen Strafgesetz H\u00e4nde amputiert worden.<\/span><\/li>\n<\/ul>\n<p><span style=\"font-size: 12pt; font-family: arial, helvetica, sans-serif;\">Es hat leider in der Welt\u00f6ffentlichkeit keine ernsthafte Proteste gegen die \u00f6ffentlichen Hinrichtungen von politischen Gefangenen und anderen Menschen sowie gegen Steinigungen gegeben. Deshalb werden wir mit anderen Menschenrechtsorganisationen gegen die zunehmenden Verh\u00e4ngungen und Vollstreckungen der Todesstrafe im Iran und weltweit protestieren.<\/span><\/p>\n<p><span style=\"font-size: 12pt; font-family: arial, helvetica, sans-serif;\">Wir protestieren anl\u00e4sslich des internationalen Tages f\u00fcr die Abschaffung der Todesstrafe gegen die Hinrichtung u. a. von Jugendlichen in der Islamischen Republik Iran und weltweit. Wir m\u00fcssen verhindern, dass die Islamische Republik Iran mit den Hinrichtungen den Menschen \u201edas Recht auf Leben\u201c verwehrt.<\/span><\/p>\n<p><span style=\"font-size: 12pt; font-family: arial, helvetica, sans-serif;\">F\u00fcr die Abschaffung der Todesstrafe weltweit rufen wir auf zu einer Aktion.<\/span><\/p>\n<p><span style=\"font-size: 12pt; font-family: arial, helvetica, sans-serif;\">Ort : S-Bhf-Potsdamer Platz<\/span><\/p>\n<p><span style=\"font-size: 12pt; font-family: arial, helvetica, sans-serif;\">Zeit: Mittwoch, 10.Oktober 2007 um 16.00 Uhr<\/span><\/p>\n<p><em><span style=\"font-size: 12pt; font-family: arial, helvetica, sans-serif;\">Veranstalter:<\/span><\/em><\/p>\n<p><span style=\"font-size: 12pt; font-family: arial, helvetica, sans-serif;\">Komitee zur Unterst\u00fctzung der Politischen Gefangenen im Iran-Berlin e.V. (<b><a href=\"mailto:kupg_iran@yahoo.de\">kupg_iran@yahoo.de<\/a><\/b>)<\/span><\/p>\n<p><span style=\"font-size: 12pt; font-family: arial, helvetica, sans-serif;\">Internationale Liga f\u00fcr Menschenrechte\u00a0<b><a href=\"mailto:vorstand@ilmr.org\">vorstand@ilmr.org<\/a><\/b><\/span><\/p>\n<p><span style=\"font-size: 12pt; font-family: arial, helvetica, sans-serif;\">Solidarit\u00e4tsgruppe mit d. Arbeiterbewegung- Berlin (\u00a0<b><a href=\"mailto:solidarity_vahed@yahoo.com\">solidarity_vahed@yahoo.com<\/a><\/b>)<\/span><\/p>\n<p><span style=\"font-size: 12pt; font-family: arial, helvetica, sans-serif;\">Verein Iranischer Fl\u00fcchtlinge in Berlin e.V. (\u00a0<b><a href=\"mailto:VereinIranischerFluechtlinge@gmx.de\">VereinIranischerFluechtlinge@gmx.de<\/a><\/b>)<\/span><\/p>\n<p><span style=\"font-size: 12pt; font-family: arial, helvetica, sans-serif;\">Kontakt: Hamid Nowzari 0049-(0)172-1647761<\/span><\/p>\n<p><span style=\"font-size: 12pt; font-family: arial, helvetica, sans-serif;\">0049-(0)179-4130359<\/span><\/p>\n<p><span style=\"font-size: 12pt; font-family: arial, helvetica, sans-serif;\">0049-(0)179-2368157<\/span><\/p>\n<p style=\"text-align: center;\"><span style=\"font-size: 12pt; font-family: arial, helvetica, sans-serif;\">_______________________________________________________________<\/span><\/p>\n<p style=\"text-align: center;\"><span style=\"font-size: 12pt; font-family: arial, helvetica, sans-serif;\">\u00a0<img loading=\"lazy\" decoding=\"async\" class=\"aligncenter size-full wp-image-112\" src=\"https:\/\/iprberlin.com\/de\/wp-content\/uploads\/2014\/06\/Veranstaltungen1.jpg\" alt=\"Veranstaltungen1\" width=\"490\" height=\"358\" srcset=\"https:\/\/iprberlin.com\/de\/wp-content\/uploads\/2014\/06\/Veranstaltungen1.jpg 490w, https:\/\/iprberlin.com\/de\/wp-content\/uploads\/2014\/06\/Veranstaltungen1-300x219.jpg 300w, https:\/\/iprberlin.com\/de\/wp-content\/uploads\/2014\/06\/Veranstaltungen1-75x55.jpg 75w\" sizes=\"auto, (max-width: 490px) 100vw, 490px\" \/><\/span><\/p>\n<p style=\"text-align: center;\"><span style=\"font-size: 12pt; font-family: arial, helvetica, sans-serif;\">_______________________________________________________________<\/span><\/p>\n<p style=\"text-align: center;\"><img loading=\"lazy\" decoding=\"async\" class=\"aligncenter size-full wp-image-113\" src=\"https:\/\/iprberlin.com\/de\/wp-content\/uploads\/2014\/06\/Veranstaltungen2.jpg\" alt=\"Veranstaltungen2\" width=\"490\" height=\"343\" srcset=\"https:\/\/iprberlin.com\/de\/wp-content\/uploads\/2014\/06\/Veranstaltungen2.jpg 490w, https:\/\/iprberlin.com\/de\/wp-content\/uploads\/2014\/06\/Veranstaltungen2-300x210.jpg 300w, https:\/\/iprberlin.com\/de\/wp-content\/uploads\/2014\/06\/Veranstaltungen2-78x55.jpg 78w\" sizes=\"auto, (max-width: 490px) 100vw, 490px\" \/><\/p>\n<p style=\"text-align: center;\"><span style=\"font-size: 12pt; font-family: arial, helvetica, sans-serif;\">_______________________________________________________________<\/span><\/p>\n<p style=\"text-align: center;\"><img loading=\"lazy\" decoding=\"async\" class=\"aligncenter size-full wp-image-114\" src=\"https:\/\/iprberlin.com\/de\/wp-content\/uploads\/2014\/06\/Veranstaltungen3.jpg\" alt=\"Veranstaltungen3\" width=\"490\" height=\"342\" srcset=\"https:\/\/iprberlin.com\/de\/wp-content\/uploads\/2014\/06\/Veranstaltungen3.jpg 490w, https:\/\/iprberlin.com\/de\/wp-content\/uploads\/2014\/06\/Veranstaltungen3-300x209.jpg 300w, https:\/\/iprberlin.com\/de\/wp-content\/uploads\/2014\/06\/Veranstaltungen3-78x55.jpg 78w\" sizes=\"auto, (max-width: 490px) 100vw, 490px\" \/><\/p>\n<p style=\"text-align: center;\"><span style=\"font-size: 12pt; font-family: arial, helvetica, sans-serif;\">_______________________________________________________________<\/span><\/p>\n<p style=\"text-align: center;\"><img loading=\"lazy\" decoding=\"async\" class=\"aligncenter size-full wp-image-115\" src=\"https:\/\/iprberlin.com\/de\/wp-content\/uploads\/2014\/06\/Veranstaltungen4.jpg\" alt=\"Veranstaltungen4\" width=\"490\" height=\"767\" srcset=\"https:\/\/iprberlin.com\/de\/wp-content\/uploads\/2014\/06\/Veranstaltungen4.jpg 490w, https:\/\/iprberlin.com\/de\/wp-content\/uploads\/2014\/06\/Veranstaltungen4-191x300.jpg 191w, https:\/\/iprberlin.com\/de\/wp-content\/uploads\/2014\/06\/Veranstaltungen4-35x55.jpg 35w\" sizes=\"auto, (max-width: 490px) 100vw, 490px\" \/><\/p>\n<p style=\"text-align: center;\"><span style=\"font-size: 12pt; font-family: arial, helvetica, sans-serif;\">_______________________________________________________________<\/span><\/p>\n<p style=\"text-align: center;\"><span style=\"font-size: 12pt; font-family: arial, helvetica, sans-serif;\">\u00a0<img loading=\"lazy\" decoding=\"async\" class=\"aligncenter size-full wp-image-116\" src=\"https:\/\/iprberlin.com\/de\/wp-content\/uploads\/2014\/06\/Veranstaltungen5.jpg\" alt=\"Veranstaltungen5\" width=\"490\" height=\"591\" srcset=\"https:\/\/iprberlin.com\/de\/wp-content\/uploads\/2014\/06\/Veranstaltungen5.jpg 490w, https:\/\/iprberlin.com\/de\/wp-content\/uploads\/2014\/06\/Veranstaltungen5-248x300.jpg 248w, https:\/\/iprberlin.com\/de\/wp-content\/uploads\/2014\/06\/Veranstaltungen5-45x55.jpg 45w\" sizes=\"auto, (max-width: 490px) 100vw, 490px\" \/><\/span><\/p>\n<p style=\"text-align: center;\"><span style=\"font-size: 12pt; font-family: arial, helvetica, sans-serif;\">_______________________________________________________________<\/span><\/p>\n<p style=\"text-align: center;\"><span style=\"font-size: 12pt; font-family: arial, helvetica, sans-serif;\">\u00a0<strong>Kundgebung zum Jahrestag der Studentenproteste im Iran<\/strong><\/span><\/p>\n<p style=\"text-align: center;\"><span style=\"font-size: 12pt; font-family: arial, helvetica, sans-serif;\"><strong>Gegen die Menschenrechtsverletzungen im Iran<\/strong><\/span><\/p>\n<p style=\"text-align: center;\"><span style=\"font-size: 12pt; font-family: arial, helvetica, sans-serif;\"><strong>Gegen das Schweigen der Bundesregierung!<\/strong><\/span><\/p>\n<p><span style=\"font-size: 12pt; font-family: arial, helvetica, sans-serif;\">Vor sieben Jahren sind die Proteste der iranischen StudentInnen f\u00fcr Demokratie blutig niedergeschlagen worden. Viele von ihnen stehen heute immer noch unter Repressalien. Die t\u00e4glichen und systematischen Menschenrechtsverletzungen in der Islamischen Republik Iran in den letzen 27 Jahren sind niemals ernsthaft Gegenstand der deutsch-iranischen Beziehungen gewesen, und immer fand man irgend einen Grund um das Schweigen zu rechtfertigen. Die Diskussionen \u00fcber das \u201eAtomprogramm\u201c haben obendrein dazu gef\u00fchrt, dass andere wichtige Themen mal wieder in Vergessenheit geraten. Trotz brutalen Menschenrechtsverletzungen im Lande, hier nur einige aktuelle Beispiele:<\/span><\/p>\n<p><span style=\"font-size: 12pt; font-family: arial, helvetica, sans-serif;\"><em>Brutale Niederschlagung der Studentenversammlungen in mehreren Universit\u00e4ten in Teheran<\/em><\/span><\/p>\n<p><span style=\"font-size: 12pt; font-family: arial, helvetica, sans-serif;\"><em>Brutale Niederschlagung der Frauenproteste am 12.06.06<\/em><\/span><\/p>\n<p><span style=\"font-size: 12pt; font-family: arial, helvetica, sans-serif;\"><em>Brutale Niederschlagung des Streikes der Teheraner Busfahrer; mehrere Gewerkschaftler sind immer noch in der Haft<\/em><\/span><\/p>\n<p><span style=\"font-size: 12pt; font-family: arial, helvetica, sans-serif;\"><em>Verhaftung mehrere Schriftsteller und Journalisten, Verbot der Jahresversammlung des iranischen Schriftstellerverbandes<\/em><\/span><\/p>\n<p><span style=\"font-size: 12pt; font-family: arial, helvetica, sans-serif;\"><em>Niederschlagung der Proteste in Provinzen Kurdistan, Khousistan und Azerbaijan<\/em><\/span><\/p>\n<p><span style=\"font-size: 12pt; font-family: arial, helvetica, sans-serif;\"><em>61 Hinrichtungen bis Mai 2006, darunter Hinrichtung der politischen Gefangenen Hodjat Zamani<\/em><\/span><\/p>\n<p><span style=\"font-size: 12pt; font-family: arial, helvetica, sans-serif;\"><em>Unterdr\u00fcckung der religi\u00f6sen Minderheiten, darunter Verhaftung von Bahai\u2019s<\/em><\/span><\/p>\n<p><span style=\"font-size: 12pt; font-family: arial, helvetica, sans-serif;\"><em>Versch\u00e4rfung der Kleidungsvorschriften f\u00fcr<\/em><em>\u00a0Frauen<\/em><\/span><\/p>\n<p><span style=\"font-size: 12pt; font-family: arial, helvetica, sans-serif;\">Trotzdem wird in bilateralen Gespr\u00e4chen nur \u00fcber das Atomprogramm gesprochen. In letzten Angeboten von 5+1, also die Vetom\u00e4chte der UNO und Deutschland wurde die Lage der Menschenrechte im Iran total ausgeklammert. Die Bundesregierung als f\u00fchrende Kraft dieser Politik tr\u00e4gt hier eine besondere Verantwortung. Diese Politik f\u00fchrt zur Stabilisierung eines Regimes, das nicht nur Menschenrechte im Iran brutal verletzt, sondern dessen Pr\u00e4sidenten, die Holocaust leugnet und zur Tilgung des Staates Israel ausruft. Wir verurteilen auf das Sch\u00e4rfste diese unertr\u00e4glichen \u00c4u\u00dferungen. Wir sind der Meinung, dass ein demokratischer und s\u00e4kularer Iran ohne Todesstrafe und politische Gefangene, ohne Frauenunterdr\u00fcckung\u2026 durch das iranische Volk sich aufbauen l\u00e4sst, und jegliche kriegerischen Provokationen hier zu verurteilen sind.<\/span><\/p>\n<p><span style=\"font-size: 12pt; font-family: arial, helvetica, sans-serif;\">F\u00fcr diese Forderungen, gegen die Menschenrechtsverletzungen im Iran und gegen das Schweigen der Bundesregierung zu Menschenrechtsverletzungen im Iran rufen wir zu einer Kundgebung auf.<\/span><\/p>\n<p><span style=\"font-size: 12pt; font-family: arial, helvetica, sans-serif;\">Zeit und Ort: Freitag, 07.07.2006, ab 12.30 Uhr, vor dem Au\u00dfenministerium,<\/span><\/p>\n<p><span style=\"font-size: 12pt; font-family: arial, helvetica, sans-serif;\">Werderscher Markt 1, Berlin-Mitte<\/span><\/p>\n<p><span style=\"font-size: 12pt; font-family: arial, helvetica, sans-serif;\"><em>Veranstalter:\u00a0<\/em><em>Komitee zur Unterst\u00fctzung der politischen Gefangenen im Iran-Berlin e.V.<\/em><\/span><\/p>\n<p><span style=\"font-size: 12pt; font-family: arial, helvetica, sans-serif;\"><em>Verein iranischer Fl\u00fcchtlinge in Berlin e.V.<\/em><\/span><\/p>\n<p style=\"text-align: center;\"><span style=\"font-size: 12pt; font-family: arial, helvetica, sans-serif;\">___________________________________________<\/span><\/p>\n<p style=\"text-align: center;\"><span style=\"font-size: 12pt; font-family: arial, helvetica, sans-serif;\"><strong>Zum 10. Jahrestag des \u201eMykonos\u201c Urteils<\/strong><\/span><\/p>\n<p style=\"text-align: center;\"><span style=\"font-size: 12pt; font-family: arial, helvetica, sans-serif;\"><strong>Aufruf zur Kundgebung<\/strong><\/span><\/p>\n<p><span style=\"font-size: 12pt; font-family: arial, helvetica, sans-serif;\">Am 17. September 1992 wurden 4 F\u00fchrer und Begleiter der Demokratischen Partei Kurdistan Irans (DPKI) im damaligen Restaurant \u201eMykonos\u201c in Berlin heimt\u00fcckisch von einem Terrorkommando der Islamischen Republik Iran ermordet. Zum ersten Mal hat das Berliner Kammergericht am 10. April 1997 nach dreieinhalb Jahren die T\u00e4ter verurteilt und das islamische Regime im Iran als Auftraggeber dieses Verbrechens benannt.<\/span><\/p>\n<p><span style=\"font-size: 12pt; font-family: arial, helvetica, sans-serif;\">Nun, 10 Jahre nachdem dieses historische Urteil gegen den Staatsterrorismus der Islamischen Republik Irans gef\u00e4llt wurde, rufen wir am 3. Jahrestag der Enth\u00fcllungder Gedenktafel f\u00fcr die Opfer, alle freiheitsliebenden Menschen dazu auf<\/span><\/p>\n<p><span style=\"font-size: 12pt; font-family: arial, helvetica, sans-serif;\">&#8211; den Staatsterrorismus der Islamischen Republik Irans zu verurteilen und<\/span><\/p>\n<p><span style=\"font-size: 12pt; font-family: arial, helvetica, sans-serif;\">&#8211; aller Opfer des Terrorregimes im Iran innerhalb der letzten 28 Jahre und insbesondere der Terroropfer im Restaurant Mykonos Dr. Sadegh Sharafkandi, Fattah Abdoli, Homayoun Ardalan und Nouri Dehkordi, zu gedenken.<\/span><\/p>\n<p><span style=\"font-size: 12pt; font-family: arial, helvetica, sans-serif;\">Redner:<\/span><\/p>\n<p><span style=\"font-size: 12pt; font-family: arial, helvetica, sans-serif;\">Hans Joachim Ehrig\u00a0(Anwalt der Nebenkl\u00e4ger im Mykonosprozess)<\/span><\/p>\n<p><span style=\"font-size: 12pt; font-family: arial, helvetica, sans-serif;\">Sara Dehkordi\u00a0(Angeh\u00f6rige)<\/span><\/p>\n<p><span style=\"font-size: 12pt; font-family: arial, helvetica, sans-serif;\">und<\/span><\/p>\n<p><span style=\"font-size: 12pt; font-family: arial, helvetica, sans-serif;\">Vertreter der Demokratischen Partei Kurdistans Iran (DPKI)<\/span><\/p>\n<p><span style=\"font-size: 12pt; font-family: arial, helvetica, sans-serif;\">Ort: vor der Gedenktafel, Prager Str. 2a, Berlin-Wilmersdorf, U 9, U-Bahnhof G\u00fcntzelstra\u00dfe<\/span><\/p>\n<p><span style=\"font-size: 12pt; font-family: arial, helvetica, sans-serif;\">Zeit: Freitag, den 20. April 2007, 12.00 Uhr<\/span><\/p>\n<p><span style=\"font-size: 12pt; font-family: arial, helvetica, sans-serif;\"><em>Veranstalterkomitee der Kundgebung zum 10. Jahrestag des Mykonosurteils in Berlin<\/em><\/span><\/p>\n<p><span style=\"font-size: 12pt; font-family: arial, helvetica, sans-serif;\">Kontaktadresse:\u00a0<b><a href=\"mailto:kupg_iran@yahoo.de\">kupg_iran@yahoo.de<\/a><\/b><\/span><\/p>\n<p><span style=\"font-size: 12pt; font-family: arial, helvetica, sans-serif;\">Hamid Nowzari, Verein iranischer Fl\u00fcchtlinge in Berlin e.V. 0172-164 77 61<\/span><\/p>\n<p style=\"text-align: center;\"><span style=\"font-size: 12pt; font-family: arial, helvetica, sans-serif;\">______________________________________________<\/span><\/p>\n<p><span style=\"font-size: 12pt; font-family: arial, helvetica, sans-serif;\">\u00a0<\/span><\/p>\n<p><span style=\"font-size: 12pt; font-family: arial, helvetica, sans-serif;\">\u00a0<\/span><\/p>\n<table style=\"height: 706px;\" width=\"913\">\n<tbody>\n<tr>\n<td width=\"235\"><span style=\"font-size: 12pt; font-family: arial, helvetica, sans-serif;\"><strong><em>Gedenkveranstaltung<\/em><\/strong><\/span><span style=\"font-size: 12pt; font-family: arial, helvetica, sans-serif;\">\u00a0<\/span><span style=\"font-size: 12pt; font-family: arial, helvetica, sans-serif;\"><strong>20 Jahre nach<\/strong><\/span><span style=\"font-size: 12pt; font-family: arial, helvetica, sans-serif;\"><strong>Hinrichtungswellen in iranischen Gef\u00e4ngnissen<\/strong><\/span><span style=\"font-size: 12pt; font-family: arial, helvetica, sans-serif;\"><strong>(Sommer 1988)<\/strong><\/span><span style=\"font-size: 12pt; font-family: arial, helvetica, sans-serif;\">\u00a0<\/span><span style=\"font-size: 12pt; font-family: arial, helvetica, sans-serif;\"><strong>Programm:<\/strong><\/span><span style=\"font-size: 12pt; font-family: arial, helvetica, sans-serif;\"><strong>&#8211; Er\u00f6ffnungsrede: Prof. Fanny-Michaela Reisin,\u00a0<\/strong>Pr\u00e4sidentin d. Internationalen Liga f. Menschenrechte<\/span><\/p>\n<p><span style=\"font-size: 12pt; font-family: arial, helvetica, sans-serif;\"><strong>&#8211; Ruth J\u00fcttner,<\/strong>Nahostexpertin v. Amnesty International<\/span><\/p>\n<p><span style=\"font-size: 12pt; font-family: arial, helvetica, sans-serif;\"><strong>20 Jahre danach: Erinnerung an die Opfer und Verpflichtung zum Einsatz gegen Straflosigkeit<\/strong><\/span><\/p>\n<p><span style=\"font-size: 12pt; font-family: arial, helvetica, sans-serif;\"><strong>&#8211;\u00a0<\/strong><strong>Eine Anklage\u00a0von Angeh\u00f6rigen und<\/strong><\/span><\/p>\n<p><span style=\"font-size: 12pt; font-family: arial, helvetica, sans-serif;\"><strong>ehemaligen pol. Gefangenen<\/strong><\/span><\/p>\n<p><span style=\"font-size: 12pt; font-family: arial, helvetica, sans-serif;\">&#8211;\u00a0<strong>G\u00e4stedes Abends :<\/strong><\/span><\/p>\n<p><span style=\"font-size: 12pt; font-family: arial, helvetica, sans-serif;\"><strong>M.Qadyani, M. Ramezani<\/strong>\u00a0(Musik)<\/span><\/p>\n<p><span style=\"font-size: 12pt; font-family: arial, helvetica, sans-serif;\">&#8211;\u00a0<strong>Marjam Azemoun<\/strong>\u00a0( liest aus \u201eErwachen aus dem Alptraum\u201c)<\/span><\/p>\n<p><span style=\"font-size: 12pt; font-family: arial, helvetica, sans-serif;\"><strong>Zeit:<\/strong><\/span><\/p>\n<p><span style=\"font-size: 12pt; font-family: arial, helvetica, sans-serif;\"><strong>Sa. 6. Sep. 2008, 19 Uhr<\/strong><\/span><\/p>\n<p><span style=\"font-size: 12pt; font-family: arial, helvetica, sans-serif;\"><strong>Ort:<\/strong><\/span><\/p>\n<p><span style=\"font-size: 12pt; font-family: arial, helvetica, sans-serif;\"><strong>Werkstatt der Kulturen,Wissmanstr. 32<\/strong><\/span><\/p>\n<p><span style=\"font-size: 12pt; font-family: arial, helvetica, sans-serif;\"><strong>( U- Hermannplatz )<\/strong><\/span><\/td>\n<td width=\"449\"><span style=\"font-size: 12pt; font-family: arial, helvetica, sans-serif;\"><strong>Veranstalter:<\/strong>\u00a0Komitee zur Unterst\u00fctzung der politischen Gefangenen im Iran-Berlin e.V.<\/span><span style=\"font-size: 12pt; font-family: arial, helvetica, sans-serif;\">Verein iranischer Fl\u00fcchtlinge in Berlin e.V.<\/span><span style=\"font-size: 12pt; font-family: arial, helvetica, sans-serif;\"><strong>Unterst\u00fctzer<\/strong>: Internationale Liga f. Menschenrechte, Angeh\u00f6rige\u00a0der Opfer\u00a0und ehemalige\u00a0politische Gefangene<\/span><\/p>\n<p><img loading=\"lazy\" decoding=\"async\" class=\"aligncenter size-full wp-image-117\" src=\"https:\/\/iprberlin.com\/de\/wp-content\/uploads\/2014\/06\/20sal-gozasht.jpg\" alt=\"20sal-gozasht\" width=\"250\" height=\"319\" srcset=\"https:\/\/iprberlin.com\/de\/wp-content\/uploads\/2014\/06\/20sal-gozasht.jpg 250w, https:\/\/iprberlin.com\/de\/wp-content\/uploads\/2014\/06\/20sal-gozasht-235x300.jpg 235w, https:\/\/iprberlin.com\/de\/wp-content\/uploads\/2014\/06\/20sal-gozasht-43x55.jpg 43w\" sizes=\"auto, (max-width: 250px) 100vw, 250px\" \/><\/td>\n<\/tr>\n<\/tbody>\n<\/table>\n<p style=\"text-align: center;\"><span style=\"font-size: 12pt; font-family: arial, helvetica, sans-serif;\">____________________________________________<\/span><\/p>\n<p><span style=\"font-size: 12pt; font-family: arial, helvetica, sans-serif;\">\u00a0<\/span><\/p>\n<table style=\"height: 621px;\" width=\"910\">\n<tbody>\n<tr>\n<td width=\"235\"><span style=\"font-size: 12pt; font-family: arial, helvetica, sans-serif;\"><strong><em>Gedenkveranstaltung<\/em><\/strong><\/span><span style=\"font-size: 12pt; font-family: arial, helvetica, sans-serif;\">\u00a0<\/span><span style=\"font-size: 12pt; font-family: arial, helvetica, sans-serif;\"><strong>15 Jahre nach Mykonos-Attentat (Sep.1992)<\/strong><\/span><span style=\"font-size: 12pt; font-family: arial, helvetica, sans-serif;\">\u00a0<\/span><span style=\"font-size: 12pt; font-family: arial, helvetica, sans-serif;\">19 Jahre nach<\/span><span style=\"font-size: 12pt; font-family: arial, helvetica, sans-serif;\">Hinrichtungswellen in iranischen Gef\u00e4ngnissen<\/span><span style=\"font-size: 12pt; font-family: arial, helvetica, sans-serif;\">(Sommer 1988)<\/span><span style=\"font-size: 12pt; font-family: arial, helvetica, sans-serif;\"><strong>Programm:<\/strong><\/span><\/p>\n<p><span style=\"font-size: 12pt; font-family: arial, helvetica, sans-serif;\"><strong>&#8211; Ein kurzer Filmbeitrag<\/strong>\u00fcber iranischenStaatterrorismus<\/span><\/p>\n<p><span style=\"font-size: 12pt; font-family: arial, helvetica, sans-serif;\"><strong>&#8211; Wolfgang Wieland<\/strong>(MdB der\u00a0Gr\u00fcnen, Anwalt der Nebenklage\u00a0im Mykonosproze\u00df )<\/span><\/p>\n<p><span style=\"font-size: 12pt; font-family: arial, helvetica, sans-serif;\"><strong>&#8211; Dr. Miro Aliar\u00a0<\/strong>(Vertreter der\u00a0Demokratischen ParteiKurdistan Iran)<\/span><\/p>\n<p><span style=\"font-size: 12pt; font-family: arial, helvetica, sans-serif;\"><strong>&#8211; Mehdi Ebrahimzadeh<\/strong>\u00a0( Zeuge\u00a0des Mykonos-Attentats)<\/span><\/p>\n<p><span style=\"font-size: 12pt; font-family: arial, helvetica, sans-serif;\"><strong>&#8211; Shokoofeh<\/strong>(Massenhinrichtung der Gefangene im Iran 1988)<\/span><\/p>\n<p><span style=\"font-size: 12pt; font-family: arial, helvetica, sans-serif;\">&#8211; G\u00e4ste des Abends<strong>:<\/strong><\/span><\/p>\n<p><span style=\"font-size: 12pt; font-family: arial, helvetica, sans-serif;\"><strong>Musikgruppe LOLI<\/strong><\/span><\/p>\n<p><span style=\"font-size: 12pt; font-family: arial, helvetica, sans-serif;\"><strong>Zeit: Fr. 14. Sep. 2007,19 Uhr<\/strong><\/span><\/p>\n<p><span style=\"font-size: 12pt; font-family: arial, helvetica, sans-serif;\"><strong>Ort: Werkstatt der Kulturen,\u00a0Wissmanstr. 32<\/strong><\/span><\/p>\n<p><span style=\"font-size: 12pt; font-family: arial, helvetica, sans-serif;\"><strong>( U- Hermann- Platz )<\/strong><\/span><\/td>\n<td width=\"449\"><span style=\"font-size: 12pt; font-family: arial, helvetica, sans-serif;\"><strong>Veranstalter:<\/strong>\u00a0Verein iranischer Fl\u00fcchtlinge in Berlin e.V.<\/span><span style=\"font-size: 12pt; font-family: arial, helvetica, sans-serif;\">Komitee zur Unterst\u00fctzung der politischen Gefangenen im Iran-Berlin e.V. DPKI-\u00a0Berlin, Angeh\u00f6rige und Hinterbliebene\u00a0der Opfer\u00a0des Mykonos-Attentats<\/span><span style=\"font-size: 12pt; font-family: arial, helvetica, sans-serif;\">\u00a0<\/span><\/p>\n<p><img loading=\"lazy\" decoding=\"async\" class=\"aligncenter size-full wp-image-118\" src=\"https:\/\/iprberlin.com\/de\/wp-content\/uploads\/2014\/06\/15-Jahre-nach-Mykonos-Atten.jpg\" alt=\"15-Jahre-nach-Mykonos-Atten\" width=\"250\" height=\"305\" srcset=\"https:\/\/iprberlin.com\/de\/wp-content\/uploads\/2014\/06\/15-Jahre-nach-Mykonos-Atten.jpg 250w, https:\/\/iprberlin.com\/de\/wp-content\/uploads\/2014\/06\/15-Jahre-nach-Mykonos-Atten-245x300.jpg 245w, https:\/\/iprberlin.com\/de\/wp-content\/uploads\/2014\/06\/15-Jahre-nach-Mykonos-Atten-45x55.jpg 45w\" sizes=\"auto, (max-width: 250px) 100vw, 250px\" \/><\/td>\n<\/tr>\n<\/tbody>\n<\/table>\n<p><span style=\"font-size: 12pt; font-family: arial, helvetica, sans-serif;\">\u00a0<\/span><\/p>\n<h1 style=\"text-align: center;\"><span style=\"font-size: 12pt; font-family: arial, helvetica, sans-serif;\">Aufruf zum Protestkundgebung am 11.02.2011, 17.30 Uhr!<\/span><\/h1>\n<p style=\"text-align: center;\"><span style=\"font-size: 12pt; font-family: arial, helvetica, sans-serif;\"><strong>Wir werden die Festlichkeiten des islamischen Regimes in Berlin zu einem Nein zu Hinrichtungen, Folter und Ungleichbehandlung, zu einem Nein zur islamischen Republik Iran verwandeln!<\/strong><\/span><\/p>\n<p><span style=\"font-size: 12pt; font-family: arial, helvetica, sans-serif;\">Freiheitsliebende Menschen:<\/span><\/p>\n<p><span style=\"font-size: 12pt; font-family: arial, helvetica, sans-serif;\">Das Regime des Terrors und Steinigungen, das Regime der Hinrichtungen und Repressionen, das Regime des Verh\u00fcllungszwangs und Ungleichbehandlung f\u00fcr ethnische, religi\u00f6se und geschlechtliche Minderheiten will einmal mehr seine Machtergreifung feiern.<\/span><\/p>\n<p><span style=\"font-size: 12pt; font-family: arial, helvetica, sans-serif;\">Lasst uns zusammen mit anderen Oppositionsgruppen diese Festlichkeit zu<\/span><\/p>\n<p><span style=\"font-size: 12pt; font-family: arial, helvetica, sans-serif;\">&#8211;\u00a0Einem Nein zur islamischen Republik Iran,<\/span><\/p>\n<p><span style=\"font-size: 12pt; font-family: arial, helvetica, sans-serif;\">&#8211;\u00a0einem Nein zu Hinrichtungen, Folter, Ungleichbehandlung und Repression,<\/span><\/p>\n<p><span style=\"font-size: 12pt; font-family: arial, helvetica, sans-serif;\">&#8211;\u00a0der Forderung nach der Freilassung aller politischen Gefangenen,<\/span><\/p>\n<p><span style=\"font-size: 12pt; font-family: arial, helvetica, sans-serif;\">&#8211;\u00a0der Forderung nach der Trennung von Staat und Religion,<\/span><\/p>\n<p><span style=\"font-size: 12pt; font-family: arial, helvetica, sans-serif;\">&#8211;\u00a0der Forderung nach der Gleichbehandlung von Geschlechtern und das Recht auf ein selbstbestimmtes Leben<\/span><\/p>\n<p><span style=\"font-size: 12pt; font-family: arial, helvetica, sans-serif;\">&#8211;\u00a0und der Forderung nach Redefreiheit, Versammlungsfreiheit und sozialer Gerechtigkeit<\/span><\/p>\n<p><span style=\"font-size: 12pt; font-family: arial, helvetica, sans-serif;\">\u00a0<\/span><\/p>\n<p><span style=\"font-size: 12pt; font-family: arial, helvetica, sans-serif;\">Zeit: Freitag, 11. Februar 2011, 17:30<\/span><\/p>\n<p><span style=\"font-size: 12pt; font-family: arial, helvetica, sans-serif;\">Ort: Vor der Botschaft der Islamischen Republik Iran,<\/span><\/p>\n<p><span style=\"font-size: 12pt; font-family: arial, helvetica, sans-serif;\">Podbielskiallee 67, Berlin Dahlem, U3-\u00a0Podbielskiallee<\/span><\/p>\n<p><span style=\"font-size: 12pt; font-family: arial, helvetica, sans-serif;\">\u00a0<\/span><\/p>\n<p><span style=\"font-size: 12pt; font-family: arial, helvetica, sans-serif;\">Komitee zur Unterst\u00fctzung der politischen Gefangenen im Iran-Berlin e.V.<\/span><\/p>\n<p><span style=\"font-size: 12pt; font-family: arial, helvetica, sans-serif;\">Verein iranischer Fl\u00fcchtlinge in Berlin e.V. (www.iprberlin.com)<\/span><\/p>\n","protected":false},"excerpt":{"rendered":"<p>Mitteilungen und Veranstaltungen Aufruf zur Protestaktion gegen die undemokratischen Pr\u00e4sidentschaftswahlen im Iran! Iranisches Neujahrsfest 1388( M\u00e4rz 2009 ) Gedenkveranstaltung &#8211; 10 Jahre nach politischen Morden an Schriftstellern und PolitikerInnen im Iran (Dez.2008) Aufruf zur Soli-Kundgubung mit den iranischen Gewerkschaftlern am Dienstag 07.02.2006, vor DGB- Zentrale in Berlin Vernichtungsdrohung gegen Israel im Rahmen des morgigen Al-Quds-Tags [&hellip;]<\/p>\n","protected":false},"author":1,"featured_media":0,"parent":0,"menu_order":0,"comment_status":"open","ping_status":"open","template":"","meta":{"footnotes":""},"class_list":["post-97","page","type-page","status-publish","hentry"],"jetpack_sharing_enabled":true,"_links":{"self":[{"href":"https:\/\/iprberlin.com\/de\/wp-json\/wp\/v2\/pages\/97","targetHints":{"allow":["GET"]}}],"collection":[{"href":"https:\/\/iprberlin.com\/de\/wp-json\/wp\/v2\/pages"}],"about":[{"href":"https:\/\/iprberlin.com\/de\/wp-json\/wp\/v2\/types\/page"}],"author":[{"embeddable":true,"href":"https:\/\/iprberlin.com\/de\/wp-json\/wp\/v2\/users\/1"}],"replies":[{"embeddable":true,"href":"https:\/\/iprberlin.com\/de\/wp-json\/wp\/v2\/comments?post=97"}],"version-history":[{"count":10,"href":"https:\/\/iprberlin.com\/de\/wp-json\/wp\/v2\/pages\/97\/revisions"}],"predecessor-version":[{"id":125,"href":"https:\/\/iprberlin.com\/de\/wp-json\/wp\/v2\/pages\/97\/revisions\/125"}],"wp:attachment":[{"href":"https:\/\/iprberlin.com\/de\/wp-json\/wp\/v2\/media?parent=97"}],"curies":[{"name":"wp","href":"https:\/\/api.w.org\/{rel}","templated":true}]}}