{"id":2089,"date":"2023-07-26T06:57:48","date_gmt":"2023-07-26T06:57:48","guid":{"rendered":"https:\/\/iprberlin.com\/de\/?page_id=2089"},"modified":"2025-10-26T15:32:57","modified_gmt":"2025-10-26T15:32:57","slug":"projekte-und-kurse-2","status":"publish","type":"page","link":"https:\/\/iprberlin.com\/de\/projekte-und-kurse-2\/","title":{"rendered":"Projekte und Kurse"},"content":{"rendered":"<div class=\"wpb-content-wrapper\"><div id=\"tdi_1\" class=\"tdc-row\"><div class=\"vc_row tdi_2  wpb_row td-pb-row\" >\n<style scoped>\n\/* custom css - generated by TagDiv Composer *\/\n\n\/* custom css - generated by TagDiv Composer *\/\n.tdi_2,\r\n                .tdi_2 .tdc-columns{\r\n                    min-height: 0;\r\n                }.tdi_2,\r\n\t\t\t\t.tdi_2 .tdc-columns{\r\n\t\t\t\t    display: block;\r\n\t\t\t\t}.tdi_2 .tdc-columns{\r\n\t\t\t\t    width: 100%;\r\n\t\t\t\t}.tdi_2:before,\r\n\t\t\t\t.tdi_2:after{\r\n\t\t\t\t    display: table;\r\n\t\t\t\t}\n<\/style><div class=\"vc_column tdi_4  wpb_column vc_column_container tdc-column td-pb-span12\">\n<style scoped>\n\/* custom css - generated by TagDiv Composer *\/\n\n\/* custom css - generated by TagDiv Composer *\/\n.tdi_4{\r\n                    vertical-align: baseline;\r\n                }.tdi_4 > .wpb_wrapper,\r\n\t\t\t\t.tdi_4 > .wpb_wrapper > .tdc-elements{\r\n\t\t\t\t    display: block;\r\n\t\t\t\t}.tdi_4 > .wpb_wrapper > .tdc-elements{\r\n\t\t\t\t    width: 100%;\r\n\t\t\t\t}.tdi_4 > .wpb_wrapper > .vc_row_inner{\r\n\t\t\t\t    width: auto;\r\n\t\t\t\t}.tdi_4 > .wpb_wrapper{\r\n\t\t\t\t    width: auto;\r\n\t\t\t\t    height: auto;\r\n\t\t\t\t}\n<\/style><div class=\"wpb_wrapper\" ><div class=\"td_block_wrap td_block_15 tdi_5 td-pb-border-top td_block_template_1 td-column-3 td_block_padding\"  data-td-block-uid=\"tdi_5\" ><script>var block_tdi_5 = new tdBlock();\nblock_tdi_5.id = \"tdi_5\";\nblock_tdi_5.atts = '{\"category_id\":\"3\",\"limit\":\"30\",\"tdc_css\":\"\",\"block_type\":\"td_block_15\",\"separator\":\"\",\"custom_title\":\"\",\"custom_url\":\"\",\"block_template_id\":\"\",\"mx4_tl\":\"\",\"post_ids\":\"\",\"taxonomies\":\"\",\"category_ids\":\"\",\"in_all_terms\":\"\",\"tag_slug\":\"\",\"autors_id\":\"\",\"installed_post_types\":\"\",\"include_cf_posts\":\"\",\"exclude_cf_posts\":\"\",\"sort\":\"\",\"popular_by_date\":\"\",\"linked_posts\":\"\",\"favourite_only\":\"\",\"offset\":\"\",\"open_in_new_window\":\"\",\"show_modified_date\":\"\",\"time_ago\":\"\",\"time_ago_add_txt\":\"ago\",\"time_ago_txt_pos\":\"\",\"review_source\":\"\",\"el_class\":\"\",\"td_ajax_filter_type\":\"\",\"td_ajax_filter_ids\":\"\",\"td_filter_default_txt\":\"All\",\"td_ajax_preloading\":\"\",\"f_header_font_header\":\"\",\"f_header_font_title\":\"Block header\",\"f_header_font_settings\":\"\",\"f_header_font_family\":\"\",\"f_header_font_size\":\"\",\"f_header_font_line_height\":\"\",\"f_header_font_style\":\"\",\"f_header_font_weight\":\"\",\"f_header_font_transform\":\"\",\"f_header_font_spacing\":\"\",\"f_header_\":\"\",\"f_ajax_font_title\":\"Ajax categories\",\"f_ajax_font_settings\":\"\",\"f_ajax_font_family\":\"\",\"f_ajax_font_size\":\"\",\"f_ajax_font_line_height\":\"\",\"f_ajax_font_style\":\"\",\"f_ajax_font_weight\":\"\",\"f_ajax_font_transform\":\"\",\"f_ajax_font_spacing\":\"\",\"f_ajax_\":\"\",\"f_more_font_title\":\"Load more button\",\"f_more_font_settings\":\"\",\"f_more_font_family\":\"\",\"f_more_font_size\":\"\",\"f_more_font_line_height\":\"\",\"f_more_font_style\":\"\",\"f_more_font_weight\":\"\",\"f_more_font_transform\":\"\",\"f_more_font_spacing\":\"\",\"f_more_\":\"\",\"mx4f_title_font_header\":\"\",\"mx4f_title_font_title\":\"Article title\",\"mx4f_title_font_settings\":\"\",\"mx4f_title_font_family\":\"\",\"mx4f_title_font_size\":\"\",\"mx4f_title_font_line_height\":\"\",\"mx4f_title_font_style\":\"\",\"mx4f_title_font_weight\":\"\",\"mx4f_title_font_transform\":\"\",\"mx4f_title_font_spacing\":\"\",\"mx4f_title_\":\"\",\"mx4f_cat_font_title\":\"Article category tag\",\"mx4f_cat_font_settings\":\"\",\"mx4f_cat_font_family\":\"\",\"mx4f_cat_font_size\":\"\",\"mx4f_cat_font_line_height\":\"\",\"mx4f_cat_font_style\":\"\",\"mx4f_cat_font_weight\":\"\",\"mx4f_cat_font_transform\":\"\",\"mx4f_cat_font_spacing\":\"\",\"mx4f_cat_\":\"\",\"ajax_pagination\":\"\",\"ajax_pagination_next_prev_swipe\":\"\",\"ajax_pagination_infinite_stop\":\"\",\"css\":\"\",\"td_column_number\":3,\"header_color\":\"\",\"color_preset\":\"\",\"border_top\":\"\",\"class\":\"tdi_5\",\"tdc_css_class\":\"tdi_5\",\"tdc_css_class_style\":\"tdi_5_rand_style\"}';\nblock_tdi_5.td_column_number = \"3\";\nblock_tdi_5.block_type = \"td_block_15\";\nblock_tdi_5.post_count = \"8\";\nblock_tdi_5.found_posts = \"8\";\nblock_tdi_5.header_color = \"\";\nblock_tdi_5.ajax_pagination_infinite_stop = \"\";\nblock_tdi_5.max_num_pages = \"1\";\ntdBlocksArray.push(block_tdi_5);\n<\/script><div class=\"td-block-title-wrap\"><\/div><div id=tdi_5 class=\"td_block_inner td-column-3\">\n\n\t<div class=\"td-block-row\">\n\n\t<div class=\"td-block-span4\">\n\r\n        <div class=\"td_module_mx4 td_module_wrap td-animation-stack td-meta-info-hide\">\r\n            <div class=\"td-module-image\">\r\n                <div class=\"td-module-thumb\"><a href=\"https:\/\/iprberlin.com\/de\/allgemeine-beratung-verfahrensberatung-fuer-iranische-und-afghanische-gefluechtete\/\"  rel=\"bookmark\" class=\"td-image-wrap \" title=\"Allgemeine Beratung, Verfahrensberatung f\u00fcr iranische und afghanische Gefl\u00fcchtete\" ><img loading=\"lazy\" decoding=\"async\" width=\"218\" height=\"150\" class=\"entry-thumb\" src=\"https:\/\/iprberlin.com\/de\/wp-content\/uploads\/2014\/06\/mai-2016-5--218x150.jpg\"  srcset=\"https:\/\/iprberlin.com\/de\/wp-content\/uploads\/2014\/06\/mai-2016-5--218x150.jpg 218w, https:\/\/iprberlin.com\/de\/wp-content\/uploads\/2014\/06\/mai-2016-5--100x70.jpg 100w, https:\/\/iprberlin.com\/de\/wp-content\/uploads\/2014\/06\/mai-2016-5--530x366.jpg 530w, https:\/\/iprberlin.com\/de\/wp-content\/uploads\/2014\/06\/mai-2016-5--534x366.jpg 534w\" sizes=\"auto, (max-width: 218px) 100vw, 218px\"  alt=\"\" title=\"Allgemeine Beratung, Verfahrensberatung f\u00fcr iranische und afghanische Gefl\u00fcchtete\" \/><\/a><\/div>                            <\/div>\r\n\r\n            <h3 class=\"entry-title td-module-title\"><a href=\"https:\/\/iprberlin.com\/de\/allgemeine-beratung-verfahrensberatung-fuer-iranische-und-afghanische-gefluechtete\/\"  rel=\"bookmark\" title=\"Allgemeine Beratung, Verfahrensberatung f\u00fcr iranische und afghanische Gefl\u00fcchtete\">Allgemeine Beratung, Verfahrensberatung f\u00fcr iranische und afghanische Gefl\u00fcchtete<\/a><\/h3>\r\n        <\/div>\r\n\r\n        \n\t<\/div> <!-- .\/td-block-span4 -->\n\n\t<div class=\"td-block-span4\">\n\r\n        <div class=\"td_module_mx4 td_module_wrap td-animation-stack td-meta-info-hide\">\r\n            <div class=\"td-module-image\">\r\n                <div class=\"td-module-thumb\"><a href=\"https:\/\/iprberlin.com\/de\/juristische-beratung\/\"  rel=\"bookmark\" class=\"td-image-wrap \" title=\"Verfahrensberatung f\u00fcr iranische und afghanische Gefl\u00fcchtete\" ><img loading=\"lazy\" decoding=\"async\" width=\"200\" height=\"150\" class=\"entry-thumb\" src=\"https:\/\/iprberlin.com\/de\/wp-content\/uploads\/2014\/06\/Ramin-1.jpg\"  srcset=\"https:\/\/iprberlin.com\/de\/wp-content\/uploads\/2014\/06\/Ramin-1.jpg 400w, https:\/\/iprberlin.com\/de\/wp-content\/uploads\/2014\/06\/Ramin-1-200x150.jpg 200w, https:\/\/iprberlin.com\/de\/wp-content\/uploads\/2014\/06\/Ramin-1-300x225.jpg 300w, https:\/\/iprberlin.com\/de\/wp-content\/uploads\/2014\/06\/Ramin-1-73x55.jpg 73w, https:\/\/iprberlin.com\/de\/wp-content\/uploads\/2014\/06\/Ramin-1-305x230.jpg 305w, https:\/\/iprberlin.com\/de\/wp-content\/uploads\/2014\/06\/Ramin-1-75x55.jpg 75w, https:\/\/iprberlin.com\/de\/wp-content\/uploads\/2014\/06\/Ramin-1-65x50.jpg 65w\" sizes=\"auto, (max-width: 200px) 100vw, 200px\"  alt=\"\" title=\"Verfahrensberatung f\u00fcr iranische und afghanische Gefl\u00fcchtete\" \/><\/a><\/div>                            <\/div>\r\n\r\n            <h3 class=\"entry-title td-module-title\"><a href=\"https:\/\/iprberlin.com\/de\/juristische-beratung\/\"  rel=\"bookmark\" title=\"Verfahrensberatung f\u00fcr iranische und afghanische Gefl\u00fcchtete\">Verfahrensberatung f\u00fcr iranische und afghanische Gefl\u00fcchtete<\/a><\/h3>\r\n        <\/div>\r\n\r\n        \n\t<\/div> <!-- .\/td-block-span4 -->\n\n\t<div class=\"td-block-span4\">\n\r\n        <div class=\"td_module_mx4 td_module_wrap td-animation-stack td-meta-info-hide\">\r\n            <div class=\"td-module-image\">\r\n                <div class=\"td-module-thumb\"><a href=\"https:\/\/iprberlin.com\/de\/pc-kurse\/\"  rel=\"bookmark\" class=\"td-image-wrap \" title=\"Bildungsberatung\" ><img loading=\"lazy\" decoding=\"async\" width=\"200\" height=\"150\" class=\"entry-thumb\" src=\"https:\/\/iprberlin.com\/de\/wp-content\/uploads\/2014\/06\/Computer-Kurs.jpg\"  srcset=\"https:\/\/iprberlin.com\/de\/wp-content\/uploads\/2014\/06\/Computer-Kurs.jpg 400w, https:\/\/iprberlin.com\/de\/wp-content\/uploads\/2014\/06\/Computer-Kurs-200x150.jpg 200w, https:\/\/iprberlin.com\/de\/wp-content\/uploads\/2014\/06\/Computer-Kurs-300x225.jpg 300w, https:\/\/iprberlin.com\/de\/wp-content\/uploads\/2014\/06\/Computer-Kurs-73x55.jpg 73w, https:\/\/iprberlin.com\/de\/wp-content\/uploads\/2014\/06\/Computer-Kurs-305x230.jpg 305w, https:\/\/iprberlin.com\/de\/wp-content\/uploads\/2014\/06\/Computer-Kurs-75x55.jpg 75w, https:\/\/iprberlin.com\/de\/wp-content\/uploads\/2014\/06\/Computer-Kurs-65x50.jpg 65w\" sizes=\"auto, (max-width: 200px) 100vw, 200px\"  alt=\"\" title=\"Bildungsberatung\" \/><\/a><\/div>                            <\/div>\r\n\r\n            <h3 class=\"entry-title td-module-title\"><a href=\"https:\/\/iprberlin.com\/de\/pc-kurse\/\"  rel=\"bookmark\" title=\"Bildungsberatung\">Bildungsberatung<\/a><\/h3>\r\n        <\/div>\r\n\r\n        \n\t<\/div> <!-- .\/td-block-span4 -->\n\n\t<div class=\"td-block-span4\">\n\r\n        <div class=\"td_module_mx4 td_module_wrap td-animation-stack td-meta-info-hide\">\r\n            <div class=\"td-module-image\">\r\n                <div class=\"td-module-thumb\"><a href=\"https:\/\/iprberlin.com\/de\/deutsch-und-integerations-und-orientierungskurse\/\"  rel=\"bookmark\" class=\"td-image-wrap \" title=\"Deutsch- und Integerations- und Orientierungskurse\" ><img loading=\"lazy\" decoding=\"async\" width=\"218\" height=\"150\" class=\"entry-thumb\" src=\"https:\/\/iprberlin.com\/de\/wp-content\/uploads\/2014\/06\/selbsthilfe-218x150.jpg\"  srcset=\"https:\/\/iprberlin.com\/de\/wp-content\/uploads\/2014\/06\/selbsthilfe-218x150.jpg 218w, https:\/\/iprberlin.com\/de\/wp-content\/uploads\/2014\/06\/selbsthilfe-100x70.jpg 100w\" sizes=\"auto, (max-width: 218px) 100vw, 218px\"  alt=\"\" title=\"Deutsch- und Integerations- und Orientierungskurse\" \/><\/a><\/div>                            <\/div>\r\n\r\n            <h3 class=\"entry-title td-module-title\"><a href=\"https:\/\/iprberlin.com\/de\/deutsch-und-integerations-und-orientierungskurse\/\"  rel=\"bookmark\" title=\"Deutsch- und Integerations- und Orientierungskurse\">Deutsch- und Integerations- und Orientierungskurse<\/a><\/h3>\r\n        <\/div>\r\n\r\n        \n\t<\/div> <!-- .\/td-block-span4 -->\n\n\t<div class=\"td-block-span4\">\n\r\n        <div class=\"td_module_mx4 td_module_wrap td-animation-stack td-meta-info-hide\">\r\n            <div class=\"td-module-image\">\r\n                <div class=\"td-module-thumb\"><a href=\"https:\/\/iprberlin.com\/de\/ehrenamtliche-arbeit\/\"  rel=\"bookmark\" class=\"td-image-wrap \" title=\"Ehrenamtliche Arbeit\" ><img loading=\"lazy\" decoding=\"async\" width=\"218\" height=\"141\" class=\"entry-thumb\" src=\"https:\/\/iprberlin.com\/de\/wp-content\/uploads\/2014\/06\/team.jpg\"  srcset=\"https:\/\/iprberlin.com\/de\/wp-content\/uploads\/2014\/06\/team.jpg 450w, https:\/\/iprberlin.com\/de\/wp-content\/uploads\/2014\/06\/team-300x194.jpg 300w, https:\/\/iprberlin.com\/de\/wp-content\/uploads\/2014\/06\/team-85x55.jpg 85w, https:\/\/iprberlin.com\/de\/wp-content\/uploads\/2014\/06\/team-145x95.jpg 145w, https:\/\/iprberlin.com\/de\/wp-content\/uploads\/2014\/06\/team-75x50.jpg 75w\" sizes=\"auto, (max-width: 218px) 100vw, 218px\"  alt=\"\" title=\"Ehrenamtliche Arbeit\" \/><\/a><\/div>                            <\/div>\r\n\r\n            <h3 class=\"entry-title td-module-title\"><a href=\"https:\/\/iprberlin.com\/de\/ehrenamtliche-arbeit\/\"  rel=\"bookmark\" title=\"Ehrenamtliche Arbeit\">Ehrenamtliche Arbeit<\/a><\/h3>\r\n        <\/div>\r\n\r\n        \n\t<\/div> <!-- .\/td-block-span4 --><\/div><!--.\/row-fluid-->\n\n\t<div class=\"td-block-row\">\n\n\t<div class=\"td-block-span4\">\n\r\n        <div class=\"td_module_mx4 td_module_wrap td-animation-stack td-meta-info-hide\">\r\n            <div class=\"td-module-image\">\r\n                <div class=\"td-module-thumb\"><a href=\"https:\/\/iprberlin.com\/de\/selbsthilfegruppe-iranischer-frauen-im-verein-iranischer-fluechtlinge\/\"  rel=\"bookmark\" class=\"td-image-wrap \" title=\"Selbsthilfegruppe f\u00fcr Frauen\" ><img loading=\"lazy\" decoding=\"async\" width=\"218\" height=\"150\" class=\"entry-thumb\" src=\"https:\/\/iprberlin.com\/de\/wp-content\/uploads\/2014\/06\/selbsthilfe-218x150.jpg\"  srcset=\"https:\/\/iprberlin.com\/de\/wp-content\/uploads\/2014\/06\/selbsthilfe-218x150.jpg 218w, https:\/\/iprberlin.com\/de\/wp-content\/uploads\/2014\/06\/selbsthilfe-100x70.jpg 100w\" sizes=\"auto, (max-width: 218px) 100vw, 218px\"  alt=\"\" title=\"Selbsthilfegruppe f\u00fcr Frauen\" \/><\/a><\/div>                            <\/div>\r\n\r\n            <h3 class=\"entry-title td-module-title\"><a href=\"https:\/\/iprberlin.com\/de\/selbsthilfegruppe-iranischer-frauen-im-verein-iranischer-fluechtlinge\/\"  rel=\"bookmark\" title=\"Selbsthilfegruppe f\u00fcr Frauen\">Selbsthilfegruppe f\u00fcr Frauen<\/a><\/h3>\r\n        <\/div>\r\n\r\n        \n\t<\/div> <!-- .\/td-block-span4 -->\n\n\t<div class=\"td-block-span4\">\n\r\n        <div class=\"td_module_mx4 td_module_wrap td-animation-stack td-meta-info-hide\">\r\n            <div class=\"td-module-image\">\r\n                <div class=\"td-module-thumb\"><a href=\"https:\/\/iprberlin.com\/de\/beratung-und-betreuung-von-frauen-jugendlichen-und-familien\/\"  rel=\"bookmark\" class=\"td-image-wrap \" title=\"Beratung und Betreuung von Frauen, Jugendlichen und Familien\" ><img loading=\"lazy\" decoding=\"async\" width=\"200\" height=\"150\" class=\"entry-thumb\" src=\"https:\/\/iprberlin.com\/de\/wp-content\/uploads\/2014\/06\/DSC00019.jpg\"  srcset=\"https:\/\/iprberlin.com\/de\/wp-content\/uploads\/2014\/06\/DSC00019.jpg 2592w, https:\/\/iprberlin.com\/de\/wp-content\/uploads\/2014\/06\/DSC00019-200x150.jpg 200w, https:\/\/iprberlin.com\/de\/wp-content\/uploads\/2014\/06\/DSC00019-300x225.jpg 300w, https:\/\/iprberlin.com\/de\/wp-content\/uploads\/2014\/06\/DSC00019-768x576.jpg 768w, https:\/\/iprberlin.com\/de\/wp-content\/uploads\/2014\/06\/DSC00019-1024x768.jpg 1024w, https:\/\/iprberlin.com\/de\/wp-content\/uploads\/2014\/06\/DSC00019-73x55.jpg 73w, https:\/\/iprberlin.com\/de\/wp-content\/uploads\/2014\/06\/DSC00019-305x230.jpg 305w, https:\/\/iprberlin.com\/de\/wp-content\/uploads\/2014\/06\/DSC00019-75x55.jpg 75w, https:\/\/iprberlin.com\/de\/wp-content\/uploads\/2014\/06\/DSC00019-650x488.jpg 650w, https:\/\/iprberlin.com\/de\/wp-content\/uploads\/2014\/06\/DSC00019-65x50.jpg 65w\" sizes=\"auto, (max-width: 200px) 100vw, 200px\"  alt=\"\" title=\"Beratung und Betreuung von Frauen, Jugendlichen und Familien\" \/><\/a><\/div>                            <\/div>\r\n\r\n            <h3 class=\"entry-title td-module-title\"><a href=\"https:\/\/iprberlin.com\/de\/beratung-und-betreuung-von-frauen-jugendlichen-und-familien\/\"  rel=\"bookmark\" title=\"Beratung und Betreuung von Frauen, Jugendlichen und Familien\">Beratung und Betreuung von Frauen, Jugendlichen und Familien<\/a><\/h3>\r\n        <\/div>\r\n\r\n        \n\t<\/div> <!-- .\/td-block-span4 -->\n\n\t<div class=\"td-block-span4\">\n\r\n        <div class=\"td_module_mx4 td_module_wrap td-animation-stack td-meta-info-hide\">\r\n            <div class=\"td-module-image\">\r\n                <div class=\"td-module-thumb\"><a href=\"https:\/\/iprberlin.com\/de\/muttersprachlicher-unterricht-fuer-iranische-kinder\/\"  rel=\"bookmark\" class=\"td-image-wrap \" title=\"Muttersprachlicher Unterricht f\u00fcr iranische und afghanische Kinder\" ><img loading=\"lazy\" decoding=\"async\" width=\"203\" height=\"150\" class=\"entry-thumb\" src=\"https:\/\/iprberlin.com\/de\/wp-content\/uploads\/2014\/06\/Muttersprachliches-Schul1.jpg\"  srcset=\"https:\/\/iprberlin.com\/de\/wp-content\/uploads\/2014\/06\/Muttersprachliches-Schul1.jpg 473w, https:\/\/iprberlin.com\/de\/wp-content\/uploads\/2014\/06\/Muttersprachliches-Schul1-300x221.jpg 300w, https:\/\/iprberlin.com\/de\/wp-content\/uploads\/2014\/06\/Muttersprachliches-Schul1-74x55.jpg 74w, https:\/\/iprberlin.com\/de\/wp-content\/uploads\/2014\/06\/Muttersprachliches-Schul1-75x55.jpg 75w\" sizes=\"auto, (max-width: 203px) 100vw, 203px\"  alt=\"\" title=\"Muttersprachlicher Unterricht f\u00fcr iranische und afghanische Kinder\" \/><\/a><\/div>                            <\/div>\r\n\r\n            <h3 class=\"entry-title td-module-title\"><a href=\"https:\/\/iprberlin.com\/de\/muttersprachlicher-unterricht-fuer-iranische-kinder\/\"  rel=\"bookmark\" title=\"Muttersprachlicher Unterricht f\u00fcr iranische und afghanische Kinder\">Muttersprachlicher Unterricht f\u00fcr iranische und afghanische Kinder<\/a><\/h3>\r\n        <\/div>\r\n\r\n        \n\t<\/div> <!-- .\/td-block-span4 --><\/div><!--.\/row-fluid--><\/div><\/div> <!-- .\/block --><div class=\"clearfix\"><\/div><\/div><\/div><\/div><\/div><\/div>","protected":false},"excerpt":{"rendered":"Allgemeine Beratung, Verfahrensberatung f\u00fcr iranische und afghanische Gefl\u00fcchtete Verfahrensberatung f\u00fcr iranische und afghanische Gefl\u00fcchtete Bildungsberatung Deutsch- und Integerations- und Orientierungskurse Ehrenamtliche Arbeit Selbsthilfegruppe f\u00fcr Frauen Beratung und Betreuung von Frauen, Jugendlichen und Familien Muttersprachlicher Unterricht f\u00fcr iranische und afghanische Kinder","protected":false},"author":1,"featured_media":0,"parent":0,"menu_order":0,"comment_status":"closed","ping_status":"closed","template":"","meta":{"footnotes":""},"class_list":["post-2089","page","type-page","status-publish","hentry"],"jetpack_sharing_enabled":true,"_links":{"self":[{"href":"https:\/\/iprberlin.com\/de\/wp-json\/wp\/v2\/pages\/2089","targetHints":{"allow":["GET"]}}],"collection":[{"href":"https:\/\/iprberlin.com\/de\/wp-json\/wp\/v2\/pages"}],"about":[{"href":"https:\/\/iprberlin.com\/de\/wp-json\/wp\/v2\/types\/page"}],"author":[{"embeddable":true,"href":"https:\/\/iprberlin.com\/de\/wp-json\/wp\/v2\/users\/1"}],"replies":[{"embeddable":true,"href":"https:\/\/iprberlin.com\/de\/wp-json\/wp\/v2\/comments?post=2089"}],"version-history":[{"count":6,"href":"https:\/\/iprberlin.com\/de\/wp-json\/wp\/v2\/pages\/2089\/revisions"}],"predecessor-version":[{"id":2447,"href":"https:\/\/iprberlin.com\/de\/wp-json\/wp\/v2\/pages\/2089\/revisions\/2447"}],"wp:attachment":[{"href":"https:\/\/iprberlin.com\/de\/wp-json\/wp\/v2\/media?parent=2089"}],"curies":[{"name":"wp","href":"https:\/\/api.w.org\/{rel}","templated":true}]}}