{"id":130,"date":"2014-06-21T03:33:55","date_gmt":"2014-06-21T03:33:55","guid":{"rendered":"https:\/\/iprberlin.com\/de\/?page_id=130"},"modified":"2023-07-26T06:40:36","modified_gmt":"2023-07-26T06:40:36","slug":"berichte","status":"publish","type":"page","link":"https:\/\/iprberlin.com\/de\/berichte\/","title":{"rendered":"Berichte"},"content":{"rendered":"<p><span style=\"font-family: arial, helvetica, sans-serif; font-size: 12pt;\"><strong><em><strong><strong><strong>Protestaktion vor iranischer Botschaft in Berlin 29.07.2012, H\u00e4nde weg von Afghanen im Iran<\/strong><\/strong><\/strong><\/em><\/strong><\/span><\/p>\n<p><img loading=\"lazy\" decoding=\"async\" class=\"alignnone wp-image-131 size-full\" src=\"https:\/\/iprberlin.com\/de\/wp-content\/uploads\/2014\/06\/afghandemo1.jpg\" alt=\"afghandemo1\" width=\"425\" height=\"319\" srcset=\"https:\/\/iprberlin.com\/de\/wp-content\/uploads\/2014\/06\/afghandemo1.jpg 425w, https:\/\/iprberlin.com\/de\/wp-content\/uploads\/2014\/06\/afghandemo1-200x150.jpg 200w, https:\/\/iprberlin.com\/de\/wp-content\/uploads\/2014\/06\/afghandemo1-300x225.jpg 300w, https:\/\/iprberlin.com\/de\/wp-content\/uploads\/2014\/06\/afghandemo1-73x55.jpg 73w, https:\/\/iprberlin.com\/de\/wp-content\/uploads\/2014\/06\/afghandemo1-305x230.jpg 305w, https:\/\/iprberlin.com\/de\/wp-content\/uploads\/2014\/06\/afghandemo1-75x55.jpg 75w, https:\/\/iprberlin.com\/de\/wp-content\/uploads\/2014\/06\/afghandemo1-65x50.jpg 65w\" sizes=\"auto, (max-width: 425px) 100vw, 425px\" \/><\/p>\n<p><img loading=\"lazy\" decoding=\"async\" class=\"alignnone wp-image-132 size-full\" src=\"https:\/\/iprberlin.com\/de\/wp-content\/uploads\/2014\/06\/afghandemo2.jpg\" alt=\"afghandemo2\" width=\"425\" height=\"319\" srcset=\"https:\/\/iprberlin.com\/de\/wp-content\/uploads\/2014\/06\/afghandemo2.jpg 425w, https:\/\/iprberlin.com\/de\/wp-content\/uploads\/2014\/06\/afghandemo2-200x150.jpg 200w, https:\/\/iprberlin.com\/de\/wp-content\/uploads\/2014\/06\/afghandemo2-300x225.jpg 300w, https:\/\/iprberlin.com\/de\/wp-content\/uploads\/2014\/06\/afghandemo2-73x55.jpg 73w, https:\/\/iprberlin.com\/de\/wp-content\/uploads\/2014\/06\/afghandemo2-305x230.jpg 305w, https:\/\/iprberlin.com\/de\/wp-content\/uploads\/2014\/06\/afghandemo2-75x55.jpg 75w, https:\/\/iprberlin.com\/de\/wp-content\/uploads\/2014\/06\/afghandemo2-65x50.jpg 65w\" sizes=\"auto, (max-width: 425px) 100vw, 425px\" \/><\/p>\n<p><span style=\"font-family: arial, helvetica, sans-serif; font-size: 12pt;\"><strong><em><strong><strong>_____________________________________________________<\/strong><\/strong><\/em><\/strong><\/span><\/p>\n<p><span style=\"font-family: arial, helvetica, sans-serif; font-size: 12pt;\"><strong><em><strong><strong>Besuch des Staatssekret\u00e4rs f\u00fcr Integrationsfragen<\/strong><\/strong><\/em><\/strong><\/span><\/p>\n<p><span style=\"font-family: arial, helvetica, sans-serif; font-size: 12pt;\">Am 25.06.2012 besuchte Herr Farhad Dilmaghani, Staatssekret\u00e4r des Berliner Senats f\u00fcr Integration<\/span><\/p>\n<p><span style=\"font-family: arial, helvetica, sans-serif; font-size: 12pt;\">den Verein Iranischer Fl\u00fcchtlinge in Berlin e.V. In diesem Treffen sprach Herr Dilmaghani mit den Verantwortlichen<\/span><\/p>\n<p><span style=\"font-family: arial, helvetica, sans-serif; font-size: 12pt;\">des Vereins \u00fcber die politischen Richtlinien des neuen Berliner Senats bez\u00fcglich Integration, Fl\u00fcchtlingsfragen und<\/span><\/p>\n<p><span style=\"font-family: arial, helvetica, sans-serif; font-size: 12pt;\">anderen gemeinsamen Verantwortlichkeitsbereichen.<\/span><\/p>\n<p><span style=\"font-family: arial, helvetica, sans-serif; font-size: 12pt;\">Herr Dilmaghani besuchte im Rahmen dieses Treffens den vom Verein organisierten Deutsch-Unterricht und sprach mit<\/span><\/p>\n<p><span style=\"font-family: arial, helvetica, sans-serif; font-size: 12pt;\">neuangekommenen Fl\u00fcchtlingen aus Iran und Afghanistan \u00fcber deren dringlichen Problemen, insbesondere \u00fcber den langen<\/span><\/p>\n<p><span style=\"font-family: arial, helvetica, sans-serif; font-size: 12pt;\">Prozess der Kl\u00e4rung des Fl\u00fcchtlings- und Aufenthaltsstatus, \u00fcber Probleme bei der Wohnungsfindung, und bei der Aus- und Weiterbildung.<\/span><\/p>\n<p><span style=\"font-family: arial, helvetica, sans-serif; font-size: 12pt;\">Auch die spezifischen Probleme von in Brandenburg lebenden Fl\u00fcchtlingen wurden thematisiert. Herr Dilmaghani antwortete<\/span><\/p>\n<p><span style=\"font-family: arial, helvetica, sans-serif; font-size: 12pt;\">auf die Fragen von Fl\u00fcchtlingen und versprach, im Rahmen der M\u00f6glichkeiten, Hilfe bei der L\u00f6sung von Problemen.<\/span><\/p>\n<p><a href=\"https:\/\/iprberlin.com\/de\/wp-content\/uploads\/2014\/06\/dil1.jpg\"><img loading=\"lazy\" decoding=\"async\" class=\"alignnone size-full wp-image-133\" src=\"https:\/\/iprberlin.com\/de\/wp-content\/uploads\/2014\/06\/dil1.jpg\" alt=\"PENTAX Digital Camera\" width=\"425\" height=\"319\" srcset=\"https:\/\/iprberlin.com\/de\/wp-content\/uploads\/2014\/06\/dil1.jpg 425w, https:\/\/iprberlin.com\/de\/wp-content\/uploads\/2014\/06\/dil1-200x150.jpg 200w, https:\/\/iprberlin.com\/de\/wp-content\/uploads\/2014\/06\/dil1-300x225.jpg 300w, https:\/\/iprberlin.com\/de\/wp-content\/uploads\/2014\/06\/dil1-73x55.jpg 73w, https:\/\/iprberlin.com\/de\/wp-content\/uploads\/2014\/06\/dil1-305x230.jpg 305w, https:\/\/iprberlin.com\/de\/wp-content\/uploads\/2014\/06\/dil1-75x55.jpg 75w, https:\/\/iprberlin.com\/de\/wp-content\/uploads\/2014\/06\/dil1-65x50.jpg 65w\" sizes=\"auto, (max-width: 425px) 100vw, 425px\" \/><\/a><\/p>\n<p><img loading=\"lazy\" decoding=\"async\" class=\"alignnone size-full wp-image-134\" src=\"https:\/\/iprberlin.com\/de\/wp-content\/uploads\/2014\/06\/dil2.jpg\" alt=\"PENTAX Digital Camera\" width=\"425\" height=\"319\" srcset=\"https:\/\/iprberlin.com\/de\/wp-content\/uploads\/2014\/06\/dil2.jpg 425w, https:\/\/iprberlin.com\/de\/wp-content\/uploads\/2014\/06\/dil2-200x150.jpg 200w, https:\/\/iprberlin.com\/de\/wp-content\/uploads\/2014\/06\/dil2-300x225.jpg 300w, https:\/\/iprberlin.com\/de\/wp-content\/uploads\/2014\/06\/dil2-73x55.jpg 73w, https:\/\/iprberlin.com\/de\/wp-content\/uploads\/2014\/06\/dil2-305x230.jpg 305w, https:\/\/iprberlin.com\/de\/wp-content\/uploads\/2014\/06\/dil2-75x55.jpg 75w, https:\/\/iprberlin.com\/de\/wp-content\/uploads\/2014\/06\/dil2-65x50.jpg 65w\" sizes=\"auto, (max-width: 425px) 100vw, 425px\" \/><\/p>\n<p><a href=\"https:\/\/iprberlin.com\/de\/wp-content\/uploads\/2014\/06\/dil3.jpg\"><img loading=\"lazy\" decoding=\"async\" class=\"alignnone size-full wp-image-136\" src=\"https:\/\/iprberlin.com\/de\/wp-content\/uploads\/2014\/06\/dil3.jpg\" alt=\"PENTAX Digital Camera\" width=\"425\" height=\"319\" srcset=\"https:\/\/iprberlin.com\/de\/wp-content\/uploads\/2014\/06\/dil3.jpg 425w, https:\/\/iprberlin.com\/de\/wp-content\/uploads\/2014\/06\/dil3-200x150.jpg 200w, https:\/\/iprberlin.com\/de\/wp-content\/uploads\/2014\/06\/dil3-300x225.jpg 300w, https:\/\/iprberlin.com\/de\/wp-content\/uploads\/2014\/06\/dil3-73x55.jpg 73w, https:\/\/iprberlin.com\/de\/wp-content\/uploads\/2014\/06\/dil3-305x230.jpg 305w, https:\/\/iprberlin.com\/de\/wp-content\/uploads\/2014\/06\/dil3-75x55.jpg 75w, https:\/\/iprberlin.com\/de\/wp-content\/uploads\/2014\/06\/dil3-65x50.jpg 65w\" sizes=\"auto, (max-width: 425px) 100vw, 425px\" \/><\/a><\/p>\n<p><a href=\"https:\/\/iprberlin.com\/de\/wp-content\/uploads\/2014\/06\/dil4.jpg\"><img loading=\"lazy\" decoding=\"async\" class=\"alignnone size-full wp-image-135\" src=\"https:\/\/iprberlin.com\/de\/wp-content\/uploads\/2014\/06\/dil4.jpg\" alt=\"PENTAX Digital Camera\" width=\"425\" height=\"319\" srcset=\"https:\/\/iprberlin.com\/de\/wp-content\/uploads\/2014\/06\/dil4.jpg 425w, https:\/\/iprberlin.com\/de\/wp-content\/uploads\/2014\/06\/dil4-200x150.jpg 200w, https:\/\/iprberlin.com\/de\/wp-content\/uploads\/2014\/06\/dil4-300x225.jpg 300w, https:\/\/iprberlin.com\/de\/wp-content\/uploads\/2014\/06\/dil4-73x55.jpg 73w, https:\/\/iprberlin.com\/de\/wp-content\/uploads\/2014\/06\/dil4-305x230.jpg 305w, https:\/\/iprberlin.com\/de\/wp-content\/uploads\/2014\/06\/dil4-75x55.jpg 75w, https:\/\/iprberlin.com\/de\/wp-content\/uploads\/2014\/06\/dil4-65x50.jpg 65w\" sizes=\"auto, (max-width: 425px) 100vw, 425px\" \/><\/a><\/p>\n<p><span style=\"font-family: arial, helvetica, sans-serif; font-size: 12pt;\"><strong><em><strong>_____________________________________________________<\/strong><\/em><\/strong><\/span><\/p>\n<p><span style=\"font-family: arial, helvetica, sans-serif; font-size: 12pt;\"><strong><em><strong>Solidarit\u00e4t mit Fl\u00fcchtlingen in W\u00fcrzburg, 11.07.2012<\/strong><\/em><\/strong><\/span><\/p>\n<p><span style=\"font-family: arial, helvetica, sans-serif; font-size: 12pt;\"><strong><em>Fotos:\u00a0Mahdiyeh Kalhor<\/em><\/strong><\/span><\/p>\n<p><a href=\"https:\/\/iprberlin.com\/de\/wp-content\/uploads\/2014\/06\/wurzb1.jpg\"><img loading=\"lazy\" decoding=\"async\" class=\"alignnone size-full wp-image-137\" src=\"https:\/\/iprberlin.com\/de\/wp-content\/uploads\/2014\/06\/wurzb1.jpg\" alt=\"wurzb1\" width=\"624\" height=\"416\" srcset=\"https:\/\/iprberlin.com\/de\/wp-content\/uploads\/2014\/06\/wurzb1.jpg 624w, https:\/\/iprberlin.com\/de\/wp-content\/uploads\/2014\/06\/wurzb1-300x200.jpg 300w, https:\/\/iprberlin.com\/de\/wp-content\/uploads\/2014\/06\/wurzb1-82x55.jpg 82w, https:\/\/iprberlin.com\/de\/wp-content\/uploads\/2014\/06\/wurzb1-180x120.jpg 180w, https:\/\/iprberlin.com\/de\/wp-content\/uploads\/2014\/06\/wurzb1-75x50.jpg 75w\" sizes=\"auto, (max-width: 624px) 100vw, 624px\" \/><\/a><\/p>\n<p><a href=\"https:\/\/iprberlin.com\/de\/wp-content\/uploads\/2014\/06\/wurzb2.jpg\"><img loading=\"lazy\" decoding=\"async\" class=\"alignnone size-full wp-image-138\" src=\"https:\/\/iprberlin.com\/de\/wp-content\/uploads\/2014\/06\/wurzb2.jpg\" alt=\"wurzb2\" width=\"624\" height=\"416\" srcset=\"https:\/\/iprberlin.com\/de\/wp-content\/uploads\/2014\/06\/wurzb2.jpg 624w, https:\/\/iprberlin.com\/de\/wp-content\/uploads\/2014\/06\/wurzb2-300x200.jpg 300w, https:\/\/iprberlin.com\/de\/wp-content\/uploads\/2014\/06\/wurzb2-82x55.jpg 82w, https:\/\/iprberlin.com\/de\/wp-content\/uploads\/2014\/06\/wurzb2-180x120.jpg 180w, https:\/\/iprberlin.com\/de\/wp-content\/uploads\/2014\/06\/wurzb2-75x50.jpg 75w\" sizes=\"auto, (max-width: 624px) 100vw, 624px\" \/><\/a><\/p>\n<p><span style=\"font-family: arial, helvetica, sans-serif; font-size: 12pt;\"><strong><em>_____________________________________________________<\/em><\/strong><\/span><\/p>\n<p><span style=\"font-family: arial, helvetica, sans-serif; font-size: 12pt;\"><strong><em>TAZ,\u00a0<\/em><\/strong><strong><em>02.11.2011:<\/em>\u00a0<\/strong><span style=\"color: #000000;\"><strong><a href=\"http:\/\/www.taz.de\/1\/archiv\/digitaz\/artikel\/?ressort=sw&amp;dig=2011%2F11%2F02%2Fa0098&amp;cHash=ca8878c3d8\" target=\"_blank\" rel=\"noopener\"><span style=\"color: #000000;\">Portrait, Menschenrechtsbeauftragte der Bundesregierung<\/span><\/a><\/strong><\/span><\/span><\/p>\n<p><span style=\"font-family: arial, helvetica, sans-serif; font-size: 12pt;\">_____________________________________________________<\/span><\/p>\n<p><span style=\"font-family: arial, helvetica, sans-serif; font-size: 12pt;\"><strong><em>Fotogalerie:<\/em><span style=\"color: #000000;\">\u00a0<a href=\"http:\/\/iprberlin.com\/index.php?option=com_content&amp;view=article&amp;id=86&amp;catid=3&amp;Itemid=27\" target=\"_blank\" rel=\"noopener\"><span style=\"color: #000000;\">Internationaler Tag gegen die Todesstrafe, Berlin , 09 Okt. 2010<\/span><\/a><\/span><\/strong><\/span><\/p>\n<div class=\"youtube-embed\" data-video_id=\"Xm1k6fWX6f0\"><iframe loading=\"lazy\" title=\"irtv berlin Local News 10.10.2010 \/ Demo\" width=\"696\" height=\"522\" src=\"https:\/\/www.youtube.com\/embed\/Xm1k6fWX6f0?feature=oembed&#038;enablejsapi=1\" frameborder=\"0\" allow=\"accelerometer; autoplay; clipboard-write; encrypted-media; gyroscope; picture-in-picture; web-share\" allowfullscreen><\/iframe><\/div>\n<h1><span style=\"font-family: arial, helvetica, sans-serif; font-size: 12pt;\"><strong>________________________________________________<\/strong><\/span><\/h1>\n<p><span style=\"font-family: arial, helvetica, sans-serif; font-size: 12pt;\"><strong><strong><em>Film:<\/em><span style=\"color: #000000;\">\u00a0<a href=\"http:\/\/iprberlin.com\/Film\/11sep2010.ram\" target=\"_blank\" rel=\"noopener\"><span style=\"color: #000000;\">Gedenkveranstaltung, Solidarit\u00e4tsabend mit politischen Gefangenen im Iran, 22 Jahre nach Hinrichtungswellen in iranischen Gef\u00e4ngnissen (Sommer 1988) &#8211; 11 Sep. 2010, Werkstatt der Kulturen, Berlin<\/span><\/a><\/span><\/strong><\/strong><\/span><\/p>\n<h1><span style=\"font-family: arial, helvetica, sans-serif; font-size: 12pt;\"><strong>________________________________________________<\/strong><\/span><\/h1>\n<h1><span style=\"font-family: arial, helvetica, sans-serif; font-size: 12pt;\">Von Teheran nach Berlin<\/span><\/h1>\n<p><span style=\"font-family: arial, helvetica, sans-serif; font-size: 12pt;\"><strong>Euronews Reportage \u00fcber iranische Fl\u00fcchtlinge in Deutschland<\/strong><\/span><\/p>\n<p><span style=\"font-family: arial, helvetica, sans-serif; font-size: 12pt;\"><strong>Oktober 2010<\/strong><\/span><\/p>\n<div class=\"youtube-embed\" data-video_id=\"LO90bZUH-4E\"><iframe loading=\"lazy\" title=\"Von Tehran nach Berlin\" width=\"696\" height=\"522\" src=\"https:\/\/www.youtube.com\/embed\/LO90bZUH-4E?feature=oembed&#038;enablejsapi=1\" frameborder=\"0\" allow=\"accelerometer; autoplay; clipboard-write; encrypted-media; gyroscope; picture-in-picture; web-share\" allowfullscreen><\/iframe><\/div>\n<p><span style=\"font-family: arial, helvetica, sans-serif; font-size: 12pt;\"><strong>________________________________________________<\/strong><\/span><\/p>\n<p><span style=\"font-family: arial, helvetica, sans-serif; font-size: 12pt;\"><strong>ARD Reportagen (12 August 2010):<\/strong><\/span><\/p>\n<p><span style=\"font-family: arial, helvetica, sans-serif; font-size: 12pt;\"><em>Panaroma :<\/em><span style=\"color: #000000;\"><strong>\u00a0Iranische Kampfdrohnen: Deutsche Fabrikanten liefern Motoren<\/strong><\/span><\/span><\/p>\n<p><span style=\"font-family: arial, helvetica, sans-serif; font-size: 12pt;\"><strong><em>Tagesschau24:\u00a0<\/em><span style=\"color: #000000;\"><a href=\"http:\/\/www.tagesschau.de\/multimedia\/video\/ondemand100_id-video753866.html\" target=\"_blank\" rel=\"noopener\"><span style=\"color: #000000;\"><strong>Illegale Exporte an Iran: Stefan Buchen, NDR, im Interview<\/strong><\/span><\/a><\/span><\/strong><\/span><\/p>\n<p><span style=\"font-family: arial, helvetica, sans-serif; font-size: 12pt;\"><strong>________________________________________________<\/strong><\/span><\/p>\n<p><span style=\"font-family: arial, helvetica, sans-serif; font-size: 12pt;\"><strong><strong><em>eine Sendung von ZDF, Juni 2010:<\/em><\/strong>\u00a0iranischer Fl\u00fcchtlinge in der T\u00fcrkei<\/strong><\/span><\/p>\n<div class=\"youtube-embed\" data-video_id=\"hgwKAJYNtSo\"><iframe loading=\"lazy\" title=\"\u06af\u0632\u0627\u0631\u0634\u06cc \u0627\u0632 \u062a\u0644\u0648\u06cc\u0632\u06cc\u0648\u0646 \u0622\u0644\u0645\u0627\u0646 \u062f\u0631 \u0645\u0648\u0631\u062f \u067e\u0646\u0627\u0647\u0646\u062f\u06af\u0627\u0646 \u0627\u06cc\u0631\u0627\u0646\u06cc\" width=\"696\" height=\"522\" src=\"https:\/\/www.youtube.com\/embed\/hgwKAJYNtSo?feature=oembed&#038;enablejsapi=1\" frameborder=\"0\" allow=\"accelerometer; autoplay; clipboard-write; encrypted-media; gyroscope; picture-in-picture; web-share\" allowfullscreen><\/iframe><\/div>\n<p><span style=\"font-family: arial, helvetica, sans-serif; font-size: 12pt;\"><strong>___________________________________<\/strong><\/span><\/p>\n<p><span style=\"font-family: arial, helvetica, sans-serif; font-size: 12pt;\"><strong><em><strong>Film:\u00a0<\/strong><\/em><\/strong><span style=\"color: #000000;\"><strong><a href=\"http:\/\/www.zdf.de\/ZDFmediathek\/beitrag\/video\/1035460\/Irans-gruener-Sommer---Ein-Jahr-danach#\/beitrag\/video\/1035460\/Irans-gruener-Protest---Ein-Jahr-danach\" target=\"_blank\" rel=\"noopener\"><span style=\"color: #000000;\"><strong>3SAT- Iran ein Jahr nach Protesten<\/strong><\/span><\/a><\/strong><\/span><\/span><\/p>\n<p><span style=\"font-family: arial, helvetica, sans-serif; font-size: 12pt;\"><strong><strong>___________________________________<\/strong><\/strong><\/span><\/p>\n<p><span style=\"font-family: arial, helvetica, sans-serif; font-size: 12pt;\"><strong><strong>Der Spiegel:<\/strong>\u00a0<strong>&#8220; Sie schlugen mich halbtot&#8220;<\/strong>\u00a0&#8211; Knapp 2000 Oppositionelle der &#8222;gr\u00fcnen Revolte&#8220; sitzen nach ihrer Flucht aus Iran in der T\u00fcrkei fest.\u00a0<span style=\"color: #000000;\"><a href=\"http:\/\/iprberlin.com\/pdf\/Spiegel-IranianRefugees-10.05.2010.pdf\" target=\"_blank\" rel=\"noopener\"><span style=\"color: #000000;\"><strong>Weiterlesen&#8230; (als PDF )<\/strong><\/span><\/a><\/span><\/strong><\/span><\/p>\n<p><span style=\"font-family: arial, helvetica, sans-serif; font-size: 12pt;\"><strong><strong>___________________________________<\/strong><\/strong><\/span><\/p>\n<p><span style=\"font-family: arial, helvetica, sans-serif; font-size: 12pt;\"><strong><em>Film:<\/em><\/strong><strong>\u00a0<span style=\"color: #000000;\"><a href=\"http:\/\/www.tagesschau.de\/multimedia\/video\/sendungsbeitrag40288_res-flash256.html\" target=\"_blank\" rel=\"noopener\"><span style=\"color: #000000;\">Tagesthemen vom 10.03.2010 zur Lage von iranischen Fl\u00fcchtlingen in der T\u00fcrkei<\/span><\/a><\/span><\/strong><\/span><\/p>\n<p><span style=\"font-family: arial, helvetica, sans-serif; font-size: 12pt;\"><strong>________________________________________________<\/strong><\/span><\/p>\n<p><span style=\"font-family: arial, helvetica, sans-serif; font-size: 12pt;\"><strong>Wohnungen f\u00fcr alle!<\/strong><\/span><\/p>\n<p><img loading=\"lazy\" decoding=\"async\" class=\"alignnone wp-image-141 size-full\" src=\"https:\/\/iprberlin.com\/de\/wp-content\/uploads\/2014\/06\/Wohnungen-fuer-alle.jpg\" alt=\"Wohnungen-fuer-alle\" width=\"454\" height=\"707\" srcset=\"https:\/\/iprberlin.com\/de\/wp-content\/uploads\/2014\/06\/Wohnungen-fuer-alle.jpg 454w, https:\/\/iprberlin.com\/de\/wp-content\/uploads\/2014\/06\/Wohnungen-fuer-alle-192x300.jpg 192w, https:\/\/iprberlin.com\/de\/wp-content\/uploads\/2014\/06\/Wohnungen-fuer-alle-35x55.jpg 35w\" sizes=\"auto, (max-width: 454px) 100vw, 454px\" \/><\/p>\n<p><span style=\"font-family: arial, helvetica, sans-serif; font-size: 12pt;\">Das B\u00fcndnis gegen Lager Berlin\/Brandenburg ruft deshalb auf zur Demonstration &#8222;Wohnungen f\u00fcr Alle&#8220;. Schluss mit der Lagerunterbringung f\u00fcr Fl\u00fcchtlinge!&#8220; am kommenden Dienstag, den 16. November, um 14.00 Uhr, Treffpunkt am Checkpoint Charly in der Friedrichstra\u00dfe.<\/span><\/p>\n<p><span style=\"font-family: arial, helvetica, sans-serif; font-size: 12pt;\"><strong><span style=\"color: #000000;\"><a href=\"http:\/\/iprberlin.com\/pdf\/Wohnungen-fuer-alle.pdf\" target=\"_blank\" rel=\"noopener\"><span style=\"color: #000000;\"><em>Weiterlesen&#8230;.<\/em><\/span><\/a><\/span><br \/>\n<\/strong><\/span><\/p>\n<p><span style=\"font-family: arial, helvetica, sans-serif; font-size: 12pt;\"><strong>________________________________________________<\/strong><\/span><\/p>\n<p><span style=\"font-family: arial, helvetica, sans-serif; font-size: 12pt;\"><strong>Frontal21-Sendung vom 26.01.2010<\/strong><\/span><\/p>\n<h2><span style=\"font-family: arial, helvetica, sans-serif; font-size: 12pt;\">Iran: Opposition wird mit deutscher Hilfe unterdr\u00fcckt<\/span><\/h2>\n<h3><span style=\"font-family: arial, helvetica, sans-serif; font-size: 12pt;\">Nokia Siemens lieferte Telefonanlagen mit \u00dcberwachungstechnik<\/span><\/h3>\n<p><span style=\"font-family: arial, helvetica, sans-serif; font-size: 12pt;\">von Joachim Bartz und Reinhard Laska<\/span><\/p>\n<p><span style=\"font-family: arial, helvetica, sans-serif; font-size: 12pt;\">Iranische Sicherheitsorgane setzen deutsche Technik ein, um Regimegegner zu \u00fcberwachen. Immer \u00f6fter stellen Oppositionelle im Iran fest, dass sie systematisch ausspioniert werden. Die Festnahmen h\u00e4ufen sich. Nach Recherchen von Frontal21 werden sie dann bei Verh\u00f6ren von der iranischen Polizei mit abgeh\u00f6rten Telefonaten und abgefangenen SMS-Nachrichten als &#8222;Beweismittel&#8220; konfrontiert.<\/span><\/p>\n<p><span style=\"font-family: arial, helvetica, sans-serif; font-size: 12pt;\">Nokia Siemens Networks (NSN) lieferte in den Jahren 2007 und 2008 Telefonanlagen in den Iran, einschlie\u00dflich \u00dcberwachungstechnologie, so genannte Monitoring Center. Diese k\u00f6nnen Gespr\u00e4che aufzeichnen, SMS-Nachrichten abfangen und feststellen, wo genau sich Mobiltelefone befinden.<\/span><\/p>\n<p><span style=\"font-family: arial, helvetica, sans-serif; font-size: 12pt;\">\u00dcberwachung von Auslandsgepr\u00e4chen<\/span><\/p>\n<p><span style=\"font-family: arial, helvetica, sans-serif; font-size: 12pt;\">Nach Frontal21-Informationen werden auch Auslandsgespr\u00e4che durch das Monitoring Center von Nokia Siemens abgeh\u00f6rt. Das finnisch-deutsche &#8222;joint venture&#8220; hatte zwar bisher den Export einger\u00e4umt, aber behauptet, dass allein Inlandsgespr\u00e4che \u00fcberwacht werden k\u00f6nnten. Zudem ist die Firma f\u00fcr die Wartung und den Weiterbetrieb der von ihr gelieferten \u00dcberwachungstechnik im Iran verantwortlich.<\/span><\/p>\n<p><span style=\"font-family: arial, helvetica, sans-serif; font-size: 12pt;\">Siemens-Vorstandsmitglied Joe Kaeser erkl\u00e4rte gegen\u00fcber Frontal21, dass diese Gesch\u00e4fte rechtlich einwandfrei seien: &#8222;Es gibt heute f\u00fcr uns keinen Grund anzunehmen, dass NSN sich rechtswidrig oder nicht ordnungsgem\u00e4\u00df verhalten hat.&#8220;<\/span><\/p>\n<p><span style=\"font-family: arial, helvetica, sans-serif; font-size: 12pt;\"><strong>Embargo f\u00fcr \u00dcberwachungssysteme<\/strong><\/span><\/p>\n<p><span style=\"font-family: arial, helvetica, sans-serif; font-size: 12pt;\">Demgegen\u00fcber forderte der Menschenrechtsbeauftragte der Bundesregierung, G\u00fcnter Nooke (CDU), \u00dcberwachungssysteme auf Embargo-Listen zu setzen und nicht mehr in den Iran zu liefern. An Siemens appelliert Nooke, die in den Iran gelieferte \u00dcberwachungstechnik nicht weiter zu warten. &#8222;Das Entscheidende ist&#8220;, so Nooke, &#8222;dass auch private Firmen wie Siemens zeigen, dass sie nicht auf der Seite der Unterdr\u00fccker stehen, sondern auf der Seite der demokratischen Opposition.&#8220;<\/span><\/p>\n<p><span style=\"font-family: arial, helvetica, sans-serif; font-size: 12pt;\"><strong>____________________________________<\/strong><\/span><\/p>\n<p><span style=\"font-family: arial, helvetica, sans-serif; font-size: 12pt;\"><strong><strong>Rund 27.700 Asylantr\u00e4ge im Jahr 2009<\/strong><\/strong><\/span><\/p>\n<p><span style=\"font-family: arial, helvetica, sans-serif; font-size: 12pt;\">Im Jahr 2009 wurden beim Bundesamt f\u00fcr Migration und Fl\u00fcchtlinge 27.649 Asylerstantr\u00e4ge gestellt. Damit stieg die Zahl der Asylbewerber im zweiten Jahr in Folge an.<\/span><\/p>\n<p><span style=\"font-family: arial, helvetica, sans-serif; font-size: 12pt;\">Die Steigerung der Zahl der Asylbewerber von 25,2 Prozent im Vergleich zu 2008 ist im Wesentlichen auf drei Faktoren zur\u00fcckzuf\u00fchren:<\/span><\/p>\n<ul>\n<li><span style=\"font-family: arial, helvetica, sans-serif; font-size: 12pt;\">Erstens blieb die Zahl der Asylantr\u00e4ge von Irakern im Jahr 2009 mit 6.538 auf einem \u00e4hnlich hohen Niveau wie im Vorjahr (2008: 6.836).<\/span><\/li>\n<li><span style=\"font-family: arial, helvetica, sans-serif; font-size: 12pt;\">Zweitens kam es zu einem deutlichen Anstieg afghanischer Asylantr\u00e4ge. 3.375 Afghanen stellten 2009 einen Asylerstantrag und damit 2.718 mehr als im Jahr 2008.<\/span><\/li>\n<li><span style=\"font-family: arial, helvetica, sans-serif; font-size: 12pt;\">Drittens war 2009 auch ein allgemeiner Anstieg des Asylzugangs aus anderen Hauptherkunftsstaaten, vor allem aus dem Iran, Nigeria und Indien, zu beobachten.<\/span><\/li>\n<\/ul>\n<p><span style=\"font-family: arial, helvetica, sans-serif; font-size: 12pt;\">Trotz der Steigerung der Asylbewerberzahlen im Jahr 2009 befinden sich die Zugangszahlen weiterhin auf einem vergleichsweise niedrigem Niveau: vor 10 Jahren &#8211; also im Jahr 1999 &#8211; kamen noch etwa 100.000 Asylbewerber nach Deutschland; 1992 waren es sogar fast 440.000.<\/span><\/p>\n<p><span style=\"font-family: arial, helvetica, sans-serif; font-size: 12pt;\">In Bezug auf die Asylentscheidungen ergab sich im Jahr 2009 folgendes Bild: 8.115 Personen &#8211; darunter 5.517 Iraker &#8211; erhielten 2009 die Rechtsstellung eines Fl\u00fcchtlings nach der Genfer Konvention (28,2 Prozent aller Asylbewerber). Zudem erhielten 1.611 Personen (5,6 Prozent) sogenannten &#8222;subsidi\u00e4ren Schutz&#8220; (Abschiebungsverbote gem\u00e4\u00df\u00a0\u00a7\u00a060\u00a0Abs.\u00a02, 3, 5 und 7 Aufenthaltsgesetz).<\/span><\/p>\n<p><span style=\"font-family: arial, helvetica, sans-serif; font-size: 12pt;\">Bundesinnenminister Dr. Thomas de Maizi\u00e8re:<\/span><\/p>\n<p><span style=\"font-family: arial, helvetica, sans-serif; font-size: 12pt;\">Asyl und Fl\u00fcchtlingsschutz kommt in Deutschland ein hoher Stellenwert zu. Das zeigt unsere im internationalen Vergleich hohe Schutzquote. \u00dcber die verfassungsrechtlichen und v\u00f6lkerrechtlichen Verpflichtungen hinaus beteiligt sich Deutschland international an humanit\u00e4ren Aufnahmeverfahren, um besonders hilfsbed\u00fcrftigen Fl\u00fcchtlingen eine Zukunft in Deutschland zu bieten. Ein Beispiel daf\u00fcr ist die zugesagte Aufnahme von 2.500 irakischen Fl\u00fcchtlingen, von denen bis Ende Januar 2010 bereits \u00fcber 2.200 Personen eingereist sein werden. Deutschland leistet damit einen aktiven humanit\u00e4ren Beitrag als Mitglied der Europ\u00e4ischen Union und der internationalen Staatengemeinschaft.<\/span><\/p>\n<h2><span style=\"font-family: arial, helvetica, sans-serif; font-size: 12pt;\">Asylbewerberzahlen, Asylentscheidungen und Hauptherkunftsl\u00e4nder im Einzelnen<\/span><\/h2>\n<h3><span style=\"font-family: arial, helvetica, sans-serif; font-size: 12pt;\">1. Asylbewerberzahlen<\/span><\/h3>\n<p><span style=\"font-family: arial, helvetica, sans-serif; font-size: 12pt;\">In der Zeit von Januar bis Dezember 2009 haben insgesamt 27.649 Personen in Deutschland Asyl (Erstantr\u00e4ge) beantragt. Gegen\u00fcber dem Vergleichszeitraum im Vorjahr (22.085 Personen) bedeutet dies eine Steigerung um 5.564 Personen (25,2 Prozent).<\/span><\/p>\n<p><span style=\"font-family: arial, helvetica, sans-serif; font-size: 12pt;\"><strong>Monatsentwicklung im 2-Jahres-Vergleich<\/strong><\/span><\/p>\n<table>\n<thead>\n<tr>\n<td colspan=\"3\"><span style=\"font-family: arial, helvetica, sans-serif; font-size: 12pt;\">Monatsentwicklung der Asylbewerberzahlen im 2-Jahres-Vergleich<\/span><\/td>\n<\/tr>\n<tr>\n<td><span style=\"font-family: arial, helvetica, sans-serif; font-size: 12pt;\"><strong>Monat<\/strong><\/span><\/td>\n<td><span style=\"font-family: arial, helvetica, sans-serif; font-size: 12pt;\"><strong>2008<\/strong><\/span><\/td>\n<td><span style=\"font-family: arial, helvetica, sans-serif; font-size: 12pt;\"><strong>2009<\/strong><\/span><\/td>\n<\/tr>\n<\/thead>\n<tbody>\n<tr>\n<td><span style=\"font-family: arial, helvetica, sans-serif; font-size: 12pt;\">Januar<\/span><\/td>\n<td><span style=\"font-family: arial, helvetica, sans-serif; font-size: 12pt;\"><strong>2.397<\/strong><\/span><\/td>\n<td><span style=\"font-family: arial, helvetica, sans-serif; font-size: 12pt;\"><strong>2.342<\/strong><\/span><\/td>\n<\/tr>\n<tr>\n<td><span style=\"font-family: arial, helvetica, sans-serif; font-size: 12pt;\">Februar<\/span><\/td>\n<td><span style=\"font-family: arial, helvetica, sans-serif; font-size: 12pt;\"><strong>1.818<\/strong><\/span><\/td>\n<td><span style=\"font-family: arial, helvetica, sans-serif; font-size: 12pt;\"><strong>1.936<\/strong><\/span><\/td>\n<\/tr>\n<tr>\n<td><span style=\"font-family: arial, helvetica, sans-serif; font-size: 12pt;\">M\u00e4rz<\/span><\/td>\n<td><span style=\"font-family: arial, helvetica, sans-serif; font-size: 12pt;\"><strong>1.545<\/strong><\/span><\/td>\n<td><span style=\"font-family: arial, helvetica, sans-serif; font-size: 12pt;\"><strong>1.995<\/strong><\/span><\/td>\n<\/tr>\n<tr>\n<td><span style=\"font-family: arial, helvetica, sans-serif; font-size: 12pt;\">April<\/span><\/td>\n<td><span style=\"font-family: arial, helvetica, sans-serif; font-size: 12pt;\"><strong>1.694<\/strong><\/span><\/td>\n<td><span style=\"font-family: arial, helvetica, sans-serif; font-size: 12pt;\"><strong>1.919<\/strong><\/span><\/td>\n<\/tr>\n<tr>\n<td><span style=\"font-family: arial, helvetica, sans-serif; font-size: 12pt;\">Mai<\/span><\/td>\n<td><span style=\"font-family: arial, helvetica, sans-serif; font-size: 12pt;\"><strong>1.599<\/strong><\/span><\/td>\n<td><span style=\"font-family: arial, helvetica, sans-serif; font-size: 12pt;\"><strong>1.835<\/strong><\/span><\/td>\n<\/tr>\n<tr>\n<td><span style=\"font-family: arial, helvetica, sans-serif; font-size: 12pt;\">Juni<\/span><\/td>\n<td><span style=\"font-family: arial, helvetica, sans-serif; font-size: 12pt;\"><strong>1.672<\/strong><\/span><\/td>\n<td><span style=\"font-family: arial, helvetica, sans-serif; font-size: 12pt;\"><strong>1.952<\/strong><\/span><\/td>\n<\/tr>\n<tr>\n<td><span style=\"font-family: arial, helvetica, sans-serif; font-size: 12pt;\">Juli<\/span><\/td>\n<td><span style=\"font-family: arial, helvetica, sans-serif; font-size: 12pt;\"><strong>1.793<\/strong><\/span><\/td>\n<td><span style=\"font-family: arial, helvetica, sans-serif; font-size: 12pt;\"><strong>2.539<\/strong><\/span><\/td>\n<\/tr>\n<tr>\n<td><span style=\"font-family: arial, helvetica, sans-serif; font-size: 12pt;\">August<\/span><\/td>\n<td><span style=\"font-family: arial, helvetica, sans-serif; font-size: 12pt;\"><strong>1.659<\/strong><\/span><\/td>\n<td><span style=\"font-family: arial, helvetica, sans-serif; font-size: 12pt;\"><strong>2.448<\/strong><\/span><\/td>\n<\/tr>\n<tr>\n<td><span style=\"font-family: arial, helvetica, sans-serif; font-size: 12pt;\">September<\/span><\/td>\n<td><span style=\"font-family: arial, helvetica, sans-serif; font-size: 12pt;\"><strong>1.965<\/strong><\/span><\/td>\n<td><span style=\"font-family: arial, helvetica, sans-serif; font-size: 12pt;\"><strong>2.609<\/strong><\/span><\/td>\n<\/tr>\n<tr>\n<td><span style=\"font-family: arial, helvetica, sans-serif; font-size: 12pt;\">Oktober<\/span><\/td>\n<td><span style=\"font-family: arial, helvetica, sans-serif; font-size: 12pt;\"><strong>1.947<\/strong><\/span><\/td>\n<td><span style=\"font-family: arial, helvetica, sans-serif; font-size: 12pt;\"><strong>2.637<\/strong><\/span><\/td>\n<\/tr>\n<tr>\n<td><span style=\"font-family: arial, helvetica, sans-serif; font-size: 12pt;\">November<\/span><\/td>\n<td><span style=\"font-family: arial, helvetica, sans-serif; font-size: 12pt;\"><strong>1.730<\/strong><\/span><\/td>\n<td><span style=\"font-family: arial, helvetica, sans-serif; font-size: 12pt;\"><strong>2.454<\/strong><\/span><\/td>\n<\/tr>\n<tr>\n<td><span style=\"font-family: arial, helvetica, sans-serif; font-size: 12pt;\">Dezember<\/span><\/td>\n<td><span style=\"font-family: arial, helvetica, sans-serif; font-size: 12pt;\"><strong>1.545<\/strong><\/span><\/td>\n<td><span style=\"font-family: arial, helvetica, sans-serif; font-size: 12pt;\"><strong>2.170<\/strong><\/span><\/td>\n<\/tr>\n<\/tbody>\n<\/table>\n<p><span style=\"font-family: arial, helvetica, sans-serif; font-size: 12pt;\">\u00a0<\/span><\/p>\n<p><span style=\"font-family: arial, helvetica, sans-serif; font-size: 12pt;\">(Durch nachtr\u00e4gliche Berichtigungen weichen die Gesamt- Jahreszahlen von den Additionen der Monatszahlen ab)<\/span><\/p>\n<p><span style=\"font-family: arial, helvetica, sans-serif; font-size: 12pt;\"><strong>Asylbewerber nach Hauptherkunftsl\u00e4ndern<\/strong><\/span><\/p>\n<table>\n<thead>\n<tr>\n<td colspan=\"6\"><span style=\"font-family: arial, helvetica, sans-serif; font-size: 12pt;\">Asylbewerber nach Hauptherkunftsl\u00e4ndern<\/span><\/td>\n<\/tr>\n<tr>\n<td><span style=\"font-family: arial, helvetica, sans-serif; font-size: 12pt;\">\u00a0<\/span><\/td>\n<td><span style=\"font-family: arial, helvetica, sans-serif; font-size: 12pt;\"><strong>Herkunftsland<\/strong><\/span><\/td>\n<td><span style=\"font-family: arial, helvetica, sans-serif; font-size: 12pt;\"><strong>2008<\/strong><\/span><\/td>\n<td><span style=\"font-family: arial, helvetica, sans-serif; font-size: 12pt;\"><strong>2009<\/strong><\/span><\/td>\n<td><span style=\"font-family: arial, helvetica, sans-serif; font-size: 12pt;\"><strong>Ver\u00e4nderungen in %<\/strong><\/span><\/td>\n<td><span style=\"font-family: arial, helvetica, sans-serif; font-size: 12pt;\"><strong>Ver\u00e4nderungen<\/strong><\/span><span style=\"font-family: arial, helvetica, sans-serif; font-size: 12pt;\"><strong>absolut<\/strong><\/span><\/td>\n<\/tr>\n<\/thead>\n<tbody>\n<tr>\n<td><span style=\"font-family: arial, helvetica, sans-serif; font-size: 12pt;\">\u00a0<\/span><\/td>\n<td><span style=\"font-family: arial, helvetica, sans-serif; font-size: 12pt;\">Irak<\/span><\/td>\n<td><span style=\"font-family: arial, helvetica, sans-serif; font-size: 12pt;\">6.836<\/span><\/td>\n<td><span style=\"font-family: arial, helvetica, sans-serif; font-size: 12pt;\">6.538<\/span><\/td>\n<td><span style=\"font-family: arial, helvetica, sans-serif; font-size: 12pt;\">-4,4<\/span><\/td>\n<td><span style=\"font-family: arial, helvetica, sans-serif; font-size: 12pt;\">-298<\/span><\/td>\n<\/tr>\n<tr>\n<td><span style=\"font-family: arial, helvetica, sans-serif; font-size: 12pt;\">\u00a0<\/span><\/td>\n<td><span style=\"font-family: arial, helvetica, sans-serif; font-size: 12pt;\">Afghanistan<\/span><\/td>\n<td><span style=\"font-family: arial, helvetica, sans-serif; font-size: 12pt;\">657<\/span><\/td>\n<td><span style=\"font-family: arial, helvetica, sans-serif; font-size: 12pt;\">3.375<\/span><\/td>\n<td><span style=\"font-family: arial, helvetica, sans-serif; font-size: 12pt;\">413,7<\/span><\/td>\n<td><span style=\"font-family: arial, helvetica, sans-serif; font-size: 12pt;\">2.713<\/span><\/td>\n<\/tr>\n<tr>\n<td><span style=\"font-family: arial, helvetica, sans-serif; font-size: 12pt;\">\u00a0<\/span><\/td>\n<td><span style=\"font-family: arial, helvetica, sans-serif; font-size: 12pt;\">T\u00fcrkei<\/span><\/td>\n<td><span style=\"font-family: arial, helvetica, sans-serif; font-size: 12pt;\">1.408<\/span><\/td>\n<td><span style=\"font-family: arial, helvetica, sans-serif; font-size: 12pt;\">1.429<\/span><\/td>\n<td><span style=\"font-family: arial, helvetica, sans-serif; font-size: 12pt;\">1,5<\/span><\/td>\n<td><span style=\"font-family: arial, helvetica, sans-serif; font-size: 12pt;\">21<\/span><\/td>\n<\/tr>\n<tr>\n<td><span style=\"font-family: arial, helvetica, sans-serif; font-size: 12pt;\">\u00a0<\/span><\/td>\n<td><span style=\"font-family: arial, helvetica, sans-serif; font-size: 12pt;\">Kosovo*<\/span><\/td>\n<td><span style=\"font-family: arial, helvetica, sans-serif; font-size: 12pt;\">879<\/span><\/td>\n<td><span style=\"font-family: arial, helvetica, sans-serif; font-size: 12pt;\">1.400<\/span><\/td>\n<td><span style=\"font-family: arial, helvetica, sans-serif; font-size: 12pt;\">\u00a0<\/span><\/td>\n<td><span style=\"font-family: arial, helvetica, sans-serif; font-size: 12pt;\">\u00a0<\/span><\/td>\n<\/tr>\n<tr>\n<td><span style=\"font-family: arial, helvetica, sans-serif; font-size: 12pt;\">\u00a0<\/span><\/td>\n<td><span style=\"font-family: arial, helvetica, sans-serif; font-size: 12pt;\">Iran<\/span><\/td>\n<td><span style=\"font-family: arial, helvetica, sans-serif; font-size: 12pt;\">815<\/span><\/td>\n<td><span style=\"font-family: arial, helvetica, sans-serif; font-size: 12pt;\">1.170<\/span><\/td>\n<td><span style=\"font-family: arial, helvetica, sans-serif; font-size: 12pt;\">43,6<\/span><\/td>\n<td><span style=\"font-family: arial, helvetica, sans-serif; font-size: 12pt;\">355<\/span><\/td>\n<\/tr>\n<tr>\n<td><span style=\"font-family: arial, helvetica, sans-serif; font-size: 12pt;\">\u00a0<\/span><\/td>\n<td><span style=\"font-family: arial, helvetica, sans-serif; font-size: 12pt;\">Vietnam<\/span><\/td>\n<td><span style=\"font-family: arial, helvetica, sans-serif; font-size: 12pt;\">1.042<\/span><\/td>\n<td><span style=\"font-family: arial, helvetica, sans-serif; font-size: 12pt;\">1.115<\/span><\/td>\n<td><span style=\"font-family: arial, helvetica, sans-serif; font-size: 12pt;\">7,0<\/span><\/td>\n<td><span style=\"font-family: arial, helvetica, sans-serif; font-size: 12pt;\">73<\/span><\/td>\n<\/tr>\n<tr>\n<td><span style=\"font-family: arial, helvetica, sans-serif; font-size: 12pt;\">\u00a0<\/span><\/td>\n<td><span style=\"font-family: arial, helvetica, sans-serif; font-size: 12pt;\">Russland<\/span><\/td>\n<td><span style=\"font-family: arial, helvetica, sans-serif; font-size: 12pt;\">792<\/span><\/td>\n<td><span style=\"font-family: arial, helvetica, sans-serif; font-size: 12pt;\">936<\/span><\/td>\n<td><span style=\"font-family: arial, helvetica, sans-serif; font-size: 12pt;\">18,2<\/span><\/td>\n<td><span style=\"font-family: arial, helvetica, sans-serif; font-size: 12pt;\">144<\/span><\/td>\n<\/tr>\n<tr>\n<td><span style=\"font-family: arial, helvetica, sans-serif; font-size: 12pt;\">\u00a0<\/span><\/td>\n<td><span style=\"font-family: arial, helvetica, sans-serif; font-size: 12pt;\">Syrien<\/span><\/td>\n<td><span style=\"font-family: arial, helvetica, sans-serif; font-size: 12pt;\">775<\/span><\/td>\n<td><span style=\"font-family: arial, helvetica, sans-serif; font-size: 12pt;\">819<\/span><\/td>\n<td><span style=\"font-family: arial, helvetica, sans-serif; font-size: 12pt;\">5,7<\/span><\/td>\n<td><span style=\"font-family: arial, helvetica, sans-serif; font-size: 12pt;\">44<\/span><\/td>\n<\/tr>\n<tr>\n<td><span style=\"font-family: arial, helvetica, sans-serif; font-size: 12pt;\">\u00a0<\/span><\/td>\n<td><span style=\"font-family: arial, helvetica, sans-serif; font-size: 12pt;\">Nigeria<\/span><\/td>\n<td><span style=\"font-family: arial, helvetica, sans-serif; font-size: 12pt;\">561<\/span><\/td>\n<td><span style=\"font-family: arial, helvetica, sans-serif; font-size: 12pt;\">791<\/span><\/td>\n<td><span style=\"font-family: arial, helvetica, sans-serif; font-size: 12pt;\">41,0<\/span><\/td>\n<td><span style=\"font-family: arial, helvetica, sans-serif; font-size: 12pt;\">230<\/span><\/td>\n<\/tr>\n<tr>\n<td><span style=\"font-family: arial, helvetica, sans-serif; font-size: 12pt;\">\u00a0<\/span><\/td>\n<td><span style=\"font-family: arial, helvetica, sans-serif; font-size: 12pt;\">Indien<\/span><\/td>\n<td><span style=\"font-family: arial, helvetica, sans-serif; font-size: 12pt;\">485<\/span><\/td>\n<td><span style=\"font-family: arial, helvetica, sans-serif; font-size: 12pt;\">681<\/span><\/td>\n<td><span style=\"font-family: arial, helvetica, sans-serif; font-size: 12pt;\">40,4<\/span><\/td>\n<td><span style=\"font-family: arial, helvetica, sans-serif; font-size: 12pt;\">196<\/span><\/td>\n<\/tr>\n<\/tbody>\n<\/table>\n<p><span style=\"font-family: arial, helvetica, sans-serif; font-size: 12pt;\">\u00a0<\/span><\/p>\n<p><span style=\"font-family: arial, helvetica, sans-serif; font-size: 12pt;\">* Vergleich mit Vorjahr nicht m\u00f6glich, da Serbien und Kosovo erst seit Mai 2008 getrennt erfasst werden (zuvor gemeinsam unter &#8222;Serbien&#8220;).<\/span><\/p>\n<p><span style=\"font-family: arial, helvetica, sans-serif; font-size: 12pt;\">\u00a0<\/span><\/p>\n<p><span style=\"font-family: arial, helvetica, sans-serif; font-size: 12pt;\">Im Jahr 2009 wurden beim Bundesamt f\u00fcr Migration und Fl\u00fcchtlinge neben 27.649 Erstantr\u00e4gen auch 5.384 Asylfolgeantr\u00e4ge gestellt (2008: 22.085 Erst- und 5.933 Folgeantr\u00e4ge). Hauptherkunftsl\u00e4nder bei den Folgeantr\u00e4gen waren Irak (781), Iran (643) und Kosovo (502). Der Anteil der Asylfolgeantr\u00e4ge an allen Asylantr\u00e4gen lag damit bei 16,3 Prozent. Im Jahr 2008 lag der Anteil der Folgeantr\u00e4ge noch bei 21,2 Prozent.<\/span><\/p>\n<h3><span style=\"font-family: arial, helvetica, sans-serif; font-size: 12pt;\">2. Asylentscheidungen<\/span><\/h3>\n<p><span style=\"font-family: arial, helvetica, sans-serif; font-size: 12pt;\">Im Zeitraum von Januar bis Dezember 2009 hat das Bundesamt 28.816 Entscheidungen (Vorjahr: 20.817) getroffen.<\/span><br \/>\n<span style=\"font-family: arial, helvetica, sans-serif; font-size: 12pt;\">Insgesamt 8.115 Personen (28,2 Prozent) wurde die Rechtsstellung eines Fl\u00fcchtlings nach dem Abkommen \u00fcber die Rechtsstellung der Fl\u00fcchtlinge vom 28. Juli 1951 (Genfer Fl\u00fcchtlingskonvention) zuerkannt. Darunter waren 452 Personen (1,6 Prozent), die als Asylberechtigte nach\u00a0Art.\u00a016a des Grundgesetzes anerkannt wurden, sowie 7.663 Personen (26,6 Prozent), die Fl\u00fcchtlingsschutz nach\u00a0\u00a7\u00a03 des Asylverfahrensgesetzes\u00a0i.V.m.\u00a0\u00a7\u00a060\u00a0Abs.\u00a01 des Aufenthaltsgesetzes erhielten.<\/span><\/p>\n<p><span style=\"font-family: arial, helvetica, sans-serif; font-size: 12pt;\"><strong>Fl\u00fcchtlingsanerkennungen nach Herkunftsl\u00e4ndern (in Prozent)<\/strong><\/span><\/p>\n<table>\n<thead>\n<tr>\n<td colspan=\"4\"><span style=\"font-family: arial, helvetica, sans-serif; font-size: 12pt;\">Fl\u00fcchtlingsanerkennungen nach Herkunftsl\u00e4ndern (in Prozent)<\/span><\/td>\n<\/tr>\n<tr>\n<td><span style=\"font-family: arial, helvetica, sans-serif; font-size: 12pt;\">\u00a0<\/span><\/td>\n<td><span style=\"font-family: arial, helvetica, sans-serif; font-size: 12pt;\"><strong>Fl\u00fcchtlingsanerkennungen gesamt<\/strong><\/span><\/td>\n<td><span style=\"font-family: arial, helvetica, sans-serif; font-size: 12pt;\"><strong>davon Asylberechtigt<\/strong><\/span><\/td>\n<td><span style=\"font-family: arial, helvetica, sans-serif; font-size: 12pt;\"><strong>davon Fl\u00fcchtlingsschutz<\/strong><\/span><\/td>\n<\/tr>\n<\/thead>\n<tbody>\n<tr>\n<td><span style=\"font-family: arial, helvetica, sans-serif; font-size: 12pt;\">Irak<\/span><\/td>\n<td><span style=\"font-family: arial, helvetica, sans-serif; font-size: 12pt;\">61,6<\/span><\/td>\n<td><span style=\"font-family: arial, helvetica, sans-serif; font-size: 12pt;\">0,4<\/span><\/td>\n<td><span style=\"font-family: arial, helvetica, sans-serif; font-size: 12pt;\">61,2<\/span><\/td>\n<\/tr>\n<tr>\n<td><span style=\"font-family: arial, helvetica, sans-serif; font-size: 12pt;\">Afghanistan<\/span><\/td>\n<td><span style=\"font-family: arial, helvetica, sans-serif; font-size: 12pt;\">18,1<\/span><\/td>\n<td><span style=\"font-family: arial, helvetica, sans-serif; font-size: 12pt;\">1,9<\/span><\/td>\n<td><span style=\"font-family: arial, helvetica, sans-serif; font-size: 12pt;\">16,2<\/span><\/td>\n<\/tr>\n<tr>\n<td><span style=\"font-family: arial, helvetica, sans-serif; font-size: 12pt;\">T\u00fcrkei<\/span><\/td>\n<td><span style=\"font-family: arial, helvetica, sans-serif; font-size: 12pt;\">9,9<\/span><\/td>\n<td><span style=\"font-family: arial, helvetica, sans-serif; font-size: 12pt;\">1,9<\/span><\/td>\n<td><span style=\"font-family: arial, helvetica, sans-serif; font-size: 12pt;\">8,0<\/span><\/td>\n<\/tr>\n<tr>\n<td><span style=\"font-family: arial, helvetica, sans-serif; font-size: 12pt;\">Kosovo<\/span><\/td>\n<td><span style=\"font-family: arial, helvetica, sans-serif; font-size: 12pt;\">0,6<\/span><\/td>\n<td><span style=\"font-family: arial, helvetica, sans-serif; font-size: 12pt;\">0,0<\/span><\/td>\n<td><span style=\"font-family: arial, helvetica, sans-serif; font-size: 12pt;\">0,6<\/span><\/td>\n<\/tr>\n<tr>\n<td><span style=\"font-family: arial, helvetica, sans-serif; font-size: 12pt;\">Iran<\/span><\/td>\n<td><span style=\"font-family: arial, helvetica, sans-serif; font-size: 12pt;\">48,0<\/span><\/td>\n<td><span style=\"font-family: arial, helvetica, sans-serif; font-size: 12pt;\">7,6<\/span><\/td>\n<td><span style=\"font-family: arial, helvetica, sans-serif; font-size: 12pt;\">40,4<\/span><\/td>\n<\/tr>\n<tr>\n<td><span style=\"font-family: arial, helvetica, sans-serif; font-size: 12pt;\">Vietnam<\/span><\/td>\n<td><span style=\"font-family: arial, helvetica, sans-serif; font-size: 12pt;\">0,3<\/span><\/td>\n<td><span style=\"font-family: arial, helvetica, sans-serif; font-size: 12pt;\">0,1<\/span><\/td>\n<td><span style=\"font-family: arial, helvetica, sans-serif; font-size: 12pt;\">0,3<\/span><\/td>\n<\/tr>\n<tr>\n<td><span style=\"font-family: arial, helvetica, sans-serif; font-size: 12pt;\">Russland<\/span><\/td>\n<td><span style=\"font-family: arial, helvetica, sans-serif; font-size: 12pt;\">19,2<\/span><\/td>\n<td><span style=\"font-family: arial, helvetica, sans-serif; font-size: 12pt;\">0,9<\/span><\/td>\n<td><span style=\"font-family: arial, helvetica, sans-serif; font-size: 12pt;\">18,2<\/span><\/td>\n<\/tr>\n<tr>\n<td><span style=\"font-family: arial, helvetica, sans-serif; font-size: 12pt;\">Syrien<\/span><\/td>\n<td><span style=\"font-family: arial, helvetica, sans-serif; font-size: 12pt;\">15,1<\/span><\/td>\n<td><span style=\"font-family: arial, helvetica, sans-serif; font-size: 12pt;\">2,4<\/span><\/td>\n<td><span style=\"font-family: arial, helvetica, sans-serif; font-size: 12pt;\">12,7<\/span><\/td>\n<\/tr>\n<tr>\n<td><span style=\"font-family: arial, helvetica, sans-serif; font-size: 12pt;\">Nigeria<\/span><\/td>\n<td><span style=\"font-family: arial, helvetica, sans-serif; font-size: 12pt;\">1,3<\/span><\/td>\n<td><span style=\"font-family: arial, helvetica, sans-serif; font-size: 12pt;\">0,0<\/span><\/td>\n<td><span style=\"font-family: arial, helvetica, sans-serif; font-size: 12pt;\">1,3<\/span><\/td>\n<\/tr>\n<tr>\n<td><span style=\"font-family: arial, helvetica, sans-serif; font-size: 12pt;\">Indien<\/span><\/td>\n<td><span style=\"font-family: arial, helvetica, sans-serif; font-size: 12pt;\">0,2<\/span><\/td>\n<td><span style=\"font-family: arial, helvetica, sans-serif; font-size: 12pt;\">0,0<\/span><\/td>\n<td><span style=\"font-family: arial, helvetica, sans-serif; font-size: 12pt;\">0,2<\/span><\/td>\n<\/tr>\n<tr>\n<td><span style=\"font-family: arial, helvetica, sans-serif; font-size: 12pt;\"><strong>Gesamt<\/strong><\/span><\/td>\n<td><span style=\"font-family: arial, helvetica, sans-serif; font-size: 12pt;\"><strong>28,2<\/strong><\/span><\/td>\n<td><span style=\"font-family: arial, helvetica, sans-serif; font-size: 12pt;\"><strong>1,6<\/strong><\/span><\/td>\n<td><span style=\"font-family: arial, helvetica, sans-serif; font-size: 12pt;\"><strong>26,6<\/strong><\/span><\/td>\n<\/tr>\n<\/tbody>\n<\/table>\n<p><span style=\"font-family: arial, helvetica, sans-serif; font-size: 12pt;\">Dar\u00fcber hinaus hat das Bundesamt von Januar bis Dezember 2009 bei 1.611 Personen (5,6 Prozent) Abschiebungsverbote gem\u00e4\u00df\u00a0\u00a7Abs.\u00a02, 3, 5 und 7 des Aufenthaltsgesetzes (sog. subsidi\u00e4rer Schutz) festgestellt,\u00a0z. B.\u00a0weil im Herkunftsland die Todesstrafe, die Folter oder andere unmenschliche oder erniedrigende Behandlung oder eine erhebliche Gefahr f\u00fcr Leib, Leben oder pers\u00f6nliche Freiheit konkret droht.\u00a060<\/span><\/p>\n<p><span style=\"font-family: arial, helvetica, sans-serif; font-size: 12pt;\"><strong>Subsidi\u00e4rer Schutz nach Herkunftsl\u00e4ndern (in Prozent)<\/strong><\/span><\/p>\n<table>\n<thead>\n<tr>\n<td colspan=\"2\"><span style=\"font-family: arial, helvetica, sans-serif; font-size: 12pt;\">Subsidi\u00e4rer Schutz nach Herkunftsl\u00e4ndern (in Prozent)<\/span><\/td>\n<\/tr>\n<tr>\n<td><span style=\"font-family: arial, helvetica, sans-serif; font-size: 12pt;\"><strong>Subsidi\u00e4rer Schutz gesamt<\/strong><\/span><\/td>\n<td><span style=\"font-family: arial, helvetica, sans-serif; font-size: 12pt;\"><strong>5,6<\/strong><\/span><\/td>\n<\/tr>\n<\/thead>\n<tbody>\n<tr>\n<td><span style=\"font-family: arial, helvetica, sans-serif; font-size: 12pt;\">Irak<\/span><\/td>\n<td><span style=\"font-family: arial, helvetica, sans-serif; font-size: 12pt;\"><strong>2,3<\/strong><\/span><\/td>\n<\/tr>\n<tr>\n<td><span style=\"font-family: arial, helvetica, sans-serif; font-size: 12pt;\">Afghanistan<\/span><\/td>\n<td><span style=\"font-family: arial, helvetica, sans-serif; font-size: 12pt;\"><strong>40,5<\/strong><\/span><\/td>\n<\/tr>\n<tr>\n<td><span style=\"font-family: arial, helvetica, sans-serif; font-size: 12pt;\">T\u00fcrkei<\/span><\/td>\n<td><span style=\"font-family: arial, helvetica, sans-serif; font-size: 12pt;\"><strong>1,4<\/strong><\/span><\/td>\n<\/tr>\n<tr>\n<td><span style=\"font-family: arial, helvetica, sans-serif; font-size: 12pt;\">Kosovo<\/span><\/td>\n<td><span style=\"font-family: arial, helvetica, sans-serif; font-size: 12pt;\"><strong>4,1<\/strong><\/span><\/td>\n<\/tr>\n<tr>\n<td><span style=\"font-family: arial, helvetica, sans-serif; font-size: 12pt;\">Iran<\/span><\/td>\n<td><span style=\"font-family: arial, helvetica, sans-serif; font-size: 12pt;\"><strong>2,5<\/strong><\/span><\/td>\n<\/tr>\n<tr>\n<td><span style=\"font-family: arial, helvetica, sans-serif; font-size: 12pt;\">Vietnam<\/span><\/td>\n<td><span style=\"font-family: arial, helvetica, sans-serif; font-size: 12pt;\"><strong>0,4<\/strong><\/span><\/td>\n<\/tr>\n<tr>\n<td><span style=\"font-family: arial, helvetica, sans-serif; font-size: 12pt;\">Russ. F\u00f6deration<\/span><\/td>\n<td><span style=\"font-family: arial, helvetica, sans-serif; font-size: 12pt;\"><strong>2,7<\/strong><\/span><\/td>\n<\/tr>\n<tr>\n<td><span style=\"font-family: arial, helvetica, sans-serif; font-size: 12pt;\">Syrien<\/span><\/td>\n<td><span style=\"font-family: arial, helvetica, sans-serif; font-size: 12pt;\"><strong>2,2<\/strong><\/span><\/td>\n<\/tr>\n<tr>\n<td><span style=\"font-family: arial, helvetica, sans-serif; font-size: 12pt;\">Nigeria<\/span><\/td>\n<td><span style=\"font-family: arial, helvetica, sans-serif; font-size: 12pt;\"><strong>2,9<\/strong><\/span><\/td>\n<\/tr>\n<tr>\n<td><span style=\"font-family: arial, helvetica, sans-serif; font-size: 12pt;\">Indien<\/span><\/td>\n<td><span style=\"font-family: arial, helvetica, sans-serif; font-size: 12pt;\"><strong>0,5<\/strong><\/span><\/td>\n<\/tr>\n<\/tbody>\n<\/table>\n<p>&nbsp;<\/p>\n<p><span style=\"font-family: arial, helvetica, sans-serif; font-size: 12pt;\">Abgelehnt wurden die Antr\u00e4ge von 11.360 Personen (39,4 Prozent). Anderweitig erledigt (z. B.\u00a0durch Verfahrenseinstellungen wegen R\u00fccknahme des Asylantrages) wurden die Antr\u00e4ge von 7.730 Personen (26,8 Prozent).<\/span><br \/>\n<span style=\"font-family: arial, helvetica, sans-serif; font-size: 12pt;\">Die Zahl der Personen, \u00fcber deren Antr\u00e4ge noch nicht entschieden wurde, betrug Ende Dezember 2009 22.710 (18.684 Erstantr\u00e4ge und 4.026 Folgeverfahren).<\/span><\/p>\n<h3><span style=\"font-family: arial, helvetica, sans-serif; font-size: 12pt;\">3. Hauptherkunftsl\u00e4nder von Asylbewerbern<\/span><\/h3>\n<p><span style=\"font-family: arial, helvetica, sans-serif; font-size: 12pt;\">Im Jahr 2009 stieg die Zahl der Asylerstantr\u00e4ge gegen\u00fcber dem Vorjahr bei 8 von 9 Hauptherkunftsl\u00e4ndern an (ohne Ber\u00fccksichtigung von Kosovo), und zwar zwischen 1,5 (T\u00fcrkei) und 413,7 (Afghanistan) Prozent. Nur beim Irak gab es einen geringen R\u00fcckgang um 4,4 Prozent (-298 Asylbewerber).<\/span><br \/>\n<span style=\"font-family: arial, helvetica, sans-serif; font-size: 12pt;\">Mit Abstand st\u00e4rkstes Herkunftsland im Jahr 2009 wurde, wie schon im Vorjahr, der Irak. Der Asylbewerberzugang sank nur leicht von 6.836 im Jahr 2008 auf nunmehr 6.538. 45 Prozent der Antragsteller waren Kurden. Zudem entfielen 14,5 Prozent (781) aller Asylfolgeantr\u00e4ge auf den Irak (Vorjahr: 1.552 Antr\u00e4ge, 26,2 Prozent).\u00a0<\/span><br \/>\n<span style=\"font-family: arial, helvetica, sans-serif; font-size: 12pt;\">Auf Platz 2 der Hauptherkunftsl\u00e4nder im Jahr 2009 lag Afghanistan (3.375 Erstantr\u00e4ge). Die Zahl der Asylerstantr\u00e4ge stieg um 2.718 (+413,7 Prozent) deutlich an, nachdem sie in den davor liegenden 7 Jahren stets r\u00fcckl\u00e4ufig war.<\/span><br \/>\n<span style=\"font-family: arial, helvetica, sans-serif; font-size: 12pt;\">Die T\u00fcrkei liegt auf Platz 3 der Hauptherkunftsl\u00e4nder. Seit 2007 ist hier der j\u00e4hrliche Zugang von Asylbewerbern relativ stabil. 2009 kamen insgesamt 1.429 Asylerstantragsteller, 21 mehr als im Vorjahr (+1,5 Prozent). Der Anteil von Personen kurdischer Volkszugeh\u00f6rigkeit an allen t\u00fcrkischen Asylbewerbern blieb 2009 mit gut 79 Prozent im Vergleich zu 2008 (78 Prozent) stabil.<\/span><\/p>\n<p><span style=\"font-family: arial, helvetica, sans-serif; font-size: 12pt;\"><em>Quelle:<\/em><\/span><\/p>\n<p><span style=\"font-family: arial, helvetica, sans-serif; font-size: 12pt; color: #000000;\"><a href=\"http:\/\/www.bamf.de\/cln_170\/nn_442016\/DE\/DasBAMF\/Home-Teaser\/erster-teaser-startseite.html?__nnn=true\" target=\"_blank\" rel=\"noopener\"><span style=\"color: #000000;\">http:\/\/www.bamf.de\/cln_170\/nn_442016\/DE\/DasBAMF\/Home-Teaser\/erster-teaser-startseite.html?__nnn=true<\/span><\/a><\/span><\/p>\n<p><span style=\"font-family: arial, helvetica, sans-serif; font-size: 12pt;\">_________________________________<\/span><\/p>\n<h2><span style=\"font-family: arial, helvetica, sans-serif; font-size: 12pt;\">Exiliraner in Deutschland und der Widerstand im Iran<\/span><\/h2>\n<h3><span style=\"font-family: arial, helvetica, sans-serif; font-size: 12pt;\">Von Dorothea Jung<\/span><\/h3>\n<p><span style=\"font-family: arial, helvetica, sans-serif; font-size: 12pt;\">Demonstranten protestieren am Potsdamer Platz in Berlin f\u00fcr die Einhaltung der Menschenrechte im Iran. (Bild: AP)<\/span><\/p>\n<p><span style=\"font-family: arial, helvetica, sans-serif; font-size: 12pt;\"><strong>Nicht nur in Iran regt sich Protest gegen die F\u00fchrung des Landes. Auch in Deutschland sorgen sich Exil-Iraner um die Zukunft der islamischen Republik. Mit allen verf\u00fcgbaren legalen Mitteln unterst\u00fctzen sie den Protest zuhause &#8211; so gut es geht.<br \/>\n<\/strong><\/span><\/p>\n<p><span style=\"font-family: arial, helvetica, sans-serif; font-size: 12pt;\">Sar amad Semestan &#8211; Der Winter geht zu Ende, der Fr\u00fchling erbl\u00fcht.<\/span><br \/>\n<span style=\"font-family: arial, helvetica, sans-serif; font-size: 12pt;\">Die rote Blume der Sonne geht wieder einmal auf, und die Nacht verschwindet. Die Berge sind \u00fcbers\u00e4t mit Tulpen. Und die Tulpen sind erwacht. Sie pflanzen den Sonnenschein in die Berge, Blume f\u00fcr Blume.<\/span><\/p>\n<p><span style=\"font-family: arial, helvetica, sans-serif; font-size: 12pt;\">Eigentlich ist dies nur ein altes persisches Fr\u00fchlingslied. Doch es hat eine besondere Bedeutung bekommen: 1979, in den fr\u00fchen Tagen der islamischen Revolution, wurde es auf den Stra\u00dfen Teherans gesungen, w\u00e4hrend das Schah-Regime st\u00fcrzte. Vor allem von den Linken. Und heute ist das Lied erneut zu h\u00f6ren. Gegner des Mullah-Regimes stimmen es auf ihren Demonstrationen an. Auch in Deutschland h\u00f6rt man es auf Kundgebungen zur Unterst\u00fctzung der Demokratiebewegung im Iran.<\/span><\/p>\n<p><span style=\"font-family: arial, helvetica, sans-serif; font-size: 12pt;\">Zum Beispiel vor Kurzem in Berlin, am sogenannten Studententag des Iran. Am Kurf\u00fcrstendamm, gegen\u00fcber dem Caf\u00e9 Kranzler, singen etwa 100 Exil-Iraner und Iranerinnen in str\u00f6mendem Regen von ihrer Hoffnung auf einen politischen Fr\u00fchling im Mullah-Staat. Sie erinnern an ermordete Studenten im Iran:\u00a0<\/span><\/p>\n<p><span style=\"font-family: arial, helvetica, sans-serif; font-size: 12pt;\">&#8222;Im Gedenken an den Tag, an dem drei Studenten durch Spezialgarden der Putschisten des Schahs ermordet wurden, im Gedenken an den 21, Januar 1962, den Tag, an dem monarchistische Sicherheitskr\u00e4fte Universit\u00e4ten st\u00fcrmten &#8230;&#8220;<\/span><\/p>\n<p><span style=\"font-family: arial, helvetica, sans-serif; font-size: 12pt;\">W\u00e4hrend die Exiliraner hier in Berlin auf die Stra\u00dfe gehen, werden in Teheran demonstrierende Studenten von der Polizei niederkn\u00fcppelt und verhaftet, in der zentraliranischen Stadt Yazd f\u00e4hrt ein Jeep der Sicherkr\u00e4fte gezielt fliehende Demonstranten nieder.<\/span><\/p>\n<p><span style=\"font-family: arial, helvetica, sans-serif; font-size: 12pt;\">&#8222;Wenn man sieht, wie die Studenten immer wieder auf die Stra\u00dfe gehen, trotz der Unterdr\u00fcckung durch den Staat! Und es ist halt ziemlich mitrei\u00dfend, was sie dort leisten, und das ist halt ein sehr, sehr bedeutender Tag auch im Exil f\u00fcr alle Iranerinnen und Iraner, wenn heute noch Studenten auf die Stra\u00dfe gehen.&#8220;<\/span><\/p>\n<p><span style=\"font-family: arial, helvetica, sans-serif; font-size: 12pt;\">Die 29-j\u00e4hrige Philosophiestudentin Maral Jekta ist Mitglied einer Initiative, die sich &#8222;S\u00e4kulare Iraner und Iranerinnen f\u00fcr Freiheit und Demokratie&#8220; nennt. Es ist ein locker organisierter Kreis iranischst\u00e4mmiger Deutscher in Berlin, offen f\u00fcr alle, die sich einen s\u00e4kularen Rechtsstaat und freie Wahlen im Iran w\u00fcnschen.\u00a0<\/span><\/p>\n<p><span style=\"font-family: arial, helvetica, sans-serif; font-size: 12pt;\">&#8222;Ich arbeite als Diplomingenieur bei einer Firma hier in Deutschland.<\/span><\/p>\n<p><span style=\"font-family: arial, helvetica, sans-serif; font-size: 12pt;\">Ich bin \u00c4rztin.\u00a0<\/span><\/p>\n<p><span style=\"font-family: arial, helvetica, sans-serif; font-size: 12pt;\">Ich bin vor 26 Jahren aus meinem Land nach Deutschland gefl\u00fcchtet, und ich bin zurzeit Taxifahrer.<\/span><\/p>\n<p><span style=\"font-family: arial, helvetica, sans-serif; font-size: 12pt;\">Ich bin 32 Jahre alt und Lehrerin; als wir vor ungef\u00e4hr 22 Jahren nach Deutschland gekommen sind, habe ich meine Mutter gefragt, wann wir denn zur\u00fcckk\u00f6nnten. Und sie hat gesagt: &#8218;Wenn wieder &#8217;ne Revolution ist und es wieder ein anderes System geben wird&#8216;. Das hei\u00dft: Im Prinzip hab ich mein Leben lang darauf gewartet, dass genau das passiert im Iran.&#8220;<\/span><\/p>\n<p><span style=\"font-family: arial, helvetica, sans-serif; font-size: 12pt;\">Fast alle Mitglieder der iranischen Exilopposition sind &#8222;Davongekommene&#8220; &#8211; entweder mussten sie selbst vor den Mullahs fliehen &#8211; oder ihre Eltern. In Berlin engagieren sich deswegen viele beim Verein f\u00fcr iranische Fl\u00fcchtlinge. Diesen Selbsthilfeverein gibt es schon seit 24 Jahren &#8211; und fast genauso lange prangert Vereinssprecher Hamid Nowzari Menschenrechtsverletzungen im Iran an. Doch seit dem Wahlbetrug im Juni dieses Jahres beobachtet der 51-J\u00e4hrige, dass sich die iranische Exilanten-Szene in Deutschland radikal ver\u00e4ndert.\u00a0<\/span><\/p>\n<p><span style=\"font-family: arial, helvetica, sans-serif; font-size: 12pt;\">&#8222;Es sind viele neue Gesichter dazu gekommen, sind spontan viele, die sich mit Jugendbewegungen im Iran, mit Studenten im Iran, mit Frauen im Iran sich verbunden f\u00fchlen, und daher organisieren die jetzt sehr fantasievoll, so bisschen unorthodox, viele spontane, aber auch schon geplante Veranstaltungen und Kundgebungen, manchmal mit uns als sogenannte alte Kader, aber manchmal auch nur sie allein.&#8220;<\/span><\/p>\n<p><span style=\"font-family: arial, helvetica, sans-serif; font-size: 12pt;\">So sind am 7. Dezember, dem iranischen Studententag, in Berlin neben der Initiative der &#8222;S\u00e4kularen Iraner und Iranerinnen f\u00fcr Freiheit und Demokratie&#8220; noch zwei weitere Gruppen aktiv, um ihre Solidarit\u00e4t mit den Studierenden im Iran zu bekunden. In Frankfurt am Main, Karlsruhe und Hannover werden Mahnwachen abgehalten, in Hamburg organisieren iranisch-st\u00e4mmige Studenten eine mehrst\u00fcndige Informationsveranstaltung. Dem Berliner Hamid Nowzari zufolge haben sich seit dem Wahlbetrug Ahmadinedschads in der gesamten Bundesrepublik Unterst\u00fctzergruppen f\u00fcr die iranische Demokratiebewegung gegr\u00fcndet.\u00a0<\/span><\/p>\n<p><span style=\"font-family: arial, helvetica, sans-serif; font-size: 12pt;\">&#8222;Soweit ich wei\u00df, in fast allen Gro\u00dfst\u00e4dten in Deutschland, nicht nur Berlin, K\u00f6ln, Hamburg, Frankfurt, D\u00fcsseldorf, Aachen, sogar in kleinen St\u00e4dten wie Wiesbaden oder Heidelberg wie Mannheim, wo ja nur kleine Gruppen von Iranern leben, organisieren die sich, die machen irgendwas, aus Solidarit\u00e4t mit Bewegung im Iran. Das ist eine sehr neue Qualit\u00e4t auch; so was haben wir in den letzten zehn, 15 Jahren \u00fcberhaupt nicht gehabt.&#8220;<\/span><\/p>\n<p><span style=\"font-family: arial, helvetica, sans-serif; font-size: 12pt;\">Jahrelang konnte man die iranische Exil-Opposition in Deutschland grob in vier Gruppen einteilen: erstens die Schahanh\u00e4nger oder die Verfechter einer konstitutionellen Monarchie. Zweitens die Gruppierungen der politisch radikalen Linken. Also Marxisten, Leninisten, Kommunisten. &#8211; Drittens das demokratisch-linke und b\u00fcrgerlich-liberale Lager, die sogenannten &#8222;Republikaner&#8220;. Und viertens die Volksmodjahedin, die der Verfassungsschutz als totalit\u00e4r einstuft. Diese links-islamistische Gruppierung behauptet, die einzig legitime Alternative zum Mullah-Regime zu sein. Weshalb sie von der demokratischen Exilopposition gemieden wird.\u00a0<\/span><\/p>\n<p><span style=\"font-family: arial, helvetica, sans-serif; font-size: 12pt;\">Doch selbst bei den extremistischen Volksmodjahedin scheint etwas in Bewegung gekommen zu sein. Als zum Beispiel im Juni dieses Jahres vorwiegend junge Exiliraner gegen den Wahlbetrug protestieren und untermalt mit Rap-Musik &#8222;Freiheit&#8220; &#8211; Persisch: &#8222;Azadi!&#8220; skandieren, stehen auch Mitglieder der Volksmodjahedin in der Menge. Hamid Nowzari vom Verein iranischer Fl\u00fcchtlinge nennt das einen bemerkenswerten Vorgang.\u00a0<\/span><\/p>\n<p><span style=\"font-family: arial, helvetica, sans-serif; font-size: 12pt;\">&#8222;Es waren Szenen, wo die ja mit ihren Plakaten und Parolen aufgetaucht sind, und auf Bitten der Veranstalter haben wir gebeten, dass keine spezifische von irgendeiner (der) Gruppierungen die Plakate hochgehalten wird, und die haben auch mitgemacht und ihre Plakate dann wieder zur\u00fcckgestellt und mit den anderen mitgemacht. Das ist auch ein Kennzeichen der letzten sechs, sieben Monate, wo ja viele versuchen, trotz verschiedener Stimmen zusammen was zu machen.&#8220;<\/span><\/p>\n<p><span style=\"font-family: arial, helvetica, sans-serif; font-size: 12pt;\">Zu Beginn der Demonstrationswelle im Sommer gab es noch offenen Streit zwischen Anh\u00e4ngern von Mir Hussein Moussawi und s\u00e4kularen Demokratie-Verfechtern. Deren Urteil \u00fcber den um den Sieg betrogenen Gewinner der Wahl: zu undemokratisch, zu religi\u00f6s, und \u00fcberdies politisch belastet durch Hinrichtungen w\u00e4hrend seiner Amtszeit als Premierminister unter Pr\u00e4sident Rafsandschani. &#8222;Doch jetzt organisieren wir Veranstaltungen mit Menschen, die wir fr\u00fcher nicht einmal gegr\u00fc\u00dft haben&#8220;, erz\u00e4hlt Farhad Fardjad, 66 Jahre alt und f\u00fcr die sogenannte Republikanische Union aktiv, ein B\u00fcndnis ehemaliger Linker, das man als sozialdemokratisch bezeichnen kann.<\/span><\/p>\n<p><span style=\"font-family: arial, helvetica, sans-serif; font-size: 12pt;\">&#8222;Fast kann man sagen, Erzfeinde in der Immigration sind zusammengekommen, und wir haben gemeinsam Demonstrationen, Veranstaltungen organisiert und versucht, mit Iran Kontakt aufzunehmen und die Stimme in Europa widerzuspiegeln und mit allen m\u00f6glichen M\u00f6glichkeiten von uns den Iranern im Iran zu helfen. Ich kenne Leute, die 20 Jahre gar nichts getan haben, manche haben mir erz\u00e4hlt, dass sie einen Monat nicht schlafen konnten, geweint haben und fast wie verr\u00fcckt auf der Stra\u00dfe waren.&#8220;<\/span><\/p>\n<p><span style=\"font-family: arial, helvetica, sans-serif; font-size: 12pt;\">Als der international bekannte iranische Dissident und Journalist Akhbar Gandji k\u00fcrzlich einen Vortrag in Berlin h\u00e4lt, sitzen im Publikum neben Kommunisten und Liberalen, gem\u00e4\u00dfigten Muslimen und Atheisten auch zwei Volksmodjahedin und &#8211; drei M\u00e4nner mit einer kleinen gr\u00fcn-wei\u00df-roten Anstecknadel am Revers, in deren Zentrum das Bild eines L\u00f6wen mit Schwert zu sehen ist: Dies ist oft das Erkennungszeichen von Monarchisten. Diese noch vor einem Jahr undenkbare Publikumsmischung hat allein der Mut der jungen Opposition im Iran zusammengebracht. Davon ist Mehran Barati \u00fcberzeugt. Der 66-J\u00e4hrige ist seit vielen Jahren in der Exilpolitik aktiv als Sprecher der Iranisch-Republikanischen Union.\u00a0<\/span><\/p>\n<p><span style=\"font-family: arial, helvetica, sans-serif; font-size: 12pt;\">&#8222;Ich bin so begeistert \u00fcber diese neue Generation, die tausendmal kl\u00fcger ist, als wir es waren, und die aber auch tausendmal tapferer sind, als wir es waren. Die werfen alles auf die Waagschale, besonders unter den Frauen ist dieser Mut, die diesen verbrecherischen Bassidjis und Pasdarans gegen\u00fcbertreten, wie sie einzeln denen entgegentreten und ihnen in den Hintern treten, selbst, wenn sie hinterher zu ihnen geschlagen werden, das frohlockt mich einerseits, andererseits macht mich traurig, weil wir immer noch so machtlos sind.&#8220;<\/span><\/p>\n<p><span style=\"font-family: arial, helvetica, sans-serif; font-size: 12pt;\">Das Aufleben einer politisch aktiven iranischen Opposition ist nicht nur im Land der Ayatollahs ganz \u00fcberwiegend jungen Menschen zu verdanken. Auch die Exilopposition erh\u00e4lt ihre Impulse im Wesentlichen aus der jungen Generation. Von Menschen wie Sara Dehkordi zum Beispiel. Die 26-j\u00e4hrige Studentin der Religion und Kultur hat das &#8222;Netzwerk junger Iraner in Berlin&#8220; gegr\u00fcndet.<\/span><\/p>\n<p><span style=\"font-family: arial, helvetica, sans-serif; font-size: 12pt;\">&#8222;Das Netzwerk junger Iraner in Berlin ist eine Zusammenkunft von vielen verschiedenen jungen Iranerinnen und Iranern und auch Deutschen, die eben daran interessiert sind, die neue demokratische Bewegung im Iran zu unterst\u00fctzen &#8211; , also Solidarit\u00e4tsveranstaltungen und Aktionen. Das Netzwerk ist pluralistisch mit vielen verschiedenen Ansichten, es gibt jetzt keine politische Linie, und wir haben \u00fcberlegt, ob wir nicht auch eine Zeitschrift machen, die ebenso pluralistisch ist, also zu gucken, wie man geistig beitragen kann zu dieser Bewegung.&#8220;<\/span><\/p>\n<p><span style=\"font-family: arial, helvetica, sans-serif; font-size: 12pt;\">Ein lose organisiertes Netzwerk, das demokratische Meinungsvielfalt verk\u00f6rpert und demokratischen Meinungsstreit f\u00f6rdert. Das im Wesentlichen \u00fcber digitale Medien miteinander kommuniziert, sich auf Internetseiten trifft, sich mit Hilfe von SMS und Twitter informiert und verabredet. Weil im Netzwerk auch viele junge Iraner mitarbeiten, die gerade erst zum Studium nach Deutschland gekommen sind, flie\u00dfen immer aktuelle, verl\u00e4ssliche und pers\u00f6nlich nachpr\u00fcfbare Informationen ein. &#8211; Das ist neu. Neu ist auch, wie das Netzwerk seine Mitglieder mobilisiert. Neben konventionellen Mobilisierungs-Formen wie Einladungen zu Podiumsdiskussionen, Solidarit\u00e4tskonzerten und Aufrufen zu Gro\u00dfdemonstrationen setzt die Gruppe auf sogenannte Flash-Mob-Aktionen. Also auf spontane, meist per SMS organisierte Proteste. So etwa im November vor der Berliner O2 -Arena.<\/span><\/p>\n<p><span style=\"font-family: arial, helvetica, sans-serif; font-size: 12pt;\">In das Veranstaltungszentrum &#8222;O2-Arena&#8220; hatte das finnisch-deutsche Gemeinschaftsunternehmen Nokia-Siemens G\u00e4ste zum Schlagerabend geladen. Nokia-Siemens soll Technologie in den Iran geliefert haben, die dem Regime die Zensur der digitalen und mobilen Kommunikation erm\u00f6glicht. Das Unternehmen bestreitet dies, die Netzwerker glauben ihm nicht. Sie sehen sich und die iranische Opposition in einem wichtigen politischen Bet\u00e4tigungsfeld getroffen.\u00a0<\/span><\/p>\n<p><span style=\"font-family: arial, helvetica, sans-serif; font-size: 12pt;\">&#8222;Boykottiert Unternehmen wie Nokia und Siemens, die es zulassen, dass im Iran die Menschen terrorisiert werden, gefoltert werden, umgebracht werden! F\u00f6rdern Sie das nicht!&#8220;<\/span><\/p>\n<p><span style=\"font-family: arial, helvetica, sans-serif; font-size: 12pt;\">Die Zeugnisse aller Aktionen der Netzwerker wandern sofort \u00fcber Internet oder Handy als Videobotschaft, Text- oder Audio-Nachricht bzw. per Onlinedienst Twitter in den Iran. Hinzugef\u00fcgt werden umfangreiche Informationen, die im Westen \u00fcber die tats\u00e4chliche Lage im Iran erh\u00e4ltlich sind. Diese Gegen\u00f6ffentlichkeit zu den zensierten iranischen Medien sei genauso von Belang wie die moralische Unterst\u00fctzung, sagt der iranische Dissident und Journalist Akhbar Gandji.<\/span><\/p>\n<p><span style=\"font-family: arial, helvetica, sans-serif; font-size: 12pt;\">&#8222;Es ist sehr bedeutsam, dass die Informationen, die man aus dem Iran erh\u00e4lt, wieder in den Iran zur\u00fcckflie\u00dfen. Au\u00dferdem ist es eine wichtige Sache, dass die Menschen im Ausland Anteil nehmen an den Vorg\u00e4ngen im Iran und ihre Sympathie mit der Bewegung bekunden. Und drittens: Da es keine freien Medien im Iran gibt, sollte die Exilopposition auf allen Wegen, Radio, Fernsehen, Internet und so weiter der Informationsknappheit im Iran vorbeugen.&#8220;<\/span><\/p>\n<p><span style=\"font-family: arial, helvetica, sans-serif; font-size: 12pt;\">Und genau dies geschieht. Das ist einer der Gr\u00fcnde, warum die iranische Telefongesellschaft immer wieder Internet und Mobilfunk-Netze st\u00f6rt. Der andere Grund: Es sollen keine Bilder von Protesten aus dem Iran ins Ausland gelangen. Doch dank der Kontakte der Netzwerker erf\u00e4hrt die demokratische Welt trotzdem davon, sagt Aktivistin Sara Dehkordi.<\/span><\/p>\n<p><span style=\"font-family: arial, helvetica, sans-serif; font-size: 12pt;\">&#8222;Facebook, Twitter, Internet, E-Mail, das ist jetzt so das, was am wichtigsten ist, weil der Informationsaustausch mit den Aktiven im Iran so stattfinden kann, also nur \u00fcber Telefon geht&#8217;s nicht, die Telefone werden abgeh\u00f6rt. Und alles das, was Gruppen machen, alles das, was man r\u00fcberbringen will an Inhalten, macht man eigentlich \u00fcbers Internet.&#8220;<\/span><\/p>\n<p><span style=\"font-family: arial, helvetica, sans-serif; font-size: 12pt;\">Netzwerk-Mitglied Sepideh Khaksar studiert erst seit etwa einem halben Jahr in Deutschland. Die 28-j\u00e4hrige Iranerin zog nach Berlin, um hier ihre Promotion in Musikarch\u00e4ologie zu schreiben. &#8222;Als ich ankam, war ich noch unpolitisch&#8220;, gesteht sie. Aber dann wurde im Iran gegen den Wahlbetrug protestiert.<\/span><\/p>\n<p><span style=\"font-family: arial, helvetica, sans-serif; font-size: 12pt;\">&#8222;Vor sechs Monaten ich war eine ganz andere Sepideh. Nach diesem Wahlbetrug zum Beispiel ich hab zwei Freunde verloren. Zwei Freunde von mir sind erschossen worden auf der Stra\u00dfe, und das tut mir ganz weh, ich m\u00f6chte was tun.&#8220;<\/span><\/p>\n<p><span style=\"font-family: arial, helvetica, sans-serif; font-size: 12pt;\">Im Netzwerk trifft die junge Iranerin auf Menschen wie Pedram Shahyar. Der floh 1986 als Zw\u00f6lfj\u00e4hriger mit seinen Eltern nach Deutschland. Heute ist der Diplompolitologe Mitglied im Koordinierungsrat von Attac und promoviert zurzeit \u00fcber &#8222;F\u00fchrungsprobleme in sozialen Bewegungen&#8220;. &#8222;Im Moment flie\u00dft allerdings der Gro\u00dfteil meiner Kraft in die Netzwerkarbeit&#8220;, gesteht er:<\/span><\/p>\n<p><span style=\"font-family: arial, helvetica, sans-serif; font-size: 12pt;\">&#8222;Diese Revolte hat mich erst mal politisch sehr inspiriert, weil der Mut der Menschen einmalig ist, wenn man wei\u00df, welche Brutalit\u00e4t das Regime da anwendet. Und dass die Leute trotzdem k\u00e4mpfen, und da wollte ich irgendwie helfen, wollt ich mit dabei sein. Aber dieses geschehene Leid auch irgendwie zu Gerechtigkeit bringen, das ist auch ein sehr starkes Motiv.&#8220;<\/span><\/p>\n<p><span style=\"font-family: arial, helvetica, sans-serif; font-size: 12pt;\">Es ist das Leid seiner Familie: Das Mullah-Regime lie\u00df die Geschwister seiner Eltern hinrichten. Viele im Netzwerk haben Angeh\u00f6rige, die das iranische Regime umbringen lie\u00df. So war auch f\u00fcr den 24-j\u00e4hrigen Sohrab Mokhtari ein politischer Mord ausschlaggebend f\u00fcr sein politisches Engagement im Netzwerk. Der Vater des Philosophie-Studenten, ein bekannter iranischer Schriftsteller, wurde vor neun Jahren entf\u00fchrt und &#8211; vermutlich von staatlichen Sicherheitsbediensteten &#8211; ermordet. Wenn Sohrab Mokhtari an all die verhafteten und erschlagenen Demonstranten im Iran denkt, dann wei\u00df er: Ihre Angeh\u00f6rigen haben einen langen Leidensweg vor sich.<\/span><\/p>\n<p><span style=\"font-family: arial, helvetica, sans-serif; font-size: 12pt;\">&#8222;Also ich sp\u00fcr in mir vor allem einen gro\u00dfen Schmerz, weil als ich damals meinen Vater verloren habe, hat es lange Zeit gedauert, bis ich die Traumatisierung des Verlustes meines Vaters verarbeitet habe. Und deshalb glaube ich, dass die Leute, die jetzt im Iran ihre Br\u00fcder und Schwestern, ihre V\u00e4ter und M\u00fctter verloren haben, auch eine lange Zeit brauchen, die Traumatisierung zu verarbeiten, und das ist schwer f\u00fcr mich und auch nat\u00fcrlich f\u00fcr die Leute im Iran und unsere Familien und Freunde.&#8220;<\/span><\/p>\n<p><span style=\"font-family: arial, helvetica, sans-serif; font-size: 12pt;\">Sohrab Mokhtari hofft, dass die Aktivit\u00e4ten der Exilopposition die iranische Demokratiebewegung tats\u00e4chlich ermutigen k\u00f6nnen. Und ein wenig dazu beitragen, dass die Verzweiflung von Angeh\u00f6rigen der Opfer nicht zu gro\u00df wird. \u00c4hnliche Hoffnungen hat auch Sara Dehkordi. Ihr Vater wurde vom iranischen Geheimdienst ermordet &#8211; 1992 im Berliner Restaurant Mykonos.\u00a0<\/span><\/p>\n<p><span style=\"font-family: arial, helvetica, sans-serif; font-size: 12pt;\">&#8222;Eine Rolle spielt das schon, weil man auch immer dar\u00fcber nachdenkt, dass es ja nicht umsonst gewesen sein soll. Und lange Zeit war, war man sehr, ja, entt\u00e4uscht und auch demotiviert, weil man immer dachte, es gibt nichts zu mobilisieren. Und mit dieser Bewegung hat man nat\u00fcrlich neue Motivation, aber es geht auf keinen Fall irgendwie um Rache oder so, also es geht einfach nur um Gerechtigkeit.&#8220;<\/span><\/p>\n<p><span style=\"font-family: arial, helvetica, sans-serif; font-size: 12pt;\">Es bleibt nicht aus, dass die Spitzel der islamischen Republik die Exilopposition sorgf\u00e4ltig beobachten. Bei einer Aktion vor der iranischen Botschaft zum Beispiel treten zwei M\u00e4nner aus der Residenz auf die Stra\u00dfe. Einer von ihnen ist Ali Zavareh, der im Berliner B\u00fcro der staatlichen Rundfunkgesellschaft des Iran arbeitet und als sehr guter Freund der Machthaber im Iran gilt. Als Zavareh einen Gef\u00e4hrten anweist, die jungen Leute auf der anderen Stra\u00dfenseite zu filmen, regt sich Protest.<\/span><\/p>\n<p><span style=\"font-family: arial, helvetica, sans-serif; font-size: 12pt;\">&#8222;Bezahlter Spitzel, hau ab&#8220;, skandiert die Gruppe. Die Exilopposition wei\u00df, dass die Spitzel der islamischen Republik auch in ihren Veranstaltungen sitzen. Doch Netzwerkerin Sara Dehkordi versucht, sich von derartigen Aktivit\u00e4ten nicht in die Enge treiben zu lassen.<\/span><\/p>\n<p><span style=\"font-family: arial, helvetica, sans-serif; font-size: 12pt;\">&#8222;Angst schon manchmal, aber ich glaube nicht, dass es um Aktivit\u00e4ten geht vom Geheimdienst direkt, gewaltt\u00e4tige Aktivit\u00e4ten, sondern ich glaub, dass sie immer wieder gewillt sind, diese Drohkulisse aufzubauen. Ein As, das die immer wieder haben und auch ausspielen, ist, dass man eben, wenn man aktiv ist, nicht in den Iran reisen kann. So kriegen sie auch viele Leute zur\u00fcck in die Wohnungen.&#8220;<\/span><\/p>\n<p><span style=\"font-family: arial, helvetica, sans-serif; font-size: 12pt;\">Die jungen exiliranischen Gruppen sind gut miteinander vernetzt, planen vielerorts Aktivit\u00e4ten gemeinsam und arbeiten trotzdem an ihrem politischen Profil. &#8222;Das haben wir jungen Leute den \u00e4lteren Exilgruppen voraus&#8220;, meint der Unternehmensberater Mohsen Vahedi aus Berlin, der einen Verein gegr\u00fcndet hat, der sich Colour of Democratic Election nennt. &#8222;Wir haben begriffen, dass wir in einem Punkt alle das Gleiche wollen: freie und geheime Wahlen im Iran&#8220;.<\/span><\/p>\n<p><span style=\"font-family: arial, helvetica, sans-serif; font-size: 12pt;\">&#8222;Ich denke, dass wir zu dem Entschluss gekommen sind, zumindest die Mehrheit der Exiliraner, dass man jetzt in diesem Moment zusammenhalten muss. Und wenn es zu einer demokratischen freien Wahl kommt, dann kann man ja politisch gegeneinander arbeiten, das hei\u00dft noch lange nicht, dass wir Feinde sind, sondern: Wir m\u00fcssen halt miteinander arbeiten, bis wir halt dieses Ziel, die freien Wahlen erreichen.&#8220;<\/span><\/p>\n<p><span style=\"font-family: arial, helvetica, sans-serif; font-size: 12pt;\"><strong><em>Deutschlandradio<\/em><\/strong><\/span><\/p>\n<h2><span style=\"font-family: arial, helvetica, sans-serif; font-size: 12pt;\"><strong>__________________________________<\/strong><\/span><\/h2>\n<h2><span style=\"font-family: arial, helvetica, sans-serif; font-size: 12pt;\">Staatsministerin Maria B\u00f6hmer: &#8222;Der demografische Wandel bringt auch Chancen f\u00fcr die Integration&#8220;<\/span><\/h2>\n<p><span style=\"font-family: arial, helvetica, sans-serif; font-size: 12pt;\"><strong>&#8222;Der demografische Wandel l\u00e4sst sich nicht stoppen. Aber wir k\u00f6nnen ihn gestalten &#8211; mit einer engagierten und wirkungsvollen Integrationspolitik, die Vielfalt als Chance begreift. Ziel ist die gleichberechtigte Teilhabe aller Menschen in unserem Land. Dadurch sichern wir den Zusammenhalt unserer Gesellschaft.&#8220;<\/strong><\/span><\/p>\n<p><span style=\"font-family: arial, helvetica, sans-serif; font-size: 12pt;\">Das erkl\u00e4rte Staatsministerin Maria B\u00f6hmer heute auf dem Kongress &#8222;Demografischer Wandel: Integration und Gesundheit&#8220; in Hannover. Zu der Tagung anl\u00e4sslich des &#8222;International Migrants Day&#8220; hatte ein zivilgesellschaftliches B\u00fcndnis unter F\u00fchrung des Ethno-Medizinischen Zentrums Hannover eingeladen.\u00a0<\/span><\/p>\n<p><span style=\"font-family: arial, helvetica, sans-serif; font-size: 12pt;\">&#8222;Integration ist eine Schicksalsfrage f\u00fcr unser Land. Deshalb steht das Thema f\u00fcr die Bundesregierung ganz oben auf der politischen Agenda&#8220;, betonte B\u00f6hmer in ihrer Rede vor mehreren hundert Teilnehmern. Sie begr\u00fcndete ihre Aussage mit Zahlen zur Bev\u00f6lkerungsentwicklung. So hat etwa jeder f\u00fcnfte in Deutschland einen Migrationshintergrund. Bei den Kindern sind es noch mehr: Jedes dritte unter f\u00fcnf Jahren kommt aus einer Zuwandererfamilie. Insgesamt steigt die Zahl der Migranten an &#8211; im Gegensatz zur einheimischen Bev\u00f6lkerung. Zugleich ist die Gruppe der Migranten im Schnitt auch deutlich j\u00fcnger. Das Durchschnittsalter der Bev\u00f6lkerung ohne Migrationshintergrund liegt bei 44,9 Jahren &#8211; bei den Migranten sind es 34,3 Jahre. &#8222;Diese Zahlen machen klar: Deutschland wird vielf\u00e4ltiger. Damit wir alle davon profitieren, m\u00fcssen wir verst\u00e4rkt die F\u00e4higkeiten der Migranten nutzen. Viele Unternehmen und \u00f6ffentliche Institutionen setzen bereits auf die Sprachkenntnisse und die kulturellen Kompetenzen von Zuwanderern. Sie sehen Vielfalt als Chance. Zugleich ben\u00f6tigen Kinder und Jugendlichen aus Zuwandererfamilien eine intensive F\u00f6rderung. Wir m\u00fcssen sie fit machen in der deutschen Sprache. Unverzicht-bar f\u00fcr den sozialen Aufstieg sind auch eine gute Bildung und eine qualifizierte Ausbildung. Kein Talent darf verloren gehen&#8220;, erkl\u00e4rte Staatsministerin B\u00f6hmer.<\/span><\/p>\n<p><span style=\"font-family: arial, helvetica, sans-serif; font-size: 12pt;\">Die Herausforderungen des demografischen Wandels sind vielf\u00e4ltig. Die Menschen werden immer \u00e4lter: Die Lebenserwartung der 65-J\u00e4hrigen steigt bis 2050 um etwa 4,5 Jahre. &#8222;Damit wird auch der Bereich Gesundheit und Pflege f\u00fcr die Integrationspolitik immer wichtiger. Die gesundheitliche Situation der Migranten ist h\u00e4ufig schlechter als die der Einheimischen. Ursache ist zumeist die ung\u00fcnstigere soziale Lage. Hinzu kommen Barrieren bei der Gesundheitsversorgung beispielsweise durch fehlende Kenntnisse der deutschen Sprache. H\u00e4ufig kommt es zu einer falschen Versorgung wegen sprachlicher und kultureller Missverst\u00e4ndnisse. Auch deshalb ist es von entscheidender Bedeutung, dass die Zuwanderer die deutsche Sprache beherrschen. Zugleich brauchen wir mehr zweisprachiges Personal&#8220;, so B\u00f6hmer. &#8222;Wichtig ist auch, dass der kultursensible Umgang mit zugewanderten Menschen Bestandteil der Aus- und Weiterbildung in allen Lehr- und Heilberufen wird.&#8220;<\/span><\/p>\n<p><span style=\"font-family: arial, helvetica, sans-serif; font-size: 12pt;\">Bislang scheitert der Einsatz von Fachkr\u00e4ften aus Zuwandererfamilien in Gesundheitsberufen oft noch daran, dass Migranten ihre im Ausland erworbenen Bildungs- und Berufsabschl\u00fcsse in Deutschland nicht anerkannt bekommen. &#8222;Es ist eine Verschwendung von Ressourcen, wenn Zahn\u00e4rzte als Kellner oder Krankenschwestern als Putzfrauen arbeiten m\u00fcssen. Doch nicht nur ausl\u00e4ndische Akademiker und Fachkr\u00e4fte im Gesundheitsbereich haben mit dem Problem zu k\u00e4mpfen. Insgesamt betrifft dies mehrere hunderttausend qualifizierte Zuwanderer aus verschiedensten Berufen. Deshalb freue ich mich, dass wir bei der Anerkennung ausl\u00e4ndischer Abschl\u00fcsse jetzt einen Riesenschritt vorangekommen sind&#8220;, betonte B\u00f6hmer.<\/span><\/p>\n<p><span style=\"font-family: arial, helvetica, sans-serif; font-size: 12pt;\">In der vergangenen Woche hatte das Bundeskabinett Eckpunkte f\u00fcr eine gesetzliche Regelung verabschiedet. Dadurch sollen alle Berufs- und Zuwanderergruppen einen Anspruch auf Anerkennungsverfahren bekommen. Die gesetzliche Regelung soll im Laufe des kommenden Jahres auf den Weg gebracht werden. Der Kabinettsbeschluss kn\u00fcpft an Eckpunkte an, die Staatsministerin B\u00f6hmer bereits im Juni gemeinsam mit Bildungsministerin Schavan vorgestellt hatte.<\/span><\/p>\n<p><span style=\"font-family: arial, helvetica, sans-serif; font-size: 12pt;\">&#8222;Von der Entscheidung profitieren die Zuwanderer, die bisher nur unterhalb ihrer Qualifikation arbeiten k\u00f6nnen. Zugleich ist der Beschluss ein Gewinn f\u00fcr uns alle. Wir brauchen diese Menschen in ihren erlernten Berufen. Fast t\u00e4glich h\u00f6ren wir vom Fachkr\u00e4ftemangel in vielen Bereichen unserer Wirtschaft, im Gesundheitswesen und auch in den Schulen. Hier macht sich der demografische Wandel bemerkbar. Mit der gesetzlichen Regelung f\u00fcr Anerkennungsverfahren stellen wir die richtigen Weichen f\u00fcr die Zukunft. Zugleich ist es ein wichtiger Beitrag zur Wertsch\u00e4tzung der Leistungen der Zuwanderer: Anerkennung im doppelten Sinne&#8220;, so B\u00f6hmer.<\/span><\/p>\n<p><span style=\"font-family: arial, helvetica, sans-serif; font-size: 12pt;\">PRESSE- UND INFORMATIONSAMT DER BUNDESREGIERUNG\u00a0<\/span><br \/>\n<span style=\"font-family: arial, helvetica, sans-serif; font-size: 12pt;\">PRESSEMITTEILUNG NR.: 493<\/span><\/p>\n<p><span style=\"font-family: arial, helvetica, sans-serif; font-size: 12pt;\"><strong>__________________________________________________<\/strong><\/span><\/p>\n<p><span style=\"font-family: arial, helvetica, sans-serif; font-size: 12pt;\"><strong><em>Film:<\/em><\/strong>\u00a0<span style=\"color: #000000;\"><b><a href=\"http:\/\/daserste.ndr.de\/panorama\/media\/panor118.html\" target=\"_blank\" rel=\"noopener\"><span style=\"color: #000000;\"><strong>Shadi Sadr: &#8222;Wir sind auf der Siegerstra\u00dfe!&#8220;<\/strong><\/span><\/a><\/b><\/span><\/span><\/p>\n<p><span style=\"font-family: arial, helvetica, sans-serif; font-size: 12pt;\"><strong><em>Film:<\/em><\/strong>\u00a0<span style=\"color: #000000;\"><b><a href=\"http:\/\/daserste.ndr.de\/panorama\/media\/panorama358.html\" target=\"_blank\" rel=\"noopener\"><span style=\"color: #000000;\"><strong>Das Regime verfolgt seine Kritiker in Deutschland<\/strong><\/span><\/a><\/b><\/span><\/span><\/p>\n<p><span style=\"font-family: arial, helvetica, sans-serif; font-size: 12pt;\"><strong>__________________________________________________<br \/>\n<\/strong><\/span><\/p>\n<h2><span style=\"font-family: arial, helvetica, sans-serif; font-size: 12pt;\">Berliner B\u00fcndnis gegen Homophobie<\/span><\/h2>\n<p><span style=\"font-family: arial, helvetica, sans-serif; font-size: 12pt;\">Am 23. September 2009 wurde im Roten Rathaus das Berliner \u201eB\u00fcndnis gegen Homophobie\u201c gegr\u00fcndet. Als Erstunterzeichner haben sich in dem B\u00fcndnis 24 relevante gesellschaftliche Organisationen, Institutionen und Unternehmen zusammengetan, um ein klares Zeichen zu setzen gegen Homosexuellenfeindlichkeit, Diskriminierung und Gewalt.<\/span><\/p>\n<p><span style=\"font-family: arial, helvetica, sans-serif; font-size: 12pt;\">An der Gr\u00fcndungsveranstaltung nahmen neben Berlins Regierendem B\u00fcrgermeister Klaus Wowereit u.a. Berlins Polizeipr\u00e4sident Dieter Glietsch, der Vor-sitzende der Repr\u00e4sentantenversammlung der J\u00fcdischen Gemeinde zu Berlin, Michael Joachim, und der Vorsitzende des Zentralrats Deutscher Sinti und Roma, Romani Rose, teil. Initiator des B\u00fcndnisses ist der Lesben- und Schwulenverband Berlin-Brandenburg (LSVD) e.V. Dem B\u00fcndnis geh\u00f6ren u. a. die Deutsche Bank und die SAP AG, die Akademie der K\u00fcnste und die Deutsche Oper, der Deutsche Fu\u00dfball-Bund e.V. und Hertha BSC, der Landessportbund und der Deutsche Gewerkschaftsbund an.<\/span><\/p>\n<p><span style=\"font-family: arial, helvetica, sans-serif; font-size: 12pt;\">Ziel des B\u00fcndnisses ist es, m\u00f6glichst viele ma\u00dfgebliche Tr\u00e4ger des Wirtschafts-, Kultur- und Sportlebens daf\u00fcr zu gewinnen, sich f\u00fcr Respekt und Anerkennung gegen\u00fcber Schwulen und Lesben einzusetzen. In Bezug auf Ausl\u00e4nderhass wurde vor einigen Jahren zu Recht ein \u201eAufstand der Anst\u00e4ndigen\u201c angemahnt. Auch in Puncto Homophobie m\u00fcssen wir ein deutliches Zeichen setzen. Es ist an der Zeit, dass die schweigende Mehrheit den Mund aufmacht. Dass sie das eigentlich Selbstverst\u00e4ndliche laut und unmissverst\u00e4ndlich ausspricht: \u201eHomophobie hat in unserer Gesellschaft keinen Platz!\u201c<\/span><\/p>\n<p><span style=\"font-family: arial, helvetica, sans-serif; font-size: 12pt;\">Ziel des B\u00fcndnisses gegen Homophobie ist es, diese Botschaft auszusenden. Dies wird auch in einem gemeinsamen Aufruf unter dem Titel \u201eAnerkennung und Respekt f\u00fcr gleichgeschlechtliche Lebensweisen\u201c deutlich gemacht. Als weitere Aktivit\u00e4ten des B\u00fcndnisses sind die Einrichtung einer Internetseite, Veranstaltungen und eine Kampagne f\u00fcr Respekt und Anerkennung geplant.<\/span><\/p>\n<p><span style=\"font-family: arial, helvetica, sans-serif; font-size: 12pt;\">Hintergrund der Gr\u00fcndung sind homosexuellenfeindliche \u00dcbergriffe, die sich im vergangenen Jahr in Berlin geh\u00e4uft hatten. Mehrfach wurden Schwule und Lesben wegen ihrer sexuellen Orientierung angegriffen und dabei zum Teil lebensgef\u00e4hrlich verletzt. Von einem hohen antihomosexuellen Gewaltpotential zeugt auch, dass auf das Denkmal f\u00fcr die im Nationalsozialismus verfolgten Homosexuellen innerhalb eines Jahres nach seiner Einweihung bereits drei Anschl\u00e4ge ver\u00fcbt wurden.<\/span><\/p>\n<p><span style=\"font-family: arial, helvetica, sans-serif; font-size: 12pt;\">Jedes Jahr registriert das Anti-Gewalt-Projekt \u201eManeo\u201c in Berlin zwischen 200 und 300 gewaltt\u00e4tige \u00dcbergriffe auf schwule M\u00e4nner. Die Dunkelziffer liegt laut Polizeisch\u00e4tzung bei 90 Prozent. Hintergrund ist, dass viele Homosexuelle den Gang zur Polizei auch heute noch scheuen. \u00dcber das Ausma\u00df der Gewalttaten gegen lesbische Frauen ist noch weniger bekannt. Ein &#8211; ehrenamtlich gef\u00fchrtes &#8211; lesbisches \u00dcberfalltelefon gibt es erst seit Mai dieses Jahres.\u00a0<b><a href=\"http:\/\/www.berlin.lsvd.de\/cms\/index.php?option=com_content&amp;task=view&amp;id=464&amp;Itemid=261\">Vgl. ONYVA.<\/a><\/b><\/span><\/p>\n<p><span style=\"font-family: arial, helvetica, sans-serif; font-size: 12pt;\">Der Lesben- und Schwulenverband Berlin-Brandenburg (LSVD) e.V will die verbreitete Homosexuellenfeindlichkeit nicht l\u00e4nger tatenlos hinnehmen. Deswegen ergriff er die Initiative f\u00fcr ein breites gesellschaftliches \u201e<strong>B\u00fcndnis gegen Homophobie<\/strong>\u201c . Wir denken, dass es neuer Initiativen bedarf, um in der \u00d6ffentlichkeit noch deutlicher zu machen, dass Homophobie in Berlin keinen Platz hat.<\/span><\/p>\n<p><span style=\"font-family: arial, helvetica, sans-serif; font-size: 12pt;\">Unterst\u00fctzt wird die Initiative f\u00fcr das B\u00fcndnis gegen Homophobie vom Regierenden B\u00fcrgermeister von Berlin, Klaus Wowereit.<\/span><\/p>\n<p><span style=\"font-family: arial, helvetica, sans-serif; font-size: 12pt;\">\u00a0<\/span><\/p>\n<h3><span style=\"font-family: arial, helvetica, sans-serif; font-size: 12pt;\">Die Gr\u00fcndungsmitglieder des B\u00fcndnisses gegen Homophobie:<\/span><\/h3>\n<p><span style=\"font-family: arial, helvetica, sans-serif; font-size: 12pt;\">1. Akademie der K\u00fcnste<\/span><br \/>\n<span style=\"font-family: arial, helvetica, sans-serif; font-size: 12pt;\">2. Berliner Fu\u00dfball-Verband e.V.<\/span><br \/>\n<span style=\"font-family: arial, helvetica, sans-serif; font-size: 12pt;\">3. Berliner Bank<\/span><br \/>\n<span style=\"font-family: arial, helvetica, sans-serif; font-size: 12pt;\">4. Der Polizeipr\u00e4sident in Berlin<\/span><br \/>\n<span style=\"font-family: arial, helvetica, sans-serif; font-size: 12pt;\">5. Berliner Stadtreinigungsbetriebe (BSR)<\/span><br \/>\n<span style=\"font-family: arial, helvetica, sans-serif; font-size: 12pt;\">6. Berlin Tourismus Marketing GmbH<\/span><br \/>\n<span style=\"font-family: arial, helvetica, sans-serif; font-size: 12pt;\">7. Deutsche Bank Berlin<\/span><br \/>\n<span style=\"font-family: arial, helvetica, sans-serif; font-size: 12pt;\">8. Deutsche Oper Berlin<\/span><br \/>\n<span style=\"font-family: arial, helvetica, sans-serif; font-size: 12pt;\">9. Deutscher Fu\u00dfball-Bund e.V. (DFB)<\/span><br \/>\n<span style=\"font-family: arial, helvetica, sans-serif; font-size: 12pt;\">10. Deutscher Gewerkschaftsbund Berlin-Brandenburg (DGB)<\/span><br \/>\n<span style=\"font-family: arial, helvetica, sans-serif; font-size: 12pt;\">11. Hertha BSC Berlin<\/span><br \/>\n<span style=\"font-family: arial, helvetica, sans-serif; font-size: 12pt;\">12. Internationale Filmfestspiele Berlin \/ Berlinale<\/span><br \/>\n<span style=\"font-family: arial, helvetica, sans-serif; font-size: 12pt;\">13. J\u00fcdische Gemeinde zu Berlin<\/span><br \/>\n<span style=\"font-family: arial, helvetica, sans-serif; font-size: 12pt;\">14. Landessportbund Berlin<\/span><br \/>\n<span style=\"font-family: arial, helvetica, sans-serif; font-size: 12pt;\">15. Landesverband Deutscher Sinti und Roma Berlin-Brandenburg e.V.<\/span><br \/>\n<span style=\"font-family: arial, helvetica, sans-serif; font-size: 12pt;\">16. SAP AG<\/span><br \/>\n<span style=\"font-family: arial, helvetica, sans-serif; font-size: 12pt;\">17. Stiftung Brandenburgische Gedenkst\u00e4tten<\/span><br \/>\n<span style=\"font-family: arial, helvetica, sans-serif; font-size: 12pt;\">18. Stiftung Denkmal f\u00fcr die ermordeten Juden Europas<\/span><br \/>\n<span style=\"font-family: arial, helvetica, sans-serif; font-size: 12pt;\">19. Tennis Borussia Berlin e.V. (TeBe)<\/span><br \/>\n<span style=\"font-family: arial, helvetica, sans-serif; font-size: 12pt;\">20. TERRE DES FEMMES &#8211; Menschenrechte f\u00fcr die Frau e.V.<\/span><br \/>\n<span style=\"font-family: arial, helvetica, sans-serif; font-size: 12pt;\">21. Theater an der Parkaue<\/span><br \/>\n<span style=\"font-family: arial, helvetica, sans-serif; font-size: 12pt;\">22. T\u00fcrkiyemspor Berlin e.V.<\/span><br \/>\n<span style=\"font-family: arial, helvetica, sans-serif; font-size: 12pt;\">23. Verein Iranischer Fl\u00fcchtlinge e.V.<\/span><br \/>\n<span style=\"font-family: arial, helvetica, sans-serif; font-size: 12pt;\">24. Zentralrat Deutscher Sinti und Roma<\/span><\/p>\n<h3><span style=\"font-family: arial, helvetica, sans-serif; font-size: 12pt;\">Als G\u00e4ste nahmen teil:<\/span><\/h3>\n<p><span style=\"font-family: arial, helvetica, sans-serif; font-size: 12pt;\">1. B\u00fcndnis f\u00fcr Demokratie und Toleranz \u2013 gegen Extremismus und Gewalt (BfDT)<\/span><br \/>\n<span style=\"font-family: arial, helvetica, sans-serif; font-size: 12pt;\">2. Evangelische Kirche Berlin-Brandenburg-schlesische Oberlausitz<\/span><br \/>\n<span style=\"font-family: arial, helvetica, sans-serif; font-size: 12pt;\">3. Humboldt-Universit\u00e4t zu Berlin<\/span><br \/>\n<span style=\"font-family: arial, helvetica, sans-serif; font-size: 12pt;\">4. Landeskommission Berlin gegen Gewalt<\/span><br \/>\n<span style=\"font-family: arial, helvetica, sans-serif; font-size: 12pt;\">5. Landesstelle f\u00fcr Gleichbehandlung \u2013 gegen Diskriminierung<\/span><br \/>\n<span style=\"font-family: arial, helvetica, sans-serif; font-size: 12pt;\">6. Landeszentrale f\u00fcr politische Bildungsarbeit Berlin<\/span><br \/>\n<span style=\"font-family: arial, helvetica, sans-serif; font-size: 12pt;\">7. Maneo \u2013 Das schwule Anti-Gewalt-Projekt in Berlin<\/span><\/p>\n<p><span style=\"font-family: arial, helvetica, sans-serif; font-size: 12pt;\">\u00a0<\/span><\/p>\n<h3><span style=\"font-family: arial, helvetica, sans-serif; font-size: 12pt;\">Aufruf des Berliner B\u00fcndnisses gegen Homophobie: Anerkennung und Respekt f\u00fcr gleichgeschlechtliche Lebensweisen<\/span><\/h3>\n<p><span style=\"font-family: arial, helvetica, sans-serif; font-size: 12pt;\">Homophobie ist ein gesamtgesellschaftliches Problem. Sie zu bek\u00e4mpfen, ist die Pflicht der ganzen Gesellschaft. Die Unterzeichner dieses Aufrufes sind sich einig, dass Homophobie nicht tatenlos hingenommen werden darf. Wir wollen der verbreiteten Homosexuellenfeindlichkeit gemeinsam entgegentreten. Deswegen haben wir uns im \u201eBerliner B\u00fcndnis gegen Homophobie\u201c zusammengeschlossen.<\/span><\/p>\n<p><span style=\"font-family: arial, helvetica, sans-serif; font-size: 12pt;\">Homophobie ist eine soziale, gegen nicht-heterosexuelle Menschen gerichtete Feindseligkeit (<b><a href=\"http:\/\/de.wiktionary.org\/wiki\/Animosit%C3%A4t\">http:\/\/de.wiktionary.org\/wiki\/Animosit%C3%A4t<\/a><\/b>). Es handelt sich um eine irrationale, sachlich nicht begr\u00fcndete Aversion gegen\u00fcber homosexuellen, bisexuellen und transidenten Menschen und ihren Lebensweisen. Homophobie hat viele Facetten und Ausdrucksformen: Diskriminierung, Ausgrenzung und Benachteiligung, Beleidigung, Mobbing, K\u00f6rperverletzung und Sachbesch\u00e4digung, Verschw\u00f6rungstheorien, Hassparolen und Hetzartikel.<\/span><\/p>\n<p><span style=\"font-family: arial, helvetica, sans-serif; font-size: 12pt;\">Die Unterzeichner sind zutiefst beunruhigt \u00fcber den hohen Verbreitungsgrad homosexuellenfeindlicher Einstellungen. Besonders besorgniserregend ist es, dass Homophobie auch unter jungen Menschen weit verbreitet ist. Auf Schulh\u00f6fen geh\u00f6rt \u201eschwule Sau\u201c heute wieder zu den meistbenutzten Schimpfw\u00f6rtern.<\/span><\/p>\n<p><span style=\"font-family: arial, helvetica, sans-serif; font-size: 12pt;\">Homophobie senkt die Schwelle zur Gewaltanwendung. Beleidigungen, P\u00f6beleien und gewaltt\u00e4tige \u00dcbergriffe geh\u00f6ren auch heute noch zu den Alltagserfahrungen vieler Homosexueller. Von einem hohen antihomosexuellen Gewaltpotential zeugt auch, dass das Denkmal f\u00fcr die im Nationalsozialismus verfolgten Homosexuellen ein Jahr nach seiner Einweihung bereits drei Mal besch\u00e4digt wurde.<\/span><\/p>\n<p><span style=\"font-family: arial, helvetica, sans-serif; font-size: 12pt;\">Homophobie geht uns alle an. Denn Homophobie ist ein Angriff auf die Grundwerte unserer Gesellschaft. Die Berliner Verfassung gebietet, dass kein Mensch aufgrund seiner sexuellen Identit\u00e4t benachteiligt werden darf \u2013 ebenso, wie sie die Diskriminierung aufgrund des Geschlechts, der Abstammung, der Rasse, der Sprache, der Heimat und der Herkunft, des Glaubens und der religi\u00f6sen oder politischen Anschauungen verbietet. Wir wollen, dass die Verfassungswirklichkeit f\u00fcr Homosexuelle in Berlin auch zur Lebensrealit\u00e4t wird. Bei der Freiheit des Einzelnen und dem Recht auf sexuelle Selbstbestimmung d\u00fcrfen in einer demokratischen Gesellschaft keine Abstriche gemacht werden.<\/span><\/p>\n<p><span style=\"font-family: arial, helvetica, sans-serif; font-size: 12pt;\">Wir, die Unterzeichner dieses Aufrufes, verpflichten uns, im Alltag jeglicher Form von Diskriminierung entgegenzutreten. Wir engagieren uns f\u00fcr Anerkennung und Respekt gegen\u00fcber Lesben, Schwulen, Bisexuellen und Transgendern. Unser Ziel ist ein breites gesellschaftliches B\u00fcndnis gegen Homophobie, das Hass und Intoleranz offensiv entgegentritt und die Akzeptanz gleichgeschlechtlicher Lebensweisen f\u00f6rdert.<\/span><\/p>\n<p><span style=\"font-family: arial, helvetica, sans-serif; font-size: 12pt;\">_________________________________________<\/span><\/p>\n<h2><span style=\"font-family: arial, helvetica, sans-serif; font-size: 12pt;\">Frontal21 zeigt PRO ASYL-Fall<\/span><\/h2>\n<p><span style=\"font-family: arial, helvetica, sans-serif; font-size: 12pt;\">Mit eindr\u00fccklichen Bildern dokumentiert ein ZDF-Bericht den Fall eines jungen Iraners, den PRO ASYL unterst\u00fctzt. Nach seiner Flucht nach Deutschland \u00fcber Griechenland wurde er im Rahmen des DublinII-Verfahrens dorthin zur\u00fcckgeschoben und lebte dort \u00fcber ein Jahr obdach- und mittellos. Im Juli entschied das Frankfurter Verwaltungsgericht seine R\u00fcck\u00fcberstellung sei rechtswidrig, weil die Bearbeitung seines Asylantrags in Griechenland nicht gew\u00e4hrleistet werden konnte. Der ZDF-Bericht schildert sehr anschaulich die Zust\u00e4nde vor Ort und die heuchlerische Haltung deutscher Politiker, die etwa gegen\u00fcber dem Iran lautstark die Menschenrechte einfordern und nichts f\u00fcr die Betroffenen tun, die nach Deutschland fl\u00fcchten konnten.<\/span><\/p>\n<p><span style=\"font-family: arial, helvetica, sans-serif; font-size: 12pt;\">Die dramatische\u00a0<b><a href=\"http:\/\/www.proasyl.de\/de\/themen\/eu-politik\/situation-in-griechenland\/\">Situation von Fl\u00fcchtlingen und Migranten in Griechenland<\/a><\/b>\u00a0wird endlich auch hierzulande verst\u00e4rkt wahrgenommen. Zahlreiche<b><a href=\"http:\/\/www.proasyl.de\/de\/presse\/pro-asyl-in-den-medien\/\">Medienberichte<\/a><\/b>\u00a0kritisieren die Zust\u00e4nde vor Ort. Die Zust\u00e4nde sind unhaltbar. Asylantr\u00e4ge werden nicht bearbeitet, Tausende Fl\u00fcchtlinge und Migranten leben auf der Stra\u00dfe oder hausen mittellos in notd\u00fcrftigen Unterk\u00fcnften und ziehen als Binnenfl\u00fcchtlinge durchs Land, wo sie vor einer wachsenden Zahl rassistischer \u00dcbergriffe nicht sicher sind. G\u00fcnter Burkhardt, Gesch\u00e4ftsf\u00fchrer von PRO ASYL, wirft der Bundesregierung in einem\u00a0<b><a href=\"http:\/\/frontal21.zdf.de\/ZDFde\/inhalt\/19\/0,1872,7616115,00.html\">Interview des ZDF<\/a><\/b>\u00a0eine &#8222;doppelz\u00fcngige Politik&#8220; beim Umgang mit Fl\u00fcchtlingen und Migranten vor: Menschenrechtsverletzungen im Ausland w\u00fcrden kritisiert, aber nichts f\u00fcr die Betroffenen getan.<\/span><\/p>\n<h4><span style=\"font-family: arial, helvetica, sans-serif; font-size: 12pt;\"><strong>Film:\u00a0<\/strong><a href=\"http:\/\/www.zdf.de\/ZDFmediathek\/content\/821594?inPopup=true\"><strong>Situation von Fl\u00fcchtlingen und Migranten in Griechenland (eine Reportage von ZDF)<\/strong><\/a><\/span><\/h4>\n","protected":false},"excerpt":{"rendered":"<p>Protestaktion vor iranischer Botschaft in Berlin 29.07.2012, H\u00e4nde weg von Afghanen im Iran _____________________________________________________ Besuch des Staatssekret\u00e4rs f\u00fcr Integrationsfragen Am 25.06.2012 besuchte Herr Farhad Dilmaghani, Staatssekret\u00e4r des Berliner Senats f\u00fcr Integration den Verein Iranischer Fl\u00fcchtlinge in Berlin e.V. In diesem Treffen sprach Herr Dilmaghani mit den Verantwortlichen des Vereins \u00fcber die politischen Richtlinien des neuen [&hellip;]<\/p>\n","protected":false},"author":1,"featured_media":0,"parent":0,"menu_order":0,"comment_status":"open","ping_status":"open","template":"","meta":{"footnotes":""},"class_list":["post-130","page","type-page","status-publish","hentry"],"jetpack_sharing_enabled":true,"_links":{"self":[{"href":"https:\/\/iprberlin.com\/de\/wp-json\/wp\/v2\/pages\/130","targetHints":{"allow":["GET"]}}],"collection":[{"href":"https:\/\/iprberlin.com\/de\/wp-json\/wp\/v2\/pages"}],"about":[{"href":"https:\/\/iprberlin.com\/de\/wp-json\/wp\/v2\/types\/page"}],"author":[{"embeddable":true,"href":"https:\/\/iprberlin.com\/de\/wp-json\/wp\/v2\/users\/1"}],"replies":[{"embeddable":true,"href":"https:\/\/iprberlin.com\/de\/wp-json\/wp\/v2\/comments?post=130"}],"version-history":[{"count":7,"href":"https:\/\/iprberlin.com\/de\/wp-json\/wp\/v2\/pages\/130\/revisions"}],"predecessor-version":[{"id":2088,"href":"https:\/\/iprberlin.com\/de\/wp-json\/wp\/v2\/pages\/130\/revisions\/2088"}],"wp:attachment":[{"href":"https:\/\/iprberlin.com\/de\/wp-json\/wp\/v2\/media?parent=130"}],"curies":[{"name":"wp","href":"https:\/\/api.w.org\/{rel}","templated":true}]}}