{"id":127,"date":"2014-06-21T03:24:58","date_gmt":"2014-06-21T03:24:58","guid":{"rendered":"https:\/\/iprberlin.com\/de\/?page_id=127"},"modified":"2023-07-26T06:34:22","modified_gmt":"2023-07-26T06:34:22","slug":"presse","status":"publish","type":"page","link":"https:\/\/iprberlin.com\/de\/presse\/","title":{"rendered":"Presse"},"content":{"rendered":"<p><span style=\"font-size: 12pt; font-family: tahoma, arial, helvetica, sans-serif; color: #000000;\"><a href=\"http:\/\/www.taz.de\/Neuer-Integrationsbeirat-gewaehlt\/!83234\/\" target=\"_blank\" rel=\"noopener\"><span style=\"color: #000000;\">Taz, 07.12.2011: Wahl der Migrantenvertreter in Berlin<\/span><\/a><\/span><\/p>\n<p><span style=\"font-size: 12pt; font-family: tahoma, arial, helvetica, sans-serif; color: #000000;\">_____________________________________________________<\/span><\/p>\n<p><span style=\"font-size: 12pt; font-family: tahoma, arial, helvetica, sans-serif; color: #000000;\">Die Zeit 20.10.2011, Fast schon tot? \u00dcber die Menschenrechte in Iran:<\/span><\/p>\n<p><span style=\"font-size: 12pt; font-family: tahoma, arial, helvetica, sans-serif; color: #000000;\"><a href=\"http:\/\/www.zeit.de\/2011\/43\/Apostasie\" target=\"_blank\" rel=\"noopener\"><span style=\"color: #000000;\"><em>Seite 1<\/em><\/span><\/a>\u00a0&#8230;&#8230;&#8230;\u00a0<a href=\"http:\/\/www.zeit.de\/2011\/43\/Apostasie\/seite-2\" target=\"_blank\" rel=\"noopener\"><span style=\"color: #000000;\"><em>Seite 2<\/em><\/span><\/a><\/span><\/p>\n<p><span style=\"font-size: 12pt; font-family: tahoma, arial, helvetica, sans-serif; color: #000000;\">_____________________________________________________<\/span><\/p>\n<p><span style=\"font-size: 12pt; font-family: tahoma, arial, helvetica, sans-serif; color: #000000;\"><a href=\"http:\/\/www.taz.de\/Sozialleistungen-fuer-Fluechtlinge\/%2175961\/\" target=\"_blank\" rel=\"noopener\"><span style=\"color: #000000;\">TAZ, 09.08.2011: Asylbewerber gehen leer aus<\/span><\/a><\/span><\/p>\n<p><span style=\"font-size: 12pt; font-family: tahoma, arial, helvetica, sans-serif; color: #000000;\">_____________________________________________________<\/span><\/p>\n<p><span style=\"font-family: tahoma, arial, helvetica, sans-serif; font-size: 12pt;\"><a href=\"http:\/\/www.zdf.de\/ZDFmediathek\/beitrag\/video\/1347992\/Margot-Kaessmann-an-Christi-Himmelfahrt#\/beitrag\/video\/1347992\/Margot-Kaessmann-an-Christi-Himmelfahrt\" target=\"_blank\" rel=\"noopener\"><span style=\"color: #000000;\">ZDF, Sendung vom 02.06.2011: Angst vor Abschiebung<\/span><\/a><\/span><\/p>\n<p><span style=\"font-size: 12pt; font-family: tahoma, arial, helvetica, sans-serif; color: #000000;\">\u00a0___________________________________<\/span><\/p>\n<p><span style=\"font-size: 12pt; font-family: tahoma, arial, helvetica, sans-serif; color: #000000;\">TAZ, 27.05.2011:\u00a0<em><a href=\"http:\/\/www.taz.de\/1\/berlin\/artikel\/1\/bbi-wird-profi-abschiebe-airport\/\" target=\"_blank\" rel=\"noopener\"><span style=\"color: #000000;\">BBI wird Profi-Abschiebe- Airport<\/span><\/a><\/em><\/span><\/p>\n<p><span style=\"font-size: 12pt; font-family: tahoma, arial, helvetica, sans-serif; color: #000000;\">_____________________________________<\/span><\/p>\n<p><span style=\"font-size: 12pt; font-family: tahoma, arial, helvetica, sans-serif; color: #000000;\"><a href=\"http:\/\/www.taz.de\/1\/politik\/deutschland\/artikel\/1\/ruege-fuer-umgang-mit-fluechtlingen\/\" target=\"_blank\" rel=\"noopener\"><span style=\"color: #000000;\">taz 23.05.2011:\u00a0UNO r\u00fcgt deutsche Fl\u00fcchtlingspolitik.<\/span><\/a><\/span><\/p>\n<p><span style=\"font-size: 12pt; font-family: tahoma, arial, helvetica, sans-serif; color: #000000;\">_____________________________________<\/span><\/p>\n<p><span style=\"font-size: 12pt; font-family: tahoma, arial, helvetica, sans-serif; color: #000000;\"><em>taz:<\/em>\u00a0Zur Begr\u00fc\u00dfung ein Paar Handschellen<\/span><\/p>\n<p><span style=\"font-size: 12pt; font-family: tahoma, arial, helvetica, sans-serif; color: #000000;\">Vor eineinhalb Jahren floh Sadegh Amiri von Iran nach Deutschland. Seitdem wartet er auf eine Entscheidung \u00fcber seinen Asylantrag. So wie Tausende andere.\u00a0<a href=\"http:\/\/www.taz.de\/1\/leben\/alltag\/artikel\/1\/zur-begruessung-ein-paar-handschellen\/\"><span style=\"color: #000000;\"><em>Weiterlesen&#8230;<\/em><\/span><\/a><\/span><\/p>\n<p><span style=\"font-size: 12pt; font-family: tahoma, arial, helvetica, sans-serif; color: #000000;\"><em>Der Spiegel:<\/em>\u00a0<a href=\"http:\/\/iprberlin.com\/pdf\/DieWeltHinterGitten-Spiegel.pdf\" target=\"_blank\" rel=\"noopener\"><span style=\"color: #000000;\">Die Welt hinter Gitten<\/span><\/a><\/span><\/p>\n<p><span style=\"font-size: 12pt; font-family: tahoma, arial, helvetica, sans-serif; color: #000000;\">________________________________________________<\/span><\/p>\n<p><span style=\"font-size: 12pt; font-family: tahoma, arial, helvetica, sans-serif; color: #000000;\">Welt-Online zur neuen Hinrichtungswelle im Iran:<\/span><\/p>\n<h1><span style=\"font-size: 12pt; font-family: tahoma, arial, helvetica, sans-serif; color: #000000;\"><a href=\"http:\/\/www.welt.de\/debatte\/kolumnen\/Iran-aktuell\/article9053155\/Im-Iran-sollen-1120-Gefangene-hingerichtet-werden.html\" target=\"_blank\" rel=\"noopener\"><span style=\"color: #000000;\">Im Iran sollen 1120 Gefangene hingerichtet werden<\/span><\/a><\/span><\/h1>\n<p>______________________________________________________<\/p>\n<p><strong><span style=\"font-size: 12pt; font-family: tahoma, arial, helvetica, sans-serif; color: #000000;\">Presseerkl\u00e4rung vom 12.12.2010<\/span><\/strong><\/p>\n<p><span style=\"font-size: 12pt; font-family: tahoma, arial, helvetica, sans-serif; color: #000000;\">Brutaler Polizeieinsatz gegen Menschenrechtler vor der iranischen Botschaft<\/span><\/p>\n<p><span style=\"font-size: 12pt; font-family: tahoma, arial, helvetica, sans-serif; color: #000000;\">8 Verletzte Menschenrechtler, Berliner Polizei macht sich zum Handlager der iranischen Regierung, brutaler Polizeieinsatz nach offensichtlich unbegr\u00fcendeter Anzeige iranischer Botschaftsangehoeriger<\/span><\/p>\n<p><span style=\"font-size: 12pt; font-family: tahoma, arial, helvetica, sans-serif; color: #000000;\">Am 10. Dezember, dem Tag der internationalen Menschenrechte, wurde eine angemeldete Kundgebung von der Berliner Polizei brutal niedergekn\u00fcppelt. Die Kundgebung vor der iranischen Botschaft sollte auf die systematischen Menschrechtsverletzungen im Iran aufmerksam machen. Es sind insgesamt acht verletzte Demonstranten bekannt, die sich mehrheitlich in der Notaufnahme des Sankt Gertrauden Krankenhaus erstversorgen lassen mussten. Eine 57-j\u00e4hrige Frau erlitt eine Wirbelkoerperfraktur. Sie musste aufgrund der Schwere der Verletzung stationaer aufgenommen werden. Es ist Strafanzeige wegen schwerer K\u00f6rperverletzung erstattet worden. Weitere Verletzte erlitten einen Nasenbeinbruch, eine Gehirnersch\u00fctterung, zahlreiche H\u00e4matome und Hautverletzungen an Kopf, Hals, Hand, Beinen und R\u00fccken. Das Alter der verletzten Teilnehmer liegt zwischen 27 und 60 Jahren.<\/span><\/p>\n<p><span style=\"font-size: 12pt; font-family: tahoma, arial, helvetica, sans-serif; color: #000000;\">Zu dem brutalen Polizeieisatz kam es nach Anzeige eines iranischen Botschaftsangeh\u00f6rigen wegen angeblicher Beleidigung von Vertretern ausl\u00e4ndischer Staaten durch folgende Transparentaufschrift: &#8222;Nieder mit der islamischen Republik Iran&#8220;. Trotz des Verweis der Demonstranten auf die Rechtm\u00e4ssigkeit des seit vielen Jahren ohne Beanstandung verwendeten Transparents und auf die Meinungsfreiheit in Deutschland, liess die berliner Polizei nicht ab, und forderte dessen Entfernung. Das Transparent wurde den Menschenrechtlern unter Gewaltanwendung entrissen. Lange nach der Beschlagnahmung des Tranparents, begann die Polizei wahllos mit gepanzerter Uniform auf die friedliche Demonstranten einzupr\u00fcgeln und einzutreten. Hierbei wurde auch eine Hundestaffel zur Abschreckung eingestetzt. Am Ende dieses Angriffs blieb eine 57-j\u00e4hrige Frau am Boden liegen und musste mit dem Krankenwagen abtransportiert werden.<\/span><\/p>\n<p><span style=\"font-size: 12pt; font-family: tahoma, arial, helvetica, sans-serif; color: #000000;\">Wir, die beiden zu der Kundgebung aufgerufenen Gruppen von Exiliranern, f\u00fchren seit Jahren am Tag der Menschenrechte friedliche Kundgebungen durch. Wir unterst\u00fctzen die Protestbewegung im Iran und leisten seit Jahrzehnten politischen Widerstand gegen die Menschenrechtsverletzungen der islamischen Republik Iran. Die Berliner Polizei macht sich mit ihrem Einsatz zum Handlanger des brutalen islamischen Unrechtsregimes Iran. Politsche Gegner sollen unter Gewaltandrohung &#8222;mundtot&#8220; gemacht werden. Die Strafbarkeit des Transparents mit der Aufschrift &#8222;Nieder mit der islamischen Republik Iran&#8220; wird im Nachheinein selbst von der Polizei als &#8222;vermutlich irrig&#8220; angesehen (siehe Pressemitteilung der Polizei vom 10.12.10, Titel: &#8222;Zwischenfall bei angemeldeter Kundgebung&#8220;<\/span><\/p>\n<p><span style=\"font-size: 12pt; font-family: tahoma, arial, helvetica, sans-serif; color: #000000;\">Wir fordern die l\u00fcckenlose Aufkl\u00e4rung der Ereignisse vor der iranischen Botschaft am 10.12.10 und die strafrechtliche Verfolgung der gewaltt\u00e4tigen Polizeibeamten.<\/span><\/p>\n<p><span style=\"font-size: 12pt; font-family: tahoma, arial, helvetica, sans-serif; color: #000000;\">F\u00fcr R\u00fcckfragen stehen wir gerne zur Verf\u00fcgung. Bildmaterial auf Anfrage.<br \/>\nPressesprecher (Mila Mossafer): 01792368157 und 0172164761\u00a0\u00a0(Hamid Nowzari)<\/span><\/p>\n<h1><span style=\"font-size: 12pt; font-family: tahoma, arial, helvetica, sans-serif; color: #000000;\">Juristische Vertretung Rechtsanwalt Daniel Woelky, Tel.: 030 &#8211; 310 128 99<\/span><\/h1>\n<p style=\"color: #c4c4c4;\"><span style=\"font-size: 12pt; font-family: arial, helvetica, sans-serif; color: #000000;\"><em><strong>Komitee zur Unterst\u00fctzung der politischen Gefangenen im Iran-Berlin e.V.<\/strong><\/em><\/span><\/p>\n<p style=\"color: #c4c4c4;\"><span style=\"font-size: 12pt; font-family: arial, helvetica, sans-serif; color: #000000;\"><em><strong>Verein iranischer Fl\u00fcchtlinge in Berlin e.V.<\/strong><\/em><\/span><\/p>\n<h1 id=\"watch-headline-title\" style=\"color: #3d9bae;\"><span style=\"color: #000000; font-size: 12pt; font-family: arial, helvetica, sans-serif;\"><span id=\"eow-title\" dir=\"ltr\" title=\"Demo in Berlin 10.Dec.2010\">Demo in Berlin 10.12.2010 (1)<\/span><\/span><\/h1>\n<div class=\"youtube-embed\" data-video_id=\"wfFBca_Lv4k\"><iframe loading=\"lazy\" title=\"Demo in Berlin 10.Dec.2010\" width=\"696\" height=\"522\" src=\"https:\/\/www.youtube.com\/embed\/wfFBca_Lv4k?feature=oembed&#038;enablejsapi=1\" frameborder=\"0\" allow=\"accelerometer; autoplay; clipboard-write; encrypted-media; gyroscope; picture-in-picture; web-share\" allowfullscreen><\/iframe><\/div>\n<h1 id=\"watch-headline-title\" style=\"color: #3d9bae;\"><span style=\"color: #000000; font-size: 12pt; font-family: arial, helvetica, sans-serif;\"><span id=\"eow-title\" dir=\"ltr\" title=\"Demo in Berlin 10.Dec.2010\">Demo in Berlin 10.12.2010 (2)<\/span><\/span><\/h1>\n<div class=\"youtube-embed\" data-video_id=\"a7ePKQ5wXhA\"><iframe loading=\"lazy\" title=\"Demo in berlin 10.Dec.2010\" width=\"696\" height=\"522\" src=\"https:\/\/www.youtube.com\/embed\/a7ePKQ5wXhA?feature=oembed&#038;enablejsapi=1\" frameborder=\"0\" allow=\"accelerometer; autoplay; clipboard-write; encrypted-media; gyroscope; picture-in-picture; web-share\" allowfullscreen><\/iframe><\/div>\n<p><span style=\"font-size: 12pt; font-family: arial, helvetica, sans-serif; color: #000000;\"><strong>________________________________________________<\/strong><\/span><\/p>\n<h4><span style=\"font-size: 12pt; font-family: arial, helvetica, sans-serif; color: #000000;\"><strong><em>Polizei\u00fcbergriff auf Iran-Demonstranten<\/em><\/strong><\/span><\/h4>\n<h1><span style=\"font-size: 12pt; font-family: arial, helvetica, sans-serif; color: #000000;\">&#8222;Eine schlimme Dem\u00fctigung&#8220;<\/span><\/h1>\n<p><span style=\"font-size: 12pt; font-family: arial, helvetica, sans-serif; color: #000000;\">Die Polizei hat sich von der iranischen Botschaft einspannen lassen, als sie den Protest von Regimekritikern beendete, sagt Tahereh Lindhorst. Sie wurde dabei verletzt.<\/span><\/p>\n<p><span style=\"font-size: 12pt; font-family: arial, helvetica, sans-serif; color: #000000;\"><b><a href=\"http:\/\/www.taz.de\/1\/berlin\/artikel\/1\/eine-schlimme-demuetigung\/\" target=\"_blank\" rel=\"noopener\"><span style=\"color: #000000;\"><em>Weiterlesen&#8230;<\/em><\/span><\/a><\/b><\/span><\/p>\n<p><span style=\"font-size: 12pt; font-family: arial, helvetica, sans-serif; color: #000000;\"><strong>________________________________________________<\/strong><\/span><\/p>\n<h1><span style=\"font-size: 12pt; font-family: arial, helvetica, sans-serif; color: #000000;\"><strong>Schwere Vorw\u00fcrfe gegen Berliner Polizisten<\/strong><\/span><\/h1>\n<p><span style=\"font-size: 12pt; font-family: arial, helvetica, sans-serif; color: #000000;\">Polizisten sollen Demonstranten vor der iranischen Botschaft in Berlin-Dahlem brutal geschlagen haben. Eine Frau habe dabei einen Lendenwirbelbruch erlitten. Sie erstattete Anzeige.<\/span><\/p>\n<p><span style=\"font-size: 12pt; font-family: arial, helvetica, sans-serif; color: #000000;\"><b><a href=\"http:\/\/www.morgenpost.de\/berlin-aktuell\/article1478849\/Schwere-Vorwuerfe-gegen-Berliner-Polizisten.html\" target=\"_blank\" rel=\"noopener\"><span style=\"color: #000000;\"><em>Weiterlesen&#8230;<\/em><\/span><\/a><\/b><\/span><\/p>\n<p><span style=\"font-size: 12pt; font-family: arial, helvetica, sans-serif; color: #000000;\"><strong>________________________________________________<\/strong><\/span><\/p>\n<h1><span style=\"font-size: 12pt; font-family: arial, helvetica, sans-serif; color: #000000;\">Polizei erinnert an Pr\u00fcgelperser<\/span><\/h1>\n<p><span style=\"font-size: 12pt; font-family: arial, helvetica, sans-serif; color: #000000;\">Bei einem Protest vor der iranischen Botschaft beschlagnahmt die Polizei ein harmloses Transparent. Danach kommt es zu Schl\u00e4gereien. Die Folge: zehn Verletzte.<\/span><\/p>\n<p><span style=\"font-size: 12pt; font-family: arial, helvetica, sans-serif; color: #000000;\"><b><a href=\"http:\/\/www.taz.de\/1\/berlin\/artikel\/1\/polizei-erinnert-an-pruegelperser\/\" target=\"_blank\" rel=\"noopener\"><span style=\"color: #000000;\"><em>Weiterlesen&#8230;.<\/em><\/span><\/a><\/b><\/span><\/p>\n<p><span style=\"font-size: 12pt; font-family: arial, helvetica, sans-serif; color: #000000;\"><strong>________________________________________________<\/strong><\/span><\/p>\n<h4><span style=\"font-size: 12pt; font-family: arial, helvetica, sans-serif; color: #000000;\">Brandanschlag auf islamisches Zentrum in Tempelhof<\/span><\/h4>\n<h1><span style=\"font-size: 12pt; font-family: arial, helvetica, sans-serif; color: #000000;\">Angriffe auf Muslime nehmen zu<\/span><\/h1>\n<p><span style=\"font-size: 12pt; font-family: arial, helvetica, sans-serif; color: #000000;\">Nach erneutem Brandanschlag auf eine islamische Einrichtung hat die Polizei Hinweise, dass es sich um eine Serie handelt, und richtet eine Ermittlungsgruppe ein.<\/span><\/p>\n<p><span style=\"font-size: 12pt; font-family: arial, helvetica, sans-serif; color: #000000;\"><b><a href=\"http:\/\/www.taz.de\/1\/berlin\/artikel\/1\/angriffe-auf-muslime-nehmen-zu\/\" target=\"_blank\" rel=\"noopener\"><span style=\"color: #000000;\"><em>Weiterelesen&#8230;<\/em><\/span><\/a><\/b><\/span><\/p>\n<p><span style=\"font-size: 12pt; font-family: arial, helvetica, sans-serif; color: #000000;\"><strong>________________________________________________<\/strong><\/span><\/p>\n<p><strong><span style=\"font-size: 12pt; font-family: arial, helvetica, sans-serif; color: #000000;\"><a href=\"http:\/\/www.berlinonline.de\/berliner-zeitung\/archiv\/.bin\/dump.fcgi\/2010\/1122\/seite3\/0002\/index.html\" target=\"_blank\" rel=\"noopener\"><span style=\"color: #000000;\">Iranische Fl\u00fcchtlinge in Berlin, Berliner Zeitung 22.11.2010<\/span><\/a><\/span><\/strong><\/p>\n<p><span style=\"font-size: 12pt; font-family: arial, helvetica, sans-serif; color: #000000;\"><strong>________________________________________________<\/strong><\/span><\/p>\n<ul>\n<li><span style=\"font-size: 12pt; font-family: arial, helvetica, sans-serif; color: #000000;\"><b><a href=\"http:\/\/www.tagesspiegel.de\/zeitung\/Fragen-des-Tages-Iran-Proteste-Opposition-Exil-Iraner%3Bart693,2828514\" target=\"_blank\" rel=\"noopener\"><span style=\"color: #000000;\"><strong>Exiliraner, Tagesspiegel 21.06.2009<\/strong><\/span><\/a><\/b><\/span><\/li>\n<\/ul>\n<ul>\n<li><span style=\"font-size: 12pt; font-family: arial, helvetica, sans-serif; color: #000000;\"><strong><a href=\"http:\/\/www.taz.de\/regional\/berlin\/aktuell\/artikel\/?dig=2009%2F06%2F12%2Fa0214&amp;cHash=17c03ecc26\" target=\"_blank\" rel=\"noopener\"><span style=\"color: #000000;\">ExiliranerInnen lehnen Wahlbeteiligung ab<\/span><\/a><\/strong><\/span><\/li>\n<\/ul>\n<ul>\n<li><span style=\"font-size: 12pt; font-family: arial, helvetica, sans-serif; color: #000000;\"><strong><span style=\"color: #000000;\"><a href=\"http:\/\/archiv.mopo.de\/archiv\/2009\/20090523\/hamburg\/panorama\/folteropfer_29_wollte_sich_anzuenden.html\" target=\"_blank\" rel=\"noopener\">Folteropfer (29) wollte sich anz\u00fcnden<\/a><\/span><\/strong><\/span><\/li>\n<\/ul>\n<ul>\n<li><span style=\"font-size: 12pt; font-family: arial, helvetica, sans-serif; color: #000000;\"><b><span style=\"color: #000000;\"><strong><a href=\"http:\/\/www.taz.de\/1\/archiv\/print-archiv\/printressorts\/digi-artikel\/?ressort=bl&amp;dig=2008%2F09%2F05%2Fa0130&amp;cHash=c0b2fd31ef\" target=\"_blank\" rel=\"noopener\">Integration ist nicht das Problem<\/a><\/strong><\/span><\/b><\/span><\/li>\n<\/ul>\n<ul>\n<li><span style=\"font-size: 12pt; font-family: arial, helvetica, sans-serif; color: #000000;\"><strong><a href=\"http:\/\/www.berlin.de\/ba-charlottenburg-wilmersdorf\/ba\/040420myko.html\" target=\"_blank\" rel=\"noopener\"><span style=\"color: #000000;\">Rede der Bezirksb\u00fcrgermeisterin Monika Thiemen<\/span><\/a><\/strong><\/span><\/li>\n<\/ul>\n<ul>\n<li><span style=\"font-size: 12pt; font-family: arial, helvetica, sans-serif; color: #000000;\"><strong><a href=\"http:\/\/www.berlinonline.de\/berliner-zeitung\/archiv\/.bin\/dump.fcgi\/2003\/1120\/politik\/0156\/index.html\"><span style=\"color: #000000;\">Kommt Mykonos-Terrorist frei?<\/span><\/a><\/strong><\/span><\/li>\n<\/ul>\n<ul>\n<li><span style=\"font-size: 12pt; font-family: arial, helvetica, sans-serif; color: #000000;\"><strong><a href=\"http:\/\/www.tagesspiegel.de\/berlin\/Iran%3Bart270,2437529\" target=\"_blank\" rel=\"noopener\"><span style=\"color: #000000;\">Exil-Iraner f\u00fchlen sich schutzlos in Berlin<\/span><\/a><\/strong><\/span><\/li>\n<\/ul>\n<ul>\n<li><span style=\"font-size: 12pt; font-family: arial, helvetica, sans-serif; color: #000000;\"><strong><a href=\"http:\/\/www.zeig-respekt.lsvd.de\/index.php?option=com_content&amp;view=article&amp;id=145%3Aklaus-wowereit-stellt-neue-plakatkampagne-des-lsvd-vor&amp;catid=53%3Amainarc&amp;Itemid=133\" target=\"_blank\" rel=\"noopener\"><span style=\"color: #000000;\">&#8222;Liebe verdient Respekt&#8220;<\/span><\/a><\/strong><\/span><\/li>\n<\/ul>\n<ul>\n<li><span style=\"font-size: 12pt; font-family: arial, helvetica, sans-serif; color: #000000;\"><strong><a href=\"http:\/\/www.nadir.org\/nadir\/periodika\/jungle_world\/_98\/16\/16a.htm\" target=\"_blank\" rel=\"noopener\"><span style=\"color: #000000;\">Kann es einen islamischen Feminismus geben?<\/span><\/a><\/strong><\/span><\/li>\n<\/ul>\n<ul>\n<li><span style=\"font-size: 12pt; font-family: arial, helvetica, sans-serif; color: #000000;\"><strong><a href=\"http:\/\/www.taz.de\/1\/archiv\/print-archiv\/printressorts\/digi-artikel\/?ressort=bl&amp;dig=2006%2F11%2F14%2Fa0280&amp;cHash=cbbe522c9e\" target=\"_blank\" rel=\"noopener\"><span style=\"color: #000000;\">Erste Station nach der Flucht aus dem Iran<\/span><\/a><\/strong><\/span><\/li>\n<\/ul>\n<ul>\n<li><span style=\"font-size: 12pt; font-family: arial, helvetica, sans-serif; color: #000000;\"><strong><a href=\"https:\/\/www.berlinonline.de\/berliner-zeitung\/archiv\/.bin\/dump.fcgi\/1999\/0910\/none\/0110\/index.html\" target=\"_blank\" rel=\"noopener\"><span style=\"color: #000000;\">die Situation im Iran, elf Jahre nach Hinrichtungswellen<\/span><\/a><\/strong><\/span><\/li>\n<\/ul>\n<ul>\n<li><span style=\"font-size: 12pt; font-family: arial, helvetica, sans-serif; color: #000000;\"><strong><span style=\"color: #000000;\"><a href=\"http:\/\/jungle-world.com\/artikel\/2004\/17\/12767.html\" target=\"_blank\" rel=\"noopener\">Erinnerung an Khomeinis Terror<\/a><\/span><\/strong><\/span><\/li>\n<\/ul>\n<ul>\n<li><span style=\"font-size: 12pt; font-family: arial, helvetica, sans-serif; color: #000000;\"><strong><span style=\"color: #000000;\"><a href=\"https:\/\/www.taz.de\/1\/archiv\/print-archiv\/printressorts\/digi-artikel\/?ressort=ba&amp;dig=2008%2F12%2F27%2Fa0178&amp;cHash=16a2c7c024\" target=\"_blank\" rel=\"noopener\">Von Berlin nach Teheran<\/a><\/span><\/strong><\/span><\/li>\n<\/ul>\n<ul>\n<li><span style=\"font-size: 12pt; font-family: arial, helvetica, sans-serif; color: #000000;\"><b><span style=\"color: #000000;\"><strong><a href=\"http:\/\/www.morgenpost.de\/printarchiv\/berlin\/article222840\/Mykonos_Attentaeter_kommen_frei.html\" target=\"_blank\" rel=\"noopener\">&#8222;Mykonos&#8220;-Attent\u00e4ter kommen frei<\/a><\/strong><\/span><\/b><\/span><\/li>\n<\/ul>\n<ul>\n<li><span style=\"font-size: 12pt; font-family: arial, helvetica, sans-serif; color: #000000;\"><b><span style=\"color: #000000;\"><strong><a href=\"http:\/\/www.respekt.dgb.de\/article\/articleview\/5427\/1\/57\/\">Landesbeirat f\u00fcr Integrations- und Migrationsfragen neu gew\u00e4hlt<\/a><\/strong><\/span><\/b><\/span><\/li>\n<\/ul>\n<ul>\n<li><span style=\"font-size: 12pt; font-family: arial, helvetica, sans-serif; color: #000000;\"><b><span style=\"color: #000000;\"><strong><a href=\"http:\/\/www.rbb-online.de\/kontraste\/beitrag\/2003\/pulverfass_iran.html\" target=\"_blank\" rel=\"noopener\">Pulverfass Iran &#8211; Sind deutsche Firmen am Atomprogramm beteiligt?<\/a><\/strong><\/span><\/b><\/span><\/li>\n<\/ul>\n<ul>\n<li><span style=\"font-size: 12pt; font-family: arial, helvetica, sans-serif; color: #000000;\"><b><a href=\"http:\/\/www.welt.de\/print-welt\/article274767\/Mykonos_Attentaeter_aus_Berliner_Gefaengnis_nach_Dresden_verlegt.html\" target=\"_blank\" rel=\"noopener\"><span style=\"color: #000000;\"><strong>&#8222;Mykonos&#8220;-Attent\u00e4ter aus Berliner Gef\u00e4ngnis nach Dresden verlegt<\/strong><\/span><\/a><\/b><\/span><\/li>\n<\/ul>\n<ul>\n<li><span style=\"font-size: 12pt; font-family: arial, helvetica, sans-serif; color: #000000;\"><b><a href=\"http:\/\/www.berlinonline.de\/berliner-zeitung\/archiv\/.bin\/dump.fcgi\/1999\/0713\/none\/0099\/index.html\" target=\"_blank\" rel=\"noopener\"><span style=\"color: #000000;\"><strong>Iraner wollen gegen Teheran protestieren<\/strong><\/span><\/a><\/b><\/span><\/li>\n<\/ul>\n","protected":false},"excerpt":{"rendered":"<p>Taz, 07.12.2011: Wahl der Migrantenvertreter in Berlin _____________________________________________________ Die Zeit 20.10.2011, Fast schon tot? \u00dcber die Menschenrechte in Iran: Seite 1\u00a0&#8230;&#8230;&#8230;\u00a0Seite 2 _____________________________________________________ TAZ, 09.08.2011: Asylbewerber gehen leer aus _____________________________________________________ ZDF, Sendung vom 02.06.2011: Angst vor Abschiebung \u00a0___________________________________ TAZ, 27.05.2011:\u00a0BBI wird Profi-Abschiebe- Airport _____________________________________ taz 23.05.2011:\u00a0UNO r\u00fcgt deutsche Fl\u00fcchtlingspolitik. _____________________________________ taz:\u00a0Zur Begr\u00fc\u00dfung ein Paar Handschellen [&hellip;]<\/p>\n","protected":false},"author":1,"featured_media":0,"parent":0,"menu_order":0,"comment_status":"open","ping_status":"open","template":"","meta":{"footnotes":""},"class_list":["post-127","page","type-page","status-publish","hentry"],"jetpack_sharing_enabled":true,"_links":{"self":[{"href":"https:\/\/iprberlin.com\/de\/wp-json\/wp\/v2\/pages\/127","targetHints":{"allow":["GET"]}}],"collection":[{"href":"https:\/\/iprberlin.com\/de\/wp-json\/wp\/v2\/pages"}],"about":[{"href":"https:\/\/iprberlin.com\/de\/wp-json\/wp\/v2\/types\/page"}],"author":[{"embeddable":true,"href":"https:\/\/iprberlin.com\/de\/wp-json\/wp\/v2\/users\/1"}],"replies":[{"embeddable":true,"href":"https:\/\/iprberlin.com\/de\/wp-json\/wp\/v2\/comments?post=127"}],"version-history":[{"count":3,"href":"https:\/\/iprberlin.com\/de\/wp-json\/wp\/v2\/pages\/127\/revisions"}],"predecessor-version":[{"id":2085,"href":"https:\/\/iprberlin.com\/de\/wp-json\/wp\/v2\/pages\/127\/revisions\/2085"}],"wp:attachment":[{"href":"https:\/\/iprberlin.com\/de\/wp-json\/wp\/v2\/media?parent=127"}],"curies":[{"name":"wp","href":"https:\/\/api.w.org\/{rel}","templated":true}]}}